{"id":4241,"date":"2021-09-18T14:05:25","date_gmt":"2021-09-18T12:05:25","guid":{"rendered":"https:\/\/www.robertzueblin.com\/?post_type=product&#038;p=4241"},"modified":"2025-08-28T14:11:54","modified_gmt":"2025-08-28T12:11:54","slug":"otto-lindig-1895-%e2%80%a0-1966-vaso-con-smalto-di-lava","status":"publish","type":"product","link":"https:\/\/www.robertzueblin.com\/it\/otto-lindig\/vaso-con-smalto-di-lava\/","title":{"rendered":"Otto LINDIG (* 1895, \u2020 1966) &#8211; Vaso con smalto di lava &#8211; studio ceramica"},"content":{"rendered":"<p><span style=\"font-family: AkkoPro-BoldCondensed!important\">Tipo:<\/span> <a href=\"https:\/\/www.robertzueblin.com\/it\/studio-ceramica-ceramica-artistica\/\">studio ceramica<\/a><\/p>\n<p><span style=\"font-family: AkkoPro-BoldCondensed!important\">Disegno:<\/span> Otto Lindig (* 1895, \u2020 1966)<\/p>\n<p><span style=\"font-family: AkkoPro-BoldCondensed!important\">Esecuzione:<\/span> bottega Lindig<\/p>\n<p><span style=\"font-family: AkkoPro-BoldCondensed!important\">Oggetto:<\/span> vaso<\/p>\n<p><span style=\"font-family: AkkoPro-BoldCondensed!important\">Dimensioni:<\/span> altezza: 14 cm, diametro: 14,5 cm<\/p>\n<p><span style=\"font-family: AkkoPro-BoldCondensed!important\">Corpo:<\/span> corpo chiaro<\/p>\n<p><span style=\"font-family: AkkoPro-BoldCondensed!important\">Superficie:<\/span> lo smalto esterno \u00e8 grigio, beige, blu, verde, bianco, blu turchese, nero; lo smalto interno \u00e8 rosso-marrone; lo smalto esterno \u00e8 parzialmente di tipo lava con crateri e bolle<\/p>\n<p><span style=\"font-family: AkkoPro-BoldCondensed!important\">Anno di produzione:<\/span> circa 1940<\/p>\n<p><span style=\"font-family: AkkoPro-BoldCondensed!important\">Condizione:<\/span> incrinato al labbro, ma stabilizzato con colla all&#8217;interno della crepa, minima perdita di smalto nella crepa all&#8217;interno del labbro; sulla spalla nello smalto due crepe poco evidenti; lo smalto interno ha alcuni graffi e alcune aree non smaltate<\/p>\n<p><span style=\"font-family: AkkoPro-BoldCondensed!important\">Firma\/marchio:<\/span> OL<\/p>\n<p><span style=\"font-family: AkkoPro-BoldCondensed!important\">Dettagli:<\/span><br \/>\nQuesto vaso di ceramica fu tornito dal collaboratore di Lindig, <a href=\"https:\/\/www.robertzueblin.com\/it\/liebfriede-bernstiel\/\">Liebfriede Bernstiel<\/a>, il che \u00e8 evidente dai due timbri a piede d&#8217;oca in basso a destra della firma OL [1]. Tuttavia, <a href=\"https:\/\/www.robertzueblin.com\/it\/otto-lindig\/\">Otto Lindig<\/a> ha fatto lui stesso la cottura liscia (cottura della glassa) [2]. Ha anche prodotto lui stesso lo smalto [3]. Il ceramista del Bauhaus Otto Lindig divenne noto soprattutto per il suo disegno. Il fatto che Lindig fosse anche interessato all&#8217;effetto dei suoi smalti \u00e8 stato a lungo trascurato [4]; il fatto che abbia prodotto smalti molto efficaci \u00e8 particolarmente chiaro in questo vaso, che \u00e8 caratterizzato dalla sua struttura parzialmente di tipo lava.<\/p>\n<p>Un vaso di Otto Lindig con uno smalto simile \u00e8 stato venduto all&#8217;asta per 1000 euro [5].<\/p>\n<p><em>Note a pi\u00e8 di pagina:<\/em><br \/>\n1. Weber, Klaus (ed.): Keramik und Bauhaus, Berl\u00edn 1989, p. 272.<\/p>\n<p>2. Jakobson, Hans-Peter: Otto Lindig: &#8221; Fondamentalmente, fare la ceramica \u00e8 sempre lo stesso &#8230;&#8221;, a Weber, Klaus (ed.): Keramik und Bauhaus, Berl\u00edn 1989, p. 53.<\/p>\n<p>3. Ricordi di Marieluise Fischer del suo apprendistato con Otto Lindig a Dornburg &#8211; Un&#8217;intervista a: F\u00f6rderkreis Keramik-Museum B\u00fcrgel e.V., Tr\u00e4ger des Keramikmuseums B\u00fcrgel (ed.): Otto Lindig, Die Dornburger Zeit, Gera 2010, p. 38.<\/p>\n<p>4. Jakobson, Hans-Peter: Otto Lindig: &#8221; Fondamentalmente, fare la ceramica \u00e8 sempre lo stesso&#8230;&#8221;, a: Weber, Klaus (ed.): Keramik und Bauhaus, Berl\u00edn 1989, pp. 54-55.<\/p>\n<p>5. <a href=\"https:\/\/www.mehlis.eu\/de\/catalogs\/7915\/item\/2776\/\" rel=\"nofollow\" >Auktionshaus Mehlis (Mehlis Auktionen)<\/a><\/p>\n","protected":false},"excerpt":{"rendered":"<p><span style=\"color: #e2401c;\">&#x25cf;<\/span><span> venduto<\/span><\/p>\n","protected":false},"featured_media":3953,"template":"","meta":[],"product_brand":[],"product_cat":[252,245],"product_tag":[],"class_list":{"0":"post-4241","1":"product","2":"type-product","3":"status-publish","4":"has-post-thumbnail","6":"product_cat-bauhaus","7":"product_cat-otto-lindig","9":"first","10":"outofstock","11":"sold-individually","12":"shipping-taxable","13":"product-type-simple"},"yoast_head":"<!-- This site is optimized with the Yoast SEO plugin v27.5 - https:\/\/yoast.com\/product\/yoast-seo-wordpress\/ -->\n<title>Otto LINDIG - Vaso (originale) con smalto lavico - studio ceramica<\/title>\n<meta name=\"description\" content=\"Vaso in ceramica dell&#039;allievo del Bauhaus Otto Lindig originale con smalto lavico e firma; il valore si riflette nel prezzo, vedi vaso simile in asta.\" \/>\n<meta name=\"robots\" content=\"index, follow, max-snippet:-1, max-image-preview:large, max-video-preview:-1\" \/>\n<link rel=\"canonical\" href=\"https:\/\/www.robertzueblin.com\/it\/otto-lindig\/vaso-con-smalto-di-lava\/\" \/>\n<meta property=\"og:locale\" content=\"it_IT\" \/>\n<meta property=\"og:type\" content=\"article\" \/>\n<meta property=\"og:title\" content=\"Otto LINDIG - Vaso (originale) con smalto lavico - studio ceramica\" \/>\n<meta property=\"og:description\" content=\"Vaso in ceramica dell&#039;allievo del Bauhaus Otto Lindig originale con smalto lavico e firma; il valore si riflette nel prezzo, vedi vaso simile in asta.\" \/>\n<meta property=\"og:url\" content=\"https:\/\/www.robertzueblin.com\/it\/otto-lindig\/vaso-con-smalto-di-lava\/\" \/>\n<meta property=\"og:site_name\" content=\"ROBERT Z\u00dcBLIN\" \/>\n<meta property=\"article:modified_time\" content=\"2025-08-28T12:11:54+00:00\" \/>\n<meta property=\"og:image\" content=\"https:\/\/www.robertzueblin.com\/wp-content\/uploads\/otto-lindig-studio-ceramica-vaso-smalto-lava-foto-titolo.jpg\" \/>\n\t<meta property=\"og:image:width\" content=\"1000\" \/>\n\t<meta property=\"og:image:height\" content=\"1000\" \/>\n\t<meta property=\"og:image:type\" content=\"image\/jpeg\" \/>\n<meta name=\"twitter:card\" content=\"summary_large_image\" \/>\n<script type=\"application\/ld+json\" class=\"yoast-schema-graph\">{\"@context\":\"https:\\\/\\\/schema.org\",\"@graph\":[{\"@type\":\"WebPage\",\"@id\":\"https:\\\/\\\/www.robertzueblin.com\\\/it\\\/otto-lindig\\\/vaso-con-smalto-di-lava\\\/\",\"url\":\"https:\\\/\\\/www.robertzueblin.com\\\/it\\\/otto-lindig\\\/vaso-con-smalto-di-lava\\\/\",\"name\":\"Otto LINDIG - Vaso (originale) con smalto lavico - studio ceramica\",\"isPartOf\":{\"@id\":\"https:\\\/\\\/www.robertzueblin.com\\\/it\\\/#website\"},\"primaryImageOfPage\":{\"@id\":\"https:\\\/\\\/www.robertzueblin.com\\\/it\\\/otto-lindig\\\/vaso-con-smalto-di-lava\\\/#primaryimage\"},\"image\":{\"@id\":\"https:\\\/\\\/www.robertzueblin.com\\\/it\\\/otto-lindig\\\/vaso-con-smalto-di-lava\\\/#primaryimage\"},\"thumbnailUrl\":\"https:\\\/\\\/www.robertzueblin.com\\\/wp-content\\\/uploads\\\/otto-lindig-studio-ceramica-vaso-smalto-lava-foto-titolo.jpg\",\"datePublished\":\"2021-09-18T12:05:25+00:00\",\"dateModified\":\"2025-08-28T12:11:54+00:00\",\"description\":\"Vaso in ceramica dell'allievo del Bauhaus Otto Lindig originale con smalto lavico e firma; il valore si riflette nel prezzo, vedi vaso simile in asta.\",\"breadcrumb\":{\"@id\":\"https:\\\/\\\/www.robertzueblin.com\\\/it\\\/otto-lindig\\\/vaso-con-smalto-di-lava\\\/#breadcrumb\"},\"inLanguage\":\"it-IT\",\"potentialAction\":[{\"@type\":\"ReadAction\",\"target\":[\"https:\\\/\\\/www.robertzueblin.com\\\/it\\\/otto-lindig\\\/vaso-con-smalto-di-lava\\\/\"]}]},{\"@type\":\"ImageObject\",\"inLanguage\":\"it-IT\",\"@id\":\"https:\\\/\\\/www.robertzueblin.com\\\/it\\\/otto-lindig\\\/vaso-con-smalto-di-lava\\\/#primaryimage\",\"url\":\"https:\\\/\\\/www.robertzueblin.com\\\/wp-content\\\/uploads\\\/otto-lindig-studio-ceramica-vaso-smalto-lava-foto-titolo.jpg\",\"contentUrl\":\"https:\\\/\\\/www.robertzueblin.com\\\/wp-content\\\/uploads\\\/otto-lindig-studio-ceramica-vaso-smalto-lava-foto-titolo.jpg\",\"width\":1000,\"height\":1000},{\"@type\":\"BreadcrumbList\",\"@id\":\"https:\\\/\\\/www.robertzueblin.com\\\/it\\\/otto-lindig\\\/vaso-con-smalto-di-lava\\\/#breadcrumb\",\"itemListElement\":[{\"@type\":\"ListItem\",\"position\":1,\"name\":\"Startseite\",\"item\":\"https:\\\/\\\/www.robertzueblin.com\\\/it\\\/\"},{\"@type\":\"ListItem\",\"position\":2,\"name\":\"Galleria d&#8217;arte online (Negozio online)\",\"item\":\"https:\\\/\\\/www.robertzueblin.com\\\/it\\\/galleria-d-arte-online\\\/\"},{\"@type\":\"ListItem\",\"position\":3,\"name\":\"Otto LINDIG (* 1895, \u2020 1966) &#8211; Vaso con smalto di lava &#8211; studio ceramica\"}]},{\"@type\":\"WebSite\",\"@id\":\"https:\\\/\\\/www.robertzueblin.com\\\/it\\\/#website\",\"url\":\"https:\\\/\\\/www.robertzueblin.com\\\/it\\\/\",\"name\":\"ROBERT Z\u00dcBLIN\",\"description\":\"\",\"publisher\":{\"@id\":\"https:\\\/\\\/www.robertzueblin.com\\\/it\\\/#organization\"},\"potentialAction\":[{\"@type\":\"SearchAction\",\"target\":{\"@type\":\"EntryPoint\",\"urlTemplate\":\"https:\\\/\\\/www.robertzueblin.com\\\/it\\\/?s={search_term_string}\"},\"query-input\":{\"@type\":\"PropertyValueSpecification\",\"valueRequired\":true,\"valueName\":\"search_term_string\"}}],\"inLanguage\":\"it-IT\"},{\"@type\":\"Organization\",\"@id\":\"https:\\\/\\\/www.robertzueblin.com\\\/it\\\/#organization\",\"name\":\"ROBERT Z\u00dcBLIN\",\"url\":\"https:\\\/\\\/www.robertzueblin.com\\\/it\\\/\",\"logo\":{\"@type\":\"ImageObject\",\"inLanguage\":\"it-IT\",\"@id\":\"https:\\\/\\\/www.robertzueblin.com\\\/it\\\/#\\\/schema\\\/logo\\\/image\\\/\",\"url\":\"https:\\\/\\\/www.robertzueblin.com\\\/wp-content\\\/uploads\\\/cropped-cropped-logo-von-robert-zueblin.jpg\",\"contentUrl\":\"https:\\\/\\\/www.robertzueblin.com\\\/wp-content\\\/uploads\\\/cropped-cropped-logo-von-robert-zueblin.jpg\",\"width\":440,\"height\":60,\"caption\":\"ROBERT Z\u00dcBLIN\"},\"image\":{\"@id\":\"https:\\\/\\\/www.robertzueblin.com\\\/it\\\/#\\\/schema\\\/logo\\\/image\\\/\"}}]}<\/script>\n<!-- \/ Yoast SEO plugin. -->","yoast_head_json":{"title":"Otto LINDIG - Vaso (originale) con smalto lavico - studio ceramica","description":"Vaso in ceramica dell'allievo del Bauhaus Otto Lindig originale con smalto lavico e firma; il valore si riflette nel prezzo, vedi vaso simile in asta.","robots":{"index":"index","follow":"follow","max-snippet":"max-snippet:-1","max-image-preview":"max-image-preview:large","max-video-preview":"max-video-preview:-1"},"canonical":"https:\/\/www.robertzueblin.com\/it\/otto-lindig\/vaso-con-smalto-di-lava\/","og_locale":"it_IT","og_type":"article","og_title":"Otto LINDIG - Vaso (originale) con smalto lavico - studio ceramica","og_description":"Vaso in ceramica dell'allievo del Bauhaus Otto Lindig originale con smalto lavico e firma; il valore si riflette nel prezzo, vedi vaso simile in asta.","og_url":"https:\/\/www.robertzueblin.com\/it\/otto-lindig\/vaso-con-smalto-di-lava\/","og_site_name":"ROBERT Z\u00dcBLIN","article_modified_time":"2025-08-28T12:11:54+00:00","og_image":[{"width":1000,"height":1000,"url":"https:\/\/www.robertzueblin.com\/wp-content\/uploads\/otto-lindig-studio-ceramica-vaso-smalto-lava-foto-titolo.jpg","type":"image\/jpeg"}],"twitter_card":"summary_large_image","schema":{"@context":"https:\/\/schema.org","@graph":[{"@type":"WebPage","@id":"https:\/\/www.robertzueblin.com\/it\/otto-lindig\/vaso-con-smalto-di-lava\/","url":"https:\/\/www.robertzueblin.com\/it\/otto-lindig\/vaso-con-smalto-di-lava\/","name":"Otto LINDIG - Vaso (originale) con smalto lavico - studio ceramica","isPartOf":{"@id":"https:\/\/www.robertzueblin.com\/it\/#website"},"primaryImageOfPage":{"@id":"https:\/\/www.robertzueblin.com\/it\/otto-lindig\/vaso-con-smalto-di-lava\/#primaryimage"},"image":{"@id":"https:\/\/www.robertzueblin.com\/it\/otto-lindig\/vaso-con-smalto-di-lava\/#primaryimage"},"thumbnailUrl":"https:\/\/www.robertzueblin.com\/wp-content\/uploads\/otto-lindig-studio-ceramica-vaso-smalto-lava-foto-titolo.jpg","datePublished":"2021-09-18T12:05:25+00:00","dateModified":"2025-08-28T12:11:54+00:00","description":"Vaso in ceramica dell'allievo del Bauhaus Otto Lindig originale con smalto lavico e firma; il valore si riflette nel prezzo, vedi vaso simile in asta.","breadcrumb":{"@id":"https:\/\/www.robertzueblin.com\/it\/otto-lindig\/vaso-con-smalto-di-lava\/#breadcrumb"},"inLanguage":"it-IT","potentialAction":[{"@type":"ReadAction","target":["https:\/\/www.robertzueblin.com\/it\/otto-lindig\/vaso-con-smalto-di-lava\/"]}]},{"@type":"ImageObject","inLanguage":"it-IT","@id":"https:\/\/www.robertzueblin.com\/it\/otto-lindig\/vaso-con-smalto-di-lava\/#primaryimage","url":"https:\/\/www.robertzueblin.com\/wp-content\/uploads\/otto-lindig-studio-ceramica-vaso-smalto-lava-foto-titolo.jpg","contentUrl":"https:\/\/www.robertzueblin.com\/wp-content\/uploads\/otto-lindig-studio-ceramica-vaso-smalto-lava-foto-titolo.jpg","width":1000,"height":1000},{"@type":"BreadcrumbList","@id":"https:\/\/www.robertzueblin.com\/it\/otto-lindig\/vaso-con-smalto-di-lava\/#breadcrumb","itemListElement":[{"@type":"ListItem","position":1,"name":"Startseite","item":"https:\/\/www.robertzueblin.com\/it\/"},{"@type":"ListItem","position":2,"name":"Galleria d&#8217;arte online (Negozio online)","item":"https:\/\/www.robertzueblin.com\/it\/galleria-d-arte-online\/"},{"@type":"ListItem","position":3,"name":"Otto LINDIG (* 1895, \u2020 1966) &#8211; Vaso con smalto di lava &#8211; studio ceramica"}]},{"@type":"WebSite","@id":"https:\/\/www.robertzueblin.com\/it\/#website","url":"https:\/\/www.robertzueblin.com\/it\/","name":"ROBERT Z\u00dcBLIN","description":"","publisher":{"@id":"https:\/\/www.robertzueblin.com\/it\/#organization"},"potentialAction":[{"@type":"SearchAction","target":{"@type":"EntryPoint","urlTemplate":"https:\/\/www.robertzueblin.com\/it\/?s={search_term_string}"},"query-input":{"@type":"PropertyValueSpecification","valueRequired":true,"valueName":"search_term_string"}}],"inLanguage":"it-IT"},{"@type":"Organization","@id":"https:\/\/www.robertzueblin.com\/it\/#organization","name":"ROBERT Z\u00dcBLIN","url":"https:\/\/www.robertzueblin.com\/it\/","logo":{"@type":"ImageObject","inLanguage":"it-IT","@id":"https:\/\/www.robertzueblin.com\/it\/#\/schema\/logo\/image\/","url":"https:\/\/www.robertzueblin.com\/wp-content\/uploads\/cropped-cropped-logo-von-robert-zueblin.jpg","contentUrl":"https:\/\/www.robertzueblin.com\/wp-content\/uploads\/cropped-cropped-logo-von-robert-zueblin.jpg","width":440,"height":60,"caption":"ROBERT Z\u00dcBLIN"},"image":{"@id":"https:\/\/www.robertzueblin.com\/it\/#\/schema\/logo\/image\/"}}]}},"_links":{"self":[{"href":"https:\/\/www.robertzueblin.com\/it\/wp-json\/wp\/v2\/product\/4241","targetHints":{"allow":["GET"]}}],"collection":[{"href":"https:\/\/www.robertzueblin.com\/it\/wp-json\/wp\/v2\/product"}],"about":[{"href":"https:\/\/www.robertzueblin.com\/it\/wp-json\/wp\/v2\/types\/product"}],"wp:featuredmedia":[{"embeddable":true,"href":"https:\/\/www.robertzueblin.com\/it\/wp-json\/wp\/v2\/media\/3953"}],"wp:attachment":[{"href":"https:\/\/www.robertzueblin.com\/it\/wp-json\/wp\/v2\/media?parent=4241"}],"wp:term":[{"taxonomy":"product_brand","embeddable":true,"href":"https:\/\/www.robertzueblin.com\/it\/wp-json\/wp\/v2\/product_brand?post=4241"},{"taxonomy":"product_cat","embeddable":true,"href":"https:\/\/www.robertzueblin.com\/it\/wp-json\/wp\/v2\/product_cat?post=4241"},{"taxonomy":"product_tag","embeddable":true,"href":"https:\/\/www.robertzueblin.com\/it\/wp-json\/wp\/v2\/product_tag?post=4241"}],"curies":[{"name":"wp","href":"https:\/\/api.w.org\/{rel}","templated":true}]}}