{"id":4239,"date":"2021-09-18T14:25:04","date_gmt":"2022-01-16T19:01:38","guid":{"rendered":"https:\/\/www.robertzueblin.com\/?post_type=product&#038;p=4239"},"modified":"2024-12-17T19:54:12","modified_gmt":"2024-12-17T18:54:12","slug":"otto-lindig-1895-%e2%80%a0-1966-attribuito-vaso-sferico","status":"publish","type":"product","link":"https:\/\/www.robertzueblin.com\/it\/otto-lindig-atribuido\/vaso-sferico\/","title":{"rendered":"Otto LINDIG (* 1895, \u2020 1966) [attribuito] &#8211; Vaso in ceramica Bauhaus (sfera)"},"content":{"rendered":"<p><span style=\"font-family: AkkoPro-BoldCondensed!important\">Tipo:<\/span> <a href=\"https:\/\/www.robertzueblin.com\/it\/studio-ceramica-ceramica-artistica\/\">studio ceramica<\/a><\/p>\n<p><span style=\"font-family: AkkoPro-BoldCondensed!important\">Disegno:<\/span> Otto Lindig (* 1895, \u2020 1966) [attribuito]<\/p>\n<p><span style=\"font-family: AkkoPro-BoldCondensed!important\">Esecuzione:<\/span> Studio Lindig [attribuito]<\/p>\n<p><span style=\"font-family: AkkoPro-BoldCondensed!important\">Oggetto:<\/span> vaso<\/p>\n<p><span style=\"font-family: AkkoPro-BoldCondensed!important\">Dimensioni:<\/span> altezza: 24,5 cm, diametro: 26,5 cm<\/p>\n<p><span style=\"font-family: AkkoPro-BoldCondensed!important\">Corpo:<\/span> corpo rosso<\/p>\n<p><span style=\"font-family: AkkoPro-BoldCondensed!important\">Superficie:<\/span> lo smalto esterno \u00e8 grigio e malva; lo smalto interno \u00e8 malva scuro<\/p>\n<p><span style=\"font-family: AkkoPro-BoldCondensed!important\">Anno di fabbricazione:<\/span> circa 1940<\/p>\n<p><span style=\"font-family: AkkoPro-BoldCondensed!important\">Condidzione:<\/span> intatto; le irregolarit\u00e0 sul bordo del piede sembrano essere state causate dalla lavorazione<\/p>\n<p><span style=\"font-family: AkkoPro-BoldCondensed!important\">Dettagli:<\/span><br \/>\nIl vaso sferico non \u00e8 firmato. Sotto il vaso c&#8217;\u00e8 solo un due romano (II) scritto a matita. Dato che <a href=\"https:\/\/www.robertzueblin.com\/it\/otto-lindig\/\">Otto Lindig<\/a> ha disegnato vasi sferici di dimensioni simili in cui ha anche usato smalti a correre, \u00e8 probabile che anche questo vaso sferico sia stato disegnato da Otto Lindig e realizzato dalla sua bottega.<\/p>\n<p>A causa della forma primaria del cerchio utilizzata dal Bauhaus, questo vaso rientra nella categoria dei vasi in ceramica Bauhaus. In considerazione della sua presunta origine, tuttavia, si pu\u00f2 anche parlare approssimativamente di un vaso in ceramica Bauhaus, in quanto si pu\u00f2 presumere che il vaso provenga dal laboratorio di Otto Lindig, che rilev\u00f2 il laboratorio Bauhaus di Dornburg nel 1930. Lindig non solo aveva imparato il mestiere di ceramista nell&#8217;ex laboratorio del Bauhaus, ma aveva anche assunto la direzione tecnica del <a href=\"https:\/\/www.robertzueblin.com\/it\/epoche-artistiche\/bauhaus\/\">laboratorio di ceramica del Bauhaus<\/a> dopo l&#8217;esame di qualifica artigianale nel 1922.<\/p>\n","protected":false},"excerpt":{"rendered":"<p><span style=\"color: #e2401c;\">&#x25cf;<\/span><span> venduto<\/span><\/p>\n","protected":false},"featured_media":3951,"template":"","meta":[],"product_brand":[],"product_cat":[252,245],"product_tag":[],"class_list":{"0":"post-4239","1":"product","2":"type-product","3":"status-publish","4":"has-post-thumbnail","6":"product_cat-bauhaus","7":"product_cat-otto-lindig","9":"first","10":"outofstock","11":"sold-individually","12":"shipping-taxable","13":"product-type-simple"},"yoast_head":"<!-- This site is optimized with the Yoast SEO plugin v27.5 - https:\/\/yoast.com\/product\/yoast-seo-wordpress\/ -->\n<title>Otto LINDIG [attribuzione] - Vaso in ceramica Bauhaus (sfera)<\/title>\n<meta name=\"description\" content=\"Vaso in ceramica Bauhaus a forma di sfera, probabilmente post-Bauhaus, opera del ceramista e Bauh\u00e4usler Otto Lindig (studio ceramica); non firmato.\" \/>\n<meta name=\"robots\" content=\"index, follow, max-snippet:-1, max-image-preview:large, max-video-preview:-1\" \/>\n<link rel=\"canonical\" href=\"https:\/\/www.robertzueblin.com\/it\/otto-lindig-atribuido\/vaso-sferico\/\" \/>\n<meta property=\"og:locale\" content=\"it_IT\" \/>\n<meta property=\"og:type\" content=\"article\" \/>\n<meta property=\"og:title\" content=\"Otto LINDIG [attribuzione] - Vaso in ceramica Bauhaus (sfera)\" \/>\n<meta property=\"og:description\" content=\"Vaso in ceramica Bauhaus a forma di sfera, probabilmente post-Bauhaus, opera del ceramista e Bauh\u00e4usler Otto Lindig (studio ceramica); non firmato.\" \/>\n<meta property=\"og:url\" content=\"https:\/\/www.robertzueblin.com\/it\/otto-lindig-atribuido\/vaso-sferico\/\" \/>\n<meta property=\"og:site_name\" content=\"ROBERT Z\u00dcBLIN\" \/>\n<meta property=\"article:modified_time\" content=\"2024-12-17T18:54:12+00:00\" \/>\n<meta property=\"og:image\" content=\"https:\/\/www.robertzueblin.com\/wp-content\/uploads\/otto-lindig-vaso-sferico-studio-ceramica-foto-titolo.jpg\" \/>\n\t<meta property=\"og:image:width\" content=\"1000\" \/>\n\t<meta property=\"og:image:height\" content=\"1000\" \/>\n\t<meta property=\"og:image:type\" content=\"image\/jpeg\" \/>\n<meta name=\"twitter:card\" content=\"summary_large_image\" \/>\n<script type=\"application\/ld+json\" class=\"yoast-schema-graph\">{\"@context\":\"https:\\\/\\\/schema.org\",\"@graph\":[{\"@type\":\"WebPage\",\"@id\":\"https:\\\/\\\/www.robertzueblin.com\\\/it\\\/otto-lindig-atribuido\\\/vaso-sferico\\\/\",\"url\":\"https:\\\/\\\/www.robertzueblin.com\\\/it\\\/otto-lindig-atribuido\\\/vaso-sferico\\\/\",\"name\":\"Otto LINDIG [attribuzione] - Vaso in ceramica Bauhaus (sfera)\",\"isPartOf\":{\"@id\":\"https:\\\/\\\/www.robertzueblin.com\\\/it\\\/#website\"},\"primaryImageOfPage\":{\"@id\":\"https:\\\/\\\/www.robertzueblin.com\\\/it\\\/otto-lindig-atribuido\\\/vaso-sferico\\\/#primaryimage\"},\"image\":{\"@id\":\"https:\\\/\\\/www.robertzueblin.com\\\/it\\\/otto-lindig-atribuido\\\/vaso-sferico\\\/#primaryimage\"},\"thumbnailUrl\":\"https:\\\/\\\/www.robertzueblin.com\\\/wp-content\\\/uploads\\\/otto-lindig-vaso-sferico-studio-ceramica-foto-titolo.jpg\",\"datePublished\":\"2022-01-16T19:01:38+00:00\",\"dateModified\":\"2024-12-17T18:54:12+00:00\",\"description\":\"Vaso in ceramica Bauhaus a forma di sfera, probabilmente post-Bauhaus, opera del ceramista e Bauh\u00e4usler Otto Lindig (studio ceramica); non firmato.\",\"breadcrumb\":{\"@id\":\"https:\\\/\\\/www.robertzueblin.com\\\/it\\\/otto-lindig-atribuido\\\/vaso-sferico\\\/#breadcrumb\"},\"inLanguage\":\"it-IT\",\"potentialAction\":[{\"@type\":\"ReadAction\",\"target\":[\"https:\\\/\\\/www.robertzueblin.com\\\/it\\\/otto-lindig-atribuido\\\/vaso-sferico\\\/\"]}]},{\"@type\":\"ImageObject\",\"inLanguage\":\"it-IT\",\"@id\":\"https:\\\/\\\/www.robertzueblin.com\\\/it\\\/otto-lindig-atribuido\\\/vaso-sferico\\\/#primaryimage\",\"url\":\"https:\\\/\\\/www.robertzueblin.com\\\/wp-content\\\/uploads\\\/otto-lindig-vaso-sferico-studio-ceramica-foto-titolo.jpg\",\"contentUrl\":\"https:\\\/\\\/www.robertzueblin.com\\\/wp-content\\\/uploads\\\/otto-lindig-vaso-sferico-studio-ceramica-foto-titolo.jpg\",\"width\":1000,\"height\":1000},{\"@type\":\"BreadcrumbList\",\"@id\":\"https:\\\/\\\/www.robertzueblin.com\\\/it\\\/otto-lindig-atribuido\\\/vaso-sferico\\\/#breadcrumb\",\"itemListElement\":[{\"@type\":\"ListItem\",\"position\":1,\"name\":\"Startseite\",\"item\":\"https:\\\/\\\/www.robertzueblin.com\\\/it\\\/\"},{\"@type\":\"ListItem\",\"position\":2,\"name\":\"Galleria d&#8217;arte online (Negozio online)\",\"item\":\"https:\\\/\\\/www.robertzueblin.com\\\/it\\\/galleria-d-arte-online\\\/\"},{\"@type\":\"ListItem\",\"position\":3,\"name\":\"Otto LINDIG (* 1895, \u2020 1966) [attribuito] &#8211; Vaso in ceramica Bauhaus (sfera)\"}]},{\"@type\":\"WebSite\",\"@id\":\"https:\\\/\\\/www.robertzueblin.com\\\/it\\\/#website\",\"url\":\"https:\\\/\\\/www.robertzueblin.com\\\/it\\\/\",\"name\":\"ROBERT Z\u00dcBLIN\",\"description\":\"\",\"publisher\":{\"@id\":\"https:\\\/\\\/www.robertzueblin.com\\\/it\\\/#organization\"},\"potentialAction\":[{\"@type\":\"SearchAction\",\"target\":{\"@type\":\"EntryPoint\",\"urlTemplate\":\"https:\\\/\\\/www.robertzueblin.com\\\/it\\\/?s={search_term_string}\"},\"query-input\":{\"@type\":\"PropertyValueSpecification\",\"valueRequired\":true,\"valueName\":\"search_term_string\"}}],\"inLanguage\":\"it-IT\"},{\"@type\":\"Organization\",\"@id\":\"https:\\\/\\\/www.robertzueblin.com\\\/it\\\/#organization\",\"name\":\"ROBERT Z\u00dcBLIN\",\"url\":\"https:\\\/\\\/www.robertzueblin.com\\\/it\\\/\",\"logo\":{\"@type\":\"ImageObject\",\"inLanguage\":\"it-IT\",\"@id\":\"https:\\\/\\\/www.robertzueblin.com\\\/it\\\/#\\\/schema\\\/logo\\\/image\\\/\",\"url\":\"https:\\\/\\\/www.robertzueblin.com\\\/wp-content\\\/uploads\\\/cropped-cropped-logo-von-robert-zueblin.jpg\",\"contentUrl\":\"https:\\\/\\\/www.robertzueblin.com\\\/wp-content\\\/uploads\\\/cropped-cropped-logo-von-robert-zueblin.jpg\",\"width\":440,\"height\":60,\"caption\":\"ROBERT Z\u00dcBLIN\"},\"image\":{\"@id\":\"https:\\\/\\\/www.robertzueblin.com\\\/it\\\/#\\\/schema\\\/logo\\\/image\\\/\"}}]}<\/script>\n<!-- \/ Yoast SEO plugin. -->","yoast_head_json":{"title":"Otto LINDIG [attribuzione] - Vaso in ceramica Bauhaus (sfera)","description":"Vaso in ceramica Bauhaus a forma di sfera, probabilmente post-Bauhaus, opera del ceramista e Bauh\u00e4usler Otto Lindig (studio ceramica); non firmato.","robots":{"index":"index","follow":"follow","max-snippet":"max-snippet:-1","max-image-preview":"max-image-preview:large","max-video-preview":"max-video-preview:-1"},"canonical":"https:\/\/www.robertzueblin.com\/it\/otto-lindig-atribuido\/vaso-sferico\/","og_locale":"it_IT","og_type":"article","og_title":"Otto LINDIG [attribuzione] - Vaso in ceramica Bauhaus (sfera)","og_description":"Vaso in ceramica Bauhaus a forma di sfera, probabilmente post-Bauhaus, opera del ceramista e Bauh\u00e4usler Otto Lindig (studio ceramica); non firmato.","og_url":"https:\/\/www.robertzueblin.com\/it\/otto-lindig-atribuido\/vaso-sferico\/","og_site_name":"ROBERT Z\u00dcBLIN","article_modified_time":"2024-12-17T18:54:12+00:00","og_image":[{"width":1000,"height":1000,"url":"https:\/\/www.robertzueblin.com\/wp-content\/uploads\/otto-lindig-vaso-sferico-studio-ceramica-foto-titolo.jpg","type":"image\/jpeg"}],"twitter_card":"summary_large_image","schema":{"@context":"https:\/\/schema.org","@graph":[{"@type":"WebPage","@id":"https:\/\/www.robertzueblin.com\/it\/otto-lindig-atribuido\/vaso-sferico\/","url":"https:\/\/www.robertzueblin.com\/it\/otto-lindig-atribuido\/vaso-sferico\/","name":"Otto LINDIG [attribuzione] - Vaso in ceramica Bauhaus (sfera)","isPartOf":{"@id":"https:\/\/www.robertzueblin.com\/it\/#website"},"primaryImageOfPage":{"@id":"https:\/\/www.robertzueblin.com\/it\/otto-lindig-atribuido\/vaso-sferico\/#primaryimage"},"image":{"@id":"https:\/\/www.robertzueblin.com\/it\/otto-lindig-atribuido\/vaso-sferico\/#primaryimage"},"thumbnailUrl":"https:\/\/www.robertzueblin.com\/wp-content\/uploads\/otto-lindig-vaso-sferico-studio-ceramica-foto-titolo.jpg","datePublished":"2022-01-16T19:01:38+00:00","dateModified":"2024-12-17T18:54:12+00:00","description":"Vaso in ceramica Bauhaus a forma di sfera, probabilmente post-Bauhaus, opera del ceramista e Bauh\u00e4usler Otto Lindig (studio ceramica); non firmato.","breadcrumb":{"@id":"https:\/\/www.robertzueblin.com\/it\/otto-lindig-atribuido\/vaso-sferico\/#breadcrumb"},"inLanguage":"it-IT","potentialAction":[{"@type":"ReadAction","target":["https:\/\/www.robertzueblin.com\/it\/otto-lindig-atribuido\/vaso-sferico\/"]}]},{"@type":"ImageObject","inLanguage":"it-IT","@id":"https:\/\/www.robertzueblin.com\/it\/otto-lindig-atribuido\/vaso-sferico\/#primaryimage","url":"https:\/\/www.robertzueblin.com\/wp-content\/uploads\/otto-lindig-vaso-sferico-studio-ceramica-foto-titolo.jpg","contentUrl":"https:\/\/www.robertzueblin.com\/wp-content\/uploads\/otto-lindig-vaso-sferico-studio-ceramica-foto-titolo.jpg","width":1000,"height":1000},{"@type":"BreadcrumbList","@id":"https:\/\/www.robertzueblin.com\/it\/otto-lindig-atribuido\/vaso-sferico\/#breadcrumb","itemListElement":[{"@type":"ListItem","position":1,"name":"Startseite","item":"https:\/\/www.robertzueblin.com\/it\/"},{"@type":"ListItem","position":2,"name":"Galleria d&#8217;arte online (Negozio online)","item":"https:\/\/www.robertzueblin.com\/it\/galleria-d-arte-online\/"},{"@type":"ListItem","position":3,"name":"Otto LINDIG (* 1895, \u2020 1966) [attribuito] &#8211; Vaso in ceramica Bauhaus (sfera)"}]},{"@type":"WebSite","@id":"https:\/\/www.robertzueblin.com\/it\/#website","url":"https:\/\/www.robertzueblin.com\/it\/","name":"ROBERT Z\u00dcBLIN","description":"","publisher":{"@id":"https:\/\/www.robertzueblin.com\/it\/#organization"},"potentialAction":[{"@type":"SearchAction","target":{"@type":"EntryPoint","urlTemplate":"https:\/\/www.robertzueblin.com\/it\/?s={search_term_string}"},"query-input":{"@type":"PropertyValueSpecification","valueRequired":true,"valueName":"search_term_string"}}],"inLanguage":"it-IT"},{"@type":"Organization","@id":"https:\/\/www.robertzueblin.com\/it\/#organization","name":"ROBERT Z\u00dcBLIN","url":"https:\/\/www.robertzueblin.com\/it\/","logo":{"@type":"ImageObject","inLanguage":"it-IT","@id":"https:\/\/www.robertzueblin.com\/it\/#\/schema\/logo\/image\/","url":"https:\/\/www.robertzueblin.com\/wp-content\/uploads\/cropped-cropped-logo-von-robert-zueblin.jpg","contentUrl":"https:\/\/www.robertzueblin.com\/wp-content\/uploads\/cropped-cropped-logo-von-robert-zueblin.jpg","width":440,"height":60,"caption":"ROBERT Z\u00dcBLIN"},"image":{"@id":"https:\/\/www.robertzueblin.com\/it\/#\/schema\/logo\/image\/"}}]}},"_links":{"self":[{"href":"https:\/\/www.robertzueblin.com\/it\/wp-json\/wp\/v2\/product\/4239","targetHints":{"allow":["GET"]}}],"collection":[{"href":"https:\/\/www.robertzueblin.com\/it\/wp-json\/wp\/v2\/product"}],"about":[{"href":"https:\/\/www.robertzueblin.com\/it\/wp-json\/wp\/v2\/types\/product"}],"wp:featuredmedia":[{"embeddable":true,"href":"https:\/\/www.robertzueblin.com\/it\/wp-json\/wp\/v2\/media\/3951"}],"wp:attachment":[{"href":"https:\/\/www.robertzueblin.com\/it\/wp-json\/wp\/v2\/media?parent=4239"}],"wp:term":[{"taxonomy":"product_brand","embeddable":true,"href":"https:\/\/www.robertzueblin.com\/it\/wp-json\/wp\/v2\/product_brand?post=4239"},{"taxonomy":"product_cat","embeddable":true,"href":"https:\/\/www.robertzueblin.com\/it\/wp-json\/wp\/v2\/product_cat?post=4239"},{"taxonomy":"product_tag","embeddable":true,"href":"https:\/\/www.robertzueblin.com\/it\/wp-json\/wp\/v2\/product_tag?post=4239"}],"curies":[{"name":"wp","href":"https:\/\/api.w.org\/{rel}","templated":true}]}}