{"id":4236,"date":"2021-09-25T19:38:37","date_gmt":"2021-09-25T17:38:37","guid":{"rendered":"https:\/\/www.robertzueblin.com\/?post_type=product&#038;p=4236"},"modified":"2023-01-06T11:48:33","modified_gmt":"2023-01-06T10:48:33","slug":"johannes-lessmann-1903-%e2%80%a0-1944-vaso-in-stile-bauhaus","status":"publish","type":"product","link":"https:\/\/www.robertzueblin.com\/it\/johannes-lessmann\/vaso-in-stile-bauhaus\/","title":{"rendered":"Johannes LE\u00dfMANN (* 1903, \u2020 1944) &#8211; Vaso in stile Bauhaus &#8211; studio ceramica"},"content":{"rendered":"<p><span style=\"font-family: AkkoPro-BoldCondensed!important\">Tipo:<\/span> <a href=\"https:\/\/www.robertzueblin.com\/it\/studio-ceramica-ceramica-artistica\/\">studio ceramica<\/a><\/p>\n<p><span style=\"font-family: AkkoPro-BoldCondensed!important\">Disegno:<\/span> Johannes Le\u00dfmann (* 1903, \u2020 1944)<\/p>\n<p><span style=\"font-family: AkkoPro-BoldCondensed!important\">Esecuzione:<\/span> Studio di ceramica Margaretenh\u00f6he<\/p>\n<p><span style=\"font-family: AkkoPro-BoldCondensed!important\">Oggetto:<\/span> vaso<\/p>\n<p><span style=\"font-family: AkkoPro-BoldCondensed!important\">Dimensioni:<\/span> altezza: 15 cm, larghezza: 11 cm<\/p>\n<p><span style=\"font-family: AkkoPro-BoldCondensed!important\">Corpo:<\/span> corpo chiaro<\/p>\n<p><span style=\"font-family: AkkoPro-BoldCondensed!important\">Superficie:<\/span> l&#8217;esterno \u00e8 blu, nero e grigio, l&#8217;interno bianco<\/p>\n<p><span style=\"font-family: AkkoPro-BoldCondensed!important\">Periodo di produzione:<\/span> 1930<\/p>\n<p><span style=\"font-family: AkkoPro-BoldCondensed!important\">Condizioni:<\/span> integro, ma con irregolarit\u00e0 legate alla produzione sul bordo dell&#8217;apertura<\/p>\n<p><span style=\"font-family: AkkoPro-BoldCondensed!important\">Firma\/marchio:<\/span> T in M nell&#8217;arco sopra la linea tratteggiata in basso a sinistra<\/p>\n<p><span style=\"font-family: AkkoPro-BoldCondensed!important\">Dettagli:<\/span><br \/>\nQuesto \u00e8 probabilmente un vaso disegnato da Johannes Le\u00dfmann ed eseguito alla Keramische Werkstatt Margaretenh\u00f6he. Johannes Le\u00dfmann fu apprendista di Otto Lindig tra il 1927 e il 1930, e se non si vedesse la firma della Margaretenh\u00f6he Ceramics Workshop sotto questo vaso, si potrebbe quasi certamente supporre che si tratti di un pezzo del ceramista del Bauhaus Otto Lindig.<\/p>\n<p>Non solo lo smalto con le sue sfumature torbide tipiche di Lindig, ma anche il labbro estremamente sottile, che sembra essere stato danneggiato pi\u00f9 tardi su questo pezzo, ma che probabilmente non \u00e8 perfetto a causa del processo di produzione. Presumibilmente lo smalto bianco non si \u00e8 comportato in modo ottimale durante la cottura o non \u00e8 stato applicato correttamente su tutte le parti del bordo prima.<\/p>\n<p>Tutto sommato, questo \u00e8 un pezzo assolutamente stupefacente di un allievo Lindig, convincente sia nella sua forma che nello smalto variegato; bianco brillante all&#8217;interno, opaco all&#8217;esterno, in un blu tortora con spruzzi neri e leggermente cotto in una zona verso il piede, cos\u00ec che lo smalto ha sviluppato una superficie ruvida in quel punto.<\/p>\n","protected":false},"excerpt":{"rendered":"<p>Tipo: studio ceramica Disegno: Johannes Le\u00dfmann (* 1903, \u2020 1944) Esecuzione: Studio di ceramica Margaretenh\u00f6he Oggetto: vaso Dimensioni: altezza: 15 cm, larghezza: 11 cm Corpo: corpo chiaro Superficie: l&#8217;esterno \u00e8 blu, nero e grigio, l&#8217;interno bianco Periodo di produzione: 1930 Condizioni: integro, ma con irregolarit\u00e0 legate alla produzione sul bordo dell&#8217;apertura Firma\/marchio: T in M [&hellip;]<\/p>\n","protected":false},"featured_media":3949,"template":"","meta":[],"product_brand":[],"product_cat":[252,239],"product_tag":[],"class_list":{"0":"post-4236","1":"product","2":"type-product","3":"status-publish","4":"has-post-thumbnail","6":"product_cat-bauhaus","7":"product_cat-johannes-lessmann","9":"first","10":"instock","11":"sold-individually","12":"shipping-taxable","13":"purchasable","14":"product-type-simple"},"yoast_head":"<!-- This site is optimized with the Yoast SEO plugin v27.5 - https:\/\/yoast.com\/product\/yoast-seo-wordpress\/ -->\n<title>Johannes LE\u1e9eMANN - Vaso in stile Bauhaus - studio ceramica<\/title>\n<meta name=\"description\" content=\"Vaso disegnato da Johannes Le\u00dfmann nello stile di Otto Lindig (stile Bauhaus), eseguito dalla ceramica &quot;Keramische Werkstatt Margaretenh\u00f6he&quot;.\" \/>\n<meta name=\"robots\" content=\"index, follow, max-snippet:-1, max-image-preview:large, max-video-preview:-1\" \/>\n<link rel=\"canonical\" href=\"https:\/\/www.robertzueblin.com\/it\/johannes-lessmann\/vaso-in-stile-bauhaus\/\" \/>\n<meta property=\"og:locale\" content=\"it_IT\" \/>\n<meta property=\"og:type\" content=\"article\" \/>\n<meta property=\"og:title\" content=\"Johannes LE\u1e9eMANN - Vaso in stile Bauhaus - studio ceramica\" \/>\n<meta property=\"og:description\" content=\"Vaso disegnato da Johannes Le\u00dfmann nello stile di Otto Lindig (stile Bauhaus), eseguito dalla ceramica &quot;Keramische Werkstatt Margaretenh\u00f6he&quot;.\" \/>\n<meta property=\"og:url\" content=\"https:\/\/www.robertzueblin.com\/it\/johannes-lessmann\/vaso-in-stile-bauhaus\/\" \/>\n<meta property=\"og:site_name\" content=\"ROBERT Z\u00dcBLIN\" \/>\n<meta property=\"article:modified_time\" content=\"2023-01-06T10:48:33+00:00\" \/>\n<meta property=\"og:image\" content=\"https:\/\/www.robertzueblin.com\/wp-content\/uploads\/johannes-lessmann-vaso-stile-bauhaus-studio-ceramica-foto-titolo.jpg\" \/>\n\t<meta property=\"og:image:width\" content=\"1080\" \/>\n\t<meta property=\"og:image:height\" content=\"1080\" \/>\n\t<meta property=\"og:image:type\" content=\"image\/jpeg\" \/>\n<meta name=\"twitter:card\" content=\"summary_large_image\" \/>\n<script type=\"application\/ld+json\" class=\"yoast-schema-graph\">{\"@context\":\"https:\\\/\\\/schema.org\",\"@graph\":[{\"@type\":\"WebPage\",\"@id\":\"https:\\\/\\\/www.robertzueblin.com\\\/it\\\/johannes-lessmann\\\/vaso-in-stile-bauhaus\\\/\",\"url\":\"https:\\\/\\\/www.robertzueblin.com\\\/it\\\/johannes-lessmann\\\/vaso-in-stile-bauhaus\\\/\",\"name\":\"Johannes LE\u1e9eMANN - Vaso in stile Bauhaus - studio ceramica\",\"isPartOf\":{\"@id\":\"https:\\\/\\\/www.robertzueblin.com\\\/it\\\/#website\"},\"primaryImageOfPage\":{\"@id\":\"https:\\\/\\\/www.robertzueblin.com\\\/it\\\/johannes-lessmann\\\/vaso-in-stile-bauhaus\\\/#primaryimage\"},\"image\":{\"@id\":\"https:\\\/\\\/www.robertzueblin.com\\\/it\\\/johannes-lessmann\\\/vaso-in-stile-bauhaus\\\/#primaryimage\"},\"thumbnailUrl\":\"https:\\\/\\\/www.robertzueblin.com\\\/wp-content\\\/uploads\\\/johannes-lessmann-vaso-stile-bauhaus-studio-ceramica-foto-titolo.jpg\",\"datePublished\":\"2021-09-25T17:38:37+00:00\",\"dateModified\":\"2023-01-06T10:48:33+00:00\",\"description\":\"Vaso disegnato da Johannes Le\u00dfmann nello stile di Otto Lindig (stile Bauhaus), eseguito dalla ceramica \\\"Keramische Werkstatt Margaretenh\u00f6he\\\".\",\"breadcrumb\":{\"@id\":\"https:\\\/\\\/www.robertzueblin.com\\\/it\\\/johannes-lessmann\\\/vaso-in-stile-bauhaus\\\/#breadcrumb\"},\"inLanguage\":\"it-IT\",\"potentialAction\":[{\"@type\":\"ReadAction\",\"target\":[\"https:\\\/\\\/www.robertzueblin.com\\\/it\\\/johannes-lessmann\\\/vaso-in-stile-bauhaus\\\/\"]}]},{\"@type\":\"ImageObject\",\"inLanguage\":\"it-IT\",\"@id\":\"https:\\\/\\\/www.robertzueblin.com\\\/it\\\/johannes-lessmann\\\/vaso-in-stile-bauhaus\\\/#primaryimage\",\"url\":\"https:\\\/\\\/www.robertzueblin.com\\\/wp-content\\\/uploads\\\/johannes-lessmann-vaso-stile-bauhaus-studio-ceramica-foto-titolo.jpg\",\"contentUrl\":\"https:\\\/\\\/www.robertzueblin.com\\\/wp-content\\\/uploads\\\/johannes-lessmann-vaso-stile-bauhaus-studio-ceramica-foto-titolo.jpg\",\"width\":1080,\"height\":1080},{\"@type\":\"BreadcrumbList\",\"@id\":\"https:\\\/\\\/www.robertzueblin.com\\\/it\\\/johannes-lessmann\\\/vaso-in-stile-bauhaus\\\/#breadcrumb\",\"itemListElement\":[{\"@type\":\"ListItem\",\"position\":1,\"name\":\"Startseite\",\"item\":\"https:\\\/\\\/www.robertzueblin.com\\\/it\\\/\"},{\"@type\":\"ListItem\",\"position\":2,\"name\":\"Galleria d&#8217;arte online (Negozio online)\",\"item\":\"https:\\\/\\\/www.robertzueblin.com\\\/it\\\/galleria-d-arte-online\\\/\"},{\"@type\":\"ListItem\",\"position\":3,\"name\":\"Johannes LE\u00dfMANN (* 1903, \u2020 1944) &#8211; Vaso in stile Bauhaus &#8211; studio ceramica\"}]},{\"@type\":\"WebSite\",\"@id\":\"https:\\\/\\\/www.robertzueblin.com\\\/it\\\/#website\",\"url\":\"https:\\\/\\\/www.robertzueblin.com\\\/it\\\/\",\"name\":\"ROBERT Z\u00dcBLIN\",\"description\":\"\",\"publisher\":{\"@id\":\"https:\\\/\\\/www.robertzueblin.com\\\/it\\\/#organization\"},\"potentialAction\":[{\"@type\":\"SearchAction\",\"target\":{\"@type\":\"EntryPoint\",\"urlTemplate\":\"https:\\\/\\\/www.robertzueblin.com\\\/it\\\/?s={search_term_string}\"},\"query-input\":{\"@type\":\"PropertyValueSpecification\",\"valueRequired\":true,\"valueName\":\"search_term_string\"}}],\"inLanguage\":\"it-IT\"},{\"@type\":\"Organization\",\"@id\":\"https:\\\/\\\/www.robertzueblin.com\\\/it\\\/#organization\",\"name\":\"ROBERT Z\u00dcBLIN\",\"url\":\"https:\\\/\\\/www.robertzueblin.com\\\/it\\\/\",\"logo\":{\"@type\":\"ImageObject\",\"inLanguage\":\"it-IT\",\"@id\":\"https:\\\/\\\/www.robertzueblin.com\\\/it\\\/#\\\/schema\\\/logo\\\/image\\\/\",\"url\":\"https:\\\/\\\/www.robertzueblin.com\\\/wp-content\\\/uploads\\\/cropped-cropped-logo-von-robert-zueblin.jpg\",\"contentUrl\":\"https:\\\/\\\/www.robertzueblin.com\\\/wp-content\\\/uploads\\\/cropped-cropped-logo-von-robert-zueblin.jpg\",\"width\":440,\"height\":60,\"caption\":\"ROBERT Z\u00dcBLIN\"},\"image\":{\"@id\":\"https:\\\/\\\/www.robertzueblin.com\\\/it\\\/#\\\/schema\\\/logo\\\/image\\\/\"}}]}<\/script>\n<!-- \/ Yoast SEO plugin. -->","yoast_head_json":{"title":"Johannes LE\u1e9eMANN - Vaso in stile Bauhaus - studio ceramica","description":"Vaso disegnato da Johannes Le\u00dfmann nello stile di Otto Lindig (stile Bauhaus), eseguito dalla ceramica \"Keramische Werkstatt Margaretenh\u00f6he\".","robots":{"index":"index","follow":"follow","max-snippet":"max-snippet:-1","max-image-preview":"max-image-preview:large","max-video-preview":"max-video-preview:-1"},"canonical":"https:\/\/www.robertzueblin.com\/it\/johannes-lessmann\/vaso-in-stile-bauhaus\/","og_locale":"it_IT","og_type":"article","og_title":"Johannes LE\u1e9eMANN - Vaso in stile Bauhaus - studio ceramica","og_description":"Vaso disegnato da Johannes Le\u00dfmann nello stile di Otto Lindig (stile Bauhaus), eseguito dalla ceramica \"Keramische Werkstatt Margaretenh\u00f6he\".","og_url":"https:\/\/www.robertzueblin.com\/it\/johannes-lessmann\/vaso-in-stile-bauhaus\/","og_site_name":"ROBERT Z\u00dcBLIN","article_modified_time":"2023-01-06T10:48:33+00:00","og_image":[{"width":1080,"height":1080,"url":"https:\/\/www.robertzueblin.com\/wp-content\/uploads\/johannes-lessmann-vaso-stile-bauhaus-studio-ceramica-foto-titolo.jpg","type":"image\/jpeg"}],"twitter_card":"summary_large_image","schema":{"@context":"https:\/\/schema.org","@graph":[{"@type":"WebPage","@id":"https:\/\/www.robertzueblin.com\/it\/johannes-lessmann\/vaso-in-stile-bauhaus\/","url":"https:\/\/www.robertzueblin.com\/it\/johannes-lessmann\/vaso-in-stile-bauhaus\/","name":"Johannes LE\u1e9eMANN - Vaso in stile Bauhaus - studio ceramica","isPartOf":{"@id":"https:\/\/www.robertzueblin.com\/it\/#website"},"primaryImageOfPage":{"@id":"https:\/\/www.robertzueblin.com\/it\/johannes-lessmann\/vaso-in-stile-bauhaus\/#primaryimage"},"image":{"@id":"https:\/\/www.robertzueblin.com\/it\/johannes-lessmann\/vaso-in-stile-bauhaus\/#primaryimage"},"thumbnailUrl":"https:\/\/www.robertzueblin.com\/wp-content\/uploads\/johannes-lessmann-vaso-stile-bauhaus-studio-ceramica-foto-titolo.jpg","datePublished":"2021-09-25T17:38:37+00:00","dateModified":"2023-01-06T10:48:33+00:00","description":"Vaso disegnato da Johannes Le\u00dfmann nello stile di Otto Lindig (stile Bauhaus), eseguito dalla ceramica \"Keramische Werkstatt Margaretenh\u00f6he\".","breadcrumb":{"@id":"https:\/\/www.robertzueblin.com\/it\/johannes-lessmann\/vaso-in-stile-bauhaus\/#breadcrumb"},"inLanguage":"it-IT","potentialAction":[{"@type":"ReadAction","target":["https:\/\/www.robertzueblin.com\/it\/johannes-lessmann\/vaso-in-stile-bauhaus\/"]}]},{"@type":"ImageObject","inLanguage":"it-IT","@id":"https:\/\/www.robertzueblin.com\/it\/johannes-lessmann\/vaso-in-stile-bauhaus\/#primaryimage","url":"https:\/\/www.robertzueblin.com\/wp-content\/uploads\/johannes-lessmann-vaso-stile-bauhaus-studio-ceramica-foto-titolo.jpg","contentUrl":"https:\/\/www.robertzueblin.com\/wp-content\/uploads\/johannes-lessmann-vaso-stile-bauhaus-studio-ceramica-foto-titolo.jpg","width":1080,"height":1080},{"@type":"BreadcrumbList","@id":"https:\/\/www.robertzueblin.com\/it\/johannes-lessmann\/vaso-in-stile-bauhaus\/#breadcrumb","itemListElement":[{"@type":"ListItem","position":1,"name":"Startseite","item":"https:\/\/www.robertzueblin.com\/it\/"},{"@type":"ListItem","position":2,"name":"Galleria d&#8217;arte online (Negozio online)","item":"https:\/\/www.robertzueblin.com\/it\/galleria-d-arte-online\/"},{"@type":"ListItem","position":3,"name":"Johannes LE\u00dfMANN (* 1903, \u2020 1944) &#8211; Vaso in stile Bauhaus &#8211; studio ceramica"}]},{"@type":"WebSite","@id":"https:\/\/www.robertzueblin.com\/it\/#website","url":"https:\/\/www.robertzueblin.com\/it\/","name":"ROBERT Z\u00dcBLIN","description":"","publisher":{"@id":"https:\/\/www.robertzueblin.com\/it\/#organization"},"potentialAction":[{"@type":"SearchAction","target":{"@type":"EntryPoint","urlTemplate":"https:\/\/www.robertzueblin.com\/it\/?s={search_term_string}"},"query-input":{"@type":"PropertyValueSpecification","valueRequired":true,"valueName":"search_term_string"}}],"inLanguage":"it-IT"},{"@type":"Organization","@id":"https:\/\/www.robertzueblin.com\/it\/#organization","name":"ROBERT Z\u00dcBLIN","url":"https:\/\/www.robertzueblin.com\/it\/","logo":{"@type":"ImageObject","inLanguage":"it-IT","@id":"https:\/\/www.robertzueblin.com\/it\/#\/schema\/logo\/image\/","url":"https:\/\/www.robertzueblin.com\/wp-content\/uploads\/cropped-cropped-logo-von-robert-zueblin.jpg","contentUrl":"https:\/\/www.robertzueblin.com\/wp-content\/uploads\/cropped-cropped-logo-von-robert-zueblin.jpg","width":440,"height":60,"caption":"ROBERT Z\u00dcBLIN"},"image":{"@id":"https:\/\/www.robertzueblin.com\/it\/#\/schema\/logo\/image\/"}}]}},"_links":{"self":[{"href":"https:\/\/www.robertzueblin.com\/it\/wp-json\/wp\/v2\/product\/4236","targetHints":{"allow":["GET"]}}],"collection":[{"href":"https:\/\/www.robertzueblin.com\/it\/wp-json\/wp\/v2\/product"}],"about":[{"href":"https:\/\/www.robertzueblin.com\/it\/wp-json\/wp\/v2\/types\/product"}],"wp:featuredmedia":[{"embeddable":true,"href":"https:\/\/www.robertzueblin.com\/it\/wp-json\/wp\/v2\/media\/3949"}],"wp:attachment":[{"href":"https:\/\/www.robertzueblin.com\/it\/wp-json\/wp\/v2\/media?parent=4236"}],"wp:term":[{"taxonomy":"product_brand","embeddable":true,"href":"https:\/\/www.robertzueblin.com\/it\/wp-json\/wp\/v2\/product_brand?post=4236"},{"taxonomy":"product_cat","embeddable":true,"href":"https:\/\/www.robertzueblin.com\/it\/wp-json\/wp\/v2\/product_cat?post=4236"},{"taxonomy":"product_tag","embeddable":true,"href":"https:\/\/www.robertzueblin.com\/it\/wp-json\/wp\/v2\/product_tag?post=4236"}],"curies":[{"name":"wp","href":"https:\/\/api.w.org\/{rel}","templated":true}]}}