{"id":50128,"date":"2026-03-08T18:36:09","date_gmt":"2026-03-08T17:36:09","guid":{"rendered":"https:\/\/www.robertzueblin.com\/?post_type=product&#038;p=50128"},"modified":"2026-03-08T18:40:00","modified_gmt":"2026-03-08T17:40:00","slug":"mila-vazquez-otero-1978-friedrich-nietzsche-tasse-poterie-datelier","status":"publish","type":"product","link":"https:\/\/www.robertzueblin.com\/fr\/mila-vazquez-otero\/friedrich-nietzsche-tasse-poterie-datelier\/","title":{"rendered":"Mila V\u00c1ZQUEZ OTERO (* 1978) &#8211; Friedrich Nietzsche &#8211; Tasse &#8211; Poterie d&rsquo;atelier"},"content":{"rendered":"<p><span style=\"font-family: AkkoPro-BoldCondensed!important\">Type :<\/span> <a href=\"\/?post_format=poterie-d-atelier-ceramique-de-studio\">poterie d&rsquo;atelier<\/a><\/p>\n<p><span style=\"font-family: AkkoPro-BoldCondensed!important\">\u00c9bauche :<\/span> Mila V\u00e1zquez Otero (* 1978)<\/p>\n<p><span style=\"font-family: AkkoPro-BoldCondensed!important\">R\u00e9alisation :<\/span> Mila V\u00e1zquez Otero (* 1978)<\/p>\n<p><span style=\"font-family: AkkoPro-BoldCondensed!important\">Objet :<\/span> tasse<\/p>\n<p><span style=\"font-family: AkkoPro-BoldCondensed!important\">Dimensions :<\/span> hauteur : 9 cm, largeur : 12 cm, profondeur : 10 cm<\/p>\n<p><span style=\"font-family: AkkoPro-BoldCondensed!important\">Tesson :<\/span> clairs <\/p>\n<p><span style=\"font-family: AkkoPro-BoldCondensed!important\">Surface :<\/span> vert et gris \u00e0 l&rsquo;ext\u00e9rieur, blanc-rose \u00e0 l&rsquo;int\u00e9rieur<\/p>\n<p><span style=\"font-family: AkkoPro-BoldCondensed!important\">Ann\u00e9e de fabrication :<\/span> 2026<\/p>\n<p><span style=\"font-family: AkkoPro-BoldCondensed!important\">Signature\/marque :<\/span> O sur M<\/p>\n<p><span style=\"font-family: AkkoPro-BoldCondensed!important\">D\u00e9tail :<\/span><br \/>\nL&rsquo;artiste Mila V\u00e1zquez Otero travaille sans moules et mod\u00e8le chaque pi\u00e8ce de c\u00e9ramique \u00e0 la main, de sorte que chaque \u0153uvre est unique.<\/p>\n","protected":false},"excerpt":{"rendered":"<p>Type : poterie d&rsquo;atelier \u00c9bauche : Mila V\u00e1zquez Otero (* 1978) R\u00e9alisation : Mila V\u00e1zquez Otero (* 1978) Objet : tasse Dimensions : hauteur : 9 cm, largeur : 12 cm, profondeur : 10 cm Tesson : clairs Surface : vert et gris \u00e0 l&rsquo;ext\u00e9rieur, blanc-rose \u00e0 l&rsquo;int\u00e9rieur Ann\u00e9e de fabrication : 2026 Signature\/marque : [&hellip;]<\/p>\n","protected":false},"featured_media":50135,"template":"","meta":[],"product_brand":[],"product_cat":[366],"product_tag":[],"class_list":{"0":"post-50128","1":"product","2":"type-product","3":"status-publish","4":"has-post-thumbnail","6":"product_cat-mila-vazquez-otero","8":"first","9":"instock","10":"sold-individually","11":"shipping-taxable","12":"purchasable","13":"product-type-simple"},"yoast_head":"<!-- This site is optimized with the Yoast SEO plugin v27.5 - https:\/\/yoast.com\/product\/yoast-seo-wordpress\/ -->\n<title>V\u00c1ZQUEZ OTERO - Friedrich Nietzsche - Tasse - Poterie d&#039;atelier<\/title>\n<meta name=\"description\" content=\"Tasse en c\u00e9ramique tr\u00e8s sp\u00e9ciale avec le visage de Friedrich Nietzsche et un vernis vert, r\u00e9alis\u00e9e par l&#039;artiste Mila V\u00e1zquez Otero.\" \/>\n<meta name=\"robots\" content=\"index, follow, max-snippet:-1, max-image-preview:large, max-video-preview:-1\" \/>\n<link rel=\"canonical\" href=\"https:\/\/www.robertzueblin.com\/fr\/mila-vazquez-otero\/friedrich-nietzsche-tasse-poterie-datelier\/\" \/>\n<meta property=\"og:locale\" content=\"fr_FR\" \/>\n<meta property=\"og:type\" content=\"article\" \/>\n<meta property=\"og:title\" content=\"V\u00c1ZQUEZ OTERO - Friedrich Nietzsche - Tasse - Poterie d&#039;atelier\" \/>\n<meta property=\"og:description\" content=\"Tasse en c\u00e9ramique tr\u00e8s sp\u00e9ciale avec le visage de Friedrich Nietzsche et un vernis vert, r\u00e9alis\u00e9e par l&#039;artiste Mila V\u00e1zquez Otero.\" \/>\n<meta property=\"og:url\" content=\"https:\/\/www.robertzueblin.com\/fr\/mila-vazquez-otero\/friedrich-nietzsche-tasse-poterie-datelier\/\" \/>\n<meta property=\"og:site_name\" content=\"ROBERT Z\u00dcBLIN\" \/>\n<meta property=\"article:modified_time\" content=\"2026-03-08T17:40:00+00:00\" \/>\n<meta property=\"og:image\" content=\"https:\/\/www.robertzueblin.com\/wp-content\/uploads\/mila-vazquez-otero-poterie-atelier-friedrich-nietzsche-tasse-photo-couverture.jpg\" \/>\n\t<meta property=\"og:image:width\" content=\"1000\" \/>\n\t<meta property=\"og:image:height\" content=\"1000\" \/>\n\t<meta property=\"og:image:type\" content=\"image\/jpeg\" \/>\n<meta name=\"twitter:card\" content=\"summary_large_image\" \/>\n<script type=\"application\/ld+json\" class=\"yoast-schema-graph\">{\"@context\":\"https:\\\/\\\/schema.org\",\"@graph\":[{\"@type\":\"WebPage\",\"@id\":\"https:\\\/\\\/www.robertzueblin.com\\\/fr\\\/mila-vazquez-otero\\\/friedrich-nietzsche-tasse-poterie-datelier\\\/\",\"url\":\"https:\\\/\\\/www.robertzueblin.com\\\/fr\\\/mila-vazquez-otero\\\/friedrich-nietzsche-tasse-poterie-datelier\\\/\",\"name\":\"V\u00c1ZQUEZ OTERO - Friedrich Nietzsche - Tasse - Poterie d'atelier\",\"isPartOf\":{\"@id\":\"https:\\\/\\\/www.robertzueblin.com\\\/fr\\\/#website\"},\"primaryImageOfPage\":{\"@id\":\"https:\\\/\\\/www.robertzueblin.com\\\/fr\\\/mila-vazquez-otero\\\/friedrich-nietzsche-tasse-poterie-datelier\\\/#primaryimage\"},\"image\":{\"@id\":\"https:\\\/\\\/www.robertzueblin.com\\\/fr\\\/mila-vazquez-otero\\\/friedrich-nietzsche-tasse-poterie-datelier\\\/#primaryimage\"},\"thumbnailUrl\":\"https:\\\/\\\/www.robertzueblin.com\\\/wp-content\\\/uploads\\\/mila-vazquez-otero-poterie-atelier-friedrich-nietzsche-tasse-photo-couverture.jpg\",\"datePublished\":\"2026-03-08T17:36:09+00:00\",\"dateModified\":\"2026-03-08T17:40:00+00:00\",\"description\":\"Tasse en c\u00e9ramique tr\u00e8s sp\u00e9ciale avec le visage de Friedrich Nietzsche et un vernis vert, r\u00e9alis\u00e9e par l'artiste Mila V\u00e1zquez Otero.\",\"breadcrumb\":{\"@id\":\"https:\\\/\\\/www.robertzueblin.com\\\/fr\\\/mila-vazquez-otero\\\/friedrich-nietzsche-tasse-poterie-datelier\\\/#breadcrumb\"},\"inLanguage\":\"fr-FR\",\"potentialAction\":[{\"@type\":\"ReadAction\",\"target\":[\"https:\\\/\\\/www.robertzueblin.com\\\/fr\\\/mila-vazquez-otero\\\/friedrich-nietzsche-tasse-poterie-datelier\\\/\"]}]},{\"@type\":\"ImageObject\",\"inLanguage\":\"fr-FR\",\"@id\":\"https:\\\/\\\/www.robertzueblin.com\\\/fr\\\/mila-vazquez-otero\\\/friedrich-nietzsche-tasse-poterie-datelier\\\/#primaryimage\",\"url\":\"https:\\\/\\\/www.robertzueblin.com\\\/wp-content\\\/uploads\\\/mila-vazquez-otero-poterie-atelier-friedrich-nietzsche-tasse-photo-couverture.jpg\",\"contentUrl\":\"https:\\\/\\\/www.robertzueblin.com\\\/wp-content\\\/uploads\\\/mila-vazquez-otero-poterie-atelier-friedrich-nietzsche-tasse-photo-couverture.jpg\",\"width\":1000,\"height\":1000},{\"@type\":\"BreadcrumbList\",\"@id\":\"https:\\\/\\\/www.robertzueblin.com\\\/fr\\\/mila-vazquez-otero\\\/friedrich-nietzsche-tasse-poterie-datelier\\\/#breadcrumb\",\"itemListElement\":[{\"@type\":\"ListItem\",\"position\":1,\"name\":\"Startseite\",\"item\":\"https:\\\/\\\/www.robertzueblin.com\\\/fr\\\/\"},{\"@type\":\"ListItem\",\"position\":2,\"name\":\"Galerie d&#8217;art en ligne (boutique en ligne)\",\"item\":\"https:\\\/\\\/www.robertzueblin.com\\\/fr\\\/galerie-d-art-en-ligne\\\/\"},{\"@type\":\"ListItem\",\"position\":3,\"name\":\"Mila V\u00c1ZQUEZ OTERO (* 1978) &#8211; Friedrich Nietzsche &#8211; Tasse &#8211; Poterie d&#8217;atelier\"}]},{\"@type\":\"WebSite\",\"@id\":\"https:\\\/\\\/www.robertzueblin.com\\\/fr\\\/#website\",\"url\":\"https:\\\/\\\/www.robertzueblin.com\\\/fr\\\/\",\"name\":\"ROBERT Z\u00dcBLIN\",\"description\":\"\",\"publisher\":{\"@id\":\"https:\\\/\\\/www.robertzueblin.com\\\/fr\\\/#organization\"},\"potentialAction\":[{\"@type\":\"SearchAction\",\"target\":{\"@type\":\"EntryPoint\",\"urlTemplate\":\"https:\\\/\\\/www.robertzueblin.com\\\/fr\\\/?s={search_term_string}\"},\"query-input\":{\"@type\":\"PropertyValueSpecification\",\"valueRequired\":true,\"valueName\":\"search_term_string\"}}],\"inLanguage\":\"fr-FR\"},{\"@type\":\"Organization\",\"@id\":\"https:\\\/\\\/www.robertzueblin.com\\\/fr\\\/#organization\",\"name\":\"ROBERT Z\u00dcBLIN\",\"url\":\"https:\\\/\\\/www.robertzueblin.com\\\/fr\\\/\",\"logo\":{\"@type\":\"ImageObject\",\"inLanguage\":\"fr-FR\",\"@id\":\"https:\\\/\\\/www.robertzueblin.com\\\/fr\\\/#\\\/schema\\\/logo\\\/image\\\/\",\"url\":\"https:\\\/\\\/www.robertzueblin.com\\\/wp-content\\\/uploads\\\/cropped-cropped-logo-von-robert-zueblin.jpg\",\"contentUrl\":\"https:\\\/\\\/www.robertzueblin.com\\\/wp-content\\\/uploads\\\/cropped-cropped-logo-von-robert-zueblin.jpg\",\"width\":440,\"height\":60,\"caption\":\"ROBERT Z\u00dcBLIN\"},\"image\":{\"@id\":\"https:\\\/\\\/www.robertzueblin.com\\\/fr\\\/#\\\/schema\\\/logo\\\/image\\\/\"}}]}<\/script>\n<!-- \/ Yoast SEO plugin. -->","yoast_head_json":{"title":"V\u00c1ZQUEZ OTERO - Friedrich Nietzsche - Tasse - Poterie d'atelier","description":"Tasse en c\u00e9ramique tr\u00e8s sp\u00e9ciale avec le visage de Friedrich Nietzsche et un vernis vert, r\u00e9alis\u00e9e par l'artiste Mila V\u00e1zquez Otero.","robots":{"index":"index","follow":"follow","max-snippet":"max-snippet:-1","max-image-preview":"max-image-preview:large","max-video-preview":"max-video-preview:-1"},"canonical":"https:\/\/www.robertzueblin.com\/fr\/mila-vazquez-otero\/friedrich-nietzsche-tasse-poterie-datelier\/","og_locale":"fr_FR","og_type":"article","og_title":"V\u00c1ZQUEZ OTERO - Friedrich Nietzsche - Tasse - Poterie d'atelier","og_description":"Tasse en c\u00e9ramique tr\u00e8s sp\u00e9ciale avec le visage de Friedrich Nietzsche et un vernis vert, r\u00e9alis\u00e9e par l'artiste Mila V\u00e1zquez Otero.","og_url":"https:\/\/www.robertzueblin.com\/fr\/mila-vazquez-otero\/friedrich-nietzsche-tasse-poterie-datelier\/","og_site_name":"ROBERT Z\u00dcBLIN","article_modified_time":"2026-03-08T17:40:00+00:00","og_image":[{"width":1000,"height":1000,"url":"https:\/\/www.robertzueblin.com\/wp-content\/uploads\/mila-vazquez-otero-poterie-atelier-friedrich-nietzsche-tasse-photo-couverture.jpg","type":"image\/jpeg"}],"twitter_card":"summary_large_image","schema":{"@context":"https:\/\/schema.org","@graph":[{"@type":"WebPage","@id":"https:\/\/www.robertzueblin.com\/fr\/mila-vazquez-otero\/friedrich-nietzsche-tasse-poterie-datelier\/","url":"https:\/\/www.robertzueblin.com\/fr\/mila-vazquez-otero\/friedrich-nietzsche-tasse-poterie-datelier\/","name":"V\u00c1ZQUEZ OTERO - Friedrich Nietzsche - Tasse - Poterie d'atelier","isPartOf":{"@id":"https:\/\/www.robertzueblin.com\/fr\/#website"},"primaryImageOfPage":{"@id":"https:\/\/www.robertzueblin.com\/fr\/mila-vazquez-otero\/friedrich-nietzsche-tasse-poterie-datelier\/#primaryimage"},"image":{"@id":"https:\/\/www.robertzueblin.com\/fr\/mila-vazquez-otero\/friedrich-nietzsche-tasse-poterie-datelier\/#primaryimage"},"thumbnailUrl":"https:\/\/www.robertzueblin.com\/wp-content\/uploads\/mila-vazquez-otero-poterie-atelier-friedrich-nietzsche-tasse-photo-couverture.jpg","datePublished":"2026-03-08T17:36:09+00:00","dateModified":"2026-03-08T17:40:00+00:00","description":"Tasse en c\u00e9ramique tr\u00e8s sp\u00e9ciale avec le visage de Friedrich Nietzsche et un vernis vert, r\u00e9alis\u00e9e par l'artiste Mila V\u00e1zquez Otero.","breadcrumb":{"@id":"https:\/\/www.robertzueblin.com\/fr\/mila-vazquez-otero\/friedrich-nietzsche-tasse-poterie-datelier\/#breadcrumb"},"inLanguage":"fr-FR","potentialAction":[{"@type":"ReadAction","target":["https:\/\/www.robertzueblin.com\/fr\/mila-vazquez-otero\/friedrich-nietzsche-tasse-poterie-datelier\/"]}]},{"@type":"ImageObject","inLanguage":"fr-FR","@id":"https:\/\/www.robertzueblin.com\/fr\/mila-vazquez-otero\/friedrich-nietzsche-tasse-poterie-datelier\/#primaryimage","url":"https:\/\/www.robertzueblin.com\/wp-content\/uploads\/mila-vazquez-otero-poterie-atelier-friedrich-nietzsche-tasse-photo-couverture.jpg","contentUrl":"https:\/\/www.robertzueblin.com\/wp-content\/uploads\/mila-vazquez-otero-poterie-atelier-friedrich-nietzsche-tasse-photo-couverture.jpg","width":1000,"height":1000},{"@type":"BreadcrumbList","@id":"https:\/\/www.robertzueblin.com\/fr\/mila-vazquez-otero\/friedrich-nietzsche-tasse-poterie-datelier\/#breadcrumb","itemListElement":[{"@type":"ListItem","position":1,"name":"Startseite","item":"https:\/\/www.robertzueblin.com\/fr\/"},{"@type":"ListItem","position":2,"name":"Galerie d&#8217;art en ligne (boutique en ligne)","item":"https:\/\/www.robertzueblin.com\/fr\/galerie-d-art-en-ligne\/"},{"@type":"ListItem","position":3,"name":"Mila V\u00c1ZQUEZ OTERO (* 1978) &#8211; Friedrich Nietzsche &#8211; Tasse &#8211; Poterie d&#8217;atelier"}]},{"@type":"WebSite","@id":"https:\/\/www.robertzueblin.com\/fr\/#website","url":"https:\/\/www.robertzueblin.com\/fr\/","name":"ROBERT Z\u00dcBLIN","description":"","publisher":{"@id":"https:\/\/www.robertzueblin.com\/fr\/#organization"},"potentialAction":[{"@type":"SearchAction","target":{"@type":"EntryPoint","urlTemplate":"https:\/\/www.robertzueblin.com\/fr\/?s={search_term_string}"},"query-input":{"@type":"PropertyValueSpecification","valueRequired":true,"valueName":"search_term_string"}}],"inLanguage":"fr-FR"},{"@type":"Organization","@id":"https:\/\/www.robertzueblin.com\/fr\/#organization","name":"ROBERT Z\u00dcBLIN","url":"https:\/\/www.robertzueblin.com\/fr\/","logo":{"@type":"ImageObject","inLanguage":"fr-FR","@id":"https:\/\/www.robertzueblin.com\/fr\/#\/schema\/logo\/image\/","url":"https:\/\/www.robertzueblin.com\/wp-content\/uploads\/cropped-cropped-logo-von-robert-zueblin.jpg","contentUrl":"https:\/\/www.robertzueblin.com\/wp-content\/uploads\/cropped-cropped-logo-von-robert-zueblin.jpg","width":440,"height":60,"caption":"ROBERT Z\u00dcBLIN"},"image":{"@id":"https:\/\/www.robertzueblin.com\/fr\/#\/schema\/logo\/image\/"}}]}},"_links":{"self":[{"href":"https:\/\/www.robertzueblin.com\/fr\/wp-json\/wp\/v2\/product\/50128","targetHints":{"allow":["GET"]}}],"collection":[{"href":"https:\/\/www.robertzueblin.com\/fr\/wp-json\/wp\/v2\/product"}],"about":[{"href":"https:\/\/www.robertzueblin.com\/fr\/wp-json\/wp\/v2\/types\/product"}],"wp:featuredmedia":[{"embeddable":true,"href":"https:\/\/www.robertzueblin.com\/fr\/wp-json\/wp\/v2\/media\/50135"}],"wp:attachment":[{"href":"https:\/\/www.robertzueblin.com\/fr\/wp-json\/wp\/v2\/media?parent=50128"}],"wp:term":[{"taxonomy":"product_brand","embeddable":true,"href":"https:\/\/www.robertzueblin.com\/fr\/wp-json\/wp\/v2\/product_brand?post=50128"},{"taxonomy":"product_cat","embeddable":true,"href":"https:\/\/www.robertzueblin.com\/fr\/wp-json\/wp\/v2\/product_cat?post=50128"},{"taxonomy":"product_tag","embeddable":true,"href":"https:\/\/www.robertzueblin.com\/fr\/wp-json\/wp\/v2\/product_tag?post=50128"}],"curies":[{"name":"wp","href":"https:\/\/api.w.org\/{rel}","templated":true}]}}