{"id":42518,"date":"2024-12-27T19:12:16","date_gmt":"2024-12-27T18:40:00","guid":{"rendered":"https:\/\/www.robertzueblin.com\/?post_type=product&#038;p=42518"},"modified":"2025-06-09T19:06:34","modified_gmt":"2025-06-09T17:06:34","slug":"albrecht-hohlt-1928-%e2%80%a0-1960-attribue-vase-avec-glacure-de-type-lave-avec-des-taches-roses-poterie-datelier","status":"publish","type":"product","link":"https:\/\/www.robertzueblin.com\/fr\/albrecht-hohlt\/vase-avec-glacure-de-type-lave-avec-des-taches-roses-poterie-datelier\/","title":{"rendered":"Albrecht HOHLT (* 1928, \u2020 1960) [attribu\u00e9] &#8211; Vase avec gla\u00e7ure de type lave avec des taches roses &#8211; Poterie d&rsquo;atelier"},"content":{"rendered":"<p><span style=\"font-family: AkkoPro-BoldCondensed!important\">Type :<\/span> <a href=\"https:\/\/www.robertzueblin.com\/fr\/poterie-d-atelier-ceramique-de-studio\">poterie d&rsquo;atelier<\/a><\/p>\n<p><span style=\"font-family: AkkoPro-BoldCondensed!important\">\u00c9bauche :<\/span> <a href=\"https:\/\/www.robertzueblin.com\/fr\/albrecht-hohlt\/\">Albrecht Hohlt<\/a> [attribu\u00e9]<\/p>\n<p><span style=\"font-family: AkkoPro-BoldCondensed!important\">R\u00e9alisation :<\/span> <a href=\"https:\/\/www.robertzueblin.com\/fr\/albrecht-hohlt\/\">Albrecht Hohlt<\/a> [attribu\u00e9]<\/p>\n<p><span style=\"font-family: AkkoPro-BoldCondensed!important\">Objet :<\/span> vase<\/p>\n<p><span style=\"font-family: AkkoPro-BoldCondensed!important\">Dimensions :<\/span> hauteur : 8 cm, largeur : 11,3 cm<\/p>\n<p><span style=\"font-family: AkkoPro-BoldCondensed!important\">Tesson :<\/span> brun<\/p>\n<p><span style=\"font-family: AkkoPro-BoldCondensed!important\">Surface :<\/span> blanc, brun, rose<\/p>\n<p><span style=\"font-family: AkkoPro-BoldCondensed!important\">Ann\u00e9e de fabrication :<\/span> entre 1946 et 1953<\/p>\n<p><span style=\"font-family: AkkoPro-BoldCondensed!important\">\u00c9tat :<\/span> quelques bulles bouillies probablement cass\u00e9es en raison de la fabrication<\/p>\n<p><span style=\"font-family: AkkoPro-BoldCondensed!important\">Signature\/marque :<\/span> vieux chat (utilis\u00e9 entre 1946 et 1953)<\/p>\n<p><span style=\"font-family: AkkoPro-BoldCondensed!important\">Details :<\/span><br \/>\nLe vase n&rsquo;est certes pas pourvu d&rsquo;une croix ou d&rsquo;une \u00e9toile en plus de la marque de l&rsquo;atelier Hohlt, ce qui permettait souvent \u00e0 Albrecht Hohlt de marquer ses pi\u00e8ces afin de les identifier clairement comme \u00e9tant de sa fabrication, \u00e0 distinguer des pi\u00e8ces r\u00e9alis\u00e9es par son p\u00e8re Otto Hohlt ou par son fr\u00e8re G\u00f6rge Hohlt. <\/p>\n<p>Mais l&rsquo;\u00e9mail de ce vase, avec ses d\u00e9licates zones roses, a un tel caract\u00e8re exp\u00e9rimental que l&rsquo;on peut supposer qu&rsquo;il a \u00e9t\u00e9 fabriqu\u00e9 par Albrecht Hohlt. Le toucher de l&rsquo;\u00e9mail, qui a quelque chose de plastique, rappelle \u00e9galement les \u00e9maux que l&rsquo;on trouve sur les pi\u00e8ces qu&rsquo;Albrecht Hohlt a marqu\u00e9es comme \u00e9tant les siennes.<\/p>\n","protected":false},"excerpt":{"rendered":"<p><span style=\"color: #e2401c;\">&#x25cf;<\/span><span> vendu<\/span><\/p>\n","protected":false},"featured_media":42529,"template":"","meta":[],"product_brand":[],"product_cat":[436],"product_tag":[],"class_list":["post-42518","product","type-product","status-publish","has-post-thumbnail","product_cat-albrecht-hohlt","first","outofstock","sold-individually","shipping-taxable","product-type-simple"],"yoast_head":"<!-- This site is optimized with the Yoast SEO plugin v28.3 - https:\/\/yoast.com\/product\/yoast-seo-wordpress\/ -->\n<title>Albrecht HOHLT - Vase gla\u00e7ure de type lave avec taches roses<\/title>\n<meta name=\"description\" content=\"Vase attribu\u00e9 au c\u00e9ramiste de studio Albrecht Hohlt, avec gla\u00e7ure de type lave, pr\u00e9sentant par endroits de d\u00e9licates taches roses.\" \/>\n<meta name=\"robots\" content=\"index, follow, max-snippet:-1, max-image-preview:large, max-video-preview:-1\" \/>\n<link rel=\"canonical\" href=\"https:\/\/www.robertzueblin.com\/fr\/albrecht-hohlt\/vase-avec-glacure-de-type-lave-avec-des-taches-roses-poterie-datelier\/\" \/>\n<meta property=\"og:locale\" content=\"fr_FR\" \/>\n<meta property=\"og:type\" content=\"article\" \/>\n<meta property=\"og:title\" content=\"Albrecht HOHLT - Vase gla\u00e7ure de type lave avec taches roses\" \/>\n<meta property=\"og:description\" content=\"Vase attribu\u00e9 au c\u00e9ramiste de studio Albrecht Hohlt, avec gla\u00e7ure de type lave, pr\u00e9sentant par endroits de d\u00e9licates taches roses.\" \/>\n<meta property=\"og:url\" content=\"https:\/\/www.robertzueblin.com\/fr\/albrecht-hohlt\/vase-avec-glacure-de-type-lave-avec-des-taches-roses-poterie-datelier\/\" \/>\n<meta property=\"og:site_name\" content=\"ROBERT Z\u00dcBLIN\" \/>\n<meta property=\"article:modified_time\" content=\"2025-06-09T17:06:34+00:00\" \/>\n<meta property=\"og:image\" content=\"https:\/\/www.robertzueblin.com\/wp-content\/uploads\/albrecht-hohlt-poterie-atelier-vase-glacure-type-lave-taches-roses-photo-couverture.jpg\" \/>\n\t<meta property=\"og:image:width\" content=\"1000\" \/>\n\t<meta property=\"og:image:height\" content=\"1000\" \/>\n\t<meta property=\"og:image:type\" content=\"image\/jpeg\" \/>\n<meta name=\"twitter:card\" content=\"summary_large_image\" \/>\n<script type=\"application\/ld+json\" class=\"yoast-schema-graph\">{\"@context\":\"https:\\\/\\\/schema.org\",\"@graph\":[{\"@type\":\"WebPage\",\"@id\":\"https:\\\/\\\/www.robertzueblin.com\\\/fr\\\/albrecht-hohlt\\\/vase-avec-glacure-de-type-lave-avec-des-taches-roses-poterie-datelier\\\/\",\"url\":\"https:\\\/\\\/www.robertzueblin.com\\\/fr\\\/albrecht-hohlt\\\/vase-avec-glacure-de-type-lave-avec-des-taches-roses-poterie-datelier\\\/\",\"name\":\"Albrecht HOHLT - Vase gla\u00e7ure de type lave avec taches roses\",\"isPartOf\":{\"@id\":\"https:\\\/\\\/www.robertzueblin.com\\\/fr\\\/#website\"},\"primaryImageOfPage\":{\"@id\":\"https:\\\/\\\/www.robertzueblin.com\\\/fr\\\/albrecht-hohlt\\\/vase-avec-glacure-de-type-lave-avec-des-taches-roses-poterie-datelier\\\/#primaryimage\"},\"image\":{\"@id\":\"https:\\\/\\\/www.robertzueblin.com\\\/fr\\\/albrecht-hohlt\\\/vase-avec-glacure-de-type-lave-avec-des-taches-roses-poterie-datelier\\\/#primaryimage\"},\"thumbnailUrl\":\"https:\\\/\\\/www.robertzueblin.com\\\/wp-content\\\/uploads\\\/albrecht-hohlt-poterie-atelier-vase-glacure-type-lave-taches-roses-photo-couverture.jpg\",\"datePublished\":\"2024-12-27T18:40:00+00:00\",\"dateModified\":\"2025-06-09T17:06:34+00:00\",\"description\":\"Vase attribu\u00e9 au c\u00e9ramiste de studio Albrecht Hohlt, avec gla\u00e7ure de type lave, pr\u00e9sentant par endroits de d\u00e9licates taches roses.\",\"breadcrumb\":{\"@id\":\"https:\\\/\\\/www.robertzueblin.com\\\/fr\\\/albrecht-hohlt\\\/vase-avec-glacure-de-type-lave-avec-des-taches-roses-poterie-datelier\\\/#breadcrumb\"},\"inLanguage\":\"fr-FR\",\"potentialAction\":[{\"@type\":\"ReadAction\",\"target\":[\"https:\\\/\\\/www.robertzueblin.com\\\/fr\\\/albrecht-hohlt\\\/vase-avec-glacure-de-type-lave-avec-des-taches-roses-poterie-datelier\\\/\"]}]},{\"@type\":\"ImageObject\",\"inLanguage\":\"fr-FR\",\"@id\":\"https:\\\/\\\/www.robertzueblin.com\\\/fr\\\/albrecht-hohlt\\\/vase-avec-glacure-de-type-lave-avec-des-taches-roses-poterie-datelier\\\/#primaryimage\",\"url\":\"https:\\\/\\\/www.robertzueblin.com\\\/wp-content\\\/uploads\\\/albrecht-hohlt-poterie-atelier-vase-glacure-type-lave-taches-roses-photo-couverture.jpg\",\"contentUrl\":\"https:\\\/\\\/www.robertzueblin.com\\\/wp-content\\\/uploads\\\/albrecht-hohlt-poterie-atelier-vase-glacure-type-lave-taches-roses-photo-couverture.jpg\",\"width\":1000,\"height\":1000},{\"@type\":\"BreadcrumbList\",\"@id\":\"https:\\\/\\\/www.robertzueblin.com\\\/fr\\\/albrecht-hohlt\\\/vase-avec-glacure-de-type-lave-avec-des-taches-roses-poterie-datelier\\\/#breadcrumb\",\"itemListElement\":[{\"@type\":\"ListItem\",\"position\":1,\"name\":\"Startseite\",\"item\":\"https:\\\/\\\/www.robertzueblin.com\\\/fr\\\/\"},{\"@type\":\"ListItem\",\"position\":2,\"name\":\"Galerie d&#8217;art en ligne (boutique en ligne)\",\"item\":\"https:\\\/\\\/www.robertzueblin.com\\\/fr\\\/galerie-d-art-en-ligne\\\/\"},{\"@type\":\"ListItem\",\"position\":3,\"name\":\"Albrecht HOHLT (* 1928, \u2020 1960) [attribu\u00e9] &#8211; Vase avec gla\u00e7ure de type lave avec des taches roses &#8211; Poterie d&#8217;atelier\"}]},{\"@type\":\"WebSite\",\"@id\":\"https:\\\/\\\/www.robertzueblin.com\\\/fr\\\/#website\",\"url\":\"https:\\\/\\\/www.robertzueblin.com\\\/fr\\\/\",\"name\":\"ROBERT Z\u00dcBLIN\",\"description\":\"\",\"publisher\":{\"@id\":\"https:\\\/\\\/www.robertzueblin.com\\\/fr\\\/#organization\"},\"potentialAction\":[{\"@type\":\"SearchAction\",\"target\":{\"@type\":\"EntryPoint\",\"urlTemplate\":\"https:\\\/\\\/www.robertzueblin.com\\\/fr\\\/?s={search_term_string}\"},\"query-input\":{\"@type\":\"PropertyValueSpecification\",\"valueRequired\":true,\"valueName\":\"search_term_string\"}}],\"inLanguage\":\"fr-FR\"},{\"@type\":\"Organization\",\"@id\":\"https:\\\/\\\/www.robertzueblin.com\\\/fr\\\/#organization\",\"name\":\"ROBERT Z\u00dcBLIN\",\"url\":\"https:\\\/\\\/www.robertzueblin.com\\\/fr\\\/\",\"logo\":{\"@type\":\"ImageObject\",\"inLanguage\":\"fr-FR\",\"@id\":\"https:\\\/\\\/www.robertzueblin.com\\\/fr\\\/#\\\/schema\\\/logo\\\/image\\\/\",\"url\":\"https:\\\/\\\/www.robertzueblin.com\\\/wp-content\\\/uploads\\\/cropped-logo-robert-zueblin-art-dealer-zurich.jpg\",\"contentUrl\":\"https:\\\/\\\/www.robertzueblin.com\\\/wp-content\\\/uploads\\\/cropped-logo-robert-zueblin-art-dealer-zurich.jpg\",\"width\":440,\"height\":120,\"caption\":\"ROBERT Z\u00dcBLIN\"},\"image\":{\"@id\":\"https:\\\/\\\/www.robertzueblin.com\\\/fr\\\/#\\\/schema\\\/logo\\\/image\\\/\"}}]}<\/script>\n<!-- \/ Yoast SEO plugin. -->","yoast_head_json":{"title":"Albrecht HOHLT - Vase gla\u00e7ure de type lave avec taches roses","description":"Vase attribu\u00e9 au c\u00e9ramiste de studio Albrecht Hohlt, avec gla\u00e7ure de type lave, pr\u00e9sentant par endroits de d\u00e9licates taches roses.","robots":{"index":"index","follow":"follow","max-snippet":"max-snippet:-1","max-image-preview":"max-image-preview:large","max-video-preview":"max-video-preview:-1"},"canonical":"https:\/\/www.robertzueblin.com\/fr\/albrecht-hohlt\/vase-avec-glacure-de-type-lave-avec-des-taches-roses-poterie-datelier\/","og_locale":"fr_FR","og_type":"article","og_title":"Albrecht HOHLT - Vase gla\u00e7ure de type lave avec taches roses","og_description":"Vase attribu\u00e9 au c\u00e9ramiste de studio Albrecht Hohlt, avec gla\u00e7ure de type lave, pr\u00e9sentant par endroits de d\u00e9licates taches roses.","og_url":"https:\/\/www.robertzueblin.com\/fr\/albrecht-hohlt\/vase-avec-glacure-de-type-lave-avec-des-taches-roses-poterie-datelier\/","og_site_name":"ROBERT Z\u00dcBLIN","article_modified_time":"2025-06-09T17:06:34+00:00","og_image":[{"width":1000,"height":1000,"url":"https:\/\/www.robertzueblin.com\/wp-content\/uploads\/albrecht-hohlt-poterie-atelier-vase-glacure-type-lave-taches-roses-photo-couverture.jpg","type":"image\/jpeg"}],"twitter_card":"summary_large_image","schema":{"@context":"https:\/\/schema.org","@graph":[{"@type":"WebPage","@id":"https:\/\/www.robertzueblin.com\/fr\/albrecht-hohlt\/vase-avec-glacure-de-type-lave-avec-des-taches-roses-poterie-datelier\/","url":"https:\/\/www.robertzueblin.com\/fr\/albrecht-hohlt\/vase-avec-glacure-de-type-lave-avec-des-taches-roses-poterie-datelier\/","name":"Albrecht HOHLT - Vase gla\u00e7ure de type lave avec taches roses","isPartOf":{"@id":"https:\/\/www.robertzueblin.com\/fr\/#website"},"primaryImageOfPage":{"@id":"https:\/\/www.robertzueblin.com\/fr\/albrecht-hohlt\/vase-avec-glacure-de-type-lave-avec-des-taches-roses-poterie-datelier\/#primaryimage"},"image":{"@id":"https:\/\/www.robertzueblin.com\/fr\/albrecht-hohlt\/vase-avec-glacure-de-type-lave-avec-des-taches-roses-poterie-datelier\/#primaryimage"},"thumbnailUrl":"https:\/\/www.robertzueblin.com\/wp-content\/uploads\/albrecht-hohlt-poterie-atelier-vase-glacure-type-lave-taches-roses-photo-couverture.jpg","datePublished":"2024-12-27T18:40:00+00:00","dateModified":"2025-06-09T17:06:34+00:00","description":"Vase attribu\u00e9 au c\u00e9ramiste de studio Albrecht Hohlt, avec gla\u00e7ure de type lave, pr\u00e9sentant par endroits de d\u00e9licates taches roses.","breadcrumb":{"@id":"https:\/\/www.robertzueblin.com\/fr\/albrecht-hohlt\/vase-avec-glacure-de-type-lave-avec-des-taches-roses-poterie-datelier\/#breadcrumb"},"inLanguage":"fr-FR","potentialAction":[{"@type":"ReadAction","target":["https:\/\/www.robertzueblin.com\/fr\/albrecht-hohlt\/vase-avec-glacure-de-type-lave-avec-des-taches-roses-poterie-datelier\/"]}]},{"@type":"ImageObject","inLanguage":"fr-FR","@id":"https:\/\/www.robertzueblin.com\/fr\/albrecht-hohlt\/vase-avec-glacure-de-type-lave-avec-des-taches-roses-poterie-datelier\/#primaryimage","url":"https:\/\/www.robertzueblin.com\/wp-content\/uploads\/albrecht-hohlt-poterie-atelier-vase-glacure-type-lave-taches-roses-photo-couverture.jpg","contentUrl":"https:\/\/www.robertzueblin.com\/wp-content\/uploads\/albrecht-hohlt-poterie-atelier-vase-glacure-type-lave-taches-roses-photo-couverture.jpg","width":1000,"height":1000},{"@type":"BreadcrumbList","@id":"https:\/\/www.robertzueblin.com\/fr\/albrecht-hohlt\/vase-avec-glacure-de-type-lave-avec-des-taches-roses-poterie-datelier\/#breadcrumb","itemListElement":[{"@type":"ListItem","position":1,"name":"Startseite","item":"https:\/\/www.robertzueblin.com\/fr\/"},{"@type":"ListItem","position":2,"name":"Galerie d&#8217;art en ligne (boutique en ligne)","item":"https:\/\/www.robertzueblin.com\/fr\/galerie-d-art-en-ligne\/"},{"@type":"ListItem","position":3,"name":"Albrecht HOHLT (* 1928, \u2020 1960) [attribu\u00e9] &#8211; Vase avec gla\u00e7ure de type lave avec des taches roses &#8211; Poterie d&#8217;atelier"}]},{"@type":"WebSite","@id":"https:\/\/www.robertzueblin.com\/fr\/#website","url":"https:\/\/www.robertzueblin.com\/fr\/","name":"ROBERT Z\u00dcBLIN","description":"","publisher":{"@id":"https:\/\/www.robertzueblin.com\/fr\/#organization"},"potentialAction":[{"@type":"SearchAction","target":{"@type":"EntryPoint","urlTemplate":"https:\/\/www.robertzueblin.com\/fr\/?s={search_term_string}"},"query-input":{"@type":"PropertyValueSpecification","valueRequired":true,"valueName":"search_term_string"}}],"inLanguage":"fr-FR"},{"@type":"Organization","@id":"https:\/\/www.robertzueblin.com\/fr\/#organization","name":"ROBERT Z\u00dcBLIN","url":"https:\/\/www.robertzueblin.com\/fr\/","logo":{"@type":"ImageObject","inLanguage":"fr-FR","@id":"https:\/\/www.robertzueblin.com\/fr\/#\/schema\/logo\/image\/","url":"https:\/\/www.robertzueblin.com\/wp-content\/uploads\/cropped-logo-robert-zueblin-art-dealer-zurich.jpg","contentUrl":"https:\/\/www.robertzueblin.com\/wp-content\/uploads\/cropped-logo-robert-zueblin-art-dealer-zurich.jpg","width":440,"height":120,"caption":"ROBERT Z\u00dcBLIN"},"image":{"@id":"https:\/\/www.robertzueblin.com\/fr\/#\/schema\/logo\/image\/"}}]}},"permalink_manager":null,"_links":{"self":[{"href":"https:\/\/www.robertzueblin.com\/fr\/wp-json\/wp\/v2\/product\/42518","targetHints":{"allow":["GET"]}}],"collection":[{"href":"https:\/\/www.robertzueblin.com\/fr\/wp-json\/wp\/v2\/product"}],"about":[{"href":"https:\/\/www.robertzueblin.com\/fr\/wp-json\/wp\/v2\/types\/product"}],"wp:featuredmedia":[{"embeddable":true,"href":"https:\/\/www.robertzueblin.com\/fr\/wp-json\/wp\/v2\/media\/42529"}],"wp:attachment":[{"href":"https:\/\/www.robertzueblin.com\/fr\/wp-json\/wp\/v2\/media?parent=42518"}],"wp:term":[{"taxonomy":"product_brand","embeddable":true,"href":"https:\/\/www.robertzueblin.com\/fr\/wp-json\/wp\/v2\/product_brand?post=42518"},{"taxonomy":"product_cat","embeddable":true,"href":"https:\/\/www.robertzueblin.com\/fr\/wp-json\/wp\/v2\/product_cat?post=42518"},{"taxonomy":"product_tag","embeddable":true,"href":"https:\/\/www.robertzueblin.com\/fr\/wp-json\/wp\/v2\/product_tag?post=42518"}],"curies":[{"name":"wp","href":"https:\/\/api.w.org\/{rel}","templated":true}]}}