{"id":41724,"date":"2024-12-13T12:50:28","date_gmt":"2024-12-13T11:50:28","guid":{"rendered":"https:\/\/www.robertzueblin.com\/?post_type=product&#038;p=41724"},"modified":"2025-11-20T11:48:11","modified_gmt":"2025-11-20T10:48:11","slug":"johannes-lessmann-1903-%e2%80%a0-1944-vase-avec-glacure-lustree-brune-ceramique-daterlier","status":"publish","type":"product","link":"https:\/\/www.robertzueblin.com\/fr\/johannes-lessmann\/vase-avec-glacure-lustree-brune-ceramique-daterlier\/","title":{"rendered":"Johannes LE\u1e9eMANN (* 1903, \u2020 1944) &#8211; Vase avec gla\u00e7ure lustr\u00e9e brune &#8211; C\u00e9ramique d&rsquo;aterlier"},"content":{"rendered":"<p><span style=\"font-family: AkkoPro-BoldCondensed!important\">Type :<\/span> <a href=\"https:\/\/www.robertzueblin.com\/fr\/poterie-d-atelier-ceramique-de-studio\">poterie d&rsquo;atelier<\/a><\/p>\n<p><span style=\"font-family: AkkoPro-BoldCondensed!important\">\u00c9bauche :<\/span> <a href=\"https:\/\/www.robertzueblin.com\/fr\/johannes-lessmann\/\">Johannes Le\u00dfmann<\/a> (* 1903, \u2020 1944)<\/p>\n<p><span style=\"font-family: AkkoPro-BoldCondensed!important\">R\u00e9alisation :<\/span> Atelier de c\u00e9ramique Margaretenh\u00f6he<\/p>\n<p><span style=\"font-family: AkkoPro-BoldCondensed!important\">Objet :<\/span> vase<\/p>\n<p><span style=\"font-family: AkkoPro-BoldCondensed!important\">Dimensions :<\/span> hauteur : 18,4 cm, largeur : 18,5 cm<\/p>\n<p><span style=\"font-family: AkkoPro-BoldCondensed!important\">Tesson :<\/span> clair<\/p>\n<p><span style=\"font-family: AkkoPro-BoldCondensed!important\">Surface :<\/span> ext\u00e9rieur : brun et gla\u00e7ure lustr\u00e9e ; int\u00e9rieur : blanc<\/p>\n<p><span style=\"font-family: AkkoPro-BoldCondensed!important\">Ann\u00e9e de fabrication :<\/span> vers 1930<\/p>\n<p><span style=\"font-family: AkkoPro-BoldCondensed!important\">\u00c9tat :<\/span> \u00e9raflures sur la panse, mais \u00e0 peine visibles<\/p>\n<p><span style=\"font-family: AkkoPro-BoldCondensed!important\">Signature\/marque :<\/span> T en M en arc de cercle sur ligne avec trait en bas \u00e0 gauche<\/p>\n","protected":false},"excerpt":{"rendered":"<p><span style=\"color: #e2401c;\">&#x25cf;<\/span><span> vendu<\/span><\/p>\n","protected":false},"featured_media":41731,"template":"","meta":[],"product_brand":[],"product_cat":[319,304],"product_tag":[],"class_list":{"0":"post-41724","1":"product","2":"type-product","3":"status-publish","4":"has-post-thumbnail","6":"product_cat-bauhaus","7":"product_cat-johannes-lessmann","9":"first","10":"outofstock","11":"sold-individually","12":"shipping-taxable","13":"product-type-simple"},"yoast_head":"<!-- This site is optimized with the Yoast SEO plugin v27.5 - https:\/\/yoast.com\/product\/yoast-seo-wordpress\/ -->\n<title>Johannes LE\u1e9eMANN - Vase avec gla\u00e7ure lustr\u00e9e brune<\/title>\n<meta name=\"description\" content=\"C\u00e9ramique de Johannes Le\u00dfmann, qui a appris chez Otto Lindig (potier du Bauhaus), d&#039;o\u00f9 le style similaire ; vase avec gla\u00e7ure lustr\u00e9e brune.\" \/>\n<meta name=\"robots\" content=\"index, follow, max-snippet:-1, max-image-preview:large, max-video-preview:-1\" \/>\n<link rel=\"canonical\" href=\"https:\/\/www.robertzueblin.com\/fr\/johannes-lessmann\/vase-avec-glacure-lustree-brune-ceramique-daterlier\/\" \/>\n<meta property=\"og:locale\" content=\"fr_FR\" \/>\n<meta property=\"og:type\" content=\"article\" \/>\n<meta property=\"og:title\" content=\"Johannes LE\u1e9eMANN - Vase avec gla\u00e7ure lustr\u00e9e brune\" \/>\n<meta property=\"og:description\" content=\"C\u00e9ramique de Johannes Le\u00dfmann, qui a appris chez Otto Lindig (potier du Bauhaus), d&#039;o\u00f9 le style similaire ; vase avec gla\u00e7ure lustr\u00e9e brune.\" \/>\n<meta property=\"og:url\" content=\"https:\/\/www.robertzueblin.com\/fr\/johannes-lessmann\/vase-avec-glacure-lustree-brune-ceramique-daterlier\/\" \/>\n<meta property=\"og:site_name\" content=\"ROBERT Z\u00dcBLIN\" \/>\n<meta property=\"article:modified_time\" content=\"2025-11-20T10:48:11+00:00\" \/>\n<meta property=\"og:image\" content=\"https:\/\/www.robertzueblin.com\/wp-content\/uploads\/johannes-lessmann-poterie-atelier-vase-glacure-lustree-brune-photo-couverture.jpg\" \/>\n\t<meta property=\"og:image:width\" content=\"1000\" \/>\n\t<meta property=\"og:image:height\" content=\"1000\" \/>\n\t<meta property=\"og:image:type\" content=\"image\/jpeg\" \/>\n<meta name=\"twitter:card\" content=\"summary_large_image\" \/>\n<script type=\"application\/ld+json\" class=\"yoast-schema-graph\">{\"@context\":\"https:\\\/\\\/schema.org\",\"@graph\":[{\"@type\":\"WebPage\",\"@id\":\"https:\\\/\\\/www.robertzueblin.com\\\/fr\\\/johannes-lessmann\\\/vase-avec-glacure-lustree-brune-ceramique-daterlier\\\/\",\"url\":\"https:\\\/\\\/www.robertzueblin.com\\\/fr\\\/johannes-lessmann\\\/vase-avec-glacure-lustree-brune-ceramique-daterlier\\\/\",\"name\":\"Johannes LE\u1e9eMANN - Vase avec gla\u00e7ure lustr\u00e9e brune\",\"isPartOf\":{\"@id\":\"https:\\\/\\\/www.robertzueblin.com\\\/fr\\\/#website\"},\"primaryImageOfPage\":{\"@id\":\"https:\\\/\\\/www.robertzueblin.com\\\/fr\\\/johannes-lessmann\\\/vase-avec-glacure-lustree-brune-ceramique-daterlier\\\/#primaryimage\"},\"image\":{\"@id\":\"https:\\\/\\\/www.robertzueblin.com\\\/fr\\\/johannes-lessmann\\\/vase-avec-glacure-lustree-brune-ceramique-daterlier\\\/#primaryimage\"},\"thumbnailUrl\":\"https:\\\/\\\/www.robertzueblin.com\\\/wp-content\\\/uploads\\\/johannes-lessmann-poterie-atelier-vase-glacure-lustree-brune-photo-couverture.jpg\",\"datePublished\":\"2024-12-13T11:50:28+00:00\",\"dateModified\":\"2025-11-20T10:48:11+00:00\",\"description\":\"C\u00e9ramique de Johannes Le\u00dfmann, qui a appris chez Otto Lindig (potier du Bauhaus), d'o\u00f9 le style similaire ; vase avec gla\u00e7ure lustr\u00e9e brune.\",\"breadcrumb\":{\"@id\":\"https:\\\/\\\/www.robertzueblin.com\\\/fr\\\/johannes-lessmann\\\/vase-avec-glacure-lustree-brune-ceramique-daterlier\\\/#breadcrumb\"},\"inLanguage\":\"fr-FR\",\"potentialAction\":[{\"@type\":\"ReadAction\",\"target\":[\"https:\\\/\\\/www.robertzueblin.com\\\/fr\\\/johannes-lessmann\\\/vase-avec-glacure-lustree-brune-ceramique-daterlier\\\/\"]}]},{\"@type\":\"ImageObject\",\"inLanguage\":\"fr-FR\",\"@id\":\"https:\\\/\\\/www.robertzueblin.com\\\/fr\\\/johannes-lessmann\\\/vase-avec-glacure-lustree-brune-ceramique-daterlier\\\/#primaryimage\",\"url\":\"https:\\\/\\\/www.robertzueblin.com\\\/wp-content\\\/uploads\\\/johannes-lessmann-poterie-atelier-vase-glacure-lustree-brune-photo-couverture.jpg\",\"contentUrl\":\"https:\\\/\\\/www.robertzueblin.com\\\/wp-content\\\/uploads\\\/johannes-lessmann-poterie-atelier-vase-glacure-lustree-brune-photo-couverture.jpg\",\"width\":1000,\"height\":1000},{\"@type\":\"BreadcrumbList\",\"@id\":\"https:\\\/\\\/www.robertzueblin.com\\\/fr\\\/johannes-lessmann\\\/vase-avec-glacure-lustree-brune-ceramique-daterlier\\\/#breadcrumb\",\"itemListElement\":[{\"@type\":\"ListItem\",\"position\":1,\"name\":\"Startseite\",\"item\":\"https:\\\/\\\/www.robertzueblin.com\\\/fr\\\/\"},{\"@type\":\"ListItem\",\"position\":2,\"name\":\"Galerie d&#8217;art en ligne (boutique en ligne)\",\"item\":\"https:\\\/\\\/www.robertzueblin.com\\\/fr\\\/galerie-d-art-en-ligne\\\/\"},{\"@type\":\"ListItem\",\"position\":3,\"name\":\"Johannes LE\u1e9eMANN (* 1903, \u2020 1944) &#8211; Vase avec gla\u00e7ure lustr\u00e9e brune &#8211; C\u00e9ramique d&#8217;aterlier\"}]},{\"@type\":\"WebSite\",\"@id\":\"https:\\\/\\\/www.robertzueblin.com\\\/fr\\\/#website\",\"url\":\"https:\\\/\\\/www.robertzueblin.com\\\/fr\\\/\",\"name\":\"ROBERT Z\u00dcBLIN\",\"description\":\"\",\"publisher\":{\"@id\":\"https:\\\/\\\/www.robertzueblin.com\\\/fr\\\/#organization\"},\"potentialAction\":[{\"@type\":\"SearchAction\",\"target\":{\"@type\":\"EntryPoint\",\"urlTemplate\":\"https:\\\/\\\/www.robertzueblin.com\\\/fr\\\/?s={search_term_string}\"},\"query-input\":{\"@type\":\"PropertyValueSpecification\",\"valueRequired\":true,\"valueName\":\"search_term_string\"}}],\"inLanguage\":\"fr-FR\"},{\"@type\":\"Organization\",\"@id\":\"https:\\\/\\\/www.robertzueblin.com\\\/fr\\\/#organization\",\"name\":\"ROBERT Z\u00dcBLIN\",\"url\":\"https:\\\/\\\/www.robertzueblin.com\\\/fr\\\/\",\"logo\":{\"@type\":\"ImageObject\",\"inLanguage\":\"fr-FR\",\"@id\":\"https:\\\/\\\/www.robertzueblin.com\\\/fr\\\/#\\\/schema\\\/logo\\\/image\\\/\",\"url\":\"https:\\\/\\\/www.robertzueblin.com\\\/wp-content\\\/uploads\\\/cropped-cropped-logo-von-robert-zueblin.jpg\",\"contentUrl\":\"https:\\\/\\\/www.robertzueblin.com\\\/wp-content\\\/uploads\\\/cropped-cropped-logo-von-robert-zueblin.jpg\",\"width\":440,\"height\":60,\"caption\":\"ROBERT Z\u00dcBLIN\"},\"image\":{\"@id\":\"https:\\\/\\\/www.robertzueblin.com\\\/fr\\\/#\\\/schema\\\/logo\\\/image\\\/\"}}]}<\/script>\n<!-- \/ Yoast SEO plugin. -->","yoast_head_json":{"title":"Johannes LE\u1e9eMANN - Vase avec gla\u00e7ure lustr\u00e9e brune","description":"C\u00e9ramique de Johannes Le\u00dfmann, qui a appris chez Otto Lindig (potier du Bauhaus), d'o\u00f9 le style similaire ; vase avec gla\u00e7ure lustr\u00e9e brune.","robots":{"index":"index","follow":"follow","max-snippet":"max-snippet:-1","max-image-preview":"max-image-preview:large","max-video-preview":"max-video-preview:-1"},"canonical":"https:\/\/www.robertzueblin.com\/fr\/johannes-lessmann\/vase-avec-glacure-lustree-brune-ceramique-daterlier\/","og_locale":"fr_FR","og_type":"article","og_title":"Johannes LE\u1e9eMANN - Vase avec gla\u00e7ure lustr\u00e9e brune","og_description":"C\u00e9ramique de Johannes Le\u00dfmann, qui a appris chez Otto Lindig (potier du Bauhaus), d'o\u00f9 le style similaire ; vase avec gla\u00e7ure lustr\u00e9e brune.","og_url":"https:\/\/www.robertzueblin.com\/fr\/johannes-lessmann\/vase-avec-glacure-lustree-brune-ceramique-daterlier\/","og_site_name":"ROBERT Z\u00dcBLIN","article_modified_time":"2025-11-20T10:48:11+00:00","og_image":[{"width":1000,"height":1000,"url":"https:\/\/www.robertzueblin.com\/wp-content\/uploads\/johannes-lessmann-poterie-atelier-vase-glacure-lustree-brune-photo-couverture.jpg","type":"image\/jpeg"}],"twitter_card":"summary_large_image","schema":{"@context":"https:\/\/schema.org","@graph":[{"@type":"WebPage","@id":"https:\/\/www.robertzueblin.com\/fr\/johannes-lessmann\/vase-avec-glacure-lustree-brune-ceramique-daterlier\/","url":"https:\/\/www.robertzueblin.com\/fr\/johannes-lessmann\/vase-avec-glacure-lustree-brune-ceramique-daterlier\/","name":"Johannes LE\u1e9eMANN - Vase avec gla\u00e7ure lustr\u00e9e brune","isPartOf":{"@id":"https:\/\/www.robertzueblin.com\/fr\/#website"},"primaryImageOfPage":{"@id":"https:\/\/www.robertzueblin.com\/fr\/johannes-lessmann\/vase-avec-glacure-lustree-brune-ceramique-daterlier\/#primaryimage"},"image":{"@id":"https:\/\/www.robertzueblin.com\/fr\/johannes-lessmann\/vase-avec-glacure-lustree-brune-ceramique-daterlier\/#primaryimage"},"thumbnailUrl":"https:\/\/www.robertzueblin.com\/wp-content\/uploads\/johannes-lessmann-poterie-atelier-vase-glacure-lustree-brune-photo-couverture.jpg","datePublished":"2024-12-13T11:50:28+00:00","dateModified":"2025-11-20T10:48:11+00:00","description":"C\u00e9ramique de Johannes Le\u00dfmann, qui a appris chez Otto Lindig (potier du Bauhaus), d'o\u00f9 le style similaire ; vase avec gla\u00e7ure lustr\u00e9e brune.","breadcrumb":{"@id":"https:\/\/www.robertzueblin.com\/fr\/johannes-lessmann\/vase-avec-glacure-lustree-brune-ceramique-daterlier\/#breadcrumb"},"inLanguage":"fr-FR","potentialAction":[{"@type":"ReadAction","target":["https:\/\/www.robertzueblin.com\/fr\/johannes-lessmann\/vase-avec-glacure-lustree-brune-ceramique-daterlier\/"]}]},{"@type":"ImageObject","inLanguage":"fr-FR","@id":"https:\/\/www.robertzueblin.com\/fr\/johannes-lessmann\/vase-avec-glacure-lustree-brune-ceramique-daterlier\/#primaryimage","url":"https:\/\/www.robertzueblin.com\/wp-content\/uploads\/johannes-lessmann-poterie-atelier-vase-glacure-lustree-brune-photo-couverture.jpg","contentUrl":"https:\/\/www.robertzueblin.com\/wp-content\/uploads\/johannes-lessmann-poterie-atelier-vase-glacure-lustree-brune-photo-couverture.jpg","width":1000,"height":1000},{"@type":"BreadcrumbList","@id":"https:\/\/www.robertzueblin.com\/fr\/johannes-lessmann\/vase-avec-glacure-lustree-brune-ceramique-daterlier\/#breadcrumb","itemListElement":[{"@type":"ListItem","position":1,"name":"Startseite","item":"https:\/\/www.robertzueblin.com\/fr\/"},{"@type":"ListItem","position":2,"name":"Galerie d&#8217;art en ligne (boutique en ligne)","item":"https:\/\/www.robertzueblin.com\/fr\/galerie-d-art-en-ligne\/"},{"@type":"ListItem","position":3,"name":"Johannes LE\u1e9eMANN (* 1903, \u2020 1944) &#8211; Vase avec gla\u00e7ure lustr\u00e9e brune &#8211; C\u00e9ramique d&#8217;aterlier"}]},{"@type":"WebSite","@id":"https:\/\/www.robertzueblin.com\/fr\/#website","url":"https:\/\/www.robertzueblin.com\/fr\/","name":"ROBERT Z\u00dcBLIN","description":"","publisher":{"@id":"https:\/\/www.robertzueblin.com\/fr\/#organization"},"potentialAction":[{"@type":"SearchAction","target":{"@type":"EntryPoint","urlTemplate":"https:\/\/www.robertzueblin.com\/fr\/?s={search_term_string}"},"query-input":{"@type":"PropertyValueSpecification","valueRequired":true,"valueName":"search_term_string"}}],"inLanguage":"fr-FR"},{"@type":"Organization","@id":"https:\/\/www.robertzueblin.com\/fr\/#organization","name":"ROBERT Z\u00dcBLIN","url":"https:\/\/www.robertzueblin.com\/fr\/","logo":{"@type":"ImageObject","inLanguage":"fr-FR","@id":"https:\/\/www.robertzueblin.com\/fr\/#\/schema\/logo\/image\/","url":"https:\/\/www.robertzueblin.com\/wp-content\/uploads\/cropped-cropped-logo-von-robert-zueblin.jpg","contentUrl":"https:\/\/www.robertzueblin.com\/wp-content\/uploads\/cropped-cropped-logo-von-robert-zueblin.jpg","width":440,"height":60,"caption":"ROBERT Z\u00dcBLIN"},"image":{"@id":"https:\/\/www.robertzueblin.com\/fr\/#\/schema\/logo\/image\/"}}]}},"_links":{"self":[{"href":"https:\/\/www.robertzueblin.com\/fr\/wp-json\/wp\/v2\/product\/41724","targetHints":{"allow":["GET"]}}],"collection":[{"href":"https:\/\/www.robertzueblin.com\/fr\/wp-json\/wp\/v2\/product"}],"about":[{"href":"https:\/\/www.robertzueblin.com\/fr\/wp-json\/wp\/v2\/types\/product"}],"wp:featuredmedia":[{"embeddable":true,"href":"https:\/\/www.robertzueblin.com\/fr\/wp-json\/wp\/v2\/media\/41731"}],"wp:attachment":[{"href":"https:\/\/www.robertzueblin.com\/fr\/wp-json\/wp\/v2\/media?parent=41724"}],"wp:term":[{"taxonomy":"product_brand","embeddable":true,"href":"https:\/\/www.robertzueblin.com\/fr\/wp-json\/wp\/v2\/product_brand?post=41724"},{"taxonomy":"product_cat","embeddable":true,"href":"https:\/\/www.robertzueblin.com\/fr\/wp-json\/wp\/v2\/product_cat?post=41724"},{"taxonomy":"product_tag","embeddable":true,"href":"https:\/\/www.robertzueblin.com\/fr\/wp-json\/wp\/v2\/product_tag?post=41724"}],"curies":[{"name":"wp","href":"https:\/\/api.w.org\/{rel}","templated":true}]}}