{"id":39856,"date":"2024-09-26T18:36:08","date_gmt":"2024-09-26T16:49:48","guid":{"rendered":"https:\/\/www.robertzueblin.com\/?post_type=product&#038;p=39856"},"modified":"2024-09-26T18:49:48","modified_gmt":"2024-09-26T16:49:48","slug":"ernst-alfred-von-escher-1883-%e2%80%a0-1963-eglise-de-wetzwil-de-bluemlisalp-au-dessus-de-herrliberg-peinture-a-lhuile","status":"publish","type":"product","link":"https:\/\/www.robertzueblin.com\/fr\/ernst-alfred-von-escher\/eglise-de-wetzwil-de-bluemlisalp-au-dessus-de-herrliberg-peinture-a-lhuile\/","title":{"rendered":"Ernst Alfred von ESCHER (* 1883, \u2020 1963) &#8211; Eglise de Wetzwil de Bl\u00fcmlisalp au-dessus de Herrliberg &#8211; peinture \u00e0 l&rsquo;huile"},"content":{"rendered":"<p><span style=\"font-family: AkkoPro-BoldCondensed!important\">Type :<\/span> <a href=\"https:\/\/www.robertzueblin.com\/fr\/type\/peinture\/\">peinture<\/a><\/p>\n<p><span style=\"font-family: AkkoPro-BoldCondensed!important\">Peintre :<\/span> <a href=\"https:\/\/www.robertzueblin.com\/fr\/ernst-alfred-von-escher\/\">Ernst Alfred von ESCHER<\/a> (* 1883, \u2020 1963)<\/p>\n<p><span style=\"font-family: AkkoPro-BoldCondensed!important\">Objet :<\/span> <a href=\"https:\/\/www.robertzueblin.com\/fr\/peintures-a-l-huile\/\">peinture \u00e0 l&rsquo;huile<\/a><\/p>\n<p><span style=\"font-family: AkkoPro-BoldCondensed!important\">Mat\u00e9riau :<\/span> huile sur toile<\/p>\n<p><span style=\"font-family: AkkoPro-BoldCondensed!important\">Dimensions :<\/span> hauteur : 40 cm, largeur : 50 cm ; avec cadre : hauteur : 53,5 cm, Largeur : 63,5 cm<\/p>\n<p><span style=\"font-family: AkkoPro-BoldCondensed!important\">P\u00e9riode de production :<\/span> premi\u00e8re moiti\u00e9 du 20\u00e8me si\u00e8cle<\/p>\n<p><span style=\"font-family: AkkoPro-BoldCondensed!important\">\u00c9tat :<\/span> cadre fissur\u00e9 \u00e0 plusieurs endroits. Manque plus important \u00e0 un coin et dommages mineurs au cadre. Tableau non endommag\u00e9.<\/p>\n<p><span style=\"font-family: AkkoPro-BoldCondensed!important\">Signature:<\/span> E. Alfred Escher<\/p>\n","protected":false},"excerpt":{"rendered":"<p>Type : peinture Peintre : Ernst Alfred von ESCHER (* 1883, \u2020 1963) Objet : peinture \u00e0 l&rsquo;huile Mat\u00e9riau : huile sur toile Dimensions : hauteur : 40 cm, largeur : 50 cm ; avec cadre : hauteur : 53,5 cm, Largeur : 63,5 cm P\u00e9riode de production : premi\u00e8re moiti\u00e9 du 20\u00e8me si\u00e8cle \u00c9tat [&hellip;]<\/p>\n","protected":false},"featured_media":39867,"template":"","meta":[],"product_brand":[],"product_cat":[776,628,496],"product_tag":[],"class_list":{"0":"post-39856","1":"product","2":"type-product","3":"status-publish","4":"has-post-thumbnail","6":"product_cat-peinture","7":"product_cat-ernst-alfred-von-escher","8":"product_cat-peintures-a-l-huile","10":"first","11":"instock","12":"sold-individually","13":"shipping-taxable","14":"purchasable","15":"product-type-simple"},"yoast_head":"<!-- This site is optimized with the Yoast SEO plugin v27.5 - https:\/\/yoast.com\/product\/yoast-seo-wordpress\/ -->\n<title>Ernst Alfred von ESCHER - Eglise Wetzwil de Bl\u00fcmlisalp au-dessus<\/title>\n<meta name=\"description\" content=\"Peinture \u00e0 l&#039;huile d&#039;Ernst Alfred von Escher (* 1883, \u2020 1963) repr\u00e9sentant l&#039;\u00e9glise de Wetzwil vue de la Bl\u00fcmlisalp, au-dessus de Herrliberg.\" \/>\n<meta name=\"robots\" content=\"index, follow, max-snippet:-1, max-image-preview:large, max-video-preview:-1\" \/>\n<link rel=\"canonical\" href=\"https:\/\/www.robertzueblin.com\/fr\/ernst-alfred-von-escher\/eglise-de-wetzwil-de-bluemlisalp-au-dessus-de-herrliberg-peinture-a-lhuile\/\" \/>\n<meta property=\"og:locale\" content=\"fr_FR\" \/>\n<meta property=\"og:type\" content=\"article\" \/>\n<meta property=\"og:title\" content=\"Ernst Alfred von ESCHER - Eglise Wetzwil de Bl\u00fcmlisalp au-dessus\" \/>\n<meta property=\"og:description\" content=\"Peinture \u00e0 l&#039;huile d&#039;Ernst Alfred von Escher (* 1883, \u2020 1963) repr\u00e9sentant l&#039;\u00e9glise de Wetzwil vue de la Bl\u00fcmlisalp, au-dessus de Herrliberg.\" \/>\n<meta property=\"og:url\" content=\"https:\/\/www.robertzueblin.com\/fr\/ernst-alfred-von-escher\/eglise-de-wetzwil-de-bluemlisalp-au-dessus-de-herrliberg-peinture-a-lhuile\/\" \/>\n<meta property=\"og:site_name\" content=\"ROBERT Z\u00dcBLIN\" \/>\n<meta property=\"og:image\" content=\"https:\/\/www.robertzueblin.com\/wp-content\/uploads\/ernst-alfred-escher-peinture-huile-eglise-wetzwill-bluemlisalp-dessus-herrliberg-photo-couverture.jpg\" \/>\n\t<meta property=\"og:image:width\" content=\"1200\" \/>\n\t<meta property=\"og:image:height\" content=\"972\" \/>\n\t<meta property=\"og:image:type\" content=\"image\/jpeg\" \/>\n<meta name=\"twitter:card\" content=\"summary_large_image\" \/>\n<script type=\"application\/ld+json\" class=\"yoast-schema-graph\">{\"@context\":\"https:\\\/\\\/schema.org\",\"@graph\":[{\"@type\":\"WebPage\",\"@id\":\"https:\\\/\\\/www.robertzueblin.com\\\/fr\\\/ernst-alfred-von-escher\\\/eglise-de-wetzwil-de-bluemlisalp-au-dessus-de-herrliberg-peinture-a-lhuile\\\/\",\"url\":\"https:\\\/\\\/www.robertzueblin.com\\\/fr\\\/ernst-alfred-von-escher\\\/eglise-de-wetzwil-de-bluemlisalp-au-dessus-de-herrliberg-peinture-a-lhuile\\\/\",\"name\":\"Ernst Alfred von ESCHER - Eglise Wetzwil de Bl\u00fcmlisalp au-dessus\",\"isPartOf\":{\"@id\":\"https:\\\/\\\/www.robertzueblin.com\\\/fr\\\/#website\"},\"primaryImageOfPage\":{\"@id\":\"https:\\\/\\\/www.robertzueblin.com\\\/fr\\\/ernst-alfred-von-escher\\\/eglise-de-wetzwil-de-bluemlisalp-au-dessus-de-herrliberg-peinture-a-lhuile\\\/#primaryimage\"},\"image\":{\"@id\":\"https:\\\/\\\/www.robertzueblin.com\\\/fr\\\/ernst-alfred-von-escher\\\/eglise-de-wetzwil-de-bluemlisalp-au-dessus-de-herrliberg-peinture-a-lhuile\\\/#primaryimage\"},\"thumbnailUrl\":\"https:\\\/\\\/www.robertzueblin.com\\\/wp-content\\\/uploads\\\/ernst-alfred-escher-peinture-huile-eglise-wetzwill-bluemlisalp-dessus-herrliberg-photo-couverture.jpg\",\"datePublished\":\"2024-09-26T16:49:48+00:00\",\"description\":\"Peinture \u00e0 l'huile d'Ernst Alfred von Escher (* 1883, \u2020 1963) repr\u00e9sentant l'\u00e9glise de Wetzwil vue de la Bl\u00fcmlisalp, au-dessus de Herrliberg.\",\"breadcrumb\":{\"@id\":\"https:\\\/\\\/www.robertzueblin.com\\\/fr\\\/ernst-alfred-von-escher\\\/eglise-de-wetzwil-de-bluemlisalp-au-dessus-de-herrliberg-peinture-a-lhuile\\\/#breadcrumb\"},\"inLanguage\":\"fr-FR\",\"potentialAction\":[{\"@type\":\"ReadAction\",\"target\":[\"https:\\\/\\\/www.robertzueblin.com\\\/fr\\\/ernst-alfred-von-escher\\\/eglise-de-wetzwil-de-bluemlisalp-au-dessus-de-herrliberg-peinture-a-lhuile\\\/\"]}]},{\"@type\":\"ImageObject\",\"inLanguage\":\"fr-FR\",\"@id\":\"https:\\\/\\\/www.robertzueblin.com\\\/fr\\\/ernst-alfred-von-escher\\\/eglise-de-wetzwil-de-bluemlisalp-au-dessus-de-herrliberg-peinture-a-lhuile\\\/#primaryimage\",\"url\":\"https:\\\/\\\/www.robertzueblin.com\\\/wp-content\\\/uploads\\\/ernst-alfred-escher-peinture-huile-eglise-wetzwill-bluemlisalp-dessus-herrliberg-photo-couverture.jpg\",\"contentUrl\":\"https:\\\/\\\/www.robertzueblin.com\\\/wp-content\\\/uploads\\\/ernst-alfred-escher-peinture-huile-eglise-wetzwill-bluemlisalp-dessus-herrliberg-photo-couverture.jpg\",\"width\":1200,\"height\":972},{\"@type\":\"BreadcrumbList\",\"@id\":\"https:\\\/\\\/www.robertzueblin.com\\\/fr\\\/ernst-alfred-von-escher\\\/eglise-de-wetzwil-de-bluemlisalp-au-dessus-de-herrliberg-peinture-a-lhuile\\\/#breadcrumb\",\"itemListElement\":[{\"@type\":\"ListItem\",\"position\":1,\"name\":\"Startseite\",\"item\":\"https:\\\/\\\/www.robertzueblin.com\\\/fr\\\/\"},{\"@type\":\"ListItem\",\"position\":2,\"name\":\"Galerie d&#8217;art en ligne (boutique en ligne)\",\"item\":\"https:\\\/\\\/www.robertzueblin.com\\\/fr\\\/galerie-d-art-en-ligne\\\/\"},{\"@type\":\"ListItem\",\"position\":3,\"name\":\"Ernst Alfred von ESCHER (* 1883, \u2020 1963) &#8211; Eglise de Wetzwil de Bl\u00fcmlisalp au-dessus de Herrliberg &#8211; peinture \u00e0 l&#8217;huile\"}]},{\"@type\":\"WebSite\",\"@id\":\"https:\\\/\\\/www.robertzueblin.com\\\/fr\\\/#website\",\"url\":\"https:\\\/\\\/www.robertzueblin.com\\\/fr\\\/\",\"name\":\"ROBERT Z\u00dcBLIN\",\"description\":\"\",\"publisher\":{\"@id\":\"https:\\\/\\\/www.robertzueblin.com\\\/fr\\\/#organization\"},\"potentialAction\":[{\"@type\":\"SearchAction\",\"target\":{\"@type\":\"EntryPoint\",\"urlTemplate\":\"https:\\\/\\\/www.robertzueblin.com\\\/fr\\\/?s={search_term_string}\"},\"query-input\":{\"@type\":\"PropertyValueSpecification\",\"valueRequired\":true,\"valueName\":\"search_term_string\"}}],\"inLanguage\":\"fr-FR\"},{\"@type\":\"Organization\",\"@id\":\"https:\\\/\\\/www.robertzueblin.com\\\/fr\\\/#organization\",\"name\":\"ROBERT Z\u00dcBLIN\",\"url\":\"https:\\\/\\\/www.robertzueblin.com\\\/fr\\\/\",\"logo\":{\"@type\":\"ImageObject\",\"inLanguage\":\"fr-FR\",\"@id\":\"https:\\\/\\\/www.robertzueblin.com\\\/fr\\\/#\\\/schema\\\/logo\\\/image\\\/\",\"url\":\"https:\\\/\\\/www.robertzueblin.com\\\/wp-content\\\/uploads\\\/cropped-cropped-logo-von-robert-zueblin.jpg\",\"contentUrl\":\"https:\\\/\\\/www.robertzueblin.com\\\/wp-content\\\/uploads\\\/cropped-cropped-logo-von-robert-zueblin.jpg\",\"width\":440,\"height\":60,\"caption\":\"ROBERT Z\u00dcBLIN\"},\"image\":{\"@id\":\"https:\\\/\\\/www.robertzueblin.com\\\/fr\\\/#\\\/schema\\\/logo\\\/image\\\/\"}}]}<\/script>\n<!-- \/ Yoast SEO plugin. -->","yoast_head_json":{"title":"Ernst Alfred von ESCHER - Eglise Wetzwil de Bl\u00fcmlisalp au-dessus","description":"Peinture \u00e0 l'huile d'Ernst Alfred von Escher (* 1883, \u2020 1963) repr\u00e9sentant l'\u00e9glise de Wetzwil vue de la Bl\u00fcmlisalp, au-dessus de Herrliberg.","robots":{"index":"index","follow":"follow","max-snippet":"max-snippet:-1","max-image-preview":"max-image-preview:large","max-video-preview":"max-video-preview:-1"},"canonical":"https:\/\/www.robertzueblin.com\/fr\/ernst-alfred-von-escher\/eglise-de-wetzwil-de-bluemlisalp-au-dessus-de-herrliberg-peinture-a-lhuile\/","og_locale":"fr_FR","og_type":"article","og_title":"Ernst Alfred von ESCHER - Eglise Wetzwil de Bl\u00fcmlisalp au-dessus","og_description":"Peinture \u00e0 l'huile d'Ernst Alfred von Escher (* 1883, \u2020 1963) repr\u00e9sentant l'\u00e9glise de Wetzwil vue de la Bl\u00fcmlisalp, au-dessus de Herrliberg.","og_url":"https:\/\/www.robertzueblin.com\/fr\/ernst-alfred-von-escher\/eglise-de-wetzwil-de-bluemlisalp-au-dessus-de-herrliberg-peinture-a-lhuile\/","og_site_name":"ROBERT Z\u00dcBLIN","og_image":[{"width":1200,"height":972,"url":"https:\/\/www.robertzueblin.com\/wp-content\/uploads\/ernst-alfred-escher-peinture-huile-eglise-wetzwill-bluemlisalp-dessus-herrliberg-photo-couverture.jpg","type":"image\/jpeg"}],"twitter_card":"summary_large_image","schema":{"@context":"https:\/\/schema.org","@graph":[{"@type":"WebPage","@id":"https:\/\/www.robertzueblin.com\/fr\/ernst-alfred-von-escher\/eglise-de-wetzwil-de-bluemlisalp-au-dessus-de-herrliberg-peinture-a-lhuile\/","url":"https:\/\/www.robertzueblin.com\/fr\/ernst-alfred-von-escher\/eglise-de-wetzwil-de-bluemlisalp-au-dessus-de-herrliberg-peinture-a-lhuile\/","name":"Ernst Alfred von ESCHER - Eglise Wetzwil de Bl\u00fcmlisalp au-dessus","isPartOf":{"@id":"https:\/\/www.robertzueblin.com\/fr\/#website"},"primaryImageOfPage":{"@id":"https:\/\/www.robertzueblin.com\/fr\/ernst-alfred-von-escher\/eglise-de-wetzwil-de-bluemlisalp-au-dessus-de-herrliberg-peinture-a-lhuile\/#primaryimage"},"image":{"@id":"https:\/\/www.robertzueblin.com\/fr\/ernst-alfred-von-escher\/eglise-de-wetzwil-de-bluemlisalp-au-dessus-de-herrliberg-peinture-a-lhuile\/#primaryimage"},"thumbnailUrl":"https:\/\/www.robertzueblin.com\/wp-content\/uploads\/ernst-alfred-escher-peinture-huile-eglise-wetzwill-bluemlisalp-dessus-herrliberg-photo-couverture.jpg","datePublished":"2024-09-26T16:49:48+00:00","description":"Peinture \u00e0 l'huile d'Ernst Alfred von Escher (* 1883, \u2020 1963) repr\u00e9sentant l'\u00e9glise de Wetzwil vue de la Bl\u00fcmlisalp, au-dessus de Herrliberg.","breadcrumb":{"@id":"https:\/\/www.robertzueblin.com\/fr\/ernst-alfred-von-escher\/eglise-de-wetzwil-de-bluemlisalp-au-dessus-de-herrliberg-peinture-a-lhuile\/#breadcrumb"},"inLanguage":"fr-FR","potentialAction":[{"@type":"ReadAction","target":["https:\/\/www.robertzueblin.com\/fr\/ernst-alfred-von-escher\/eglise-de-wetzwil-de-bluemlisalp-au-dessus-de-herrliberg-peinture-a-lhuile\/"]}]},{"@type":"ImageObject","inLanguage":"fr-FR","@id":"https:\/\/www.robertzueblin.com\/fr\/ernst-alfred-von-escher\/eglise-de-wetzwil-de-bluemlisalp-au-dessus-de-herrliberg-peinture-a-lhuile\/#primaryimage","url":"https:\/\/www.robertzueblin.com\/wp-content\/uploads\/ernst-alfred-escher-peinture-huile-eglise-wetzwill-bluemlisalp-dessus-herrliberg-photo-couverture.jpg","contentUrl":"https:\/\/www.robertzueblin.com\/wp-content\/uploads\/ernst-alfred-escher-peinture-huile-eglise-wetzwill-bluemlisalp-dessus-herrliberg-photo-couverture.jpg","width":1200,"height":972},{"@type":"BreadcrumbList","@id":"https:\/\/www.robertzueblin.com\/fr\/ernst-alfred-von-escher\/eglise-de-wetzwil-de-bluemlisalp-au-dessus-de-herrliberg-peinture-a-lhuile\/#breadcrumb","itemListElement":[{"@type":"ListItem","position":1,"name":"Startseite","item":"https:\/\/www.robertzueblin.com\/fr\/"},{"@type":"ListItem","position":2,"name":"Galerie d&#8217;art en ligne (boutique en ligne)","item":"https:\/\/www.robertzueblin.com\/fr\/galerie-d-art-en-ligne\/"},{"@type":"ListItem","position":3,"name":"Ernst Alfred von ESCHER (* 1883, \u2020 1963) &#8211; Eglise de Wetzwil de Bl\u00fcmlisalp au-dessus de Herrliberg &#8211; peinture \u00e0 l&#8217;huile"}]},{"@type":"WebSite","@id":"https:\/\/www.robertzueblin.com\/fr\/#website","url":"https:\/\/www.robertzueblin.com\/fr\/","name":"ROBERT Z\u00dcBLIN","description":"","publisher":{"@id":"https:\/\/www.robertzueblin.com\/fr\/#organization"},"potentialAction":[{"@type":"SearchAction","target":{"@type":"EntryPoint","urlTemplate":"https:\/\/www.robertzueblin.com\/fr\/?s={search_term_string}"},"query-input":{"@type":"PropertyValueSpecification","valueRequired":true,"valueName":"search_term_string"}}],"inLanguage":"fr-FR"},{"@type":"Organization","@id":"https:\/\/www.robertzueblin.com\/fr\/#organization","name":"ROBERT Z\u00dcBLIN","url":"https:\/\/www.robertzueblin.com\/fr\/","logo":{"@type":"ImageObject","inLanguage":"fr-FR","@id":"https:\/\/www.robertzueblin.com\/fr\/#\/schema\/logo\/image\/","url":"https:\/\/www.robertzueblin.com\/wp-content\/uploads\/cropped-cropped-logo-von-robert-zueblin.jpg","contentUrl":"https:\/\/www.robertzueblin.com\/wp-content\/uploads\/cropped-cropped-logo-von-robert-zueblin.jpg","width":440,"height":60,"caption":"ROBERT Z\u00dcBLIN"},"image":{"@id":"https:\/\/www.robertzueblin.com\/fr\/#\/schema\/logo\/image\/"}}]}},"_links":{"self":[{"href":"https:\/\/www.robertzueblin.com\/fr\/wp-json\/wp\/v2\/product\/39856","targetHints":{"allow":["GET"]}}],"collection":[{"href":"https:\/\/www.robertzueblin.com\/fr\/wp-json\/wp\/v2\/product"}],"about":[{"href":"https:\/\/www.robertzueblin.com\/fr\/wp-json\/wp\/v2\/types\/product"}],"wp:featuredmedia":[{"embeddable":true,"href":"https:\/\/www.robertzueblin.com\/fr\/wp-json\/wp\/v2\/media\/39867"}],"wp:attachment":[{"href":"https:\/\/www.robertzueblin.com\/fr\/wp-json\/wp\/v2\/media?parent=39856"}],"wp:term":[{"taxonomy":"product_brand","embeddable":true,"href":"https:\/\/www.robertzueblin.com\/fr\/wp-json\/wp\/v2\/product_brand?post=39856"},{"taxonomy":"product_cat","embeddable":true,"href":"https:\/\/www.robertzueblin.com\/fr\/wp-json\/wp\/v2\/product_cat?post=39856"},{"taxonomy":"product_tag","embeddable":true,"href":"https:\/\/www.robertzueblin.com\/fr\/wp-json\/wp\/v2\/product_tag?post=39856"}],"curies":[{"name":"wp","href":"https:\/\/api.w.org\/{rel}","templated":true}]}}