{"id":34022,"date":"2023-08-25T11:42:35","date_gmt":"2023-08-25T09:42:35","guid":{"rendered":"https:\/\/www.robertzueblin.com\/?post_type=product&#038;p=34022"},"modified":"2025-12-20T15:15:40","modified_gmt":"2025-12-20T14:15:40","slug":"gerhard-dolz-1926-%e2%80%a0-2007-vase-sculptural-en-ceramique-poterie-datelier","status":"publish","type":"product","link":"https:\/\/www.robertzueblin.com\/fr\/gerhard-doelz\/vase-sculptural-en-ceramique-poterie-atelier\/","title":{"rendered":"Gerhard D\u00d6LZ (* 1926, \u2020 2007) &#8211; Vase sculptural en c\u00e9ramique &#8211; poterie d&rsquo;atelier"},"content":{"rendered":"<p><span style=\"font-family: AkkoPro-BoldCondensed!important\">Type :<\/span> <a href=\"\/?post_format=poterie-d-atelier-ceramique-de-studio\">poterie d&rsquo;atelier<\/a><\/p>\n<p><span style=\"font-family: AkkoPro-BoldCondensed!important\">\u00c9bauche :<\/span> Gerhard D\u00f6lz (* 1926, \u2020 2007)<\/p>\n<p><span style=\"font-family: AkkoPro-BoldCondensed!important\">R\u00e9alisation :<\/span> Gerhard D\u00f6lz (* 1926, \u2020 2007)<\/p>\n<p><span style=\"font-family: AkkoPro-BoldCondensed!important\">Objet :<\/span> vase<\/p>\n<p><span style=\"font-family: AkkoPro-BoldCondensed!important\">Dimensions :<\/span> hauteur : 16 cm, largeur : 11 cm<\/p>\n<p><span style=\"font-family: AkkoPro-BoldCondensed!important\">Tesson :<\/span> mangan\u00e8se argile <\/p>\n<p><span style=\"font-family: AkkoPro-BoldCondensed!important\">Surface :<\/span> brun, avec engobe blanc et gla\u00e7ure verte et noire<\/p>\n<p><span style=\"font-family: AkkoPro-BoldCondensed!important\">Ann\u00e9e de fabrication :<\/span> probablement ann\u00e9es 1960\/1970<\/p>\n<p><span style=\"font-family: AkkoPro-BoldCondensed!important\">\u00c9tat :<\/span> intact<\/p>\n<p><span style=\"font-family: AkkoPro-BoldCondensed!important\">Signature\/marque :<\/span> GD<\/p>\n","protected":false},"excerpt":{"rendered":"<p>Type : poterie d&rsquo;atelier \u00c9bauche : Gerhard D\u00f6lz (* 1926, \u2020 2007) R\u00e9alisation : Gerhard D\u00f6lz (* 1926, \u2020 2007) Objet : vase Dimensions : hauteur : 16 cm, largeur : 11 cm Tesson : mangan\u00e8se argile Surface : brun, avec engobe blanc et gla\u00e7ure verte et noire Ann\u00e9e de fabrication : probablement ann\u00e9es 1960\/1970 [&hellip;]<\/p>\n","protected":false},"featured_media":34029,"template":"","meta":[],"product_brand":[],"product_cat":[295],"product_tag":[],"class_list":["post-34022","product","type-product","status-publish","has-post-thumbnail","product_cat-gerhard-doelz","first","instock","sold-individually","shipping-taxable","purchasable","product-type-simple"],"yoast_head":"<!-- This site is optimized with the Yoast SEO plugin v28.3 - https:\/\/yoast.com\/product\/yoast-seo-wordpress\/ -->\n<title>Gerhard D\u00d6LZ (* 1926, \u2020 2007) - Vase sculptural - poterie d&#039;atelier<\/title>\n<meta name=\"description\" content=\"Un tr\u00e8s beau vase sculptural du c\u00e9ramiste de RDA Gerhard D\u00f6lz avec un \u00e9mail vitreux sur l&#039;\u00e9paule ; east german pottery (EGP).\" \/>\n<meta name=\"robots\" content=\"index, follow, max-snippet:-1, max-image-preview:large, max-video-preview:-1\" \/>\n<link rel=\"canonical\" href=\"https:\/\/www.robertzueblin.com\/fr\/gerhard-doelz\/vase-sculptural-en-ceramique-poterie-atelier\/\" \/>\n<meta property=\"og:locale\" content=\"fr_FR\" \/>\n<meta property=\"og:type\" content=\"article\" \/>\n<meta property=\"og:title\" content=\"Gerhard D\u00d6LZ (* 1926, \u2020 2007) - Vase sculptural - poterie d&#039;atelier\" \/>\n<meta property=\"og:description\" content=\"Un tr\u00e8s beau vase sculptural du c\u00e9ramiste de RDA Gerhard D\u00f6lz avec un \u00e9mail vitreux sur l&#039;\u00e9paule ; east german pottery (EGP).\" \/>\n<meta property=\"og:url\" content=\"https:\/\/www.robertzueblin.com\/fr\/gerhard-doelz\/vase-sculptural-en-ceramique-poterie-atelier\/\" \/>\n<meta property=\"og:site_name\" content=\"ROBERT Z\u00dcBLIN\" \/>\n<meta property=\"article:modified_time\" content=\"2025-12-20T14:15:40+00:00\" \/>\n<meta property=\"og:image\" content=\"https:\/\/www.robertzueblin.com\/wp-content\/uploads\/gerhard-doelz-poterie-atelier-vase-sculptural-ceramique-photo-couverture.jpg\" \/>\n\t<meta property=\"og:image:width\" content=\"1000\" \/>\n\t<meta property=\"og:image:height\" content=\"1000\" \/>\n\t<meta property=\"og:image:type\" content=\"image\/jpeg\" \/>\n<meta name=\"twitter:card\" content=\"summary_large_image\" \/>\n<script type=\"application\/ld+json\" class=\"yoast-schema-graph\">{\"@context\":\"https:\\\/\\\/schema.org\",\"@graph\":[{\"@type\":\"WebPage\",\"@id\":\"https:\\\/\\\/www.robertzueblin.com\\\/fr\\\/gerhard-doelz\\\/vase-sculptural-en-ceramique-poterie-atelier\\\/\",\"url\":\"https:\\\/\\\/www.robertzueblin.com\\\/fr\\\/gerhard-doelz\\\/vase-sculptural-en-ceramique-poterie-atelier\\\/\",\"name\":\"Gerhard D\u00d6LZ (* 1926, \u2020 2007) - Vase sculptural - poterie d'atelier\",\"isPartOf\":{\"@id\":\"https:\\\/\\\/www.robertzueblin.com\\\/fr\\\/#website\"},\"primaryImageOfPage\":{\"@id\":\"https:\\\/\\\/www.robertzueblin.com\\\/fr\\\/gerhard-doelz\\\/vase-sculptural-en-ceramique-poterie-atelier\\\/#primaryimage\"},\"image\":{\"@id\":\"https:\\\/\\\/www.robertzueblin.com\\\/fr\\\/gerhard-doelz\\\/vase-sculptural-en-ceramique-poterie-atelier\\\/#primaryimage\"},\"thumbnailUrl\":\"https:\\\/\\\/www.robertzueblin.com\\\/wp-content\\\/uploads\\\/gerhard-doelz-poterie-atelier-vase-sculptural-ceramique-photo-couverture.jpg\",\"datePublished\":\"2023-08-25T09:42:35+00:00\",\"dateModified\":\"2025-12-20T14:15:40+00:00\",\"description\":\"Un tr\u00e8s beau vase sculptural du c\u00e9ramiste de RDA Gerhard D\u00f6lz avec un \u00e9mail vitreux sur l'\u00e9paule ; east german pottery (EGP).\",\"breadcrumb\":{\"@id\":\"https:\\\/\\\/www.robertzueblin.com\\\/fr\\\/gerhard-doelz\\\/vase-sculptural-en-ceramique-poterie-atelier\\\/#breadcrumb\"},\"inLanguage\":\"fr-FR\",\"potentialAction\":[{\"@type\":\"ReadAction\",\"target\":[\"https:\\\/\\\/www.robertzueblin.com\\\/fr\\\/gerhard-doelz\\\/vase-sculptural-en-ceramique-poterie-atelier\\\/\"]}]},{\"@type\":\"ImageObject\",\"inLanguage\":\"fr-FR\",\"@id\":\"https:\\\/\\\/www.robertzueblin.com\\\/fr\\\/gerhard-doelz\\\/vase-sculptural-en-ceramique-poterie-atelier\\\/#primaryimage\",\"url\":\"https:\\\/\\\/www.robertzueblin.com\\\/wp-content\\\/uploads\\\/gerhard-doelz-poterie-atelier-vase-sculptural-ceramique-photo-couverture.jpg\",\"contentUrl\":\"https:\\\/\\\/www.robertzueblin.com\\\/wp-content\\\/uploads\\\/gerhard-doelz-poterie-atelier-vase-sculptural-ceramique-photo-couverture.jpg\",\"width\":1000,\"height\":1000},{\"@type\":\"BreadcrumbList\",\"@id\":\"https:\\\/\\\/www.robertzueblin.com\\\/fr\\\/gerhard-doelz\\\/vase-sculptural-en-ceramique-poterie-atelier\\\/#breadcrumb\",\"itemListElement\":[{\"@type\":\"ListItem\",\"position\":1,\"name\":\"Startseite\",\"item\":\"https:\\\/\\\/www.robertzueblin.com\\\/fr\\\/\"},{\"@type\":\"ListItem\",\"position\":2,\"name\":\"Galerie d&#8217;art en ligne (boutique en ligne)\",\"item\":\"https:\\\/\\\/www.robertzueblin.com\\\/fr\\\/galerie-d-art-en-ligne\\\/\"},{\"@type\":\"ListItem\",\"position\":3,\"name\":\"Gerhard D\u00d6LZ (* 1926, \u2020 2007) &#8211; Vase sculptural en c\u00e9ramique &#8211; poterie d&#8217;atelier\"}]},{\"@type\":\"WebSite\",\"@id\":\"https:\\\/\\\/www.robertzueblin.com\\\/fr\\\/#website\",\"url\":\"https:\\\/\\\/www.robertzueblin.com\\\/fr\\\/\",\"name\":\"ROBERT Z\u00dcBLIN\",\"description\":\"\",\"publisher\":{\"@id\":\"https:\\\/\\\/www.robertzueblin.com\\\/fr\\\/#organization\"},\"potentialAction\":[{\"@type\":\"SearchAction\",\"target\":{\"@type\":\"EntryPoint\",\"urlTemplate\":\"https:\\\/\\\/www.robertzueblin.com\\\/fr\\\/?s={search_term_string}\"},\"query-input\":{\"@type\":\"PropertyValueSpecification\",\"valueRequired\":true,\"valueName\":\"search_term_string\"}}],\"inLanguage\":\"fr-FR\"},{\"@type\":\"Organization\",\"@id\":\"https:\\\/\\\/www.robertzueblin.com\\\/fr\\\/#organization\",\"name\":\"ROBERT Z\u00dcBLIN\",\"url\":\"https:\\\/\\\/www.robertzueblin.com\\\/fr\\\/\",\"logo\":{\"@type\":\"ImageObject\",\"inLanguage\":\"fr-FR\",\"@id\":\"https:\\\/\\\/www.robertzueblin.com\\\/fr\\\/#\\\/schema\\\/logo\\\/image\\\/\",\"url\":\"https:\\\/\\\/www.robertzueblin.com\\\/wp-content\\\/uploads\\\/cropped-logo-robert-zueblin-art-dealer-zurich.jpg\",\"contentUrl\":\"https:\\\/\\\/www.robertzueblin.com\\\/wp-content\\\/uploads\\\/cropped-logo-robert-zueblin-art-dealer-zurich.jpg\",\"width\":440,\"height\":120,\"caption\":\"ROBERT Z\u00dcBLIN\"},\"image\":{\"@id\":\"https:\\\/\\\/www.robertzueblin.com\\\/fr\\\/#\\\/schema\\\/logo\\\/image\\\/\"}}]}<\/script>\n<!-- \/ Yoast SEO plugin. -->","yoast_head_json":{"title":"Gerhard D\u00d6LZ (* 1926, \u2020 2007) - Vase sculptural - poterie d'atelier","description":"Un tr\u00e8s beau vase sculptural du c\u00e9ramiste de RDA Gerhard D\u00f6lz avec un \u00e9mail vitreux sur l'\u00e9paule ; east german pottery (EGP).","robots":{"index":"index","follow":"follow","max-snippet":"max-snippet:-1","max-image-preview":"max-image-preview:large","max-video-preview":"max-video-preview:-1"},"canonical":"https:\/\/www.robertzueblin.com\/fr\/gerhard-doelz\/vase-sculptural-en-ceramique-poterie-atelier\/","og_locale":"fr_FR","og_type":"article","og_title":"Gerhard D\u00d6LZ (* 1926, \u2020 2007) - Vase sculptural - poterie d'atelier","og_description":"Un tr\u00e8s beau vase sculptural du c\u00e9ramiste de RDA Gerhard D\u00f6lz avec un \u00e9mail vitreux sur l'\u00e9paule ; east german pottery (EGP).","og_url":"https:\/\/www.robertzueblin.com\/fr\/gerhard-doelz\/vase-sculptural-en-ceramique-poterie-atelier\/","og_site_name":"ROBERT Z\u00dcBLIN","article_modified_time":"2025-12-20T14:15:40+00:00","og_image":[{"width":1000,"height":1000,"url":"https:\/\/www.robertzueblin.com\/wp-content\/uploads\/gerhard-doelz-poterie-atelier-vase-sculptural-ceramique-photo-couverture.jpg","type":"image\/jpeg"}],"twitter_card":"summary_large_image","schema":{"@context":"https:\/\/schema.org","@graph":[{"@type":"WebPage","@id":"https:\/\/www.robertzueblin.com\/fr\/gerhard-doelz\/vase-sculptural-en-ceramique-poterie-atelier\/","url":"https:\/\/www.robertzueblin.com\/fr\/gerhard-doelz\/vase-sculptural-en-ceramique-poterie-atelier\/","name":"Gerhard D\u00d6LZ (* 1926, \u2020 2007) - Vase sculptural - poterie d'atelier","isPartOf":{"@id":"https:\/\/www.robertzueblin.com\/fr\/#website"},"primaryImageOfPage":{"@id":"https:\/\/www.robertzueblin.com\/fr\/gerhard-doelz\/vase-sculptural-en-ceramique-poterie-atelier\/#primaryimage"},"image":{"@id":"https:\/\/www.robertzueblin.com\/fr\/gerhard-doelz\/vase-sculptural-en-ceramique-poterie-atelier\/#primaryimage"},"thumbnailUrl":"https:\/\/www.robertzueblin.com\/wp-content\/uploads\/gerhard-doelz-poterie-atelier-vase-sculptural-ceramique-photo-couverture.jpg","datePublished":"2023-08-25T09:42:35+00:00","dateModified":"2025-12-20T14:15:40+00:00","description":"Un tr\u00e8s beau vase sculptural du c\u00e9ramiste de RDA Gerhard D\u00f6lz avec un \u00e9mail vitreux sur l'\u00e9paule ; east german pottery (EGP).","breadcrumb":{"@id":"https:\/\/www.robertzueblin.com\/fr\/gerhard-doelz\/vase-sculptural-en-ceramique-poterie-atelier\/#breadcrumb"},"inLanguage":"fr-FR","potentialAction":[{"@type":"ReadAction","target":["https:\/\/www.robertzueblin.com\/fr\/gerhard-doelz\/vase-sculptural-en-ceramique-poterie-atelier\/"]}]},{"@type":"ImageObject","inLanguage":"fr-FR","@id":"https:\/\/www.robertzueblin.com\/fr\/gerhard-doelz\/vase-sculptural-en-ceramique-poterie-atelier\/#primaryimage","url":"https:\/\/www.robertzueblin.com\/wp-content\/uploads\/gerhard-doelz-poterie-atelier-vase-sculptural-ceramique-photo-couverture.jpg","contentUrl":"https:\/\/www.robertzueblin.com\/wp-content\/uploads\/gerhard-doelz-poterie-atelier-vase-sculptural-ceramique-photo-couverture.jpg","width":1000,"height":1000},{"@type":"BreadcrumbList","@id":"https:\/\/www.robertzueblin.com\/fr\/gerhard-doelz\/vase-sculptural-en-ceramique-poterie-atelier\/#breadcrumb","itemListElement":[{"@type":"ListItem","position":1,"name":"Startseite","item":"https:\/\/www.robertzueblin.com\/fr\/"},{"@type":"ListItem","position":2,"name":"Galerie d&#8217;art en ligne (boutique en ligne)","item":"https:\/\/www.robertzueblin.com\/fr\/galerie-d-art-en-ligne\/"},{"@type":"ListItem","position":3,"name":"Gerhard D\u00d6LZ (* 1926, \u2020 2007) &#8211; Vase sculptural en c\u00e9ramique &#8211; poterie d&#8217;atelier"}]},{"@type":"WebSite","@id":"https:\/\/www.robertzueblin.com\/fr\/#website","url":"https:\/\/www.robertzueblin.com\/fr\/","name":"ROBERT Z\u00dcBLIN","description":"","publisher":{"@id":"https:\/\/www.robertzueblin.com\/fr\/#organization"},"potentialAction":[{"@type":"SearchAction","target":{"@type":"EntryPoint","urlTemplate":"https:\/\/www.robertzueblin.com\/fr\/?s={search_term_string}"},"query-input":{"@type":"PropertyValueSpecification","valueRequired":true,"valueName":"search_term_string"}}],"inLanguage":"fr-FR"},{"@type":"Organization","@id":"https:\/\/www.robertzueblin.com\/fr\/#organization","name":"ROBERT Z\u00dcBLIN","url":"https:\/\/www.robertzueblin.com\/fr\/","logo":{"@type":"ImageObject","inLanguage":"fr-FR","@id":"https:\/\/www.robertzueblin.com\/fr\/#\/schema\/logo\/image\/","url":"https:\/\/www.robertzueblin.com\/wp-content\/uploads\/cropped-logo-robert-zueblin-art-dealer-zurich.jpg","contentUrl":"https:\/\/www.robertzueblin.com\/wp-content\/uploads\/cropped-logo-robert-zueblin-art-dealer-zurich.jpg","width":440,"height":120,"caption":"ROBERT Z\u00dcBLIN"},"image":{"@id":"https:\/\/www.robertzueblin.com\/fr\/#\/schema\/logo\/image\/"}}]}},"permalink_manager":null,"_links":{"self":[{"href":"https:\/\/www.robertzueblin.com\/fr\/wp-json\/wp\/v2\/product\/34022","targetHints":{"allow":["GET"]}}],"collection":[{"href":"https:\/\/www.robertzueblin.com\/fr\/wp-json\/wp\/v2\/product"}],"about":[{"href":"https:\/\/www.robertzueblin.com\/fr\/wp-json\/wp\/v2\/types\/product"}],"wp:featuredmedia":[{"embeddable":true,"href":"https:\/\/www.robertzueblin.com\/fr\/wp-json\/wp\/v2\/media\/34029"}],"wp:attachment":[{"href":"https:\/\/www.robertzueblin.com\/fr\/wp-json\/wp\/v2\/media?parent=34022"}],"wp:term":[{"taxonomy":"product_brand","embeddable":true,"href":"https:\/\/www.robertzueblin.com\/fr\/wp-json\/wp\/v2\/product_brand?post=34022"},{"taxonomy":"product_cat","embeddable":true,"href":"https:\/\/www.robertzueblin.com\/fr\/wp-json\/wp\/v2\/product_cat?post=34022"},{"taxonomy":"product_tag","embeddable":true,"href":"https:\/\/www.robertzueblin.com\/fr\/wp-json\/wp\/v2\/product_tag?post=34022"}],"curies":[{"name":"wp","href":"https:\/\/api.w.org\/{rel}","templated":true}]}}