{"id":33333,"date":"2023-07-11T18:49:55","date_gmt":"2023-07-11T18:00:07","guid":{"rendered":"https:\/\/www.robertzueblin.com\/?post_type=product&#038;p=33333"},"modified":"2024-08-10T20:49:39","modified_gmt":"2024-08-10T18:49:39","slug":"theodor-streit-1931-%e2%80%a0-2018-au-col-de-la-bernina-peinture-a-lhuile","status":"publish","type":"product","link":"https:\/\/www.robertzueblin.com\/fr\/theodor-streit\/au-col-de-la-bernina-peinture-a-lhuile\/","title":{"rendered":"Theodor STREIT (* 1905, \u2020 1986) &#8211; Au col de la Bernina &#8211; peinture \u00e0 l&rsquo;huile"},"content":{"rendered":"<p><span style=\"font-family: AkkoPro-BoldCondensed!important\">Type :<\/span> <a href=\"https:\/\/www.robertzueblin.com\/fr\/type\/peinture\/\">peinture<\/a><\/p>\n<p><span style=\"font-family: AkkoPro-BoldCondensed!important\">Peintre :<\/span> Theodor Streit (Theo Streit)<\/p>\n<p><span style=\"font-family: AkkoPro-BoldCondensed!important\">Objet :<\/span> peinture \u00e0 l&rsquo;huile<\/p>\n<p><span style=\"font-family: AkkoPro-BoldCondensed!important\">Mat\u00e9riau :<\/span> huile sur panneau<\/p>\n<p><span style=\"font-family: AkkoPro-BoldCondensed!important\">Dimensions :<\/span> dimensions ext\u00e9rieures du cadre : hauteur : 46,5 cm, largeur : 55,5 cm ; dimensions int\u00e9rieures du cadre : 22,5 cm, largeur : 32 cm<\/p>\n<p><span style=\"font-family: AkkoPro-BoldCondensed!important\">Ann\u00e9e de fabrication :<\/span> inconnue<\/p>\n<p><span style=\"font-family: AkkoPro-BoldCondensed!important\">\u00c9tat :<\/span> le tableau est intact \u00e0 l&rsquo;avant ; le panneau est tach\u00e9 \u00e0 l&rsquo;arri\u00e8re ; le cadre est en partie tach\u00e9, enfonc\u00e9, us\u00e9 et ab\u00eem\u00e9.<\/p>\n<p><span style=\"font-family: AkkoPro-BoldCondensed!important\">Signature\/marque :<\/span> T sur S<\/p>\n<p><span style=\"font-family: AkkoPro-BoldCondensed!important\">D\u00e9tails :<\/span><br \/>\nLe peintre suisse Theodor Streit (\u00e9galement appel\u00e9 Theo Streit) a peint de nombreux motifs de montagne ou alpins, comme le col de la Bernina sur la peinture \u00e0 l&rsquo;huile ici.<\/p>\n<p>Au dos de la photo, on peut lire \u00ab\u00a0Th. Streit\u00a0\u00bb, en dessous \u00ab\u00a0G\u00fcmligen\u00a0\u00bb et un peu \u00e0 droite \u00ab\u00a0am Berninapass\u00a0\u00bb.<\/p>\n","protected":false},"excerpt":{"rendered":"<p>Type : peinture Peintre : Theodor Streit (Theo Streit) Objet : peinture \u00e0 l&rsquo;huile Mat\u00e9riau : huile sur panneau Dimensions : dimensions ext\u00e9rieures du cadre : hauteur : 46,5 cm, largeur : 55,5 cm ; dimensions int\u00e9rieures du cadre : 22,5 cm, largeur : 32 cm Ann\u00e9e de fabrication : inconnue \u00c9tat : le tableau [&hellip;]<\/p>\n","protected":false},"featured_media":33336,"template":"","meta":[],"product_brand":[],"product_cat":[776,496,471],"product_tag":[],"class_list":{"0":"post-33333","1":"product","2":"type-product","3":"status-publish","4":"has-post-thumbnail","6":"product_cat-peinture","7":"product_cat-peintures-a-l-huile","8":"product_cat-theodor-streit","10":"first","11":"instock","12":"sold-individually","13":"shipping-taxable","14":"purchasable","15":"product-type-simple"},"yoast_head":"<!-- This site is optimized with the Yoast SEO plugin v27.5 - https:\/\/yoast.com\/product\/yoast-seo-wordpress\/ -->\n<title>Theodor STREIT - Au col de la Bernina - peinture \u00e0 l&#039;huile<\/title>\n<meta name=\"description\" content=\"Le peintre Theodor Streit (\u00e9galement appel\u00e9 Theo Streit) a peint de nombreux motifs de montagne ou alpins, comme l&#039;huile sur toile du col de la Bernina ici.\" \/>\n<meta name=\"robots\" content=\"index, follow, max-snippet:-1, max-image-preview:large, max-video-preview:-1\" \/>\n<link rel=\"canonical\" href=\"https:\/\/www.robertzueblin.com\/fr\/theodor-streit\/au-col-de-la-bernina-peinture-a-lhuile\/\" \/>\n<meta property=\"og:locale\" content=\"fr_FR\" \/>\n<meta property=\"og:type\" content=\"article\" \/>\n<meta property=\"og:title\" content=\"Theodor STREIT - Au col de la Bernina - peinture \u00e0 l&#039;huile\" \/>\n<meta property=\"og:description\" content=\"Le peintre Theodor Streit (\u00e9galement appel\u00e9 Theo Streit) a peint de nombreux motifs de montagne ou alpins, comme l&#039;huile sur toile du col de la Bernina ici.\" \/>\n<meta property=\"og:url\" content=\"https:\/\/www.robertzueblin.com\/fr\/theodor-streit\/au-col-de-la-bernina-peinture-a-lhuile\/\" \/>\n<meta property=\"og:site_name\" content=\"ROBERT Z\u00dcBLIN\" \/>\n<meta property=\"article:modified_time\" content=\"2024-08-10T18:49:39+00:00\" \/>\n<meta property=\"og:image\" content=\"https:\/\/www.robertzueblin.com\/wp-content\/uploads\/theodor-streit-peinture-huile-au-col-de-la-bernina-ave-cadre.jpg\" \/>\n\t<meta property=\"og:image:width\" content=\"1200\" \/>\n\t<meta property=\"og:image:height\" content=\"1004\" \/>\n\t<meta property=\"og:image:type\" content=\"image\/jpeg\" \/>\n<meta name=\"twitter:card\" content=\"summary_large_image\" \/>\n<script type=\"application\/ld+json\" class=\"yoast-schema-graph\">{\"@context\":\"https:\\\/\\\/schema.org\",\"@graph\":[{\"@type\":\"WebPage\",\"@id\":\"https:\\\/\\\/www.robertzueblin.com\\\/fr\\\/theodor-streit\\\/au-col-de-la-bernina-peinture-a-lhuile\\\/\",\"url\":\"https:\\\/\\\/www.robertzueblin.com\\\/fr\\\/theodor-streit\\\/au-col-de-la-bernina-peinture-a-lhuile\\\/\",\"name\":\"Theodor STREIT - Au col de la Bernina - peinture \u00e0 l'huile\",\"isPartOf\":{\"@id\":\"https:\\\/\\\/www.robertzueblin.com\\\/fr\\\/#website\"},\"primaryImageOfPage\":{\"@id\":\"https:\\\/\\\/www.robertzueblin.com\\\/fr\\\/theodor-streit\\\/au-col-de-la-bernina-peinture-a-lhuile\\\/#primaryimage\"},\"image\":{\"@id\":\"https:\\\/\\\/www.robertzueblin.com\\\/fr\\\/theodor-streit\\\/au-col-de-la-bernina-peinture-a-lhuile\\\/#primaryimage\"},\"thumbnailUrl\":\"https:\\\/\\\/www.robertzueblin.com\\\/wp-content\\\/uploads\\\/theodor-streit-peinture-huile-au-col-de-la-bernina-ave-cadre.jpg\",\"datePublished\":\"2023-07-11T18:00:07+00:00\",\"dateModified\":\"2024-08-10T18:49:39+00:00\",\"description\":\"Le peintre Theodor Streit (\u00e9galement appel\u00e9 Theo Streit) a peint de nombreux motifs de montagne ou alpins, comme l'huile sur toile du col de la Bernina ici.\",\"breadcrumb\":{\"@id\":\"https:\\\/\\\/www.robertzueblin.com\\\/fr\\\/theodor-streit\\\/au-col-de-la-bernina-peinture-a-lhuile\\\/#breadcrumb\"},\"inLanguage\":\"fr-FR\",\"potentialAction\":[{\"@type\":\"ReadAction\",\"target\":[\"https:\\\/\\\/www.robertzueblin.com\\\/fr\\\/theodor-streit\\\/au-col-de-la-bernina-peinture-a-lhuile\\\/\"]}]},{\"@type\":\"ImageObject\",\"inLanguage\":\"fr-FR\",\"@id\":\"https:\\\/\\\/www.robertzueblin.com\\\/fr\\\/theodor-streit\\\/au-col-de-la-bernina-peinture-a-lhuile\\\/#primaryimage\",\"url\":\"https:\\\/\\\/www.robertzueblin.com\\\/wp-content\\\/uploads\\\/theodor-streit-peinture-huile-au-col-de-la-bernina-ave-cadre.jpg\",\"contentUrl\":\"https:\\\/\\\/www.robertzueblin.com\\\/wp-content\\\/uploads\\\/theodor-streit-peinture-huile-au-col-de-la-bernina-ave-cadre.jpg\",\"width\":1200,\"height\":1004},{\"@type\":\"BreadcrumbList\",\"@id\":\"https:\\\/\\\/www.robertzueblin.com\\\/fr\\\/theodor-streit\\\/au-col-de-la-bernina-peinture-a-lhuile\\\/#breadcrumb\",\"itemListElement\":[{\"@type\":\"ListItem\",\"position\":1,\"name\":\"Startseite\",\"item\":\"https:\\\/\\\/www.robertzueblin.com\\\/fr\\\/\"},{\"@type\":\"ListItem\",\"position\":2,\"name\":\"Galerie d&#8217;art en ligne (boutique en ligne)\",\"item\":\"https:\\\/\\\/www.robertzueblin.com\\\/fr\\\/galerie-d-art-en-ligne\\\/\"},{\"@type\":\"ListItem\",\"position\":3,\"name\":\"Theodor STREIT (* 1905, \u2020 1986) &#8211; Au col de la Bernina &#8211; peinture \u00e0 l&#8217;huile\"}]},{\"@type\":\"WebSite\",\"@id\":\"https:\\\/\\\/www.robertzueblin.com\\\/fr\\\/#website\",\"url\":\"https:\\\/\\\/www.robertzueblin.com\\\/fr\\\/\",\"name\":\"ROBERT Z\u00dcBLIN\",\"description\":\"\",\"publisher\":{\"@id\":\"https:\\\/\\\/www.robertzueblin.com\\\/fr\\\/#organization\"},\"potentialAction\":[{\"@type\":\"SearchAction\",\"target\":{\"@type\":\"EntryPoint\",\"urlTemplate\":\"https:\\\/\\\/www.robertzueblin.com\\\/fr\\\/?s={search_term_string}\"},\"query-input\":{\"@type\":\"PropertyValueSpecification\",\"valueRequired\":true,\"valueName\":\"search_term_string\"}}],\"inLanguage\":\"fr-FR\"},{\"@type\":\"Organization\",\"@id\":\"https:\\\/\\\/www.robertzueblin.com\\\/fr\\\/#organization\",\"name\":\"ROBERT Z\u00dcBLIN\",\"url\":\"https:\\\/\\\/www.robertzueblin.com\\\/fr\\\/\",\"logo\":{\"@type\":\"ImageObject\",\"inLanguage\":\"fr-FR\",\"@id\":\"https:\\\/\\\/www.robertzueblin.com\\\/fr\\\/#\\\/schema\\\/logo\\\/image\\\/\",\"url\":\"https:\\\/\\\/www.robertzueblin.com\\\/wp-content\\\/uploads\\\/cropped-cropped-logo-von-robert-zueblin.jpg\",\"contentUrl\":\"https:\\\/\\\/www.robertzueblin.com\\\/wp-content\\\/uploads\\\/cropped-cropped-logo-von-robert-zueblin.jpg\",\"width\":440,\"height\":60,\"caption\":\"ROBERT Z\u00dcBLIN\"},\"image\":{\"@id\":\"https:\\\/\\\/www.robertzueblin.com\\\/fr\\\/#\\\/schema\\\/logo\\\/image\\\/\"}}]}<\/script>\n<!-- \/ Yoast SEO plugin. -->","yoast_head_json":{"title":"Theodor STREIT - Au col de la Bernina - peinture \u00e0 l'huile","description":"Le peintre Theodor Streit (\u00e9galement appel\u00e9 Theo Streit) a peint de nombreux motifs de montagne ou alpins, comme l'huile sur toile du col de la Bernina ici.","robots":{"index":"index","follow":"follow","max-snippet":"max-snippet:-1","max-image-preview":"max-image-preview:large","max-video-preview":"max-video-preview:-1"},"canonical":"https:\/\/www.robertzueblin.com\/fr\/theodor-streit\/au-col-de-la-bernina-peinture-a-lhuile\/","og_locale":"fr_FR","og_type":"article","og_title":"Theodor STREIT - Au col de la Bernina - peinture \u00e0 l'huile","og_description":"Le peintre Theodor Streit (\u00e9galement appel\u00e9 Theo Streit) a peint de nombreux motifs de montagne ou alpins, comme l'huile sur toile du col de la Bernina ici.","og_url":"https:\/\/www.robertzueblin.com\/fr\/theodor-streit\/au-col-de-la-bernina-peinture-a-lhuile\/","og_site_name":"ROBERT Z\u00dcBLIN","article_modified_time":"2024-08-10T18:49:39+00:00","og_image":[{"width":1200,"height":1004,"url":"https:\/\/www.robertzueblin.com\/wp-content\/uploads\/theodor-streit-peinture-huile-au-col-de-la-bernina-ave-cadre.jpg","type":"image\/jpeg"}],"twitter_card":"summary_large_image","schema":{"@context":"https:\/\/schema.org","@graph":[{"@type":"WebPage","@id":"https:\/\/www.robertzueblin.com\/fr\/theodor-streit\/au-col-de-la-bernina-peinture-a-lhuile\/","url":"https:\/\/www.robertzueblin.com\/fr\/theodor-streit\/au-col-de-la-bernina-peinture-a-lhuile\/","name":"Theodor STREIT - Au col de la Bernina - peinture \u00e0 l'huile","isPartOf":{"@id":"https:\/\/www.robertzueblin.com\/fr\/#website"},"primaryImageOfPage":{"@id":"https:\/\/www.robertzueblin.com\/fr\/theodor-streit\/au-col-de-la-bernina-peinture-a-lhuile\/#primaryimage"},"image":{"@id":"https:\/\/www.robertzueblin.com\/fr\/theodor-streit\/au-col-de-la-bernina-peinture-a-lhuile\/#primaryimage"},"thumbnailUrl":"https:\/\/www.robertzueblin.com\/wp-content\/uploads\/theodor-streit-peinture-huile-au-col-de-la-bernina-ave-cadre.jpg","datePublished":"2023-07-11T18:00:07+00:00","dateModified":"2024-08-10T18:49:39+00:00","description":"Le peintre Theodor Streit (\u00e9galement appel\u00e9 Theo Streit) a peint de nombreux motifs de montagne ou alpins, comme l'huile sur toile du col de la Bernina ici.","breadcrumb":{"@id":"https:\/\/www.robertzueblin.com\/fr\/theodor-streit\/au-col-de-la-bernina-peinture-a-lhuile\/#breadcrumb"},"inLanguage":"fr-FR","potentialAction":[{"@type":"ReadAction","target":["https:\/\/www.robertzueblin.com\/fr\/theodor-streit\/au-col-de-la-bernina-peinture-a-lhuile\/"]}]},{"@type":"ImageObject","inLanguage":"fr-FR","@id":"https:\/\/www.robertzueblin.com\/fr\/theodor-streit\/au-col-de-la-bernina-peinture-a-lhuile\/#primaryimage","url":"https:\/\/www.robertzueblin.com\/wp-content\/uploads\/theodor-streit-peinture-huile-au-col-de-la-bernina-ave-cadre.jpg","contentUrl":"https:\/\/www.robertzueblin.com\/wp-content\/uploads\/theodor-streit-peinture-huile-au-col-de-la-bernina-ave-cadre.jpg","width":1200,"height":1004},{"@type":"BreadcrumbList","@id":"https:\/\/www.robertzueblin.com\/fr\/theodor-streit\/au-col-de-la-bernina-peinture-a-lhuile\/#breadcrumb","itemListElement":[{"@type":"ListItem","position":1,"name":"Startseite","item":"https:\/\/www.robertzueblin.com\/fr\/"},{"@type":"ListItem","position":2,"name":"Galerie d&#8217;art en ligne (boutique en ligne)","item":"https:\/\/www.robertzueblin.com\/fr\/galerie-d-art-en-ligne\/"},{"@type":"ListItem","position":3,"name":"Theodor STREIT (* 1905, \u2020 1986) &#8211; Au col de la Bernina &#8211; peinture \u00e0 l&#8217;huile"}]},{"@type":"WebSite","@id":"https:\/\/www.robertzueblin.com\/fr\/#website","url":"https:\/\/www.robertzueblin.com\/fr\/","name":"ROBERT Z\u00dcBLIN","description":"","publisher":{"@id":"https:\/\/www.robertzueblin.com\/fr\/#organization"},"potentialAction":[{"@type":"SearchAction","target":{"@type":"EntryPoint","urlTemplate":"https:\/\/www.robertzueblin.com\/fr\/?s={search_term_string}"},"query-input":{"@type":"PropertyValueSpecification","valueRequired":true,"valueName":"search_term_string"}}],"inLanguage":"fr-FR"},{"@type":"Organization","@id":"https:\/\/www.robertzueblin.com\/fr\/#organization","name":"ROBERT Z\u00dcBLIN","url":"https:\/\/www.robertzueblin.com\/fr\/","logo":{"@type":"ImageObject","inLanguage":"fr-FR","@id":"https:\/\/www.robertzueblin.com\/fr\/#\/schema\/logo\/image\/","url":"https:\/\/www.robertzueblin.com\/wp-content\/uploads\/cropped-cropped-logo-von-robert-zueblin.jpg","contentUrl":"https:\/\/www.robertzueblin.com\/wp-content\/uploads\/cropped-cropped-logo-von-robert-zueblin.jpg","width":440,"height":60,"caption":"ROBERT Z\u00dcBLIN"},"image":{"@id":"https:\/\/www.robertzueblin.com\/fr\/#\/schema\/logo\/image\/"}}]}},"_links":{"self":[{"href":"https:\/\/www.robertzueblin.com\/fr\/wp-json\/wp\/v2\/product\/33333","targetHints":{"allow":["GET"]}}],"collection":[{"href":"https:\/\/www.robertzueblin.com\/fr\/wp-json\/wp\/v2\/product"}],"about":[{"href":"https:\/\/www.robertzueblin.com\/fr\/wp-json\/wp\/v2\/types\/product"}],"wp:featuredmedia":[{"embeddable":true,"href":"https:\/\/www.robertzueblin.com\/fr\/wp-json\/wp\/v2\/media\/33336"}],"wp:attachment":[{"href":"https:\/\/www.robertzueblin.com\/fr\/wp-json\/wp\/v2\/media?parent=33333"}],"wp:term":[{"taxonomy":"product_brand","embeddable":true,"href":"https:\/\/www.robertzueblin.com\/fr\/wp-json\/wp\/v2\/product_brand?post=33333"},{"taxonomy":"product_cat","embeddable":true,"href":"https:\/\/www.robertzueblin.com\/fr\/wp-json\/wp\/v2\/product_cat?post=33333"},{"taxonomy":"product_tag","embeddable":true,"href":"https:\/\/www.robertzueblin.com\/fr\/wp-json\/wp\/v2\/product_tag?post=33333"}],"curies":[{"name":"wp","href":"https:\/\/api.w.org\/{rel}","templated":true}]}}