{"id":20363,"date":"2021-09-18T14:05:25","date_gmt":"2021-09-18T12:05:25","guid":{"rendered":"https:\/\/www.robertzueblin.com\/?post_type=product&#038;p=20363"},"modified":"2025-08-28T14:11:29","modified_gmt":"2025-08-28T12:11:29","slug":"otto-lindig-1895-%e2%80%a0-1966-vase-avec-glacure-de-lave","status":"publish","type":"product","link":"https:\/\/www.robertzueblin.com\/fr\/otto-lindig\/vase-avec-glacure-de-lave\/","title":{"rendered":"Otto LINDIG (* 1895, \u2020 1966) &#8211; Vase avec gla\u00e7ure de lave &#8211; poterie d&rsquo;atelier"},"content":{"rendered":"<p><span style=\"font-family: AkkoPro-BoldCondensed!important\">Type :<\/span> <a href=\"\/?post_format=poterie-d-atelier-ceramique-de-studio\">poterie d&rsquo;atelier<\/a><\/p>\n<p><span style=\"font-family: AkkoPro-BoldCondensed!important\">\u00c9bauche :<\/span> Otto Lindig (* 1895, \u2020 1966)<\/p>\n<p><span style=\"font-family: AkkoPro-BoldCondensed!important\">R\u00e9alisation :<\/span> Atelier Lindig<\/p>\n<p><span style=\"font-family: AkkoPro-BoldCondensed!important\">Objet :<\/span> vase<\/p>\n<p><span style=\"font-family: AkkoPro-BoldCondensed!important\">Dimensions :<\/span> hauteur : 14 cm, diam\u00e8tre : 14,5 cm<\/p>\n<p><span style=\"font-family: AkkoPro-BoldCondensed!important\">Tesson :<\/span> clair<\/p>\n<p><span style=\"font-family: AkkoPro-BoldCondensed!important\">Surface :<\/span> l&rsquo;\u00e9mail ext\u00e9rieur est gris, beige, bleu, vert, blanc, turquoise, noir ; l&rsquo;\u00e9mail int\u00e9rieur est rouge-brun ; l&rsquo;\u00e9mail ext\u00e9rieur est en partie semblable \u00e0 de la lave avec des crat\u00e8res et des bulles.<\/p>\n<p><span style=\"font-family: AkkoPro-BoldCondensed!important\">Ann\u00e9e de fabrication :<\/span> env. 1940<\/p>\n<p><span style=\"font-family: AkkoPro-BoldCondensed!important\">\u00c9tat :<\/span> fissur\u00e9 au niveau de la l\u00e8vre, mais stabilis\u00e9 avec de la colle \u00e0 l&rsquo;int\u00e9rieur de la fissure, perte minimale d&rsquo;\u00e9mail au niveau de la fissure \u00e0 l&rsquo;int\u00e9rieur de la l\u00e8vre ; sur l&rsquo;\u00e9paule, dans l&rsquo;\u00e9mail, deux fissures peu visibles ; l&rsquo;\u00e9mail int\u00e9rieur pr\u00e9sente quelques rayures et quelques endroits non \u00e9maill\u00e9s<\/p>\n<p><span style=\"font-family: AkkoPro-BoldCondensed!important\">Signature\/marque :<\/span> OL\u00a0\u00bb<\/p>\n<p><span style=\"font-family: AkkoPro-BoldCondensed!important\">D\u00e9tails :<\/span><br \/>\nCe vase en c\u00e9ramique a \u00e9t\u00e9 tourn\u00e9 par la collaboratrice de Lindig, <a href=\"https:\/\/www.robertzueblin.com\/fr\/liebfriede-bernstiel\/\">Liebfriede Bernstiel<\/a>, ce qui se voit aux deux pattes d&rsquo;oie en bas \u00e0 droite de la signature OL [1]. <a href=\"https:\/\/www.robertzueblin.com\/fr\/otto-lindig\/\">Otto Lindig<\/a> a cependant effectu\u00e9 lui-m\u00eame la cuisson de gla\u00e7age (cuisson de l&rsquo;\u00e9mail) [2]. Il s&rsquo;est \u00e9galement charg\u00e9 lui-m\u00eame de la fabrication de l&rsquo;\u00e9mail [3]. Le potier du Bauhaus Otto Lindig \u00e9tait surtout connu pour ses formes. On a longtemps n\u00e9glig\u00e9 le fait que Lindig s&rsquo;int\u00e9ressait aussi \u00e0 l&rsquo;effet de ses \u00e9maux [4] ; le fait qu&rsquo;il ait fabriqu\u00e9 des \u00e9maux tr\u00e8s efficaces est particuli\u00e8rement visible sur ce vase, qui se distingue par sa structure en partie semblable \u00e0 de la lave.<\/p>\n<p>Un vase d&rsquo;Otto Lindig avec un \u00e9mail similaire a \u00e9t\u00e9 vendu aux ench\u00e8res pour 1000 euros [5].<\/p>\n<p><em>Notes de bas de page :<\/em><br \/>\n1. Weber, Klaus (\u00e9d.) : Keramik und Bauhaus, Berlin 1989, p. 272.<\/p>\n<p>2. Jakobson, Hans-Peter : Otto Lindig : \u00ab\u00a0Im Grunde ist das T\u00f6pfemachen ja immer die gleiche Sache&#8230;\u00a0\u00bb, dans : Weber, Klaus (\u00e9d.) : Keramik und Bauhaus, Berlin 1989, p. 53.<\/p>\n<p>3. Erinnerungen Marieluise Fischers an ihre Lehrzeit bei Otto Lindig in Dornburg \u2013 Ein Interview, in: F\u00f6rderkreis Keramik-Museum B\u00fcrgel e.V., Tr\u00e4ger des Keramikmuseums B\u00fcrgel (\u00e9d.) : Otto Lindig, Die Dornburger Zeit, Gera 2010, p. 38.<\/p>\n<p>4. Jakobson, Hans-Peter : Otto Lindig : \u00ab\u00a0Im Grunde ist das T\u00f6pfemachen ja immer die gleiche Sache&#8230;\u00a0\u00bb, dans : Weber, Klaus (\u00e9d.) : Keramik und Bauhaus, Berlin 1989, p. 54-55.<\/p>\n<p>5. <a href=\"https:\/\/www.mehlis.eu\/de\/catalogs\/7915\/item\/2776\/\" rel=\"nofollow\" >Auktionshaus Mehlis (Mehlis Auktionen)<\/a><\/p>\n","protected":false},"excerpt":{"rendered":"<p><span style=\"color: #e2401c;\">&#x25cf;<\/span><span> vendu<\/span><\/p>\n","protected":false},"featured_media":20059,"template":"","meta":[],"product_brand":[],"product_cat":[319,312],"product_tag":[],"class_list":{"0":"post-20363","1":"product","2":"type-product","3":"status-publish","4":"has-post-thumbnail","6":"product_cat-bauhaus","7":"product_cat-otto-lindig","9":"first","10":"outofstock","11":"sold-individually","12":"shipping-taxable","13":"product-type-simple"},"yoast_head":"<!-- This site is optimized with the Yoast SEO plugin v27.5 - https:\/\/yoast.com\/product\/yoast-seo-wordpress\/ -->\n<title>Otto LINDIG - Vase (original) avec gla\u00e7ure de lave - poterie d&#039;atelier<\/title>\n<meta name=\"description\" content=\"Vase de l&#039;\u00e9l\u00e8ve du Bauhaus Otto Lindig original avec gla\u00e7ure de lave et signature ; la valeur se refl\u00e8te dans le prix, voir vase similaire aux ench\u00e8res.\" \/>\n<meta name=\"robots\" content=\"index, follow, max-snippet:-1, max-image-preview:large, max-video-preview:-1\" \/>\n<link rel=\"canonical\" href=\"https:\/\/www.robertzueblin.com\/fr\/otto-lindig\/vase-avec-glacure-de-lave\/\" \/>\n<meta property=\"og:locale\" content=\"fr_FR\" \/>\n<meta property=\"og:type\" content=\"article\" \/>\n<meta property=\"og:title\" content=\"Otto LINDIG - Vase (original) avec gla\u00e7ure de lave - poterie d&#039;atelier\" \/>\n<meta property=\"og:description\" content=\"Vase de l&#039;\u00e9l\u00e8ve du Bauhaus Otto Lindig original avec gla\u00e7ure de lave et signature ; la valeur se refl\u00e8te dans le prix, voir vase similaire aux ench\u00e8res.\" \/>\n<meta property=\"og:url\" content=\"https:\/\/www.robertzueblin.com\/fr\/otto-lindig\/vase-avec-glacure-de-lave\/\" \/>\n<meta property=\"og:site_name\" content=\"ROBERT Z\u00dcBLIN\" \/>\n<meta property=\"article:modified_time\" content=\"2025-08-28T12:11:29+00:00\" \/>\n<meta property=\"og:image\" content=\"https:\/\/www.robertzueblin.com\/wp-content\/uploads\/otto-lindig-ceramique-poterie-d-atelier-vase-glacure-lave-photo-de-couverture.jpg\" \/>\n\t<meta property=\"og:image:width\" content=\"1000\" \/>\n\t<meta property=\"og:image:height\" content=\"1000\" \/>\n\t<meta property=\"og:image:type\" content=\"image\/jpeg\" \/>\n<meta name=\"twitter:card\" content=\"summary_large_image\" \/>\n<script type=\"application\/ld+json\" class=\"yoast-schema-graph\">{\"@context\":\"https:\\\/\\\/schema.org\",\"@graph\":[{\"@type\":\"WebPage\",\"@id\":\"https:\\\/\\\/www.robertzueblin.com\\\/fr\\\/otto-lindig\\\/vase-avec-glacure-de-lave\\\/\",\"url\":\"https:\\\/\\\/www.robertzueblin.com\\\/fr\\\/otto-lindig\\\/vase-avec-glacure-de-lave\\\/\",\"name\":\"Otto LINDIG - Vase (original) avec gla\u00e7ure de lave - poterie d'atelier\",\"isPartOf\":{\"@id\":\"https:\\\/\\\/www.robertzueblin.com\\\/fr\\\/#website\"},\"primaryImageOfPage\":{\"@id\":\"https:\\\/\\\/www.robertzueblin.com\\\/fr\\\/otto-lindig\\\/vase-avec-glacure-de-lave\\\/#primaryimage\"},\"image\":{\"@id\":\"https:\\\/\\\/www.robertzueblin.com\\\/fr\\\/otto-lindig\\\/vase-avec-glacure-de-lave\\\/#primaryimage\"},\"thumbnailUrl\":\"https:\\\/\\\/www.robertzueblin.com\\\/wp-content\\\/uploads\\\/otto-lindig-ceramique-poterie-d-atelier-vase-glacure-lave-photo-de-couverture.jpg\",\"datePublished\":\"2021-09-18T12:05:25+00:00\",\"dateModified\":\"2025-08-28T12:11:29+00:00\",\"description\":\"Vase de l'\u00e9l\u00e8ve du Bauhaus Otto Lindig original avec gla\u00e7ure de lave et signature ; la valeur se refl\u00e8te dans le prix, voir vase similaire aux ench\u00e8res.\",\"breadcrumb\":{\"@id\":\"https:\\\/\\\/www.robertzueblin.com\\\/fr\\\/otto-lindig\\\/vase-avec-glacure-de-lave\\\/#breadcrumb\"},\"inLanguage\":\"fr-FR\",\"potentialAction\":[{\"@type\":\"ReadAction\",\"target\":[\"https:\\\/\\\/www.robertzueblin.com\\\/fr\\\/otto-lindig\\\/vase-avec-glacure-de-lave\\\/\"]}]},{\"@type\":\"ImageObject\",\"inLanguage\":\"fr-FR\",\"@id\":\"https:\\\/\\\/www.robertzueblin.com\\\/fr\\\/otto-lindig\\\/vase-avec-glacure-de-lave\\\/#primaryimage\",\"url\":\"https:\\\/\\\/www.robertzueblin.com\\\/wp-content\\\/uploads\\\/otto-lindig-ceramique-poterie-d-atelier-vase-glacure-lave-photo-de-couverture.jpg\",\"contentUrl\":\"https:\\\/\\\/www.robertzueblin.com\\\/wp-content\\\/uploads\\\/otto-lindig-ceramique-poterie-d-atelier-vase-glacure-lave-photo-de-couverture.jpg\",\"width\":1000,\"height\":1000},{\"@type\":\"BreadcrumbList\",\"@id\":\"https:\\\/\\\/www.robertzueblin.com\\\/fr\\\/otto-lindig\\\/vase-avec-glacure-de-lave\\\/#breadcrumb\",\"itemListElement\":[{\"@type\":\"ListItem\",\"position\":1,\"name\":\"Startseite\",\"item\":\"https:\\\/\\\/www.robertzueblin.com\\\/fr\\\/\"},{\"@type\":\"ListItem\",\"position\":2,\"name\":\"Galerie d&#8217;art en ligne (boutique en ligne)\",\"item\":\"https:\\\/\\\/www.robertzueblin.com\\\/fr\\\/galerie-d-art-en-ligne\\\/\"},{\"@type\":\"ListItem\",\"position\":3,\"name\":\"Otto LINDIG (* 1895, \u2020 1966) &#8211; Vase avec gla\u00e7ure de lave &#8211; poterie d&#8217;atelier\"}]},{\"@type\":\"WebSite\",\"@id\":\"https:\\\/\\\/www.robertzueblin.com\\\/fr\\\/#website\",\"url\":\"https:\\\/\\\/www.robertzueblin.com\\\/fr\\\/\",\"name\":\"ROBERT Z\u00dcBLIN\",\"description\":\"\",\"publisher\":{\"@id\":\"https:\\\/\\\/www.robertzueblin.com\\\/fr\\\/#organization\"},\"potentialAction\":[{\"@type\":\"SearchAction\",\"target\":{\"@type\":\"EntryPoint\",\"urlTemplate\":\"https:\\\/\\\/www.robertzueblin.com\\\/fr\\\/?s={search_term_string}\"},\"query-input\":{\"@type\":\"PropertyValueSpecification\",\"valueRequired\":true,\"valueName\":\"search_term_string\"}}],\"inLanguage\":\"fr-FR\"},{\"@type\":\"Organization\",\"@id\":\"https:\\\/\\\/www.robertzueblin.com\\\/fr\\\/#organization\",\"name\":\"ROBERT Z\u00dcBLIN\",\"url\":\"https:\\\/\\\/www.robertzueblin.com\\\/fr\\\/\",\"logo\":{\"@type\":\"ImageObject\",\"inLanguage\":\"fr-FR\",\"@id\":\"https:\\\/\\\/www.robertzueblin.com\\\/fr\\\/#\\\/schema\\\/logo\\\/image\\\/\",\"url\":\"https:\\\/\\\/www.robertzueblin.com\\\/wp-content\\\/uploads\\\/cropped-cropped-logo-von-robert-zueblin.jpg\",\"contentUrl\":\"https:\\\/\\\/www.robertzueblin.com\\\/wp-content\\\/uploads\\\/cropped-cropped-logo-von-robert-zueblin.jpg\",\"width\":440,\"height\":60,\"caption\":\"ROBERT Z\u00dcBLIN\"},\"image\":{\"@id\":\"https:\\\/\\\/www.robertzueblin.com\\\/fr\\\/#\\\/schema\\\/logo\\\/image\\\/\"}}]}<\/script>\n<!-- \/ Yoast SEO plugin. -->","yoast_head_json":{"title":"Otto LINDIG - Vase (original) avec gla\u00e7ure de lave - poterie d'atelier","description":"Vase de l'\u00e9l\u00e8ve du Bauhaus Otto Lindig original avec gla\u00e7ure de lave et signature ; la valeur se refl\u00e8te dans le prix, voir vase similaire aux ench\u00e8res.","robots":{"index":"index","follow":"follow","max-snippet":"max-snippet:-1","max-image-preview":"max-image-preview:large","max-video-preview":"max-video-preview:-1"},"canonical":"https:\/\/www.robertzueblin.com\/fr\/otto-lindig\/vase-avec-glacure-de-lave\/","og_locale":"fr_FR","og_type":"article","og_title":"Otto LINDIG - Vase (original) avec gla\u00e7ure de lave - poterie d'atelier","og_description":"Vase de l'\u00e9l\u00e8ve du Bauhaus Otto Lindig original avec gla\u00e7ure de lave et signature ; la valeur se refl\u00e8te dans le prix, voir vase similaire aux ench\u00e8res.","og_url":"https:\/\/www.robertzueblin.com\/fr\/otto-lindig\/vase-avec-glacure-de-lave\/","og_site_name":"ROBERT Z\u00dcBLIN","article_modified_time":"2025-08-28T12:11:29+00:00","og_image":[{"width":1000,"height":1000,"url":"https:\/\/www.robertzueblin.com\/wp-content\/uploads\/otto-lindig-ceramique-poterie-d-atelier-vase-glacure-lave-photo-de-couverture.jpg","type":"image\/jpeg"}],"twitter_card":"summary_large_image","schema":{"@context":"https:\/\/schema.org","@graph":[{"@type":"WebPage","@id":"https:\/\/www.robertzueblin.com\/fr\/otto-lindig\/vase-avec-glacure-de-lave\/","url":"https:\/\/www.robertzueblin.com\/fr\/otto-lindig\/vase-avec-glacure-de-lave\/","name":"Otto LINDIG - Vase (original) avec gla\u00e7ure de lave - poterie d'atelier","isPartOf":{"@id":"https:\/\/www.robertzueblin.com\/fr\/#website"},"primaryImageOfPage":{"@id":"https:\/\/www.robertzueblin.com\/fr\/otto-lindig\/vase-avec-glacure-de-lave\/#primaryimage"},"image":{"@id":"https:\/\/www.robertzueblin.com\/fr\/otto-lindig\/vase-avec-glacure-de-lave\/#primaryimage"},"thumbnailUrl":"https:\/\/www.robertzueblin.com\/wp-content\/uploads\/otto-lindig-ceramique-poterie-d-atelier-vase-glacure-lave-photo-de-couverture.jpg","datePublished":"2021-09-18T12:05:25+00:00","dateModified":"2025-08-28T12:11:29+00:00","description":"Vase de l'\u00e9l\u00e8ve du Bauhaus Otto Lindig original avec gla\u00e7ure de lave et signature ; la valeur se refl\u00e8te dans le prix, voir vase similaire aux ench\u00e8res.","breadcrumb":{"@id":"https:\/\/www.robertzueblin.com\/fr\/otto-lindig\/vase-avec-glacure-de-lave\/#breadcrumb"},"inLanguage":"fr-FR","potentialAction":[{"@type":"ReadAction","target":["https:\/\/www.robertzueblin.com\/fr\/otto-lindig\/vase-avec-glacure-de-lave\/"]}]},{"@type":"ImageObject","inLanguage":"fr-FR","@id":"https:\/\/www.robertzueblin.com\/fr\/otto-lindig\/vase-avec-glacure-de-lave\/#primaryimage","url":"https:\/\/www.robertzueblin.com\/wp-content\/uploads\/otto-lindig-ceramique-poterie-d-atelier-vase-glacure-lave-photo-de-couverture.jpg","contentUrl":"https:\/\/www.robertzueblin.com\/wp-content\/uploads\/otto-lindig-ceramique-poterie-d-atelier-vase-glacure-lave-photo-de-couverture.jpg","width":1000,"height":1000},{"@type":"BreadcrumbList","@id":"https:\/\/www.robertzueblin.com\/fr\/otto-lindig\/vase-avec-glacure-de-lave\/#breadcrumb","itemListElement":[{"@type":"ListItem","position":1,"name":"Startseite","item":"https:\/\/www.robertzueblin.com\/fr\/"},{"@type":"ListItem","position":2,"name":"Galerie d&#8217;art en ligne (boutique en ligne)","item":"https:\/\/www.robertzueblin.com\/fr\/galerie-d-art-en-ligne\/"},{"@type":"ListItem","position":3,"name":"Otto LINDIG (* 1895, \u2020 1966) &#8211; Vase avec gla\u00e7ure de lave &#8211; poterie d&#8217;atelier"}]},{"@type":"WebSite","@id":"https:\/\/www.robertzueblin.com\/fr\/#website","url":"https:\/\/www.robertzueblin.com\/fr\/","name":"ROBERT Z\u00dcBLIN","description":"","publisher":{"@id":"https:\/\/www.robertzueblin.com\/fr\/#organization"},"potentialAction":[{"@type":"SearchAction","target":{"@type":"EntryPoint","urlTemplate":"https:\/\/www.robertzueblin.com\/fr\/?s={search_term_string}"},"query-input":{"@type":"PropertyValueSpecification","valueRequired":true,"valueName":"search_term_string"}}],"inLanguage":"fr-FR"},{"@type":"Organization","@id":"https:\/\/www.robertzueblin.com\/fr\/#organization","name":"ROBERT Z\u00dcBLIN","url":"https:\/\/www.robertzueblin.com\/fr\/","logo":{"@type":"ImageObject","inLanguage":"fr-FR","@id":"https:\/\/www.robertzueblin.com\/fr\/#\/schema\/logo\/image\/","url":"https:\/\/www.robertzueblin.com\/wp-content\/uploads\/cropped-cropped-logo-von-robert-zueblin.jpg","contentUrl":"https:\/\/www.robertzueblin.com\/wp-content\/uploads\/cropped-cropped-logo-von-robert-zueblin.jpg","width":440,"height":60,"caption":"ROBERT Z\u00dcBLIN"},"image":{"@id":"https:\/\/www.robertzueblin.com\/fr\/#\/schema\/logo\/image\/"}}]}},"_links":{"self":[{"href":"https:\/\/www.robertzueblin.com\/fr\/wp-json\/wp\/v2\/product\/20363","targetHints":{"allow":["GET"]}}],"collection":[{"href":"https:\/\/www.robertzueblin.com\/fr\/wp-json\/wp\/v2\/product"}],"about":[{"href":"https:\/\/www.robertzueblin.com\/fr\/wp-json\/wp\/v2\/types\/product"}],"wp:featuredmedia":[{"embeddable":true,"href":"https:\/\/www.robertzueblin.com\/fr\/wp-json\/wp\/v2\/media\/20059"}],"wp:attachment":[{"href":"https:\/\/www.robertzueblin.com\/fr\/wp-json\/wp\/v2\/media?parent=20363"}],"wp:term":[{"taxonomy":"product_brand","embeddable":true,"href":"https:\/\/www.robertzueblin.com\/fr\/wp-json\/wp\/v2\/product_brand?post=20363"},{"taxonomy":"product_cat","embeddable":true,"href":"https:\/\/www.robertzueblin.com\/fr\/wp-json\/wp\/v2\/product_cat?post=20363"},{"taxonomy":"product_tag","embeddable":true,"href":"https:\/\/www.robertzueblin.com\/fr\/wp-json\/wp\/v2\/product_tag?post=20363"}],"curies":[{"name":"wp","href":"https:\/\/api.w.org\/{rel}","templated":true}]}}