{"id":20356,"date":"2021-09-25T19:38:37","date_gmt":"2021-09-25T17:38:37","guid":{"rendered":"https:\/\/www.robertzueblin.com\/?post_type=product&#038;p=20356"},"modified":"2024-08-09T18:25:15","modified_gmt":"2024-08-09T16:25:15","slug":"johannes-lessmann-1903-%e2%80%a0-1944-vase-de-style-bauhaus","status":"publish","type":"product","link":"https:\/\/www.robertzueblin.com\/fr\/johannes-lessmann\/vase-de-style-bauhaus\/","title":{"rendered":"Johannes LE\u1e9eMANN (* 1903, \u2020 1944) &#8211; Vase de style Bauhaus &#8211; poterie d&rsquo;atelier"},"content":{"rendered":"<p><span style=\"font-family: AkkoPro-BoldCondensed!important\">Type :<\/span> <a href=\"https:\/\/www.robertzueblin.com\/fr\/type\/poterie-d-atelier-ceramique-de-studio\/\">poterie d&rsquo;atelier<\/a><\/p>\n<p><span style=\"font-family: AkkoPro-BoldCondensed!important\">\u00c9bauche :<\/span> <a href=\"https:\/\/www.robertzueblin.com\/fr\/johannes-lessmann\/\">Johannes Le\u00dfmann<\/a> (* 1903, \u2020 1944)<\/p>\n<p><span style=\"font-family: AkkoPro-BoldCondensed!important\">R\u00e9alisation :<\/span> Atelier de c\u00e9ramique Margaretenh\u00f6he<\/p>\n<p><span style=\"font-family: AkkoPro-BoldCondensed!important\">Objet :<\/span> vase<\/p>\n<p><span style=\"font-family: AkkoPro-BoldCondensed!important\">Dimensions :<\/span> hauteur : 15 cm, largeur : 11 cm<\/p>\n<p><span style=\"font-family: AkkoPro-BoldCondensed!important\">Tesson :<\/span> clair<\/p>\n<p><span style=\"font-family: AkkoPro-BoldCondensed!important\">Surface :<\/span> ext\u00e9rieur : bleu, noir, gris, int\u00e9rieur : blanc<\/p>\n<p><span style=\"font-family: AkkoPro-BoldCondensed!important\">Ann\u00e9e de fabrication :<\/span> ann\u00e9es 1930<\/p>\n<p><span style=\"font-family: AkkoPro-BoldCondensed!important\">\u00c9tat :<\/span> non endommag\u00e9, mais irr\u00e9gularit\u00e9s dues \u00e0 la fabrication sur la l\u00e8vre du bord de l&rsquo;ouverture.<\/p>\n<p><span style=\"font-family: AkkoPro-BoldCondensed!important\">Signature\/marque :<\/span> T en M en arc de cercle sur ligne avec trait en bas \u00e0 gauche.<\/p>\n<p><span style=\"font-family: AkkoPro-BoldCondensed!important\">D\u00e9tails :<\/span><br \/>\nSelon toute vraisemblance, il s&rsquo;agit ici d&rsquo;un vase con\u00e7u par Johannes Le\u00dfmann et r\u00e9alis\u00e9 \u00e0 l&rsquo;atelier de c\u00e9ramique Margaretenh\u00f6he. Johannes Le\u00dfmann a \u00e9t\u00e9 l&rsquo;apprenti d&rsquo;Otto Lindig de 1927 \u00e0 1930, et si l&rsquo;on ne voyait pas sous ce vase la signature de l&rsquo;atelier de c\u00e9ramique Margaretenh\u00f6he, on pourrait supposer qu&rsquo;il s&rsquo;agit presque certainement d&rsquo;une pi\u00e8ce du potier du Bauhaus Otto Lindig.<\/p>\n<p>En effet, ce n&rsquo;est pas seulement l&rsquo;\u00e9mail avec ses d\u00e9grad\u00e9s nuageux qui est typique de Lindig, mais surtout la l\u00e8vre extr\u00eamement fine qui semble endommag\u00e9e apr\u00e8s coup sur cette pi\u00e8ce, mais qui n&rsquo;est probablement pas parfaitement r\u00e9ussie en raison de la fabrication. Il est probable que l&rsquo;\u00e9mail blanc ne se soit pas comport\u00e9 de mani\u00e8re optimale lors de la cuisson ou qu&rsquo;il n&rsquo;ait pas \u00e9t\u00e9 appliqu\u00e9 correctement sur toutes les parties de la l\u00e8vre.<\/p>\n<p>Dans l&rsquo;ensemble, il s&rsquo;agit d&rsquo;une pi\u00e8ce absolument impressionnante d&rsquo;un \u00e9l\u00e8ve de Lindig, tant par sa forme que par la vari\u00e9t\u00e9 de son \u00e9mail : blanc brillant \u00e0 l&rsquo;int\u00e9rieur, bleu pigeon mat \u00e0 l&rsquo;ext\u00e9rieur avec des \u00e9claboussures noires et l\u00e9g\u00e8rement cuit dans une zone vers le pied, ce qui explique que l&rsquo;\u00e9mail ait d\u00e9velopp\u00e9 une surface rugueuse \u00e0 cet endroit.<\/p>\n","protected":false},"excerpt":{"rendered":"<p>Type : poterie d&rsquo;atelier \u00c9bauche : Johannes Le\u00dfmann (* 1903, \u2020 1944) R\u00e9alisation : Atelier de c\u00e9ramique Margaretenh\u00f6he Objet : vase Dimensions : hauteur : 15 cm, largeur : 11 cm Tesson : clair Surface : ext\u00e9rieur : bleu, noir, gris, int\u00e9rieur : blanc Ann\u00e9e de fabrication : ann\u00e9es 1930 \u00c9tat : non endommag\u00e9, mais [&hellip;]<\/p>\n","protected":false},"featured_media":20057,"template":"","meta":[],"product_brand":[],"product_cat":[319,304],"product_tag":[],"class_list":{"0":"post-20356","1":"product","2":"type-product","3":"status-publish","4":"has-post-thumbnail","6":"product_cat-bauhaus","7":"product_cat-johannes-lessmann","9":"first","10":"instock","11":"sold-individually","12":"shipping-taxable","13":"purchasable","14":"product-type-simple"},"yoast_head":"<!-- This site is optimized with the Yoast SEO plugin v27.5 - https:\/\/yoast.com\/product\/yoast-seo-wordpress\/ -->\n<title>Johannes LE\u1e9eMANN - Vase de style Bauhaus - poterie d&#039;atelier<\/title>\n<meta name=\"description\" content=\"Vase con\u00e7u par Johannes Le\u00dfmann dans le style d&#039;Otto Lindig (style Bauhaus), r\u00e9alis\u00e9 par la poterie &quot;Keramische Werkstatt Margaretenh\u00f6he&quot;.\" \/>\n<meta name=\"robots\" content=\"index, follow, max-snippet:-1, max-image-preview:large, max-video-preview:-1\" \/>\n<link rel=\"canonical\" href=\"https:\/\/www.robertzueblin.com\/fr\/johannes-lessmann\/vase-de-style-bauhaus\/\" \/>\n<meta property=\"og:locale\" content=\"fr_FR\" \/>\n<meta property=\"og:type\" content=\"article\" \/>\n<meta property=\"og:title\" content=\"Johannes LE\u1e9eMANN - Vase de style Bauhaus - poterie d&#039;atelier\" \/>\n<meta property=\"og:description\" content=\"Vase con\u00e7u par Johannes Le\u00dfmann dans le style d&#039;Otto Lindig (style Bauhaus), r\u00e9alis\u00e9 par la poterie &quot;Keramische Werkstatt Margaretenh\u00f6he&quot;.\" \/>\n<meta property=\"og:url\" content=\"https:\/\/www.robertzueblin.com\/fr\/johannes-lessmann\/vase-de-style-bauhaus\/\" \/>\n<meta property=\"og:site_name\" content=\"ROBERT Z\u00dcBLIN\" \/>\n<meta property=\"article:modified_time\" content=\"2024-08-09T16:25:15+00:00\" \/>\n<meta property=\"og:image\" content=\"https:\/\/www.robertzueblin.com\/wp-content\/uploads\/johannes-lessmann-ceramique-poterie-d-atelier-vase-style-bauhaus-photo-de-couverture.jpg\" \/>\n\t<meta property=\"og:image:width\" content=\"1080\" \/>\n\t<meta property=\"og:image:height\" content=\"1080\" \/>\n\t<meta property=\"og:image:type\" content=\"image\/jpeg\" \/>\n<meta name=\"twitter:card\" content=\"summary_large_image\" \/>\n<script type=\"application\/ld+json\" class=\"yoast-schema-graph\">{\"@context\":\"https:\\\/\\\/schema.org\",\"@graph\":[{\"@type\":\"WebPage\",\"@id\":\"https:\\\/\\\/www.robertzueblin.com\\\/fr\\\/johannes-lessmann\\\/vase-de-style-bauhaus\\\/\",\"url\":\"https:\\\/\\\/www.robertzueblin.com\\\/fr\\\/johannes-lessmann\\\/vase-de-style-bauhaus\\\/\",\"name\":\"Johannes LE\u1e9eMANN - Vase de style Bauhaus - poterie d'atelier\",\"isPartOf\":{\"@id\":\"https:\\\/\\\/www.robertzueblin.com\\\/fr\\\/#website\"},\"primaryImageOfPage\":{\"@id\":\"https:\\\/\\\/www.robertzueblin.com\\\/fr\\\/johannes-lessmann\\\/vase-de-style-bauhaus\\\/#primaryimage\"},\"image\":{\"@id\":\"https:\\\/\\\/www.robertzueblin.com\\\/fr\\\/johannes-lessmann\\\/vase-de-style-bauhaus\\\/#primaryimage\"},\"thumbnailUrl\":\"https:\\\/\\\/www.robertzueblin.com\\\/wp-content\\\/uploads\\\/johannes-lessmann-ceramique-poterie-d-atelier-vase-style-bauhaus-photo-de-couverture.jpg\",\"datePublished\":\"2021-09-25T17:38:37+00:00\",\"dateModified\":\"2024-08-09T16:25:15+00:00\",\"description\":\"Vase con\u00e7u par Johannes Le\u00dfmann dans le style d'Otto Lindig (style Bauhaus), r\u00e9alis\u00e9 par la poterie \\\"Keramische Werkstatt Margaretenh\u00f6he\\\".\",\"breadcrumb\":{\"@id\":\"https:\\\/\\\/www.robertzueblin.com\\\/fr\\\/johannes-lessmann\\\/vase-de-style-bauhaus\\\/#breadcrumb\"},\"inLanguage\":\"fr-FR\",\"potentialAction\":[{\"@type\":\"ReadAction\",\"target\":[\"https:\\\/\\\/www.robertzueblin.com\\\/fr\\\/johannes-lessmann\\\/vase-de-style-bauhaus\\\/\"]}]},{\"@type\":\"ImageObject\",\"inLanguage\":\"fr-FR\",\"@id\":\"https:\\\/\\\/www.robertzueblin.com\\\/fr\\\/johannes-lessmann\\\/vase-de-style-bauhaus\\\/#primaryimage\",\"url\":\"https:\\\/\\\/www.robertzueblin.com\\\/wp-content\\\/uploads\\\/johannes-lessmann-ceramique-poterie-d-atelier-vase-style-bauhaus-photo-de-couverture.jpg\",\"contentUrl\":\"https:\\\/\\\/www.robertzueblin.com\\\/wp-content\\\/uploads\\\/johannes-lessmann-ceramique-poterie-d-atelier-vase-style-bauhaus-photo-de-couverture.jpg\",\"width\":1080,\"height\":1080},{\"@type\":\"BreadcrumbList\",\"@id\":\"https:\\\/\\\/www.robertzueblin.com\\\/fr\\\/johannes-lessmann\\\/vase-de-style-bauhaus\\\/#breadcrumb\",\"itemListElement\":[{\"@type\":\"ListItem\",\"position\":1,\"name\":\"Startseite\",\"item\":\"https:\\\/\\\/www.robertzueblin.com\\\/fr\\\/\"},{\"@type\":\"ListItem\",\"position\":2,\"name\":\"Galerie d&#8217;art en ligne (boutique en ligne)\",\"item\":\"https:\\\/\\\/www.robertzueblin.com\\\/fr\\\/galerie-d-art-en-ligne\\\/\"},{\"@type\":\"ListItem\",\"position\":3,\"name\":\"Johannes LE\u1e9eMANN (* 1903, \u2020 1944) &#8211; Vase de style Bauhaus &#8211; poterie d&#8217;atelier\"}]},{\"@type\":\"WebSite\",\"@id\":\"https:\\\/\\\/www.robertzueblin.com\\\/fr\\\/#website\",\"url\":\"https:\\\/\\\/www.robertzueblin.com\\\/fr\\\/\",\"name\":\"ROBERT Z\u00dcBLIN\",\"description\":\"\",\"publisher\":{\"@id\":\"https:\\\/\\\/www.robertzueblin.com\\\/fr\\\/#organization\"},\"potentialAction\":[{\"@type\":\"SearchAction\",\"target\":{\"@type\":\"EntryPoint\",\"urlTemplate\":\"https:\\\/\\\/www.robertzueblin.com\\\/fr\\\/?s={search_term_string}\"},\"query-input\":{\"@type\":\"PropertyValueSpecification\",\"valueRequired\":true,\"valueName\":\"search_term_string\"}}],\"inLanguage\":\"fr-FR\"},{\"@type\":\"Organization\",\"@id\":\"https:\\\/\\\/www.robertzueblin.com\\\/fr\\\/#organization\",\"name\":\"ROBERT Z\u00dcBLIN\",\"url\":\"https:\\\/\\\/www.robertzueblin.com\\\/fr\\\/\",\"logo\":{\"@type\":\"ImageObject\",\"inLanguage\":\"fr-FR\",\"@id\":\"https:\\\/\\\/www.robertzueblin.com\\\/fr\\\/#\\\/schema\\\/logo\\\/image\\\/\",\"url\":\"https:\\\/\\\/www.robertzueblin.com\\\/wp-content\\\/uploads\\\/cropped-cropped-logo-von-robert-zueblin.jpg\",\"contentUrl\":\"https:\\\/\\\/www.robertzueblin.com\\\/wp-content\\\/uploads\\\/cropped-cropped-logo-von-robert-zueblin.jpg\",\"width\":440,\"height\":60,\"caption\":\"ROBERT Z\u00dcBLIN\"},\"image\":{\"@id\":\"https:\\\/\\\/www.robertzueblin.com\\\/fr\\\/#\\\/schema\\\/logo\\\/image\\\/\"}}]}<\/script>\n<!-- \/ Yoast SEO plugin. -->","yoast_head_json":{"title":"Johannes LE\u1e9eMANN - Vase de style Bauhaus - poterie d'atelier","description":"Vase con\u00e7u par Johannes Le\u00dfmann dans le style d'Otto Lindig (style Bauhaus), r\u00e9alis\u00e9 par la poterie \"Keramische Werkstatt Margaretenh\u00f6he\".","robots":{"index":"index","follow":"follow","max-snippet":"max-snippet:-1","max-image-preview":"max-image-preview:large","max-video-preview":"max-video-preview:-1"},"canonical":"https:\/\/www.robertzueblin.com\/fr\/johannes-lessmann\/vase-de-style-bauhaus\/","og_locale":"fr_FR","og_type":"article","og_title":"Johannes LE\u1e9eMANN - Vase de style Bauhaus - poterie d'atelier","og_description":"Vase con\u00e7u par Johannes Le\u00dfmann dans le style d'Otto Lindig (style Bauhaus), r\u00e9alis\u00e9 par la poterie \"Keramische Werkstatt Margaretenh\u00f6he\".","og_url":"https:\/\/www.robertzueblin.com\/fr\/johannes-lessmann\/vase-de-style-bauhaus\/","og_site_name":"ROBERT Z\u00dcBLIN","article_modified_time":"2024-08-09T16:25:15+00:00","og_image":[{"width":1080,"height":1080,"url":"https:\/\/www.robertzueblin.com\/wp-content\/uploads\/johannes-lessmann-ceramique-poterie-d-atelier-vase-style-bauhaus-photo-de-couverture.jpg","type":"image\/jpeg"}],"twitter_card":"summary_large_image","schema":{"@context":"https:\/\/schema.org","@graph":[{"@type":"WebPage","@id":"https:\/\/www.robertzueblin.com\/fr\/johannes-lessmann\/vase-de-style-bauhaus\/","url":"https:\/\/www.robertzueblin.com\/fr\/johannes-lessmann\/vase-de-style-bauhaus\/","name":"Johannes LE\u1e9eMANN - Vase de style Bauhaus - poterie d'atelier","isPartOf":{"@id":"https:\/\/www.robertzueblin.com\/fr\/#website"},"primaryImageOfPage":{"@id":"https:\/\/www.robertzueblin.com\/fr\/johannes-lessmann\/vase-de-style-bauhaus\/#primaryimage"},"image":{"@id":"https:\/\/www.robertzueblin.com\/fr\/johannes-lessmann\/vase-de-style-bauhaus\/#primaryimage"},"thumbnailUrl":"https:\/\/www.robertzueblin.com\/wp-content\/uploads\/johannes-lessmann-ceramique-poterie-d-atelier-vase-style-bauhaus-photo-de-couverture.jpg","datePublished":"2021-09-25T17:38:37+00:00","dateModified":"2024-08-09T16:25:15+00:00","description":"Vase con\u00e7u par Johannes Le\u00dfmann dans le style d'Otto Lindig (style Bauhaus), r\u00e9alis\u00e9 par la poterie \"Keramische Werkstatt Margaretenh\u00f6he\".","breadcrumb":{"@id":"https:\/\/www.robertzueblin.com\/fr\/johannes-lessmann\/vase-de-style-bauhaus\/#breadcrumb"},"inLanguage":"fr-FR","potentialAction":[{"@type":"ReadAction","target":["https:\/\/www.robertzueblin.com\/fr\/johannes-lessmann\/vase-de-style-bauhaus\/"]}]},{"@type":"ImageObject","inLanguage":"fr-FR","@id":"https:\/\/www.robertzueblin.com\/fr\/johannes-lessmann\/vase-de-style-bauhaus\/#primaryimage","url":"https:\/\/www.robertzueblin.com\/wp-content\/uploads\/johannes-lessmann-ceramique-poterie-d-atelier-vase-style-bauhaus-photo-de-couverture.jpg","contentUrl":"https:\/\/www.robertzueblin.com\/wp-content\/uploads\/johannes-lessmann-ceramique-poterie-d-atelier-vase-style-bauhaus-photo-de-couverture.jpg","width":1080,"height":1080},{"@type":"BreadcrumbList","@id":"https:\/\/www.robertzueblin.com\/fr\/johannes-lessmann\/vase-de-style-bauhaus\/#breadcrumb","itemListElement":[{"@type":"ListItem","position":1,"name":"Startseite","item":"https:\/\/www.robertzueblin.com\/fr\/"},{"@type":"ListItem","position":2,"name":"Galerie d&#8217;art en ligne (boutique en ligne)","item":"https:\/\/www.robertzueblin.com\/fr\/galerie-d-art-en-ligne\/"},{"@type":"ListItem","position":3,"name":"Johannes LE\u1e9eMANN (* 1903, \u2020 1944) &#8211; Vase de style Bauhaus &#8211; poterie d&#8217;atelier"}]},{"@type":"WebSite","@id":"https:\/\/www.robertzueblin.com\/fr\/#website","url":"https:\/\/www.robertzueblin.com\/fr\/","name":"ROBERT Z\u00dcBLIN","description":"","publisher":{"@id":"https:\/\/www.robertzueblin.com\/fr\/#organization"},"potentialAction":[{"@type":"SearchAction","target":{"@type":"EntryPoint","urlTemplate":"https:\/\/www.robertzueblin.com\/fr\/?s={search_term_string}"},"query-input":{"@type":"PropertyValueSpecification","valueRequired":true,"valueName":"search_term_string"}}],"inLanguage":"fr-FR"},{"@type":"Organization","@id":"https:\/\/www.robertzueblin.com\/fr\/#organization","name":"ROBERT Z\u00dcBLIN","url":"https:\/\/www.robertzueblin.com\/fr\/","logo":{"@type":"ImageObject","inLanguage":"fr-FR","@id":"https:\/\/www.robertzueblin.com\/fr\/#\/schema\/logo\/image\/","url":"https:\/\/www.robertzueblin.com\/wp-content\/uploads\/cropped-cropped-logo-von-robert-zueblin.jpg","contentUrl":"https:\/\/www.robertzueblin.com\/wp-content\/uploads\/cropped-cropped-logo-von-robert-zueblin.jpg","width":440,"height":60,"caption":"ROBERT Z\u00dcBLIN"},"image":{"@id":"https:\/\/www.robertzueblin.com\/fr\/#\/schema\/logo\/image\/"}}]}},"_links":{"self":[{"href":"https:\/\/www.robertzueblin.com\/fr\/wp-json\/wp\/v2\/product\/20356","targetHints":{"allow":["GET"]}}],"collection":[{"href":"https:\/\/www.robertzueblin.com\/fr\/wp-json\/wp\/v2\/product"}],"about":[{"href":"https:\/\/www.robertzueblin.com\/fr\/wp-json\/wp\/v2\/types\/product"}],"wp:featuredmedia":[{"embeddable":true,"href":"https:\/\/www.robertzueblin.com\/fr\/wp-json\/wp\/v2\/media\/20057"}],"wp:attachment":[{"href":"https:\/\/www.robertzueblin.com\/fr\/wp-json\/wp\/v2\/media?parent=20356"}],"wp:term":[{"taxonomy":"product_brand","embeddable":true,"href":"https:\/\/www.robertzueblin.com\/fr\/wp-json\/wp\/v2\/product_brand?post=20356"},{"taxonomy":"product_cat","embeddable":true,"href":"https:\/\/www.robertzueblin.com\/fr\/wp-json\/wp\/v2\/product_cat?post=20356"},{"taxonomy":"product_tag","embeddable":true,"href":"https:\/\/www.robertzueblin.com\/fr\/wp-json\/wp\/v2\/product_tag?post=20356"}],"curies":[{"name":"wp","href":"https:\/\/api.w.org\/{rel}","templated":true}]}}