{"id":20301,"date":"2021-10-09T10:41:07","date_gmt":"2021-10-09T08:41:07","guid":{"rendered":"https:\/\/www.robertzueblin.com\/?post_type=product&#038;p=20301"},"modified":"2025-08-29T18:11:34","modified_gmt":"2025-08-29T16:11:34","slug":"stephan-erdoes-1906-%e2%80%a0-1956-vase-debut-des-annees-1950","status":"publish","type":"product","link":"https:\/\/www.robertzueblin.com\/fr\/stephan-erdoes\/vase-debut-des-annees-1950\/","title":{"rendered":"Stephan ERD\u00d6S (* 1906, \u2020 1956) &#8211; Vase (d\u00e9but des ann\u00e9es 1950) &#8211; poterie d&rsquo;atelier"},"content":{"rendered":"<p><span style=\"font-family: AkkoPro-BoldCondensed!important\">Type :<\/span> <a href=\"\/?post_format=poterie-d-atelier-ceramique-de-studio\">poterie d&rsquo;atelier<\/a><\/p>\n<p><span style=\"font-family: AkkoPro-BoldCondensed!important\">\u00c9bauche :<\/span> <a href=\"https:\/\/www.robertzueblin.com\/fr\/stephan-erdoes\/\">Stephan Erd\u00f6s<\/a> (* 1906, \u2020 1956)<\/p>\n<p><span style=\"font-family: AkkoPro-BoldCondensed!important\">R\u00e9alisation :<\/span> Communaut\u00e9 d&rsquo;ateliers Erd\u00f6s<\/p>\n<p><span style=\"font-family: AkkoPro-BoldCondensed!important\">Objet :<\/span> vase<\/p>\n<p><span style=\"font-family: AkkoPro-BoldCondensed!important\">Dimensions :<\/span> hauteur : 8,5 cm, diam\u00e8tre : 13 cm<\/p>\n<p><span style=\"font-family: AkkoPro-BoldCondensed!important\">Tesson :<\/span> gris-brun fonc\u00e9<\/p>\n<p><span style=\"font-family: AkkoPro-BoldCondensed!important\">Surface :<\/span> vert, rouge<\/p>\n<p><span style=\"font-family: AkkoPro-BoldCondensed!important\">Ann\u00e9e de fabrication :<\/span> d\u00e9but des ann\u00e9es 1950<\/p>\n<p><span style=\"font-family: AkkoPro-BoldCondensed!important\">\u00c9tat :<\/span> intact<\/p>\n<p><span style=\"font-family: AkkoPro-BoldCondensed!important\">Signature\/marque :<\/span> SiEM 3405<\/p>\n<p><span style=\"font-family: AkkoPro-BoldCondensed!important\">D\u00e9tails :<\/span><br \/>\nVase en c\u00e9ramique tourn\u00e9 de l&rsquo;atelier commun de Stephan Erd\u00f6s et Ida Erd\u00f6s-Meisinger. Comme Ida Erd\u00f6s s&rsquo;occupait surtout de la fabrication de sculptures en c\u00e9ramique, notamment de figurines, ce vase aura \u00e9t\u00e9 r\u00e9alis\u00e9 par son mari Stephan Erd\u00f6s. Le c\u00e9ramiste Stephan Erd\u00f6s s&rsquo;est concentr\u00e9 exclusivement sur la c\u00e9ramique de r\u00e9cipient et a men\u00e9 des exp\u00e9riences sur l&rsquo;\u00e9mail [1].<\/p>\n<p>A c\u00f4t\u00e9 du tampon SiEM, le chiffre 3405 est inscrit sous le stand. La comparaison avec des pi\u00e8ces similaires [2] et la forme indiquent que le vase a \u00e9t\u00e9 cr\u00e9\u00e9 au d\u00e9but des ann\u00e9es 1950.<\/p>\n<p><em>Notes de bas de page :<\/em><br \/>\n1. Reineking v. Bock, Gisela : Keramik des 20. Jahrhunderts, Deutschland, M\u00fcnchen 1979, p. 140-141.<br \/>\n2. Spielmann, Heinz : Europ\u00e4ische Keramik seit 1950, Sammlung Dr. Hans Thiemann, Ein Bestandskatalog, Hamburg 1979, p. 130f.<\/p>\n","protected":false},"excerpt":{"rendered":"<p><span style=\"color: #e2401c;\">&#x25cf;<\/span><span> vendu<\/span><\/p>\n","protected":false},"featured_media":19930,"template":"","meta":[],"product_brand":[],"product_cat":[318],"product_tag":[],"class_list":["post-20301","product","type-product","status-publish","has-post-thumbnail","product_cat-stephan-erdoes","first","outofstock","shipping-taxable","product-type-simple"],"yoast_head":"<!-- This site is optimized with the Yoast SEO plugin v28.3 - https:\/\/yoast.com\/product\/yoast-seo-wordpress\/ -->\n<title>Stephan ERD\u00d6S (* 1906, \u2020 1956) - Vase (d\u00e9but des ann\u00e9es 1950)<\/title>\n<meta name=\"description\" content=\"Vase en poterie d&#039;atelier en vert et rouge de Stephan Erd\u00f6s, qui a fait des \u00e9tudes \u00e0 la Hochschule f\u00fcr angewandte Kunst de Vienne.\" \/>\n<meta name=\"robots\" content=\"index, follow, max-snippet:-1, max-image-preview:large, max-video-preview:-1\" \/>\n<link rel=\"canonical\" href=\"https:\/\/www.robertzueblin.com\/fr\/stephan-erdoes\/vase-debut-des-annees-1950\/\" \/>\n<meta property=\"og:locale\" content=\"fr_FR\" \/>\n<meta property=\"og:type\" content=\"article\" \/>\n<meta property=\"og:title\" content=\"Stephan ERD\u00d6S (* 1906, \u2020 1956) - Vase (d\u00e9but des ann\u00e9es 1950)\" \/>\n<meta property=\"og:description\" content=\"Vase en poterie d&#039;atelier en vert et rouge de Stephan Erd\u00f6s, qui a fait des \u00e9tudes \u00e0 la Hochschule f\u00fcr angewandte Kunst de Vienne.\" \/>\n<meta property=\"og:url\" content=\"https:\/\/www.robertzueblin.com\/fr\/stephan-erdoes\/vase-debut-des-annees-1950\/\" \/>\n<meta property=\"og:site_name\" content=\"ROBERT Z\u00dcBLIN\" \/>\n<meta property=\"article:modified_time\" content=\"2025-08-29T16:11:34+00:00\" \/>\n<meta property=\"og:image\" content=\"https:\/\/www.robertzueblin.com\/wp-content\/uploads\/stephan-erdoes-ceramique-poterie-d-atelier-vase-1950s-photo-de-couverture.jpg\" \/>\n\t<meta property=\"og:image:width\" content=\"1000\" \/>\n\t<meta property=\"og:image:height\" content=\"1000\" \/>\n\t<meta property=\"og:image:type\" content=\"image\/jpeg\" \/>\n<meta name=\"twitter:card\" content=\"summary_large_image\" \/>\n<script type=\"application\/ld+json\" class=\"yoast-schema-graph\">{\"@context\":\"https:\\\/\\\/schema.org\",\"@graph\":[{\"@type\":\"WebPage\",\"@id\":\"https:\\\/\\\/www.robertzueblin.com\\\/fr\\\/stephan-erdoes\\\/vase-debut-des-annees-1950\\\/\",\"url\":\"https:\\\/\\\/www.robertzueblin.com\\\/fr\\\/stephan-erdoes\\\/vase-debut-des-annees-1950\\\/\",\"name\":\"Stephan ERD\u00d6S (* 1906, \u2020 1956) - Vase (d\u00e9but des ann\u00e9es 1950)\",\"isPartOf\":{\"@id\":\"https:\\\/\\\/www.robertzueblin.com\\\/fr\\\/#website\"},\"primaryImageOfPage\":{\"@id\":\"https:\\\/\\\/www.robertzueblin.com\\\/fr\\\/stephan-erdoes\\\/vase-debut-des-annees-1950\\\/#primaryimage\"},\"image\":{\"@id\":\"https:\\\/\\\/www.robertzueblin.com\\\/fr\\\/stephan-erdoes\\\/vase-debut-des-annees-1950\\\/#primaryimage\"},\"thumbnailUrl\":\"https:\\\/\\\/www.robertzueblin.com\\\/wp-content\\\/uploads\\\/stephan-erdoes-ceramique-poterie-d-atelier-vase-1950s-photo-de-couverture.jpg\",\"datePublished\":\"2021-10-09T08:41:07+00:00\",\"dateModified\":\"2025-08-29T16:11:34+00:00\",\"description\":\"Vase en poterie d'atelier en vert et rouge de Stephan Erd\u00f6s, qui a fait des \u00e9tudes \u00e0 la Hochschule f\u00fcr angewandte Kunst de Vienne.\",\"breadcrumb\":{\"@id\":\"https:\\\/\\\/www.robertzueblin.com\\\/fr\\\/stephan-erdoes\\\/vase-debut-des-annees-1950\\\/#breadcrumb\"},\"inLanguage\":\"fr-FR\",\"potentialAction\":[{\"@type\":\"ReadAction\",\"target\":[\"https:\\\/\\\/www.robertzueblin.com\\\/fr\\\/stephan-erdoes\\\/vase-debut-des-annees-1950\\\/\"]}]},{\"@type\":\"ImageObject\",\"inLanguage\":\"fr-FR\",\"@id\":\"https:\\\/\\\/www.robertzueblin.com\\\/fr\\\/stephan-erdoes\\\/vase-debut-des-annees-1950\\\/#primaryimage\",\"url\":\"https:\\\/\\\/www.robertzueblin.com\\\/wp-content\\\/uploads\\\/stephan-erdoes-ceramique-poterie-d-atelier-vase-1950s-photo-de-couverture.jpg\",\"contentUrl\":\"https:\\\/\\\/www.robertzueblin.com\\\/wp-content\\\/uploads\\\/stephan-erdoes-ceramique-poterie-d-atelier-vase-1950s-photo-de-couverture.jpg\",\"width\":1000,\"height\":1000},{\"@type\":\"BreadcrumbList\",\"@id\":\"https:\\\/\\\/www.robertzueblin.com\\\/fr\\\/stephan-erdoes\\\/vase-debut-des-annees-1950\\\/#breadcrumb\",\"itemListElement\":[{\"@type\":\"ListItem\",\"position\":1,\"name\":\"Startseite\",\"item\":\"https:\\\/\\\/www.robertzueblin.com\\\/fr\\\/\"},{\"@type\":\"ListItem\",\"position\":2,\"name\":\"Galerie d&#8217;art en ligne (boutique en ligne)\",\"item\":\"https:\\\/\\\/www.robertzueblin.com\\\/fr\\\/galerie-d-art-en-ligne\\\/\"},{\"@type\":\"ListItem\",\"position\":3,\"name\":\"Stephan ERD\u00d6S (* 1906, \u2020 1956) &#8211; Vase (d\u00e9but des ann\u00e9es 1950) &#8211; poterie d&#8217;atelier\"}]},{\"@type\":\"WebSite\",\"@id\":\"https:\\\/\\\/www.robertzueblin.com\\\/fr\\\/#website\",\"url\":\"https:\\\/\\\/www.robertzueblin.com\\\/fr\\\/\",\"name\":\"ROBERT Z\u00dcBLIN\",\"description\":\"\",\"publisher\":{\"@id\":\"https:\\\/\\\/www.robertzueblin.com\\\/fr\\\/#organization\"},\"potentialAction\":[{\"@type\":\"SearchAction\",\"target\":{\"@type\":\"EntryPoint\",\"urlTemplate\":\"https:\\\/\\\/www.robertzueblin.com\\\/fr\\\/?s={search_term_string}\"},\"query-input\":{\"@type\":\"PropertyValueSpecification\",\"valueRequired\":true,\"valueName\":\"search_term_string\"}}],\"inLanguage\":\"fr-FR\"},{\"@type\":\"Organization\",\"@id\":\"https:\\\/\\\/www.robertzueblin.com\\\/fr\\\/#organization\",\"name\":\"ROBERT Z\u00dcBLIN\",\"url\":\"https:\\\/\\\/www.robertzueblin.com\\\/fr\\\/\",\"logo\":{\"@type\":\"ImageObject\",\"inLanguage\":\"fr-FR\",\"@id\":\"https:\\\/\\\/www.robertzueblin.com\\\/fr\\\/#\\\/schema\\\/logo\\\/image\\\/\",\"url\":\"https:\\\/\\\/www.robertzueblin.com\\\/wp-content\\\/uploads\\\/cropped-logo-robert-zueblin-art-dealer-zurich.jpg\",\"contentUrl\":\"https:\\\/\\\/www.robertzueblin.com\\\/wp-content\\\/uploads\\\/cropped-logo-robert-zueblin-art-dealer-zurich.jpg\",\"width\":440,\"height\":120,\"caption\":\"ROBERT Z\u00dcBLIN\"},\"image\":{\"@id\":\"https:\\\/\\\/www.robertzueblin.com\\\/fr\\\/#\\\/schema\\\/logo\\\/image\\\/\"}}]}<\/script>\n<!-- \/ Yoast SEO plugin. -->","yoast_head_json":{"title":"Stephan ERD\u00d6S (* 1906, \u2020 1956) - Vase (d\u00e9but des ann\u00e9es 1950)","description":"Vase en poterie d'atelier en vert et rouge de Stephan Erd\u00f6s, qui a fait des \u00e9tudes \u00e0 la Hochschule f\u00fcr angewandte Kunst de Vienne.","robots":{"index":"index","follow":"follow","max-snippet":"max-snippet:-1","max-image-preview":"max-image-preview:large","max-video-preview":"max-video-preview:-1"},"canonical":"https:\/\/www.robertzueblin.com\/fr\/stephan-erdoes\/vase-debut-des-annees-1950\/","og_locale":"fr_FR","og_type":"article","og_title":"Stephan ERD\u00d6S (* 1906, \u2020 1956) - Vase (d\u00e9but des ann\u00e9es 1950)","og_description":"Vase en poterie d'atelier en vert et rouge de Stephan Erd\u00f6s, qui a fait des \u00e9tudes \u00e0 la Hochschule f\u00fcr angewandte Kunst de Vienne.","og_url":"https:\/\/www.robertzueblin.com\/fr\/stephan-erdoes\/vase-debut-des-annees-1950\/","og_site_name":"ROBERT Z\u00dcBLIN","article_modified_time":"2025-08-29T16:11:34+00:00","og_image":[{"width":1000,"height":1000,"url":"https:\/\/www.robertzueblin.com\/wp-content\/uploads\/stephan-erdoes-ceramique-poterie-d-atelier-vase-1950s-photo-de-couverture.jpg","type":"image\/jpeg"}],"twitter_card":"summary_large_image","schema":{"@context":"https:\/\/schema.org","@graph":[{"@type":"WebPage","@id":"https:\/\/www.robertzueblin.com\/fr\/stephan-erdoes\/vase-debut-des-annees-1950\/","url":"https:\/\/www.robertzueblin.com\/fr\/stephan-erdoes\/vase-debut-des-annees-1950\/","name":"Stephan ERD\u00d6S (* 1906, \u2020 1956) - Vase (d\u00e9but des ann\u00e9es 1950)","isPartOf":{"@id":"https:\/\/www.robertzueblin.com\/fr\/#website"},"primaryImageOfPage":{"@id":"https:\/\/www.robertzueblin.com\/fr\/stephan-erdoes\/vase-debut-des-annees-1950\/#primaryimage"},"image":{"@id":"https:\/\/www.robertzueblin.com\/fr\/stephan-erdoes\/vase-debut-des-annees-1950\/#primaryimage"},"thumbnailUrl":"https:\/\/www.robertzueblin.com\/wp-content\/uploads\/stephan-erdoes-ceramique-poterie-d-atelier-vase-1950s-photo-de-couverture.jpg","datePublished":"2021-10-09T08:41:07+00:00","dateModified":"2025-08-29T16:11:34+00:00","description":"Vase en poterie d'atelier en vert et rouge de Stephan Erd\u00f6s, qui a fait des \u00e9tudes \u00e0 la Hochschule f\u00fcr angewandte Kunst de Vienne.","breadcrumb":{"@id":"https:\/\/www.robertzueblin.com\/fr\/stephan-erdoes\/vase-debut-des-annees-1950\/#breadcrumb"},"inLanguage":"fr-FR","potentialAction":[{"@type":"ReadAction","target":["https:\/\/www.robertzueblin.com\/fr\/stephan-erdoes\/vase-debut-des-annees-1950\/"]}]},{"@type":"ImageObject","inLanguage":"fr-FR","@id":"https:\/\/www.robertzueblin.com\/fr\/stephan-erdoes\/vase-debut-des-annees-1950\/#primaryimage","url":"https:\/\/www.robertzueblin.com\/wp-content\/uploads\/stephan-erdoes-ceramique-poterie-d-atelier-vase-1950s-photo-de-couverture.jpg","contentUrl":"https:\/\/www.robertzueblin.com\/wp-content\/uploads\/stephan-erdoes-ceramique-poterie-d-atelier-vase-1950s-photo-de-couverture.jpg","width":1000,"height":1000},{"@type":"BreadcrumbList","@id":"https:\/\/www.robertzueblin.com\/fr\/stephan-erdoes\/vase-debut-des-annees-1950\/#breadcrumb","itemListElement":[{"@type":"ListItem","position":1,"name":"Startseite","item":"https:\/\/www.robertzueblin.com\/fr\/"},{"@type":"ListItem","position":2,"name":"Galerie d&#8217;art en ligne (boutique en ligne)","item":"https:\/\/www.robertzueblin.com\/fr\/galerie-d-art-en-ligne\/"},{"@type":"ListItem","position":3,"name":"Stephan ERD\u00d6S (* 1906, \u2020 1956) &#8211; Vase (d\u00e9but des ann\u00e9es 1950) &#8211; poterie d&#8217;atelier"}]},{"@type":"WebSite","@id":"https:\/\/www.robertzueblin.com\/fr\/#website","url":"https:\/\/www.robertzueblin.com\/fr\/","name":"ROBERT Z\u00dcBLIN","description":"","publisher":{"@id":"https:\/\/www.robertzueblin.com\/fr\/#organization"},"potentialAction":[{"@type":"SearchAction","target":{"@type":"EntryPoint","urlTemplate":"https:\/\/www.robertzueblin.com\/fr\/?s={search_term_string}"},"query-input":{"@type":"PropertyValueSpecification","valueRequired":true,"valueName":"search_term_string"}}],"inLanguage":"fr-FR"},{"@type":"Organization","@id":"https:\/\/www.robertzueblin.com\/fr\/#organization","name":"ROBERT Z\u00dcBLIN","url":"https:\/\/www.robertzueblin.com\/fr\/","logo":{"@type":"ImageObject","inLanguage":"fr-FR","@id":"https:\/\/www.robertzueblin.com\/fr\/#\/schema\/logo\/image\/","url":"https:\/\/www.robertzueblin.com\/wp-content\/uploads\/cropped-logo-robert-zueblin-art-dealer-zurich.jpg","contentUrl":"https:\/\/www.robertzueblin.com\/wp-content\/uploads\/cropped-logo-robert-zueblin-art-dealer-zurich.jpg","width":440,"height":120,"caption":"ROBERT Z\u00dcBLIN"},"image":{"@id":"https:\/\/www.robertzueblin.com\/fr\/#\/schema\/logo\/image\/"}}]}},"permalink_manager":null,"_links":{"self":[{"href":"https:\/\/www.robertzueblin.com\/fr\/wp-json\/wp\/v2\/product\/20301","targetHints":{"allow":["GET"]}}],"collection":[{"href":"https:\/\/www.robertzueblin.com\/fr\/wp-json\/wp\/v2\/product"}],"about":[{"href":"https:\/\/www.robertzueblin.com\/fr\/wp-json\/wp\/v2\/types\/product"}],"wp:featuredmedia":[{"embeddable":true,"href":"https:\/\/www.robertzueblin.com\/fr\/wp-json\/wp\/v2\/media\/19930"}],"wp:attachment":[{"href":"https:\/\/www.robertzueblin.com\/fr\/wp-json\/wp\/v2\/media?parent=20301"}],"wp:term":[{"taxonomy":"product_brand","embeddable":true,"href":"https:\/\/www.robertzueblin.com\/fr\/wp-json\/wp\/v2\/product_brand?post=20301"},{"taxonomy":"product_cat","embeddable":true,"href":"https:\/\/www.robertzueblin.com\/fr\/wp-json\/wp\/v2\/product_cat?post=20301"},{"taxonomy":"product_tag","embeddable":true,"href":"https:\/\/www.robertzueblin.com\/fr\/wp-json\/wp\/v2\/product_tag?post=20301"}],"curies":[{"name":"wp","href":"https:\/\/api.w.org\/{rel}","templated":true}]}}