{"id":41742,"date":"2024-12-13T12:50:28","date_gmt":"2024-12-13T11:50:28","guid":{"rendered":"https:\/\/www.robertzueblin.com\/?post_type=product&#038;p=41742"},"modified":"2025-11-20T11:50:05","modified_gmt":"2025-11-20T10:50:05","slug":"johannes-lessmann-1903-%e2%80%a0-1944-jarron-con-esmalte-de-lustre-marron-ceramica-de-taller","status":"publish","type":"product","link":"https:\/\/www.robertzueblin.com\/es\/johannes-lessmann\/jarron-con-esmalte-de-lustre-marron-ceramica-de-taller\/","title":{"rendered":"Johannes LE\u1e9eMANN (* 1903, \u2020 1944) &#8211; Jarr\u00f3n con esmalte de lustre marr\u00f3n &#8211; Cer\u00e1mica de taller"},"content":{"rendered":"<p><span style=\"font-family: AkkoPro-BoldCondensed!important\">Tipo:<\/span> <a href=\"https:\/\/www.robertzueblin.com\/es\/tipo\/ceramica-artistica-ceramica-artesanal-ceramica-de-taller\/\">cer\u00e1mica de taller<\/a><\/p>\n<p><span style=\"font-family: AkkoPro-BoldCondensed!important\">Dise\u00f1o:<\/span> <a href=\"https:\/\/www.robertzueblin.com\/es\/johannes-lessmann\/\">Johannes Le\u00dfmann<\/a> (* 1903, \u2020 1944)<\/p>\n<p><span style=\"font-family: AkkoPro-BoldCondensed!important\">Ejecuci\u00f3n:<\/span> Taller de cer\u00e1mica Margaretenh\u00f6he<\/p>\n<p><span style=\"font-family: AkkoPro-BoldCondensed!important\">Objeto:<\/span> jarr\u00f3n<\/p>\n<p><span style=\"font-family: AkkoPro-BoldCondensed!important\">Dimensiones:<\/span> altura: 18,4 cm, ancho: 18,5 cm<\/p>\n<p><span style=\"font-family: AkkoPro-BoldCondensed!important\">Cuerpo:<\/span> claro<\/p>\n<p><span style=\"font-family: AkkoPro-BoldCondensed!important\">Superficie:<\/span> exterior: esmalte marr\u00f3n y reflejo met\u00e1lico; interior: blanco<\/p>\n<p><span style=\"font-family: AkkoPro-BoldCondensed!important\">Per\u00edodo de producci\u00f3n:<\/span> alrededor de 1930<\/p>\n<p><span style=\"font-family: AkkoPro-BoldCondensed!important\">Estado:<\/span> ara\u00f1azos en la parte central, pero apenas visibles<\/p>\n<p><span style=\"font-family: AkkoPro-BoldCondensed!important\">Firma\/marca:<\/span> T en M en un arco sobre una l\u00ednea con una raya en la parte inferior izquierda<\/p>\n","protected":false},"excerpt":{"rendered":"<p><span style=\"color: #e2401c;\">&#x25cf;<\/span><span> vendido<\/span><\/p>\n","protected":false},"featured_media":41746,"template":"","meta":[],"product_brand":[],"product_cat":[204,189],"product_tag":[],"class_list":{"0":"post-41742","1":"product","2":"type-product","3":"status-publish","4":"has-post-thumbnail","6":"product_cat-bauhaus","7":"product_cat-johannes-lessmann","9":"first","10":"outofstock","11":"sold-individually","12":"shipping-taxable","13":"product-type-simple"},"yoast_head":"<!-- This site is optimized with the Yoast SEO plugin v27.5 - https:\/\/yoast.com\/product\/yoast-seo-wordpress\/ -->\n<title>Johannes LE\u1e9eMANN - Jarr\u00f3n con esmalte de lustre marr\u00f3n<\/title>\n<meta name=\"description\" content=\"Cer\u00e1mica de Johannes Le\u00dfmann, que estudi\u00f3 con Otto Lindig, del que deriva el estilo similar; jarr\u00f3n con esmalte de reflejo met\u00e1lico marr\u00f3n.\" \/>\n<meta name=\"robots\" content=\"index, follow, max-snippet:-1, max-image-preview:large, max-video-preview:-1\" \/>\n<link rel=\"canonical\" href=\"https:\/\/www.robertzueblin.com\/es\/johannes-lessmann\/jarron-con-esmalte-de-lustre-marron-ceramica-de-taller\/\" \/>\n<meta property=\"og:locale\" content=\"es_ES\" \/>\n<meta property=\"og:type\" content=\"article\" \/>\n<meta property=\"og:title\" content=\"Johannes LE\u1e9eMANN - Jarr\u00f3n con esmalte de lustre marr\u00f3n\" \/>\n<meta property=\"og:description\" content=\"Cer\u00e1mica de Johannes Le\u00dfmann, que estudi\u00f3 con Otto Lindig, del que deriva el estilo similar; jarr\u00f3n con esmalte de reflejo met\u00e1lico marr\u00f3n.\" \/>\n<meta property=\"og:url\" content=\"https:\/\/www.robertzueblin.com\/es\/johannes-lessmann\/jarron-con-esmalte-de-lustre-marron-ceramica-de-taller\/\" \/>\n<meta property=\"og:site_name\" content=\"ROBERT Z\u00dcBLIN\" \/>\n<meta property=\"article:modified_time\" content=\"2025-11-20T10:50:05+00:00\" \/>\n<meta property=\"og:image\" content=\"https:\/\/www.robertzueblin.com\/wp-content\/uploads\/johannes-lessmann-ceramica-taller-jarron-esmalte-lustre-marron-foto-titulo.jpg\" \/>\n\t<meta property=\"og:image:width\" content=\"1000\" \/>\n\t<meta property=\"og:image:height\" content=\"1000\" \/>\n\t<meta property=\"og:image:type\" content=\"image\/jpeg\" \/>\n<meta name=\"twitter:card\" content=\"summary_large_image\" \/>\n<script type=\"application\/ld+json\" class=\"yoast-schema-graph\">{\"@context\":\"https:\\\/\\\/schema.org\",\"@graph\":[{\"@type\":\"WebPage\",\"@id\":\"https:\\\/\\\/www.robertzueblin.com\\\/es\\\/johannes-lessmann\\\/jarron-con-esmalte-de-lustre-marron-ceramica-de-taller\\\/\",\"url\":\"https:\\\/\\\/www.robertzueblin.com\\\/es\\\/johannes-lessmann\\\/jarron-con-esmalte-de-lustre-marron-ceramica-de-taller\\\/\",\"name\":\"Johannes LE\u1e9eMANN - Jarr\u00f3n con esmalte de lustre marr\u00f3n\",\"isPartOf\":{\"@id\":\"https:\\\/\\\/www.robertzueblin.com\\\/es\\\/#website\"},\"primaryImageOfPage\":{\"@id\":\"https:\\\/\\\/www.robertzueblin.com\\\/es\\\/johannes-lessmann\\\/jarron-con-esmalte-de-lustre-marron-ceramica-de-taller\\\/#primaryimage\"},\"image\":{\"@id\":\"https:\\\/\\\/www.robertzueblin.com\\\/es\\\/johannes-lessmann\\\/jarron-con-esmalte-de-lustre-marron-ceramica-de-taller\\\/#primaryimage\"},\"thumbnailUrl\":\"https:\\\/\\\/www.robertzueblin.com\\\/wp-content\\\/uploads\\\/johannes-lessmann-ceramica-taller-jarron-esmalte-lustre-marron-foto-titulo.jpg\",\"datePublished\":\"2024-12-13T11:50:28+00:00\",\"dateModified\":\"2025-11-20T10:50:05+00:00\",\"description\":\"Cer\u00e1mica de Johannes Le\u00dfmann, que estudi\u00f3 con Otto Lindig, del que deriva el estilo similar; jarr\u00f3n con esmalte de reflejo met\u00e1lico marr\u00f3n.\",\"breadcrumb\":{\"@id\":\"https:\\\/\\\/www.robertzueblin.com\\\/es\\\/johannes-lessmann\\\/jarron-con-esmalte-de-lustre-marron-ceramica-de-taller\\\/#breadcrumb\"},\"inLanguage\":\"es\",\"potentialAction\":[{\"@type\":\"ReadAction\",\"target\":[\"https:\\\/\\\/www.robertzueblin.com\\\/es\\\/johannes-lessmann\\\/jarron-con-esmalte-de-lustre-marron-ceramica-de-taller\\\/\"]}]},{\"@type\":\"ImageObject\",\"inLanguage\":\"es\",\"@id\":\"https:\\\/\\\/www.robertzueblin.com\\\/es\\\/johannes-lessmann\\\/jarron-con-esmalte-de-lustre-marron-ceramica-de-taller\\\/#primaryimage\",\"url\":\"https:\\\/\\\/www.robertzueblin.com\\\/wp-content\\\/uploads\\\/johannes-lessmann-ceramica-taller-jarron-esmalte-lustre-marron-foto-titulo.jpg\",\"contentUrl\":\"https:\\\/\\\/www.robertzueblin.com\\\/wp-content\\\/uploads\\\/johannes-lessmann-ceramica-taller-jarron-esmalte-lustre-marron-foto-titulo.jpg\",\"width\":1000,\"height\":1000},{\"@type\":\"BreadcrumbList\",\"@id\":\"https:\\\/\\\/www.robertzueblin.com\\\/es\\\/johannes-lessmann\\\/jarron-con-esmalte-de-lustre-marron-ceramica-de-taller\\\/#breadcrumb\",\"itemListElement\":[{\"@type\":\"ListItem\",\"position\":1,\"name\":\"Startseite\",\"item\":\"https:\\\/\\\/www.robertzueblin.com\\\/es\\\/\"},{\"@type\":\"ListItem\",\"position\":2,\"name\":\"Galer\u00eda de arte online (tienda online)\",\"item\":\"https:\\\/\\\/www.robertzueblin.com\\\/es\\\/galeria-de-arte-online\\\/\"},{\"@type\":\"ListItem\",\"position\":3,\"name\":\"Johannes LE\u1e9eMANN (* 1903, \u2020 1944) &#8211; Jarr\u00f3n con esmalte de lustre marr\u00f3n &#8211; Cer\u00e1mica de taller\"}]},{\"@type\":\"WebSite\",\"@id\":\"https:\\\/\\\/www.robertzueblin.com\\\/es\\\/#website\",\"url\":\"https:\\\/\\\/www.robertzueblin.com\\\/es\\\/\",\"name\":\"ROBERT Z\u00dcBLIN\",\"description\":\"\",\"publisher\":{\"@id\":\"https:\\\/\\\/www.robertzueblin.com\\\/es\\\/#organization\"},\"potentialAction\":[{\"@type\":\"SearchAction\",\"target\":{\"@type\":\"EntryPoint\",\"urlTemplate\":\"https:\\\/\\\/www.robertzueblin.com\\\/es\\\/?s={search_term_string}\"},\"query-input\":{\"@type\":\"PropertyValueSpecification\",\"valueRequired\":true,\"valueName\":\"search_term_string\"}}],\"inLanguage\":\"es\"},{\"@type\":\"Organization\",\"@id\":\"https:\\\/\\\/www.robertzueblin.com\\\/es\\\/#organization\",\"name\":\"ROBERT Z\u00dcBLIN\",\"url\":\"https:\\\/\\\/www.robertzueblin.com\\\/es\\\/\",\"logo\":{\"@type\":\"ImageObject\",\"inLanguage\":\"es\",\"@id\":\"https:\\\/\\\/www.robertzueblin.com\\\/es\\\/#\\\/schema\\\/logo\\\/image\\\/\",\"url\":\"https:\\\/\\\/www.robertzueblin.com\\\/wp-content\\\/uploads\\\/cropped-cropped-logo-von-robert-zueblin.jpg\",\"contentUrl\":\"https:\\\/\\\/www.robertzueblin.com\\\/wp-content\\\/uploads\\\/cropped-cropped-logo-von-robert-zueblin.jpg\",\"width\":440,\"height\":60,\"caption\":\"ROBERT Z\u00dcBLIN\"},\"image\":{\"@id\":\"https:\\\/\\\/www.robertzueblin.com\\\/es\\\/#\\\/schema\\\/logo\\\/image\\\/\"}}]}<\/script>\n<!-- \/ Yoast SEO plugin. -->","yoast_head_json":{"title":"Johannes LE\u1e9eMANN - Jarr\u00f3n con esmalte de lustre marr\u00f3n","description":"Cer\u00e1mica de Johannes Le\u00dfmann, que estudi\u00f3 con Otto Lindig, del que deriva el estilo similar; jarr\u00f3n con esmalte de reflejo met\u00e1lico marr\u00f3n.","robots":{"index":"index","follow":"follow","max-snippet":"max-snippet:-1","max-image-preview":"max-image-preview:large","max-video-preview":"max-video-preview:-1"},"canonical":"https:\/\/www.robertzueblin.com\/es\/johannes-lessmann\/jarron-con-esmalte-de-lustre-marron-ceramica-de-taller\/","og_locale":"es_ES","og_type":"article","og_title":"Johannes LE\u1e9eMANN - Jarr\u00f3n con esmalte de lustre marr\u00f3n","og_description":"Cer\u00e1mica de Johannes Le\u00dfmann, que estudi\u00f3 con Otto Lindig, del que deriva el estilo similar; jarr\u00f3n con esmalte de reflejo met\u00e1lico marr\u00f3n.","og_url":"https:\/\/www.robertzueblin.com\/es\/johannes-lessmann\/jarron-con-esmalte-de-lustre-marron-ceramica-de-taller\/","og_site_name":"ROBERT Z\u00dcBLIN","article_modified_time":"2025-11-20T10:50:05+00:00","og_image":[{"width":1000,"height":1000,"url":"https:\/\/www.robertzueblin.com\/wp-content\/uploads\/johannes-lessmann-ceramica-taller-jarron-esmalte-lustre-marron-foto-titulo.jpg","type":"image\/jpeg"}],"twitter_card":"summary_large_image","schema":{"@context":"https:\/\/schema.org","@graph":[{"@type":"WebPage","@id":"https:\/\/www.robertzueblin.com\/es\/johannes-lessmann\/jarron-con-esmalte-de-lustre-marron-ceramica-de-taller\/","url":"https:\/\/www.robertzueblin.com\/es\/johannes-lessmann\/jarron-con-esmalte-de-lustre-marron-ceramica-de-taller\/","name":"Johannes LE\u1e9eMANN - Jarr\u00f3n con esmalte de lustre marr\u00f3n","isPartOf":{"@id":"https:\/\/www.robertzueblin.com\/es\/#website"},"primaryImageOfPage":{"@id":"https:\/\/www.robertzueblin.com\/es\/johannes-lessmann\/jarron-con-esmalte-de-lustre-marron-ceramica-de-taller\/#primaryimage"},"image":{"@id":"https:\/\/www.robertzueblin.com\/es\/johannes-lessmann\/jarron-con-esmalte-de-lustre-marron-ceramica-de-taller\/#primaryimage"},"thumbnailUrl":"https:\/\/www.robertzueblin.com\/wp-content\/uploads\/johannes-lessmann-ceramica-taller-jarron-esmalte-lustre-marron-foto-titulo.jpg","datePublished":"2024-12-13T11:50:28+00:00","dateModified":"2025-11-20T10:50:05+00:00","description":"Cer\u00e1mica de Johannes Le\u00dfmann, que estudi\u00f3 con Otto Lindig, del que deriva el estilo similar; jarr\u00f3n con esmalte de reflejo met\u00e1lico marr\u00f3n.","breadcrumb":{"@id":"https:\/\/www.robertzueblin.com\/es\/johannes-lessmann\/jarron-con-esmalte-de-lustre-marron-ceramica-de-taller\/#breadcrumb"},"inLanguage":"es","potentialAction":[{"@type":"ReadAction","target":["https:\/\/www.robertzueblin.com\/es\/johannes-lessmann\/jarron-con-esmalte-de-lustre-marron-ceramica-de-taller\/"]}]},{"@type":"ImageObject","inLanguage":"es","@id":"https:\/\/www.robertzueblin.com\/es\/johannes-lessmann\/jarron-con-esmalte-de-lustre-marron-ceramica-de-taller\/#primaryimage","url":"https:\/\/www.robertzueblin.com\/wp-content\/uploads\/johannes-lessmann-ceramica-taller-jarron-esmalte-lustre-marron-foto-titulo.jpg","contentUrl":"https:\/\/www.robertzueblin.com\/wp-content\/uploads\/johannes-lessmann-ceramica-taller-jarron-esmalte-lustre-marron-foto-titulo.jpg","width":1000,"height":1000},{"@type":"BreadcrumbList","@id":"https:\/\/www.robertzueblin.com\/es\/johannes-lessmann\/jarron-con-esmalte-de-lustre-marron-ceramica-de-taller\/#breadcrumb","itemListElement":[{"@type":"ListItem","position":1,"name":"Startseite","item":"https:\/\/www.robertzueblin.com\/es\/"},{"@type":"ListItem","position":2,"name":"Galer\u00eda de arte online (tienda online)","item":"https:\/\/www.robertzueblin.com\/es\/galeria-de-arte-online\/"},{"@type":"ListItem","position":3,"name":"Johannes LE\u1e9eMANN (* 1903, \u2020 1944) &#8211; Jarr\u00f3n con esmalte de lustre marr\u00f3n &#8211; Cer\u00e1mica de taller"}]},{"@type":"WebSite","@id":"https:\/\/www.robertzueblin.com\/es\/#website","url":"https:\/\/www.robertzueblin.com\/es\/","name":"ROBERT Z\u00dcBLIN","description":"","publisher":{"@id":"https:\/\/www.robertzueblin.com\/es\/#organization"},"potentialAction":[{"@type":"SearchAction","target":{"@type":"EntryPoint","urlTemplate":"https:\/\/www.robertzueblin.com\/es\/?s={search_term_string}"},"query-input":{"@type":"PropertyValueSpecification","valueRequired":true,"valueName":"search_term_string"}}],"inLanguage":"es"},{"@type":"Organization","@id":"https:\/\/www.robertzueblin.com\/es\/#organization","name":"ROBERT Z\u00dcBLIN","url":"https:\/\/www.robertzueblin.com\/es\/","logo":{"@type":"ImageObject","inLanguage":"es","@id":"https:\/\/www.robertzueblin.com\/es\/#\/schema\/logo\/image\/","url":"https:\/\/www.robertzueblin.com\/wp-content\/uploads\/cropped-cropped-logo-von-robert-zueblin.jpg","contentUrl":"https:\/\/www.robertzueblin.com\/wp-content\/uploads\/cropped-cropped-logo-von-robert-zueblin.jpg","width":440,"height":60,"caption":"ROBERT Z\u00dcBLIN"},"image":{"@id":"https:\/\/www.robertzueblin.com\/es\/#\/schema\/logo\/image\/"}}]}},"_links":{"self":[{"href":"https:\/\/www.robertzueblin.com\/es\/wp-json\/wp\/v2\/product\/41742","targetHints":{"allow":["GET"]}}],"collection":[{"href":"https:\/\/www.robertzueblin.com\/es\/wp-json\/wp\/v2\/product"}],"about":[{"href":"https:\/\/www.robertzueblin.com\/es\/wp-json\/wp\/v2\/types\/product"}],"wp:featuredmedia":[{"embeddable":true,"href":"https:\/\/www.robertzueblin.com\/es\/wp-json\/wp\/v2\/media\/41746"}],"wp:attachment":[{"href":"https:\/\/www.robertzueblin.com\/es\/wp-json\/wp\/v2\/media?parent=41742"}],"wp:term":[{"taxonomy":"product_brand","embeddable":true,"href":"https:\/\/www.robertzueblin.com\/es\/wp-json\/wp\/v2\/product_brand?post=41742"},{"taxonomy":"product_cat","embeddable":true,"href":"https:\/\/www.robertzueblin.com\/es\/wp-json\/wp\/v2\/product_cat?post=41742"},{"taxonomy":"product_tag","embeddable":true,"href":"https:\/\/www.robertzueblin.com\/es\/wp-json\/wp\/v2\/product_tag?post=41742"}],"curies":[{"name":"wp","href":"https:\/\/api.w.org\/{rel}","templated":true}]}}