{"id":33353,"date":"2023-07-11T18:49:55","date_gmt":"2023-07-11T16:49:55","guid":{"rendered":"https:\/\/www.robertzueblin.com\/?post_type=product&#038;p=33353"},"modified":"2025-09-25T20:08:58","modified_gmt":"2025-09-25T18:08:58","slug":"theodor-streit-1931-%e2%80%a0-2018-en-el-paso-de-bernina-pintura-al-oleo","status":"publish","type":"product","link":"https:\/\/www.robertzueblin.com\/es\/theodor-streit\/en-el-paso-de-bernina-pintura-al-oleo\/","title":{"rendered":"Theodor STREIT (* 1905, \u2020 1986) &#8211; En el paso de Bernina &#8211; Pintura al \u00f3leo"},"content":{"rendered":"<p><span style=\"font-family: AkkoPro-BoldCondensed!important\">Tipo:<\/span> <a href=\"https:\/\/www.robertzueblin.com\/es\/tipo\/pintura\/\">pintura<\/a><\/p>\n<p><span style=\"font-family: AkkoPro-BoldCondensed!important\">Pintor:<\/span> Theodor Streit (Theo Streit)<\/p>\n<p><span style=\"font-family: AkkoPro-BoldCondensed!important\">Objeto:<\/span> pintura al \u00f3leo<\/p>\n<p><span style=\"font-family: AkkoPro-BoldCondensed!important\">Material:<\/span> \u00f3leo sobre tabla<\/p>\n<p><span style=\"font-family: AkkoPro-BoldCondensed!important\">Dimensiones:<\/span> medida del marco exterior: alto: 46,5 cm, ancho: 55,5 cm; medida del marco interior: 22,5 cm, ancho: 32 cm<\/p>\n<p><span style=\"font-family: AkkoPro-BoldCondensed!important\">A\u00f1o de producci\u00f3n:<\/span> desconocido<\/p>\n<p><span style=\"font-family: AkkoPro-BoldCondensed!important\">Estado:<\/span> cuadro sin da\u00f1os en el anverso; l\u00e1mina foxada en el reverso; el marco presenta en parte manchas, impresiones, abrasiones y golpes.<\/p>\n<p><span style=\"font-family: AkkoPro-BoldCondensed!important\">Firma\/marca:<\/span> T en S<\/p>\n<p><span style=\"font-family: AkkoPro-BoldCondensed!important\">Detalles:<\/span><br \/>\nEl pintor suizo Theodor Streit (tambi\u00e9n conocido como Theo Streit) pint\u00f3 muchos motivos monta\u00f1osos o alpinos, como el paso del Bernina en este \u00f3leo.<\/p>\n<p>En el reverso de la foto est\u00e1 escrito \u00abTh. Streit\u00bb, debajo \u00abG\u00fcmligen\u00bb y ligeramente a la derecha \u00abam Berninapass\u00bb.<\/p>\n","protected":false},"excerpt":{"rendered":"<p>Tipo: pintura Pintor: Theodor Streit (Theo Streit) Objeto: pintura al \u00f3leo Material: \u00f3leo sobre tabla Dimensiones: medida del marco exterior: alto: 46,5 cm, ancho: 55,5 cm; medida del marco interior: 22,5 cm, ancho: 32 cm A\u00f1o de producci\u00f3n: desconocido Estado: cuadro sin da\u00f1os en el anverso; l\u00e1mina foxada en el reverso; el marco presenta en [&hellip;]<\/p>\n","protected":false},"featured_media":33363,"template":"","meta":[],"product_brand":[],"product_cat":[778,498,473],"product_tag":[],"class_list":{"0":"post-33353","1":"product","2":"type-product","3":"status-publish","4":"has-post-thumbnail","6":"product_cat-pintura","7":"product_cat-cuadros-al-oleo","8":"product_cat-theodor-streit","10":"first","11":"instock","12":"sold-individually","13":"shipping-taxable","14":"purchasable","15":"product-type-simple"},"yoast_head":"<!-- This site is optimized with the Yoast SEO plugin v27.5 - https:\/\/yoast.com\/product\/yoast-seo-wordpress\/ -->\n<title>Theodor STREIT - En el paso de Bernina - Pintura al \u00f3leo<\/title>\n<meta name=\"description\" content=\"Theodor Streit (tambi\u00e9n conocido como Theo Streit) pint\u00f3 muchos motivos monta\u00f1osos o alpinos, como el \u00f3leo del paso del Bernina que aparece aqu\u00ed\" \/>\n<meta name=\"robots\" content=\"index, follow, max-snippet:-1, max-image-preview:large, max-video-preview:-1\" \/>\n<link rel=\"canonical\" href=\"https:\/\/www.robertzueblin.com\/es\/theodor-streit\/en-el-paso-de-bernina-pintura-al-oleo\/\" \/>\n<meta property=\"og:locale\" content=\"es_ES\" \/>\n<meta property=\"og:type\" content=\"article\" \/>\n<meta property=\"og:title\" content=\"Theodor STREIT - En el paso de Bernina - Pintura al \u00f3leo\" \/>\n<meta property=\"og:description\" content=\"Theodor Streit (tambi\u00e9n conocido como Theo Streit) pint\u00f3 muchos motivos monta\u00f1osos o alpinos, como el \u00f3leo del paso del Bernina que aparece aqu\u00ed\" \/>\n<meta property=\"og:url\" content=\"https:\/\/www.robertzueblin.com\/es\/theodor-streit\/en-el-paso-de-bernina-pintura-al-oleo\/\" \/>\n<meta property=\"og:site_name\" content=\"ROBERT Z\u00dcBLIN\" \/>\n<meta property=\"article:modified_time\" content=\"2025-09-25T18:08:58+00:00\" \/>\n<meta property=\"og:image\" content=\"https:\/\/www.robertzueblin.com\/wp-content\/uploads\/theodor-streit-pintura-oleo-paso-de-bernina-con-marco-foto-titulo.jpg\" \/>\n\t<meta property=\"og:image:width\" content=\"1200\" \/>\n\t<meta property=\"og:image:height\" content=\"1004\" \/>\n\t<meta property=\"og:image:type\" content=\"image\/jpeg\" \/>\n<meta name=\"twitter:card\" content=\"summary_large_image\" \/>\n<script type=\"application\/ld+json\" class=\"yoast-schema-graph\">{\"@context\":\"https:\\\/\\\/schema.org\",\"@graph\":[{\"@type\":\"WebPage\",\"@id\":\"https:\\\/\\\/www.robertzueblin.com\\\/es\\\/theodor-streit\\\/en-el-paso-de-bernina-pintura-al-oleo\\\/\",\"url\":\"https:\\\/\\\/www.robertzueblin.com\\\/es\\\/theodor-streit\\\/en-el-paso-de-bernina-pintura-al-oleo\\\/\",\"name\":\"Theodor STREIT - En el paso de Bernina - Pintura al \u00f3leo\",\"isPartOf\":{\"@id\":\"https:\\\/\\\/www.robertzueblin.com\\\/es\\\/#website\"},\"primaryImageOfPage\":{\"@id\":\"https:\\\/\\\/www.robertzueblin.com\\\/es\\\/theodor-streit\\\/en-el-paso-de-bernina-pintura-al-oleo\\\/#primaryimage\"},\"image\":{\"@id\":\"https:\\\/\\\/www.robertzueblin.com\\\/es\\\/theodor-streit\\\/en-el-paso-de-bernina-pintura-al-oleo\\\/#primaryimage\"},\"thumbnailUrl\":\"https:\\\/\\\/www.robertzueblin.com\\\/wp-content\\\/uploads\\\/theodor-streit-pintura-oleo-paso-de-bernina-con-marco-foto-titulo.jpg\",\"datePublished\":\"2023-07-11T16:49:55+00:00\",\"dateModified\":\"2025-09-25T18:08:58+00:00\",\"description\":\"Theodor Streit (tambi\u00e9n conocido como Theo Streit) pint\u00f3 muchos motivos monta\u00f1osos o alpinos, como el \u00f3leo del paso del Bernina que aparece aqu\u00ed\",\"breadcrumb\":{\"@id\":\"https:\\\/\\\/www.robertzueblin.com\\\/es\\\/theodor-streit\\\/en-el-paso-de-bernina-pintura-al-oleo\\\/#breadcrumb\"},\"inLanguage\":\"es\",\"potentialAction\":[{\"@type\":\"ReadAction\",\"target\":[\"https:\\\/\\\/www.robertzueblin.com\\\/es\\\/theodor-streit\\\/en-el-paso-de-bernina-pintura-al-oleo\\\/\"]}]},{\"@type\":\"ImageObject\",\"inLanguage\":\"es\",\"@id\":\"https:\\\/\\\/www.robertzueblin.com\\\/es\\\/theodor-streit\\\/en-el-paso-de-bernina-pintura-al-oleo\\\/#primaryimage\",\"url\":\"https:\\\/\\\/www.robertzueblin.com\\\/wp-content\\\/uploads\\\/theodor-streit-pintura-oleo-paso-de-bernina-con-marco-foto-titulo.jpg\",\"contentUrl\":\"https:\\\/\\\/www.robertzueblin.com\\\/wp-content\\\/uploads\\\/theodor-streit-pintura-oleo-paso-de-bernina-con-marco-foto-titulo.jpg\",\"width\":1200,\"height\":1004},{\"@type\":\"BreadcrumbList\",\"@id\":\"https:\\\/\\\/www.robertzueblin.com\\\/es\\\/theodor-streit\\\/en-el-paso-de-bernina-pintura-al-oleo\\\/#breadcrumb\",\"itemListElement\":[{\"@type\":\"ListItem\",\"position\":1,\"name\":\"Startseite\",\"item\":\"https:\\\/\\\/www.robertzueblin.com\\\/es\\\/\"},{\"@type\":\"ListItem\",\"position\":2,\"name\":\"Galer\u00eda de arte online (tienda online)\",\"item\":\"https:\\\/\\\/www.robertzueblin.com\\\/es\\\/galeria-de-arte-online\\\/\"},{\"@type\":\"ListItem\",\"position\":3,\"name\":\"Theodor STREIT (* 1905, \u2020 1986) &#8211; En el paso de Bernina &#8211; Pintura al \u00f3leo\"}]},{\"@type\":\"WebSite\",\"@id\":\"https:\\\/\\\/www.robertzueblin.com\\\/es\\\/#website\",\"url\":\"https:\\\/\\\/www.robertzueblin.com\\\/es\\\/\",\"name\":\"ROBERT Z\u00dcBLIN\",\"description\":\"\",\"publisher\":{\"@id\":\"https:\\\/\\\/www.robertzueblin.com\\\/es\\\/#organization\"},\"potentialAction\":[{\"@type\":\"SearchAction\",\"target\":{\"@type\":\"EntryPoint\",\"urlTemplate\":\"https:\\\/\\\/www.robertzueblin.com\\\/es\\\/?s={search_term_string}\"},\"query-input\":{\"@type\":\"PropertyValueSpecification\",\"valueRequired\":true,\"valueName\":\"search_term_string\"}}],\"inLanguage\":\"es\"},{\"@type\":\"Organization\",\"@id\":\"https:\\\/\\\/www.robertzueblin.com\\\/es\\\/#organization\",\"name\":\"ROBERT Z\u00dcBLIN\",\"url\":\"https:\\\/\\\/www.robertzueblin.com\\\/es\\\/\",\"logo\":{\"@type\":\"ImageObject\",\"inLanguage\":\"es\",\"@id\":\"https:\\\/\\\/www.robertzueblin.com\\\/es\\\/#\\\/schema\\\/logo\\\/image\\\/\",\"url\":\"https:\\\/\\\/www.robertzueblin.com\\\/wp-content\\\/uploads\\\/cropped-cropped-logo-von-robert-zueblin.jpg\",\"contentUrl\":\"https:\\\/\\\/www.robertzueblin.com\\\/wp-content\\\/uploads\\\/cropped-cropped-logo-von-robert-zueblin.jpg\",\"width\":440,\"height\":60,\"caption\":\"ROBERT Z\u00dcBLIN\"},\"image\":{\"@id\":\"https:\\\/\\\/www.robertzueblin.com\\\/es\\\/#\\\/schema\\\/logo\\\/image\\\/\"}}]}<\/script>\n<!-- \/ Yoast SEO plugin. -->","yoast_head_json":{"title":"Theodor STREIT - En el paso de Bernina - Pintura al \u00f3leo","description":"Theodor Streit (tambi\u00e9n conocido como Theo Streit) pint\u00f3 muchos motivos monta\u00f1osos o alpinos, como el \u00f3leo del paso del Bernina que aparece aqu\u00ed","robots":{"index":"index","follow":"follow","max-snippet":"max-snippet:-1","max-image-preview":"max-image-preview:large","max-video-preview":"max-video-preview:-1"},"canonical":"https:\/\/www.robertzueblin.com\/es\/theodor-streit\/en-el-paso-de-bernina-pintura-al-oleo\/","og_locale":"es_ES","og_type":"article","og_title":"Theodor STREIT - En el paso de Bernina - Pintura al \u00f3leo","og_description":"Theodor Streit (tambi\u00e9n conocido como Theo Streit) pint\u00f3 muchos motivos monta\u00f1osos o alpinos, como el \u00f3leo del paso del Bernina que aparece aqu\u00ed","og_url":"https:\/\/www.robertzueblin.com\/es\/theodor-streit\/en-el-paso-de-bernina-pintura-al-oleo\/","og_site_name":"ROBERT Z\u00dcBLIN","article_modified_time":"2025-09-25T18:08:58+00:00","og_image":[{"width":1200,"height":1004,"url":"https:\/\/www.robertzueblin.com\/wp-content\/uploads\/theodor-streit-pintura-oleo-paso-de-bernina-con-marco-foto-titulo.jpg","type":"image\/jpeg"}],"twitter_card":"summary_large_image","schema":{"@context":"https:\/\/schema.org","@graph":[{"@type":"WebPage","@id":"https:\/\/www.robertzueblin.com\/es\/theodor-streit\/en-el-paso-de-bernina-pintura-al-oleo\/","url":"https:\/\/www.robertzueblin.com\/es\/theodor-streit\/en-el-paso-de-bernina-pintura-al-oleo\/","name":"Theodor STREIT - En el paso de Bernina - Pintura al \u00f3leo","isPartOf":{"@id":"https:\/\/www.robertzueblin.com\/es\/#website"},"primaryImageOfPage":{"@id":"https:\/\/www.robertzueblin.com\/es\/theodor-streit\/en-el-paso-de-bernina-pintura-al-oleo\/#primaryimage"},"image":{"@id":"https:\/\/www.robertzueblin.com\/es\/theodor-streit\/en-el-paso-de-bernina-pintura-al-oleo\/#primaryimage"},"thumbnailUrl":"https:\/\/www.robertzueblin.com\/wp-content\/uploads\/theodor-streit-pintura-oleo-paso-de-bernina-con-marco-foto-titulo.jpg","datePublished":"2023-07-11T16:49:55+00:00","dateModified":"2025-09-25T18:08:58+00:00","description":"Theodor Streit (tambi\u00e9n conocido como Theo Streit) pint\u00f3 muchos motivos monta\u00f1osos o alpinos, como el \u00f3leo del paso del Bernina que aparece aqu\u00ed","breadcrumb":{"@id":"https:\/\/www.robertzueblin.com\/es\/theodor-streit\/en-el-paso-de-bernina-pintura-al-oleo\/#breadcrumb"},"inLanguage":"es","potentialAction":[{"@type":"ReadAction","target":["https:\/\/www.robertzueblin.com\/es\/theodor-streit\/en-el-paso-de-bernina-pintura-al-oleo\/"]}]},{"@type":"ImageObject","inLanguage":"es","@id":"https:\/\/www.robertzueblin.com\/es\/theodor-streit\/en-el-paso-de-bernina-pintura-al-oleo\/#primaryimage","url":"https:\/\/www.robertzueblin.com\/wp-content\/uploads\/theodor-streit-pintura-oleo-paso-de-bernina-con-marco-foto-titulo.jpg","contentUrl":"https:\/\/www.robertzueblin.com\/wp-content\/uploads\/theodor-streit-pintura-oleo-paso-de-bernina-con-marco-foto-titulo.jpg","width":1200,"height":1004},{"@type":"BreadcrumbList","@id":"https:\/\/www.robertzueblin.com\/es\/theodor-streit\/en-el-paso-de-bernina-pintura-al-oleo\/#breadcrumb","itemListElement":[{"@type":"ListItem","position":1,"name":"Startseite","item":"https:\/\/www.robertzueblin.com\/es\/"},{"@type":"ListItem","position":2,"name":"Galer\u00eda de arte online (tienda online)","item":"https:\/\/www.robertzueblin.com\/es\/galeria-de-arte-online\/"},{"@type":"ListItem","position":3,"name":"Theodor STREIT (* 1905, \u2020 1986) &#8211; En el paso de Bernina &#8211; Pintura al \u00f3leo"}]},{"@type":"WebSite","@id":"https:\/\/www.robertzueblin.com\/es\/#website","url":"https:\/\/www.robertzueblin.com\/es\/","name":"ROBERT Z\u00dcBLIN","description":"","publisher":{"@id":"https:\/\/www.robertzueblin.com\/es\/#organization"},"potentialAction":[{"@type":"SearchAction","target":{"@type":"EntryPoint","urlTemplate":"https:\/\/www.robertzueblin.com\/es\/?s={search_term_string}"},"query-input":{"@type":"PropertyValueSpecification","valueRequired":true,"valueName":"search_term_string"}}],"inLanguage":"es"},{"@type":"Organization","@id":"https:\/\/www.robertzueblin.com\/es\/#organization","name":"ROBERT Z\u00dcBLIN","url":"https:\/\/www.robertzueblin.com\/es\/","logo":{"@type":"ImageObject","inLanguage":"es","@id":"https:\/\/www.robertzueblin.com\/es\/#\/schema\/logo\/image\/","url":"https:\/\/www.robertzueblin.com\/wp-content\/uploads\/cropped-cropped-logo-von-robert-zueblin.jpg","contentUrl":"https:\/\/www.robertzueblin.com\/wp-content\/uploads\/cropped-cropped-logo-von-robert-zueblin.jpg","width":440,"height":60,"caption":"ROBERT Z\u00dcBLIN"},"image":{"@id":"https:\/\/www.robertzueblin.com\/es\/#\/schema\/logo\/image\/"}}]}},"_links":{"self":[{"href":"https:\/\/www.robertzueblin.com\/es\/wp-json\/wp\/v2\/product\/33353","targetHints":{"allow":["GET"]}}],"collection":[{"href":"https:\/\/www.robertzueblin.com\/es\/wp-json\/wp\/v2\/product"}],"about":[{"href":"https:\/\/www.robertzueblin.com\/es\/wp-json\/wp\/v2\/types\/product"}],"wp:featuredmedia":[{"embeddable":true,"href":"https:\/\/www.robertzueblin.com\/es\/wp-json\/wp\/v2\/media\/33363"}],"wp:attachment":[{"href":"https:\/\/www.robertzueblin.com\/es\/wp-json\/wp\/v2\/media?parent=33353"}],"wp:term":[{"taxonomy":"product_brand","embeddable":true,"href":"https:\/\/www.robertzueblin.com\/es\/wp-json\/wp\/v2\/product_brand?post=33353"},{"taxonomy":"product_cat","embeddable":true,"href":"https:\/\/www.robertzueblin.com\/es\/wp-json\/wp\/v2\/product_cat?post=33353"},{"taxonomy":"product_tag","embeddable":true,"href":"https:\/\/www.robertzueblin.com\/es\/wp-json\/wp\/v2\/product_tag?post=33353"}],"curies":[{"name":"wp","href":"https:\/\/api.w.org\/{rel}","templated":true}]}}