{"id":3150,"date":"2021-09-18T14:05:25","date_gmt":"2021-09-18T12:05:25","guid":{"rendered":"https:\/\/www.robertzueblin.com\/?post_type=product&#038;p=3150"},"modified":"2025-08-28T14:12:19","modified_gmt":"2025-08-28T12:12:19","slug":"otto-lindig-1895-%e2%80%a0-1966-jarron-con-esmalte-tipo-lava","status":"publish","type":"product","link":"https:\/\/www.robertzueblin.com\/es\/otto-lindig\/jarron-con-esmalte-tipo-lava\/","title":{"rendered":"Otto LINDIG (* 1895, \u2020 1966) &#8211; Jarr\u00f3n con esmalte tipo lava &#8211; cer\u00e1mica de taller"},"content":{"rendered":"<p><span style=\"font-family: AkkoPro-BoldCondensed!important\">Tipo:<\/span> <a href=\"https:\/\/www.robertzueblin.com\/es\/tipo\/ceramica-artistica-ceramica-artesanal-ceramica-de-taller\/\">cer\u00e1mica de taller<\/a><\/p>\n<p><span style=\"font-family: AkkoPro-BoldCondensed!important\">Dise\u00f1o:<\/span> Otto Lindig (* 1895, \u2020 1966)<\/p>\n<p><span style=\"font-family: AkkoPro-BoldCondensed!important\">Ejecuci\u00f3n:<\/span> Taller Lindig<\/p>\n<p><span style=\"font-family: AkkoPro-BoldCondensed!important\">Objeto:<\/span> jarr\u00f3n<\/p>\n<p><span style=\"font-family: AkkoPro-BoldCondensed!important\">Dimensiones:<\/span> altura: 14 cm, di\u00e1metro: 14,5 cm<\/p>\n<p><span style=\"font-family: AkkoPro-BoldCondensed!important\">Cuerpo:<\/span> cuerpo de color claro<\/p>\n<p><span style=\"font-family: AkkoPro-BoldCondensed!important\">Superficie:<\/span> el esmalte exterior es gris, beige, azul, verde, blanco, azul turquesa, negro; el esmalte interior es rojo-marr\u00f3n; el esmalte exterior es parcialmente del tipo lava con cr\u00e1teres y burbujas<\/p>\n<p><span style=\"font-family: AkkoPro-BoldCondensed!important\">A\u00f1o de producci\u00f3n:<\/span> alrededor de 1940<\/p>\n<p><span style=\"font-family: AkkoPro-BoldCondensed!important\">Estado:<\/span> agrietado en el labio, pero estabilizado con pegamento en el interior de la grieta, m\u00ednima p\u00e9rdida de esmalte en la grieta del interior del labio; en el hombro en el esmalte dos grietas poco visibles; el esmalte interior tiene algunos rasgu\u00f1os y algunas zonas sin esmaltar<\/p>\n<p><span style=\"font-family: AkkoPro-BoldCondensed!important\">Firma\/marca:<\/span> OL<\/p>\n<p><span style=\"font-family: AkkoPro-BoldCondensed!important\">Detalles:<\/span><br \/>\nEste jarr\u00f3n de cer\u00e1mica fue torneado por la colaboradora de Lindig, <a href=\"https:\/\/www.robertzueblin.com\/es\/liebfriede-bernstiel\/\">Liebfriede Bernstiel<\/a>, lo que se aprecia en las dos sellos de patas de ganso situadas en la parte inferior derecha de la firma OL [1]. Sin embargo, <a href=\"https:\/\/www.robertzueblin.com\/es\/otto-lindig\/\">Otto Lindig<\/a> realiz\u00f3 \u00e9l mismo la cocci\u00f3n lisa (cocci\u00f3n de glaseado) [2]. Tambi\u00e9n se encarg\u00f3 de la producci\u00f3n del esmalte \u00e9l mismo [3]. El ceramista de la Bauhaus Otto Lindig se hizo conocido sobre todo por su dise\u00f1o. El hecho de que Lindig se interesara tambi\u00e9n por el efecto de sus esmaltes se pas\u00f3 por alto durante mucho tiempo [4]; el hecho de que produjera esmaltes muy eficaces queda especialmente claro en este jarr\u00f3n, que se caracteriza por su estructura parcialmente lava.<\/p>\n<p>Un jarr\u00f3n de Otto Lindig con un esmalte similar se vendi\u00f3 en una subasta por 1.000 euros [5].<\/p>\n<p><em>Notas a pie de p\u00e1gina:<\/em><br \/>\n1. Weber, Klaus (ed.): Keramik und Bauhaus, Berl\u00edn 1989, p. 272.<\/p>\n<p>2. Jakobson, Hans-Peter: Otto Lindig: \u00abB\u00e1sicamente, hacer cer\u00e1mica es siempre lo mismo&#8230;\u00bb, en Weber, Klaus (ed.): Keramik und Bauhaus, Berl\u00edn 1989, p. 53.<\/p>\n<p>3. Recuerdos de Marieluise Fischer sobre su aprendizaje con Otto Lindig en Dornburg &#8211; Una entrevista, en: F\u00f6rderkreis Keramik-Museum B\u00fcrgel e.V., Tr\u00e4ger des Keramikmuseums B\u00fcrgel (ed.): Otto Lindig, Die Dornburger Zeit, Gera 2010, p. 38.<\/p>\n<p>4. Jakobson, Hans-Peter: Otto Lindig: \u00abB\u00e1sicamente, hacer cer\u00e1mica es siempre lo mismo&#8230;\u00bb, en: Weber, Klaus (ed.): Keramik und Bauhaus, Berl\u00edn 1989, pp. 54-55.<\/p>\n<p>5. <a href=\"https:\/\/www.mehlis.eu\/de\/catalogs\/7915\/item\/2776\/\" rel=\"nofollow\" >Auktionshaus Mehlis (Mehlis Auktionen)<\/a><\/p>\n","protected":false},"excerpt":{"rendered":"<p><span style=\"color: #e2401c;\">&#x25cf;<\/span><span> vendido<\/span><\/p>\n","protected":false},"featured_media":2840,"template":"","meta":[],"product_brand":[],"product_cat":[204,196],"product_tag":[],"class_list":{"0":"post-3150","1":"product","2":"type-product","3":"status-publish","4":"has-post-thumbnail","6":"product_cat-bauhaus","7":"product_cat-otto-lindig","9":"first","10":"outofstock","11":"sold-individually","12":"shipping-taxable","13":"product-type-simple"},"yoast_head":"<!-- This site is optimized with the Yoast SEO plugin v27.5 - https:\/\/yoast.com\/product\/yoast-seo-wordpress\/ -->\n<title>Otto LINDIG - Jarr\u00f3n (original) con esmalte de lava<\/title>\n<meta name=\"description\" content=\"Jarr\u00f3n de cer\u00e1mica de taller del alumno de la Bauhaus Otto Lindig, con esmalte de lava y firma; valor reflejado en el precio, ver jarr\u00f3n similar en subasta.\" \/>\n<meta name=\"robots\" content=\"index, follow, max-snippet:-1, max-image-preview:large, max-video-preview:-1\" \/>\n<link rel=\"canonical\" href=\"https:\/\/www.robertzueblin.com\/es\/otto-lindig\/jarron-con-esmalte-tipo-lava\/\" \/>\n<meta property=\"og:locale\" content=\"es_ES\" \/>\n<meta property=\"og:type\" content=\"article\" \/>\n<meta property=\"og:title\" content=\"Otto LINDIG - Jarr\u00f3n (original) con esmalte de lava\" \/>\n<meta property=\"og:description\" content=\"Jarr\u00f3n de cer\u00e1mica de taller del alumno de la Bauhaus Otto Lindig, con esmalte de lava y firma; valor reflejado en el precio, ver jarr\u00f3n similar en subasta.\" \/>\n<meta property=\"og:url\" content=\"https:\/\/www.robertzueblin.com\/es\/otto-lindig\/jarron-con-esmalte-tipo-lava\/\" \/>\n<meta property=\"og:site_name\" content=\"ROBERT Z\u00dcBLIN\" \/>\n<meta property=\"article:modified_time\" content=\"2025-08-28T12:12:19+00:00\" \/>\n<meta property=\"og:image\" content=\"https:\/\/www.robertzueblin.com\/wp-content\/uploads\/otto-lindig-ceramica-de-taller-jarron-esmalte-lava-foto-titulo.jpg\" \/>\n\t<meta property=\"og:image:width\" content=\"1000\" \/>\n\t<meta property=\"og:image:height\" content=\"1000\" \/>\n\t<meta property=\"og:image:type\" content=\"image\/jpeg\" \/>\n<meta name=\"twitter:card\" content=\"summary_large_image\" \/>\n<script type=\"application\/ld+json\" class=\"yoast-schema-graph\">{\"@context\":\"https:\\\/\\\/schema.org\",\"@graph\":[{\"@type\":\"WebPage\",\"@id\":\"https:\\\/\\\/www.robertzueblin.com\\\/es\\\/otto-lindig\\\/jarron-con-esmalte-tipo-lava\\\/\",\"url\":\"https:\\\/\\\/www.robertzueblin.com\\\/es\\\/otto-lindig\\\/jarron-con-esmalte-tipo-lava\\\/\",\"name\":\"Otto LINDIG - Jarr\u00f3n (original) con esmalte de lava\",\"isPartOf\":{\"@id\":\"https:\\\/\\\/www.robertzueblin.com\\\/es\\\/#website\"},\"primaryImageOfPage\":{\"@id\":\"https:\\\/\\\/www.robertzueblin.com\\\/es\\\/otto-lindig\\\/jarron-con-esmalte-tipo-lava\\\/#primaryimage\"},\"image\":{\"@id\":\"https:\\\/\\\/www.robertzueblin.com\\\/es\\\/otto-lindig\\\/jarron-con-esmalte-tipo-lava\\\/#primaryimage\"},\"thumbnailUrl\":\"https:\\\/\\\/www.robertzueblin.com\\\/wp-content\\\/uploads\\\/otto-lindig-ceramica-de-taller-jarron-esmalte-lava-foto-titulo.jpg\",\"datePublished\":\"2021-09-18T12:05:25+00:00\",\"dateModified\":\"2025-08-28T12:12:19+00:00\",\"description\":\"Jarr\u00f3n de cer\u00e1mica de taller del alumno de la Bauhaus Otto Lindig, con esmalte de lava y firma; valor reflejado en el precio, ver jarr\u00f3n similar en subasta.\",\"breadcrumb\":{\"@id\":\"https:\\\/\\\/www.robertzueblin.com\\\/es\\\/otto-lindig\\\/jarron-con-esmalte-tipo-lava\\\/#breadcrumb\"},\"inLanguage\":\"es\",\"potentialAction\":[{\"@type\":\"ReadAction\",\"target\":[\"https:\\\/\\\/www.robertzueblin.com\\\/es\\\/otto-lindig\\\/jarron-con-esmalte-tipo-lava\\\/\"]}]},{\"@type\":\"ImageObject\",\"inLanguage\":\"es\",\"@id\":\"https:\\\/\\\/www.robertzueblin.com\\\/es\\\/otto-lindig\\\/jarron-con-esmalte-tipo-lava\\\/#primaryimage\",\"url\":\"https:\\\/\\\/www.robertzueblin.com\\\/wp-content\\\/uploads\\\/otto-lindig-ceramica-de-taller-jarron-esmalte-lava-foto-titulo.jpg\",\"contentUrl\":\"https:\\\/\\\/www.robertzueblin.com\\\/wp-content\\\/uploads\\\/otto-lindig-ceramica-de-taller-jarron-esmalte-lava-foto-titulo.jpg\",\"width\":1000,\"height\":1000},{\"@type\":\"BreadcrumbList\",\"@id\":\"https:\\\/\\\/www.robertzueblin.com\\\/es\\\/otto-lindig\\\/jarron-con-esmalte-tipo-lava\\\/#breadcrumb\",\"itemListElement\":[{\"@type\":\"ListItem\",\"position\":1,\"name\":\"Startseite\",\"item\":\"https:\\\/\\\/www.robertzueblin.com\\\/es\\\/\"},{\"@type\":\"ListItem\",\"position\":2,\"name\":\"Galer\u00eda de arte online (tienda online)\",\"item\":\"https:\\\/\\\/www.robertzueblin.com\\\/es\\\/galeria-de-arte-online\\\/\"},{\"@type\":\"ListItem\",\"position\":3,\"name\":\"Otto LINDIG (* 1895, \u2020 1966) &#8211; Jarr\u00f3n con esmalte tipo lava &#8211; cer\u00e1mica de taller\"}]},{\"@type\":\"WebSite\",\"@id\":\"https:\\\/\\\/www.robertzueblin.com\\\/es\\\/#website\",\"url\":\"https:\\\/\\\/www.robertzueblin.com\\\/es\\\/\",\"name\":\"ROBERT Z\u00dcBLIN\",\"description\":\"\",\"publisher\":{\"@id\":\"https:\\\/\\\/www.robertzueblin.com\\\/es\\\/#organization\"},\"potentialAction\":[{\"@type\":\"SearchAction\",\"target\":{\"@type\":\"EntryPoint\",\"urlTemplate\":\"https:\\\/\\\/www.robertzueblin.com\\\/es\\\/?s={search_term_string}\"},\"query-input\":{\"@type\":\"PropertyValueSpecification\",\"valueRequired\":true,\"valueName\":\"search_term_string\"}}],\"inLanguage\":\"es\"},{\"@type\":\"Organization\",\"@id\":\"https:\\\/\\\/www.robertzueblin.com\\\/es\\\/#organization\",\"name\":\"ROBERT Z\u00dcBLIN\",\"url\":\"https:\\\/\\\/www.robertzueblin.com\\\/es\\\/\",\"logo\":{\"@type\":\"ImageObject\",\"inLanguage\":\"es\",\"@id\":\"https:\\\/\\\/www.robertzueblin.com\\\/es\\\/#\\\/schema\\\/logo\\\/image\\\/\",\"url\":\"https:\\\/\\\/www.robertzueblin.com\\\/wp-content\\\/uploads\\\/cropped-cropped-logo-von-robert-zueblin.jpg\",\"contentUrl\":\"https:\\\/\\\/www.robertzueblin.com\\\/wp-content\\\/uploads\\\/cropped-cropped-logo-von-robert-zueblin.jpg\",\"width\":440,\"height\":60,\"caption\":\"ROBERT Z\u00dcBLIN\"},\"image\":{\"@id\":\"https:\\\/\\\/www.robertzueblin.com\\\/es\\\/#\\\/schema\\\/logo\\\/image\\\/\"}}]}<\/script>\n<!-- \/ Yoast SEO plugin. -->","yoast_head_json":{"title":"Otto LINDIG - Jarr\u00f3n (original) con esmalte de lava","description":"Jarr\u00f3n de cer\u00e1mica de taller del alumno de la Bauhaus Otto Lindig, con esmalte de lava y firma; valor reflejado en el precio, ver jarr\u00f3n similar en subasta.","robots":{"index":"index","follow":"follow","max-snippet":"max-snippet:-1","max-image-preview":"max-image-preview:large","max-video-preview":"max-video-preview:-1"},"canonical":"https:\/\/www.robertzueblin.com\/es\/otto-lindig\/jarron-con-esmalte-tipo-lava\/","og_locale":"es_ES","og_type":"article","og_title":"Otto LINDIG - Jarr\u00f3n (original) con esmalte de lava","og_description":"Jarr\u00f3n de cer\u00e1mica de taller del alumno de la Bauhaus Otto Lindig, con esmalte de lava y firma; valor reflejado en el precio, ver jarr\u00f3n similar en subasta.","og_url":"https:\/\/www.robertzueblin.com\/es\/otto-lindig\/jarron-con-esmalte-tipo-lava\/","og_site_name":"ROBERT Z\u00dcBLIN","article_modified_time":"2025-08-28T12:12:19+00:00","og_image":[{"width":1000,"height":1000,"url":"https:\/\/www.robertzueblin.com\/wp-content\/uploads\/otto-lindig-ceramica-de-taller-jarron-esmalte-lava-foto-titulo.jpg","type":"image\/jpeg"}],"twitter_card":"summary_large_image","schema":{"@context":"https:\/\/schema.org","@graph":[{"@type":"WebPage","@id":"https:\/\/www.robertzueblin.com\/es\/otto-lindig\/jarron-con-esmalte-tipo-lava\/","url":"https:\/\/www.robertzueblin.com\/es\/otto-lindig\/jarron-con-esmalte-tipo-lava\/","name":"Otto LINDIG - Jarr\u00f3n (original) con esmalte de lava","isPartOf":{"@id":"https:\/\/www.robertzueblin.com\/es\/#website"},"primaryImageOfPage":{"@id":"https:\/\/www.robertzueblin.com\/es\/otto-lindig\/jarron-con-esmalte-tipo-lava\/#primaryimage"},"image":{"@id":"https:\/\/www.robertzueblin.com\/es\/otto-lindig\/jarron-con-esmalte-tipo-lava\/#primaryimage"},"thumbnailUrl":"https:\/\/www.robertzueblin.com\/wp-content\/uploads\/otto-lindig-ceramica-de-taller-jarron-esmalte-lava-foto-titulo.jpg","datePublished":"2021-09-18T12:05:25+00:00","dateModified":"2025-08-28T12:12:19+00:00","description":"Jarr\u00f3n de cer\u00e1mica de taller del alumno de la Bauhaus Otto Lindig, con esmalte de lava y firma; valor reflejado en el precio, ver jarr\u00f3n similar en subasta.","breadcrumb":{"@id":"https:\/\/www.robertzueblin.com\/es\/otto-lindig\/jarron-con-esmalte-tipo-lava\/#breadcrumb"},"inLanguage":"es","potentialAction":[{"@type":"ReadAction","target":["https:\/\/www.robertzueblin.com\/es\/otto-lindig\/jarron-con-esmalte-tipo-lava\/"]}]},{"@type":"ImageObject","inLanguage":"es","@id":"https:\/\/www.robertzueblin.com\/es\/otto-lindig\/jarron-con-esmalte-tipo-lava\/#primaryimage","url":"https:\/\/www.robertzueblin.com\/wp-content\/uploads\/otto-lindig-ceramica-de-taller-jarron-esmalte-lava-foto-titulo.jpg","contentUrl":"https:\/\/www.robertzueblin.com\/wp-content\/uploads\/otto-lindig-ceramica-de-taller-jarron-esmalte-lava-foto-titulo.jpg","width":1000,"height":1000},{"@type":"BreadcrumbList","@id":"https:\/\/www.robertzueblin.com\/es\/otto-lindig\/jarron-con-esmalte-tipo-lava\/#breadcrumb","itemListElement":[{"@type":"ListItem","position":1,"name":"Startseite","item":"https:\/\/www.robertzueblin.com\/es\/"},{"@type":"ListItem","position":2,"name":"Galer\u00eda de arte online (tienda online)","item":"https:\/\/www.robertzueblin.com\/es\/galeria-de-arte-online\/"},{"@type":"ListItem","position":3,"name":"Otto LINDIG (* 1895, \u2020 1966) &#8211; Jarr\u00f3n con esmalte tipo lava &#8211; cer\u00e1mica de taller"}]},{"@type":"WebSite","@id":"https:\/\/www.robertzueblin.com\/es\/#website","url":"https:\/\/www.robertzueblin.com\/es\/","name":"ROBERT Z\u00dcBLIN","description":"","publisher":{"@id":"https:\/\/www.robertzueblin.com\/es\/#organization"},"potentialAction":[{"@type":"SearchAction","target":{"@type":"EntryPoint","urlTemplate":"https:\/\/www.robertzueblin.com\/es\/?s={search_term_string}"},"query-input":{"@type":"PropertyValueSpecification","valueRequired":true,"valueName":"search_term_string"}}],"inLanguage":"es"},{"@type":"Organization","@id":"https:\/\/www.robertzueblin.com\/es\/#organization","name":"ROBERT Z\u00dcBLIN","url":"https:\/\/www.robertzueblin.com\/es\/","logo":{"@type":"ImageObject","inLanguage":"es","@id":"https:\/\/www.robertzueblin.com\/es\/#\/schema\/logo\/image\/","url":"https:\/\/www.robertzueblin.com\/wp-content\/uploads\/cropped-cropped-logo-von-robert-zueblin.jpg","contentUrl":"https:\/\/www.robertzueblin.com\/wp-content\/uploads\/cropped-cropped-logo-von-robert-zueblin.jpg","width":440,"height":60,"caption":"ROBERT Z\u00dcBLIN"},"image":{"@id":"https:\/\/www.robertzueblin.com\/es\/#\/schema\/logo\/image\/"}}]}},"_links":{"self":[{"href":"https:\/\/www.robertzueblin.com\/es\/wp-json\/wp\/v2\/product\/3150","targetHints":{"allow":["GET"]}}],"collection":[{"href":"https:\/\/www.robertzueblin.com\/es\/wp-json\/wp\/v2\/product"}],"about":[{"href":"https:\/\/www.robertzueblin.com\/es\/wp-json\/wp\/v2\/types\/product"}],"wp:featuredmedia":[{"embeddable":true,"href":"https:\/\/www.robertzueblin.com\/es\/wp-json\/wp\/v2\/media\/2840"}],"wp:attachment":[{"href":"https:\/\/www.robertzueblin.com\/es\/wp-json\/wp\/v2\/media?parent=3150"}],"wp:term":[{"taxonomy":"product_brand","embeddable":true,"href":"https:\/\/www.robertzueblin.com\/es\/wp-json\/wp\/v2\/product_brand?post=3150"},{"taxonomy":"product_cat","embeddable":true,"href":"https:\/\/www.robertzueblin.com\/es\/wp-json\/wp\/v2\/product_cat?post=3150"},{"taxonomy":"product_tag","embeddable":true,"href":"https:\/\/www.robertzueblin.com\/es\/wp-json\/wp\/v2\/product_tag?post=3150"}],"curies":[{"name":"wp","href":"https:\/\/api.w.org\/{rel}","templated":true}]}}