{"id":3149,"date":"2021-09-18T14:25:04","date_gmt":"2021-11-29T23:20:06","guid":{"rendered":"https:\/\/www.robertzueblin.com\/?post_type=product&#038;p=3149"},"modified":"2024-12-17T19:55:12","modified_gmt":"2024-12-17T18:55:12","slug":"otto-lindig-1895-%e2%80%a0-1966-atribuido-jarron-esferico","status":"publish","type":"product","link":"https:\/\/www.robertzueblin.com\/es\/otto-lindig\/atribuido-jarron-esferico\/","title":{"rendered":"Otto LINDIG (* 1895, \u2020 1966) [atribuido] &#8211; Jarr\u00f3n de cer\u00e1mica Bauhaus (esfera)"},"content":{"rendered":"<p><span style=\"font-family: AkkoPro-BoldCondensed!important\">Tipo:<\/span> <a href=\"https:\/\/www.robertzueblin.com\/es\/tipo\/ceramica-artistica-ceramica-artesanal-ceramica-de-taller\/\">cer\u00e1mica de taller<\/a><\/p>\n<p><span style=\"font-family: AkkoPro-BoldCondensed!important\">Dise\u00f1o:<\/span> Otto Lindig (* 1895, \u2020 1966) [atribuido]<\/p>\n<p><span style=\"font-family: AkkoPro-BoldCondensed!important\">Ejecuci\u00f3n:<\/span> Taller Lindig [atribuido]<\/p>\n<p><span style=\"font-family: AkkoPro-BoldCondensed!important\">Objeto:<\/span> jarr\u00f3n<\/p>\n<p><span style=\"font-family: AkkoPro-BoldCondensed!important\">Dimensiones:<\/span> altura: 24,5 cm, di\u00e1metro: 26,5 cm<\/p>\n<p><span style=\"font-family: AkkoPro-BoldCondensed!important\">Cuerpo:<\/span> cuerpo rojo<\/p>\n<p><span style=\"font-family: AkkoPro-BoldCondensed!important\">Superficie:<\/span> el esmalte exterior es gris y malva; el esmalte interior malva oscuro<\/p>\n<p><span style=\"font-family: AkkoPro-BoldCondensed!important\">A\u00f1o de producci\u00f3n:<\/span> alrededor de 1940<\/p>\n<p><span style=\"font-family: AkkoPro-BoldCondensed!important\">Estado:<\/span> sin da\u00f1os; las irregularidades del borde del pie parecen haber sido causadas por el proceso de elaboraci\u00f3n<\/p>\n<p><span style=\"font-family: AkkoPro-BoldCondensed!important\">Detalles:<\/span><br \/>\nEl jarr\u00f3n esf\u00e9rico no est\u00e1 firmado. Bajo el jarr\u00f3n s\u00f3lo se ve un dos romano (II) escrito a l\u00e1piz. Dado que <a href=\"https:\/\/www.robertzueblin.com\/es\/otto-lindig\/\">Otto Lindig<\/a> dise\u00f1\u00f3 jarrones esf\u00e9ricos de un tama\u00f1o similar en los que tambi\u00e9n utiliz\u00f3 esmaltes corridos, existe la probabilidad de que este jarr\u00f3n esf\u00e9rico tambi\u00e9n fuera dise\u00f1ado por Otto Lindig y fabricado por su taller.<\/p>\n<p>Debido a la forma primaria del c\u00edrculo utilizada por la Bauhaus, este jarr\u00f3n entra en la categor\u00eda de jarrones de cer\u00e1mica de la Bauhaus. Sin embargo, por su presunto origen, tambi\u00e9n se puede hablar a grandes rasgos de un jarr\u00f3n de cer\u00e1mica de la Bauhaus, ya que se puede suponer que el jarr\u00f3n procede del taller de Otto Lindig, que se hizo cargo del taller de la Bauhaus en Dornburg en 1930. Lindig no s\u00f3lo hab\u00eda aprendido el oficio de ceramista en el antiguo taller de la Bauhaus, sino que tambi\u00e9n hab\u00eda asumido la direcci\u00f3n t\u00e9cnica del <a href=\"https:\/\/www.robertzueblin.com\/es\/epocas-estilisticas\/bauhaus\/\">taller de cer\u00e1mica de la Bauhaus<\/a> tras su examen de oficial en 1922.<\/p>\n","protected":false},"excerpt":{"rendered":"<p><span style=\"color: #e2401c;\">&#x25cf;<\/span><span> vendido<\/span><\/p>\n","protected":false},"featured_media":2842,"template":"","meta":[],"product_brand":[],"product_cat":[204,196],"product_tag":[],"class_list":{"0":"post-3149","1":"product","2":"type-product","3":"status-publish","4":"has-post-thumbnail","6":"product_cat-bauhaus","7":"product_cat-otto-lindig","9":"first","10":"outofstock","11":"sold-individually","12":"shipping-taxable","13":"product-type-simple"},"yoast_head":"<!-- This site is optimized with the Yoast SEO plugin v27.5 - https:\/\/yoast.com\/product\/yoast-seo-wordpress\/ -->\n<title>Otto LINDIG [atribuci\u00f3n] - Jarr\u00f3n de cer\u00e1mica Bauhaus (esfera)<\/title>\n<meta name=\"description\" content=\"Jarr\u00f3n de la Bauhaus en forma de esfera, probablemente posterior a la Bauhaus, del ceramista y Bauh\u00e4usler Otto Lindig (cer\u00e1mica de taller); no est\u00e1 firmado.\" \/>\n<meta name=\"robots\" content=\"index, follow, max-snippet:-1, max-image-preview:large, max-video-preview:-1\" \/>\n<link rel=\"canonical\" href=\"https:\/\/www.robertzueblin.com\/es\/otto-lindig\/atribuido-jarron-esferico\/\" \/>\n<meta property=\"og:locale\" content=\"es_ES\" \/>\n<meta property=\"og:type\" content=\"article\" \/>\n<meta property=\"og:title\" content=\"Otto LINDIG [atribuci\u00f3n] - Jarr\u00f3n de cer\u00e1mica Bauhaus (esfera)\" \/>\n<meta property=\"og:description\" content=\"Jarr\u00f3n de la Bauhaus en forma de esfera, probablemente posterior a la Bauhaus, del ceramista y Bauh\u00e4usler Otto Lindig (cer\u00e1mica de taller); no est\u00e1 firmado.\" \/>\n<meta property=\"og:url\" content=\"https:\/\/www.robertzueblin.com\/es\/otto-lindig\/atribuido-jarron-esferico\/\" \/>\n<meta property=\"og:site_name\" content=\"ROBERT Z\u00dcBLIN\" \/>\n<meta property=\"article:modified_time\" content=\"2024-12-17T18:55:12+00:00\" \/>\n<meta property=\"og:image\" content=\"https:\/\/www.robertzueblin.com\/wp-content\/uploads\/otto-lindig-jarron-esferico-ceramica-foto-titulo.jpg\" \/>\n\t<meta property=\"og:image:width\" content=\"1000\" \/>\n\t<meta property=\"og:image:height\" content=\"1000\" \/>\n\t<meta property=\"og:image:type\" content=\"image\/jpeg\" \/>\n<meta name=\"twitter:card\" content=\"summary_large_image\" \/>\n<script type=\"application\/ld+json\" class=\"yoast-schema-graph\">{\"@context\":\"https:\\\/\\\/schema.org\",\"@graph\":[{\"@type\":\"WebPage\",\"@id\":\"https:\\\/\\\/www.robertzueblin.com\\\/es\\\/otto-lindig\\\/atribuido-jarron-esferico\\\/\",\"url\":\"https:\\\/\\\/www.robertzueblin.com\\\/es\\\/otto-lindig\\\/atribuido-jarron-esferico\\\/\",\"name\":\"Otto LINDIG [atribuci\u00f3n] - Jarr\u00f3n de cer\u00e1mica Bauhaus (esfera)\",\"isPartOf\":{\"@id\":\"https:\\\/\\\/www.robertzueblin.com\\\/es\\\/#website\"},\"primaryImageOfPage\":{\"@id\":\"https:\\\/\\\/www.robertzueblin.com\\\/es\\\/otto-lindig\\\/atribuido-jarron-esferico\\\/#primaryimage\"},\"image\":{\"@id\":\"https:\\\/\\\/www.robertzueblin.com\\\/es\\\/otto-lindig\\\/atribuido-jarron-esferico\\\/#primaryimage\"},\"thumbnailUrl\":\"https:\\\/\\\/www.robertzueblin.com\\\/wp-content\\\/uploads\\\/otto-lindig-jarron-esferico-ceramica-foto-titulo.jpg\",\"datePublished\":\"2021-11-29T23:20:06+00:00\",\"dateModified\":\"2024-12-17T18:55:12+00:00\",\"description\":\"Jarr\u00f3n de la Bauhaus en forma de esfera, probablemente posterior a la Bauhaus, del ceramista y Bauh\u00e4usler Otto Lindig (cer\u00e1mica de taller); no est\u00e1 firmado.\",\"breadcrumb\":{\"@id\":\"https:\\\/\\\/www.robertzueblin.com\\\/es\\\/otto-lindig\\\/atribuido-jarron-esferico\\\/#breadcrumb\"},\"inLanguage\":\"es\",\"potentialAction\":[{\"@type\":\"ReadAction\",\"target\":[\"https:\\\/\\\/www.robertzueblin.com\\\/es\\\/otto-lindig\\\/atribuido-jarron-esferico\\\/\"]}]},{\"@type\":\"ImageObject\",\"inLanguage\":\"es\",\"@id\":\"https:\\\/\\\/www.robertzueblin.com\\\/es\\\/otto-lindig\\\/atribuido-jarron-esferico\\\/#primaryimage\",\"url\":\"https:\\\/\\\/www.robertzueblin.com\\\/wp-content\\\/uploads\\\/otto-lindig-jarron-esferico-ceramica-foto-titulo.jpg\",\"contentUrl\":\"https:\\\/\\\/www.robertzueblin.com\\\/wp-content\\\/uploads\\\/otto-lindig-jarron-esferico-ceramica-foto-titulo.jpg\",\"width\":1000,\"height\":1000},{\"@type\":\"BreadcrumbList\",\"@id\":\"https:\\\/\\\/www.robertzueblin.com\\\/es\\\/otto-lindig\\\/atribuido-jarron-esferico\\\/#breadcrumb\",\"itemListElement\":[{\"@type\":\"ListItem\",\"position\":1,\"name\":\"Startseite\",\"item\":\"https:\\\/\\\/www.robertzueblin.com\\\/es\\\/\"},{\"@type\":\"ListItem\",\"position\":2,\"name\":\"Galer\u00eda de arte online (tienda online)\",\"item\":\"https:\\\/\\\/www.robertzueblin.com\\\/es\\\/galeria-de-arte-online\\\/\"},{\"@type\":\"ListItem\",\"position\":3,\"name\":\"Otto LINDIG (* 1895, \u2020 1966) [atribuido] &#8211; Jarr\u00f3n de cer\u00e1mica Bauhaus (esfera)\"}]},{\"@type\":\"WebSite\",\"@id\":\"https:\\\/\\\/www.robertzueblin.com\\\/es\\\/#website\",\"url\":\"https:\\\/\\\/www.robertzueblin.com\\\/es\\\/\",\"name\":\"ROBERT Z\u00dcBLIN\",\"description\":\"\",\"publisher\":{\"@id\":\"https:\\\/\\\/www.robertzueblin.com\\\/es\\\/#organization\"},\"potentialAction\":[{\"@type\":\"SearchAction\",\"target\":{\"@type\":\"EntryPoint\",\"urlTemplate\":\"https:\\\/\\\/www.robertzueblin.com\\\/es\\\/?s={search_term_string}\"},\"query-input\":{\"@type\":\"PropertyValueSpecification\",\"valueRequired\":true,\"valueName\":\"search_term_string\"}}],\"inLanguage\":\"es\"},{\"@type\":\"Organization\",\"@id\":\"https:\\\/\\\/www.robertzueblin.com\\\/es\\\/#organization\",\"name\":\"ROBERT Z\u00dcBLIN\",\"url\":\"https:\\\/\\\/www.robertzueblin.com\\\/es\\\/\",\"logo\":{\"@type\":\"ImageObject\",\"inLanguage\":\"es\",\"@id\":\"https:\\\/\\\/www.robertzueblin.com\\\/es\\\/#\\\/schema\\\/logo\\\/image\\\/\",\"url\":\"https:\\\/\\\/www.robertzueblin.com\\\/wp-content\\\/uploads\\\/cropped-cropped-logo-von-robert-zueblin.jpg\",\"contentUrl\":\"https:\\\/\\\/www.robertzueblin.com\\\/wp-content\\\/uploads\\\/cropped-cropped-logo-von-robert-zueblin.jpg\",\"width\":440,\"height\":60,\"caption\":\"ROBERT Z\u00dcBLIN\"},\"image\":{\"@id\":\"https:\\\/\\\/www.robertzueblin.com\\\/es\\\/#\\\/schema\\\/logo\\\/image\\\/\"}}]}<\/script>\n<!-- \/ Yoast SEO plugin. -->","yoast_head_json":{"title":"Otto LINDIG [atribuci\u00f3n] - Jarr\u00f3n de cer\u00e1mica Bauhaus (esfera)","description":"Jarr\u00f3n de la Bauhaus en forma de esfera, probablemente posterior a la Bauhaus, del ceramista y Bauh\u00e4usler Otto Lindig (cer\u00e1mica de taller); no est\u00e1 firmado.","robots":{"index":"index","follow":"follow","max-snippet":"max-snippet:-1","max-image-preview":"max-image-preview:large","max-video-preview":"max-video-preview:-1"},"canonical":"https:\/\/www.robertzueblin.com\/es\/otto-lindig\/atribuido-jarron-esferico\/","og_locale":"es_ES","og_type":"article","og_title":"Otto LINDIG [atribuci\u00f3n] - Jarr\u00f3n de cer\u00e1mica Bauhaus (esfera)","og_description":"Jarr\u00f3n de la Bauhaus en forma de esfera, probablemente posterior a la Bauhaus, del ceramista y Bauh\u00e4usler Otto Lindig (cer\u00e1mica de taller); no est\u00e1 firmado.","og_url":"https:\/\/www.robertzueblin.com\/es\/otto-lindig\/atribuido-jarron-esferico\/","og_site_name":"ROBERT Z\u00dcBLIN","article_modified_time":"2024-12-17T18:55:12+00:00","og_image":[{"width":1000,"height":1000,"url":"https:\/\/www.robertzueblin.com\/wp-content\/uploads\/otto-lindig-jarron-esferico-ceramica-foto-titulo.jpg","type":"image\/jpeg"}],"twitter_card":"summary_large_image","schema":{"@context":"https:\/\/schema.org","@graph":[{"@type":"WebPage","@id":"https:\/\/www.robertzueblin.com\/es\/otto-lindig\/atribuido-jarron-esferico\/","url":"https:\/\/www.robertzueblin.com\/es\/otto-lindig\/atribuido-jarron-esferico\/","name":"Otto LINDIG [atribuci\u00f3n] - Jarr\u00f3n de cer\u00e1mica Bauhaus (esfera)","isPartOf":{"@id":"https:\/\/www.robertzueblin.com\/es\/#website"},"primaryImageOfPage":{"@id":"https:\/\/www.robertzueblin.com\/es\/otto-lindig\/atribuido-jarron-esferico\/#primaryimage"},"image":{"@id":"https:\/\/www.robertzueblin.com\/es\/otto-lindig\/atribuido-jarron-esferico\/#primaryimage"},"thumbnailUrl":"https:\/\/www.robertzueblin.com\/wp-content\/uploads\/otto-lindig-jarron-esferico-ceramica-foto-titulo.jpg","datePublished":"2021-11-29T23:20:06+00:00","dateModified":"2024-12-17T18:55:12+00:00","description":"Jarr\u00f3n de la Bauhaus en forma de esfera, probablemente posterior a la Bauhaus, del ceramista y Bauh\u00e4usler Otto Lindig (cer\u00e1mica de taller); no est\u00e1 firmado.","breadcrumb":{"@id":"https:\/\/www.robertzueblin.com\/es\/otto-lindig\/atribuido-jarron-esferico\/#breadcrumb"},"inLanguage":"es","potentialAction":[{"@type":"ReadAction","target":["https:\/\/www.robertzueblin.com\/es\/otto-lindig\/atribuido-jarron-esferico\/"]}]},{"@type":"ImageObject","inLanguage":"es","@id":"https:\/\/www.robertzueblin.com\/es\/otto-lindig\/atribuido-jarron-esferico\/#primaryimage","url":"https:\/\/www.robertzueblin.com\/wp-content\/uploads\/otto-lindig-jarron-esferico-ceramica-foto-titulo.jpg","contentUrl":"https:\/\/www.robertzueblin.com\/wp-content\/uploads\/otto-lindig-jarron-esferico-ceramica-foto-titulo.jpg","width":1000,"height":1000},{"@type":"BreadcrumbList","@id":"https:\/\/www.robertzueblin.com\/es\/otto-lindig\/atribuido-jarron-esferico\/#breadcrumb","itemListElement":[{"@type":"ListItem","position":1,"name":"Startseite","item":"https:\/\/www.robertzueblin.com\/es\/"},{"@type":"ListItem","position":2,"name":"Galer\u00eda de arte online (tienda online)","item":"https:\/\/www.robertzueblin.com\/es\/galeria-de-arte-online\/"},{"@type":"ListItem","position":3,"name":"Otto LINDIG (* 1895, \u2020 1966) [atribuido] &#8211; Jarr\u00f3n de cer\u00e1mica Bauhaus (esfera)"}]},{"@type":"WebSite","@id":"https:\/\/www.robertzueblin.com\/es\/#website","url":"https:\/\/www.robertzueblin.com\/es\/","name":"ROBERT Z\u00dcBLIN","description":"","publisher":{"@id":"https:\/\/www.robertzueblin.com\/es\/#organization"},"potentialAction":[{"@type":"SearchAction","target":{"@type":"EntryPoint","urlTemplate":"https:\/\/www.robertzueblin.com\/es\/?s={search_term_string}"},"query-input":{"@type":"PropertyValueSpecification","valueRequired":true,"valueName":"search_term_string"}}],"inLanguage":"es"},{"@type":"Organization","@id":"https:\/\/www.robertzueblin.com\/es\/#organization","name":"ROBERT Z\u00dcBLIN","url":"https:\/\/www.robertzueblin.com\/es\/","logo":{"@type":"ImageObject","inLanguage":"es","@id":"https:\/\/www.robertzueblin.com\/es\/#\/schema\/logo\/image\/","url":"https:\/\/www.robertzueblin.com\/wp-content\/uploads\/cropped-cropped-logo-von-robert-zueblin.jpg","contentUrl":"https:\/\/www.robertzueblin.com\/wp-content\/uploads\/cropped-cropped-logo-von-robert-zueblin.jpg","width":440,"height":60,"caption":"ROBERT Z\u00dcBLIN"},"image":{"@id":"https:\/\/www.robertzueblin.com\/es\/#\/schema\/logo\/image\/"}}]}},"_links":{"self":[{"href":"https:\/\/www.robertzueblin.com\/es\/wp-json\/wp\/v2\/product\/3149","targetHints":{"allow":["GET"]}}],"collection":[{"href":"https:\/\/www.robertzueblin.com\/es\/wp-json\/wp\/v2\/product"}],"about":[{"href":"https:\/\/www.robertzueblin.com\/es\/wp-json\/wp\/v2\/types\/product"}],"wp:featuredmedia":[{"embeddable":true,"href":"https:\/\/www.robertzueblin.com\/es\/wp-json\/wp\/v2\/media\/2842"}],"wp:attachment":[{"href":"https:\/\/www.robertzueblin.com\/es\/wp-json\/wp\/v2\/media?parent=3149"}],"wp:term":[{"taxonomy":"product_brand","embeddable":true,"href":"https:\/\/www.robertzueblin.com\/es\/wp-json\/wp\/v2\/product_brand?post=3149"},{"taxonomy":"product_cat","embeddable":true,"href":"https:\/\/www.robertzueblin.com\/es\/wp-json\/wp\/v2\/product_cat?post=3149"},{"taxonomy":"product_tag","embeddable":true,"href":"https:\/\/www.robertzueblin.com\/es\/wp-json\/wp\/v2\/product_tag?post=3149"}],"curies":[{"name":"wp","href":"https:\/\/api.w.org\/{rel}","templated":true}]}}