{"id":3145,"date":"2021-09-25T19:38:37","date_gmt":"2021-09-25T17:38:37","guid":{"rendered":"https:\/\/www.robertzueblin.com\/?post_type=product&#038;p=3145"},"modified":"2024-08-09T19:01:03","modified_gmt":"2024-08-09T17:01:03","slug":"johannes-lessmann-1903-%e2%80%a0-1944-jarron-en-el-estilo-de-la-bauhaus","status":"publish","type":"product","link":"https:\/\/www.robertzueblin.com\/es\/johannes-lessmann\/jarron-en-el-estilo-de-la-bauhaus\/","title":{"rendered":"Johannes LE\u1e9eMANN (* 1903, \u2020 1944) \u2013 Jarr\u00f3n en el estilo de la Bauhaus &#8211; cer\u00e1mica de taller"},"content":{"rendered":"<p><span style=\"font-family: AkkoPro-BoldCondensed!important\">Tipo:<\/span> <a href=\"https:\/\/www.robertzueblin.com\/es\/tipo\/ceramica-artistica-ceramica-artesanal-ceramica-de-taller\/\">cer\u00e1mica de taller<\/a><\/p>\n<p><span style=\"font-family: AkkoPro-BoldCondensed!important\">Dise\u00f1o:<\/span> <a href=\"https:\/\/www.robertzueblin.com\/es\/johannes-lessmann\/\">Johannes Le\u00dfmann<\/a> (* 1903, \u2020 1944)<\/p>\n<p><span style=\"font-family: AkkoPro-BoldCondensed!important\">Ejecuci\u00f3n:<\/span> Taller de cer\u00e1mica Margaretenh\u00f6he<\/p>\n<p><span style=\"font-family: AkkoPro-BoldCondensed!important\">Objeto:<\/span> jarr\u00f3n<\/p>\n<p><span style=\"font-family: AkkoPro-BoldCondensed!important\">Dimensiones:<\/span> altura: 15 cm, anchura: 11 cm<\/p>\n<p><span style=\"font-family: AkkoPro-BoldCondensed!important\">Cuerpo:<\/span> cuerpo de color claro<\/p>\n<p><span style=\"font-family: AkkoPro-BoldCondensed!important\">Superficie:<\/span> el exterior es azul, negro y gris, el interior blanco<\/p>\n<p><span style=\"font-family: AkkoPro-BoldCondensed!important\">Per\u00edodo de producci\u00f3n:<\/span> a\u00f1os 30<\/p>\n<p><span style=\"font-family: AkkoPro-BoldCondensed!important\">Estado:<\/span> Sin da\u00f1os, pero con irregularidades relacionadas con la producci\u00f3n en el  borde de la apertura.<\/p>\n<p><span style=\"font-family: AkkoPro-BoldCondensed!important\">Firma\/marca:<\/span> T en M en el arco sobre la l\u00ednea con gui\u00f3n en la parte inferior izquierda.<\/p>\n<p><span style=\"font-family: AkkoPro-BoldCondensed!important\">Detalles:<\/span><br \/>\nSe trata probablemente de un jarr\u00f3n dise\u00f1ado por Johannes Le\u00dfmann y ejecutado en el Keramische Werkstatt Margaretenh\u00f6he. Johannes Le\u00dfmann fue aprendiz de Otto Lindig entre 1927 y 1930, y si no se viera la firma del Taller de Cer\u00e1mica de Margaretenh\u00f6he debajo de este jarr\u00f3n, se podr\u00eda suponer que se trata casi con seguridad de una pieza del ceramista de la Bauhaus Otto Lindig.<\/p>\n<p>No s\u00f3lo el esmalte con sus degradados turbios es t\u00edpico de Lindig, sino tambi\u00e9n el labio extremadamente fino, que parece haber sido da\u00f1ado posteriormente en esta pieza, pero que probablemente no es perfecto debido al proceso de producci\u00f3n. Es de suponer que el esmalte blanco no se comport\u00f3 de forma \u00f3ptima durante la cocci\u00f3n o que no se aplic\u00f3 correctamente en todas las partes del borde con anterioridad.<\/p>\n<p>En definitiva, se trata de una pieza absolutamente impresionante de un alumno de Lindig, que convence tanto por su forma como por el variado vidriado; blanco brillante en el interior, mate en el exterior, en un azul paloma con salpicaduras negras y ligeramente cocido en una zona hacia el pie, por lo que el vidriado ha desarrollado una superficie rugosa en ese punto.<\/p>\n","protected":false},"excerpt":{"rendered":"<p>Tipo: cer\u00e1mica de taller Dise\u00f1o: Johannes Le\u00dfmann (* 1903, \u2020 1944) Ejecuci\u00f3n: Taller de cer\u00e1mica Margaretenh\u00f6he Objeto: jarr\u00f3n Dimensiones: altura: 15 cm, anchura: 11 cm Cuerpo: cuerpo de color claro Superficie: el exterior es azul, negro y gris, el interior blanco Per\u00edodo de producci\u00f3n: a\u00f1os 30 Estado: Sin da\u00f1os, pero con irregularidades relacionadas con la [&hellip;]<\/p>\n","protected":false},"featured_media":2837,"template":"","meta":[],"product_brand":[],"product_cat":[204,189],"product_tag":[],"class_list":{"0":"post-3145","1":"product","2":"type-product","3":"status-publish","4":"has-post-thumbnail","6":"product_cat-bauhaus","7":"product_cat-johannes-lessmann","9":"first","10":"instock","11":"sold-individually","12":"shipping-taxable","13":"purchasable","14":"product-type-simple"},"yoast_head":"<!-- This site is optimized with the Yoast SEO plugin v27.5 - https:\/\/yoast.com\/product\/yoast-seo-wordpress\/ -->\n<title>Johannes LE\u1e9eMANN - Jarr\u00f3n estilo Bauhaus - cer\u00e1mica de taller<\/title>\n<meta name=\"description\" content=\"Jarr\u00f3n dise\u00f1ado por Johannes Le\u00dfmann en el estilo de Otto Lindig (Bauhaus), ejecutado por la alfarer\u00eda &quot;Keramische Werkstatt Margaretenh\u00f6he&quot;.\" \/>\n<meta name=\"robots\" content=\"index, follow, max-snippet:-1, max-image-preview:large, max-video-preview:-1\" \/>\n<link rel=\"canonical\" href=\"https:\/\/www.robertzueblin.com\/es\/johannes-lessmann\/jarron-en-el-estilo-de-la-bauhaus\/\" \/>\n<meta property=\"og:locale\" content=\"es_ES\" \/>\n<meta property=\"og:type\" content=\"article\" \/>\n<meta property=\"og:title\" content=\"Johannes LE\u1e9eMANN - Jarr\u00f3n estilo Bauhaus - cer\u00e1mica de taller\" \/>\n<meta property=\"og:description\" content=\"Jarr\u00f3n dise\u00f1ado por Johannes Le\u00dfmann en el estilo de Otto Lindig (Bauhaus), ejecutado por la alfarer\u00eda &quot;Keramische Werkstatt Margaretenh\u00f6he&quot;.\" \/>\n<meta property=\"og:url\" content=\"https:\/\/www.robertzueblin.com\/es\/johannes-lessmann\/jarron-en-el-estilo-de-la-bauhaus\/\" \/>\n<meta property=\"og:site_name\" content=\"ROBERT Z\u00dcBLIN\" \/>\n<meta property=\"article:modified_time\" content=\"2024-08-09T17:01:03+00:00\" \/>\n<meta property=\"og:image\" content=\"https:\/\/www.robertzueblin.com\/wp-content\/uploads\/johannes-lessmann-ceramica-jarron-foto-titulo.jpg\" \/>\n\t<meta property=\"og:image:width\" content=\"1080\" \/>\n\t<meta property=\"og:image:height\" content=\"1080\" \/>\n\t<meta property=\"og:image:type\" content=\"image\/jpeg\" \/>\n<meta name=\"twitter:card\" content=\"summary_large_image\" \/>\n<script type=\"application\/ld+json\" class=\"yoast-schema-graph\">{\"@context\":\"https:\\\/\\\/schema.org\",\"@graph\":[{\"@type\":\"WebPage\",\"@id\":\"https:\\\/\\\/www.robertzueblin.com\\\/es\\\/johannes-lessmann\\\/jarron-en-el-estilo-de-la-bauhaus\\\/\",\"url\":\"https:\\\/\\\/www.robertzueblin.com\\\/es\\\/johannes-lessmann\\\/jarron-en-el-estilo-de-la-bauhaus\\\/\",\"name\":\"Johannes LE\u1e9eMANN - Jarr\u00f3n estilo Bauhaus - cer\u00e1mica de taller\",\"isPartOf\":{\"@id\":\"https:\\\/\\\/www.robertzueblin.com\\\/es\\\/#website\"},\"primaryImageOfPage\":{\"@id\":\"https:\\\/\\\/www.robertzueblin.com\\\/es\\\/johannes-lessmann\\\/jarron-en-el-estilo-de-la-bauhaus\\\/#primaryimage\"},\"image\":{\"@id\":\"https:\\\/\\\/www.robertzueblin.com\\\/es\\\/johannes-lessmann\\\/jarron-en-el-estilo-de-la-bauhaus\\\/#primaryimage\"},\"thumbnailUrl\":\"https:\\\/\\\/www.robertzueblin.com\\\/wp-content\\\/uploads\\\/johannes-lessmann-ceramica-jarron-foto-titulo.jpg\",\"datePublished\":\"2021-09-25T17:38:37+00:00\",\"dateModified\":\"2024-08-09T17:01:03+00:00\",\"description\":\"Jarr\u00f3n dise\u00f1ado por Johannes Le\u00dfmann en el estilo de Otto Lindig (Bauhaus), ejecutado por la alfarer\u00eda \\\"Keramische Werkstatt Margaretenh\u00f6he\\\".\",\"breadcrumb\":{\"@id\":\"https:\\\/\\\/www.robertzueblin.com\\\/es\\\/johannes-lessmann\\\/jarron-en-el-estilo-de-la-bauhaus\\\/#breadcrumb\"},\"inLanguage\":\"es\",\"potentialAction\":[{\"@type\":\"ReadAction\",\"target\":[\"https:\\\/\\\/www.robertzueblin.com\\\/es\\\/johannes-lessmann\\\/jarron-en-el-estilo-de-la-bauhaus\\\/\"]}]},{\"@type\":\"ImageObject\",\"inLanguage\":\"es\",\"@id\":\"https:\\\/\\\/www.robertzueblin.com\\\/es\\\/johannes-lessmann\\\/jarron-en-el-estilo-de-la-bauhaus\\\/#primaryimage\",\"url\":\"https:\\\/\\\/www.robertzueblin.com\\\/wp-content\\\/uploads\\\/johannes-lessmann-ceramica-jarron-foto-titulo.jpg\",\"contentUrl\":\"https:\\\/\\\/www.robertzueblin.com\\\/wp-content\\\/uploads\\\/johannes-lessmann-ceramica-jarron-foto-titulo.jpg\",\"width\":1080,\"height\":1080},{\"@type\":\"BreadcrumbList\",\"@id\":\"https:\\\/\\\/www.robertzueblin.com\\\/es\\\/johannes-lessmann\\\/jarron-en-el-estilo-de-la-bauhaus\\\/#breadcrumb\",\"itemListElement\":[{\"@type\":\"ListItem\",\"position\":1,\"name\":\"Startseite\",\"item\":\"https:\\\/\\\/www.robertzueblin.com\\\/es\\\/\"},{\"@type\":\"ListItem\",\"position\":2,\"name\":\"Galer\u00eda de arte online (tienda online)\",\"item\":\"https:\\\/\\\/www.robertzueblin.com\\\/es\\\/galeria-de-arte-online\\\/\"},{\"@type\":\"ListItem\",\"position\":3,\"name\":\"Johannes LE\u1e9eMANN (* 1903, \u2020 1944) \u2013 Jarr\u00f3n en el estilo de la Bauhaus &#8211; cer\u00e1mica de taller\"}]},{\"@type\":\"WebSite\",\"@id\":\"https:\\\/\\\/www.robertzueblin.com\\\/es\\\/#website\",\"url\":\"https:\\\/\\\/www.robertzueblin.com\\\/es\\\/\",\"name\":\"ROBERT Z\u00dcBLIN\",\"description\":\"\",\"publisher\":{\"@id\":\"https:\\\/\\\/www.robertzueblin.com\\\/es\\\/#organization\"},\"potentialAction\":[{\"@type\":\"SearchAction\",\"target\":{\"@type\":\"EntryPoint\",\"urlTemplate\":\"https:\\\/\\\/www.robertzueblin.com\\\/es\\\/?s={search_term_string}\"},\"query-input\":{\"@type\":\"PropertyValueSpecification\",\"valueRequired\":true,\"valueName\":\"search_term_string\"}}],\"inLanguage\":\"es\"},{\"@type\":\"Organization\",\"@id\":\"https:\\\/\\\/www.robertzueblin.com\\\/es\\\/#organization\",\"name\":\"ROBERT Z\u00dcBLIN\",\"url\":\"https:\\\/\\\/www.robertzueblin.com\\\/es\\\/\",\"logo\":{\"@type\":\"ImageObject\",\"inLanguage\":\"es\",\"@id\":\"https:\\\/\\\/www.robertzueblin.com\\\/es\\\/#\\\/schema\\\/logo\\\/image\\\/\",\"url\":\"https:\\\/\\\/www.robertzueblin.com\\\/wp-content\\\/uploads\\\/cropped-cropped-logo-von-robert-zueblin.jpg\",\"contentUrl\":\"https:\\\/\\\/www.robertzueblin.com\\\/wp-content\\\/uploads\\\/cropped-cropped-logo-von-robert-zueblin.jpg\",\"width\":440,\"height\":60,\"caption\":\"ROBERT Z\u00dcBLIN\"},\"image\":{\"@id\":\"https:\\\/\\\/www.robertzueblin.com\\\/es\\\/#\\\/schema\\\/logo\\\/image\\\/\"}}]}<\/script>\n<!-- \/ Yoast SEO plugin. -->","yoast_head_json":{"title":"Johannes LE\u1e9eMANN - Jarr\u00f3n estilo Bauhaus - cer\u00e1mica de taller","description":"Jarr\u00f3n dise\u00f1ado por Johannes Le\u00dfmann en el estilo de Otto Lindig (Bauhaus), ejecutado por la alfarer\u00eda \"Keramische Werkstatt Margaretenh\u00f6he\".","robots":{"index":"index","follow":"follow","max-snippet":"max-snippet:-1","max-image-preview":"max-image-preview:large","max-video-preview":"max-video-preview:-1"},"canonical":"https:\/\/www.robertzueblin.com\/es\/johannes-lessmann\/jarron-en-el-estilo-de-la-bauhaus\/","og_locale":"es_ES","og_type":"article","og_title":"Johannes LE\u1e9eMANN - Jarr\u00f3n estilo Bauhaus - cer\u00e1mica de taller","og_description":"Jarr\u00f3n dise\u00f1ado por Johannes Le\u00dfmann en el estilo de Otto Lindig (Bauhaus), ejecutado por la alfarer\u00eda \"Keramische Werkstatt Margaretenh\u00f6he\".","og_url":"https:\/\/www.robertzueblin.com\/es\/johannes-lessmann\/jarron-en-el-estilo-de-la-bauhaus\/","og_site_name":"ROBERT Z\u00dcBLIN","article_modified_time":"2024-08-09T17:01:03+00:00","og_image":[{"width":1080,"height":1080,"url":"https:\/\/www.robertzueblin.com\/wp-content\/uploads\/johannes-lessmann-ceramica-jarron-foto-titulo.jpg","type":"image\/jpeg"}],"twitter_card":"summary_large_image","schema":{"@context":"https:\/\/schema.org","@graph":[{"@type":"WebPage","@id":"https:\/\/www.robertzueblin.com\/es\/johannes-lessmann\/jarron-en-el-estilo-de-la-bauhaus\/","url":"https:\/\/www.robertzueblin.com\/es\/johannes-lessmann\/jarron-en-el-estilo-de-la-bauhaus\/","name":"Johannes LE\u1e9eMANN - Jarr\u00f3n estilo Bauhaus - cer\u00e1mica de taller","isPartOf":{"@id":"https:\/\/www.robertzueblin.com\/es\/#website"},"primaryImageOfPage":{"@id":"https:\/\/www.robertzueblin.com\/es\/johannes-lessmann\/jarron-en-el-estilo-de-la-bauhaus\/#primaryimage"},"image":{"@id":"https:\/\/www.robertzueblin.com\/es\/johannes-lessmann\/jarron-en-el-estilo-de-la-bauhaus\/#primaryimage"},"thumbnailUrl":"https:\/\/www.robertzueblin.com\/wp-content\/uploads\/johannes-lessmann-ceramica-jarron-foto-titulo.jpg","datePublished":"2021-09-25T17:38:37+00:00","dateModified":"2024-08-09T17:01:03+00:00","description":"Jarr\u00f3n dise\u00f1ado por Johannes Le\u00dfmann en el estilo de Otto Lindig (Bauhaus), ejecutado por la alfarer\u00eda \"Keramische Werkstatt Margaretenh\u00f6he\".","breadcrumb":{"@id":"https:\/\/www.robertzueblin.com\/es\/johannes-lessmann\/jarron-en-el-estilo-de-la-bauhaus\/#breadcrumb"},"inLanguage":"es","potentialAction":[{"@type":"ReadAction","target":["https:\/\/www.robertzueblin.com\/es\/johannes-lessmann\/jarron-en-el-estilo-de-la-bauhaus\/"]}]},{"@type":"ImageObject","inLanguage":"es","@id":"https:\/\/www.robertzueblin.com\/es\/johannes-lessmann\/jarron-en-el-estilo-de-la-bauhaus\/#primaryimage","url":"https:\/\/www.robertzueblin.com\/wp-content\/uploads\/johannes-lessmann-ceramica-jarron-foto-titulo.jpg","contentUrl":"https:\/\/www.robertzueblin.com\/wp-content\/uploads\/johannes-lessmann-ceramica-jarron-foto-titulo.jpg","width":1080,"height":1080},{"@type":"BreadcrumbList","@id":"https:\/\/www.robertzueblin.com\/es\/johannes-lessmann\/jarron-en-el-estilo-de-la-bauhaus\/#breadcrumb","itemListElement":[{"@type":"ListItem","position":1,"name":"Startseite","item":"https:\/\/www.robertzueblin.com\/es\/"},{"@type":"ListItem","position":2,"name":"Galer\u00eda de arte online (tienda online)","item":"https:\/\/www.robertzueblin.com\/es\/galeria-de-arte-online\/"},{"@type":"ListItem","position":3,"name":"Johannes LE\u1e9eMANN (* 1903, \u2020 1944) \u2013 Jarr\u00f3n en el estilo de la Bauhaus &#8211; cer\u00e1mica de taller"}]},{"@type":"WebSite","@id":"https:\/\/www.robertzueblin.com\/es\/#website","url":"https:\/\/www.robertzueblin.com\/es\/","name":"ROBERT Z\u00dcBLIN","description":"","publisher":{"@id":"https:\/\/www.robertzueblin.com\/es\/#organization"},"potentialAction":[{"@type":"SearchAction","target":{"@type":"EntryPoint","urlTemplate":"https:\/\/www.robertzueblin.com\/es\/?s={search_term_string}"},"query-input":{"@type":"PropertyValueSpecification","valueRequired":true,"valueName":"search_term_string"}}],"inLanguage":"es"},{"@type":"Organization","@id":"https:\/\/www.robertzueblin.com\/es\/#organization","name":"ROBERT Z\u00dcBLIN","url":"https:\/\/www.robertzueblin.com\/es\/","logo":{"@type":"ImageObject","inLanguage":"es","@id":"https:\/\/www.robertzueblin.com\/es\/#\/schema\/logo\/image\/","url":"https:\/\/www.robertzueblin.com\/wp-content\/uploads\/cropped-cropped-logo-von-robert-zueblin.jpg","contentUrl":"https:\/\/www.robertzueblin.com\/wp-content\/uploads\/cropped-cropped-logo-von-robert-zueblin.jpg","width":440,"height":60,"caption":"ROBERT Z\u00dcBLIN"},"image":{"@id":"https:\/\/www.robertzueblin.com\/es\/#\/schema\/logo\/image\/"}}]}},"_links":{"self":[{"href":"https:\/\/www.robertzueblin.com\/es\/wp-json\/wp\/v2\/product\/3145","targetHints":{"allow":["GET"]}}],"collection":[{"href":"https:\/\/www.robertzueblin.com\/es\/wp-json\/wp\/v2\/product"}],"about":[{"href":"https:\/\/www.robertzueblin.com\/es\/wp-json\/wp\/v2\/types\/product"}],"wp:featuredmedia":[{"embeddable":true,"href":"https:\/\/www.robertzueblin.com\/es\/wp-json\/wp\/v2\/media\/2837"}],"wp:attachment":[{"href":"https:\/\/www.robertzueblin.com\/es\/wp-json\/wp\/v2\/media?parent=3145"}],"wp:term":[{"taxonomy":"product_brand","embeddable":true,"href":"https:\/\/www.robertzueblin.com\/es\/wp-json\/wp\/v2\/product_brand?post=3145"},{"taxonomy":"product_cat","embeddable":true,"href":"https:\/\/www.robertzueblin.com\/es\/wp-json\/wp\/v2\/product_cat?post=3145"},{"taxonomy":"product_tag","embeddable":true,"href":"https:\/\/www.robertzueblin.com\/es\/wp-json\/wp\/v2\/product_tag?post=3145"}],"curies":[{"name":"wp","href":"https:\/\/api.w.org\/{rel}","templated":true}]}}