{"id":27999,"date":"2022-09-19T12:21:13","date_gmt":"2022-09-19T10:21:13","guid":{"rendered":"https:\/\/www.robertzueblin.com\/?post_type=product&#038;p=27999"},"modified":"2025-12-20T15:36:51","modified_gmt":"2025-12-20T14:36:51","slug":"gerhard-doelz-1926-%e2%80%a0-2007-plato-de-pared-de-ceramica-de-taller-con-mariposa","status":"publish","type":"product","link":"https:\/\/www.robertzueblin.com\/es\/gerhard-doelz\/plato-de-pared-de-ceramica-de-taller-con-mariposa\/","title":{"rendered":"Gerhard D\u00d6LZ (* 1926, \u2020 2007) &#8211; Plato de pared de cer\u00e1mica de taller con mariposa"},"content":{"rendered":"<p><span style=\"font-family: AkkoPro-BoldCondensed!important\">Tipo:<\/span> <a href=\"https:\/\/www.robertzueblin.com\/es\/tipo\/ceramica-artistica-ceramica-artesanal-ceramica-de-taller\/\">cer\u00e1mica de taller<\/a><\/p>\n<p><span style=\"font-family: AkkoPro-BoldCondensed!important\">Dise\u00f1o:<<\/span> Gerhard D\u00f6lz (* 1926, \u2020 2007)<\/p>\n<p><span style=\"font-family: AkkoPro-BoldCondensed!important\">Ejecuci\u00f3n:<\/span> Gerhard D\u00f6lz (* 1926, \u2020 2007)<\/p>\n<p><span style=\"font-family: AkkoPro-BoldCondensed!important\">Objeto:<<\/span> plato<\/p>\n<p><span style=\"font-family: AkkoPro-BoldCondensed!important\">Dimensiones:<<\/span> altura: 12 cm, anchura: 12,8 cm<\/p>\n<p><span style=\"font-family: AkkoPro-BoldCondensed!important\">Cuerpo:<\/span> arcilla de manganeso<\/p>\n<p><span style=\"font-family: AkkoPro-BoldCondensed!important\">Superficie:<\/span> marr\u00f3n, azul, blanco y rojo<\/p>\n<p><span style=\"font-family: AkkoPro-BoldCondensed!important\">A\u00f1o de producci\u00f3n:<\/span> probablemente la d\u00e9cada de 1970<\/p>\n<p><span style=\"font-family: AkkoPro-BoldCondensed!important\">Estado:<\/span> sin da\u00f1os <\/p>\n<p><span style=\"font-family: AkkoPro-BoldCondensed!important\">Firma\/marca:<\/span> GD<\/p>\n","protected":false},"excerpt":{"rendered":"<p>Tipo: cer\u00e1mica de taller Dise\u00f1o:<\/p>\n","protected":false},"featured_media":28000,"template":"","meta":[],"product_brand":[],"product_cat":[180],"product_tag":[],"class_list":["post-27999","product","type-product","status-publish","has-post-thumbnail","product_cat-gerhard-doelz","first","instock","sold-individually","shipping-taxable","purchasable","product-type-simple"],"yoast_head":"<!-- This site is optimized with the Yoast SEO plugin v28.3 - https:\/\/yoast.com\/product\/yoast-seo-wordpress\/ -->\n<title>Gerhard D\u00d6LZ - Plato de pared de cer\u00e1mica de taller con mariposa<\/title>\n<meta name=\"description\" content=\"Cer\u00e1mica de la RDA del ceramista Gerhard D\u00f6lz: plato de pared de cer\u00e1mica de taller con mariposa de manganeso con esmalte azul, blanco y rojo.\" \/>\n<meta name=\"robots\" content=\"index, follow, max-snippet:-1, max-image-preview:large, max-video-preview:-1\" \/>\n<link rel=\"canonical\" href=\"https:\/\/www.robertzueblin.com\/es\/gerhard-doelz\/plato-de-pared-de-ceramica-de-taller-con-mariposa\/\" \/>\n<meta property=\"og:locale\" content=\"es_ES\" \/>\n<meta property=\"og:type\" content=\"article\" \/>\n<meta property=\"og:title\" content=\"Gerhard D\u00d6LZ - Plato de pared de cer\u00e1mica de taller con mariposa\" \/>\n<meta property=\"og:description\" content=\"Cer\u00e1mica de la RDA del ceramista Gerhard D\u00f6lz: plato de pared de cer\u00e1mica de taller con mariposa de manganeso con esmalte azul, blanco y rojo.\" \/>\n<meta property=\"og:url\" content=\"https:\/\/www.robertzueblin.com\/es\/gerhard-doelz\/plato-de-pared-de-ceramica-de-taller-con-mariposa\/\" \/>\n<meta property=\"og:site_name\" content=\"ROBERT Z\u00dcBLIN\" \/>\n<meta property=\"article:modified_time\" content=\"2025-12-20T14:36:51+00:00\" \/>\n<meta property=\"og:image\" content=\"https:\/\/www.robertzueblin.com\/wp-content\/uploads\/gerhard-doelz-ceramica-taller-plato-pared-con-mariposa-foto-titulo.jpg\" \/>\n\t<meta property=\"og:image:width\" content=\"1000\" \/>\n\t<meta property=\"og:image:height\" content=\"1000\" \/>\n\t<meta property=\"og:image:type\" content=\"image\/jpeg\" \/>\n<meta name=\"twitter:card\" content=\"summary_large_image\" \/>\n<script type=\"application\/ld+json\" class=\"yoast-schema-graph\">{\"@context\":\"https:\\\/\\\/schema.org\",\"@graph\":[{\"@type\":\"WebPage\",\"@id\":\"https:\\\/\\\/www.robertzueblin.com\\\/es\\\/gerhard-doelz\\\/plato-de-pared-de-ceramica-de-taller-con-mariposa\\\/\",\"url\":\"https:\\\/\\\/www.robertzueblin.com\\\/es\\\/gerhard-doelz\\\/plato-de-pared-de-ceramica-de-taller-con-mariposa\\\/\",\"name\":\"Gerhard D\u00d6LZ - Plato de pared de cer\u00e1mica de taller con mariposa\",\"isPartOf\":{\"@id\":\"https:\\\/\\\/www.robertzueblin.com\\\/es\\\/#website\"},\"primaryImageOfPage\":{\"@id\":\"https:\\\/\\\/www.robertzueblin.com\\\/es\\\/gerhard-doelz\\\/plato-de-pared-de-ceramica-de-taller-con-mariposa\\\/#primaryimage\"},\"image\":{\"@id\":\"https:\\\/\\\/www.robertzueblin.com\\\/es\\\/gerhard-doelz\\\/plato-de-pared-de-ceramica-de-taller-con-mariposa\\\/#primaryimage\"},\"thumbnailUrl\":\"https:\\\/\\\/www.robertzueblin.com\\\/wp-content\\\/uploads\\\/gerhard-doelz-ceramica-taller-plato-pared-con-mariposa-foto-titulo.jpg\",\"datePublished\":\"2022-09-19T10:21:13+00:00\",\"dateModified\":\"2025-12-20T14:36:51+00:00\",\"description\":\"Cer\u00e1mica de la RDA del ceramista Gerhard D\u00f6lz: plato de pared de cer\u00e1mica de taller con mariposa de manganeso con esmalte azul, blanco y rojo.\",\"breadcrumb\":{\"@id\":\"https:\\\/\\\/www.robertzueblin.com\\\/es\\\/gerhard-doelz\\\/plato-de-pared-de-ceramica-de-taller-con-mariposa\\\/#breadcrumb\"},\"inLanguage\":\"es\",\"potentialAction\":[{\"@type\":\"ReadAction\",\"target\":[\"https:\\\/\\\/www.robertzueblin.com\\\/es\\\/gerhard-doelz\\\/plato-de-pared-de-ceramica-de-taller-con-mariposa\\\/\"]}]},{\"@type\":\"ImageObject\",\"inLanguage\":\"es\",\"@id\":\"https:\\\/\\\/www.robertzueblin.com\\\/es\\\/gerhard-doelz\\\/plato-de-pared-de-ceramica-de-taller-con-mariposa\\\/#primaryimage\",\"url\":\"https:\\\/\\\/www.robertzueblin.com\\\/wp-content\\\/uploads\\\/gerhard-doelz-ceramica-taller-plato-pared-con-mariposa-foto-titulo.jpg\",\"contentUrl\":\"https:\\\/\\\/www.robertzueblin.com\\\/wp-content\\\/uploads\\\/gerhard-doelz-ceramica-taller-plato-pared-con-mariposa-foto-titulo.jpg\",\"width\":1000,\"height\":1000,\"caption\":\"El plato de pared de cer\u00e1mica de taller con mariposa del ceramista Gerhard D\u00f6lz, hecho de manganeso marr\u00f3n visible con esmalte azul, blanco y rojo, es un hermoso plato de cer\u00e1mica de taller de la RDA.\"},{\"@type\":\"BreadcrumbList\",\"@id\":\"https:\\\/\\\/www.robertzueblin.com\\\/es\\\/gerhard-doelz\\\/plato-de-pared-de-ceramica-de-taller-con-mariposa\\\/#breadcrumb\",\"itemListElement\":[{\"@type\":\"ListItem\",\"position\":1,\"name\":\"Startseite\",\"item\":\"https:\\\/\\\/www.robertzueblin.com\\\/es\\\/\"},{\"@type\":\"ListItem\",\"position\":2,\"name\":\"Galer\u00eda de arte online (tienda online)\",\"item\":\"https:\\\/\\\/www.robertzueblin.com\\\/es\\\/galeria-de-arte-online\\\/\"},{\"@type\":\"ListItem\",\"position\":3,\"name\":\"Gerhard D\u00d6LZ (* 1926, \u2020 2007) &#8211; Plato de pared de cer\u00e1mica de taller con mariposa\"}]},{\"@type\":\"WebSite\",\"@id\":\"https:\\\/\\\/www.robertzueblin.com\\\/es\\\/#website\",\"url\":\"https:\\\/\\\/www.robertzueblin.com\\\/es\\\/\",\"name\":\"ROBERT Z\u00dcBLIN\",\"description\":\"\",\"publisher\":{\"@id\":\"https:\\\/\\\/www.robertzueblin.com\\\/es\\\/#organization\"},\"potentialAction\":[{\"@type\":\"SearchAction\",\"target\":{\"@type\":\"EntryPoint\",\"urlTemplate\":\"https:\\\/\\\/www.robertzueblin.com\\\/es\\\/?s={search_term_string}\"},\"query-input\":{\"@type\":\"PropertyValueSpecification\",\"valueRequired\":true,\"valueName\":\"search_term_string\"}}],\"inLanguage\":\"es\"},{\"@type\":\"Organization\",\"@id\":\"https:\\\/\\\/www.robertzueblin.com\\\/es\\\/#organization\",\"name\":\"ROBERT Z\u00dcBLIN\",\"url\":\"https:\\\/\\\/www.robertzueblin.com\\\/es\\\/\",\"logo\":{\"@type\":\"ImageObject\",\"inLanguage\":\"es\",\"@id\":\"https:\\\/\\\/www.robertzueblin.com\\\/es\\\/#\\\/schema\\\/logo\\\/image\\\/\",\"url\":\"https:\\\/\\\/www.robertzueblin.com\\\/wp-content\\\/uploads\\\/cropped-logo-robert-zueblin-art-dealer-zurich.jpg\",\"contentUrl\":\"https:\\\/\\\/www.robertzueblin.com\\\/wp-content\\\/uploads\\\/cropped-logo-robert-zueblin-art-dealer-zurich.jpg\",\"width\":440,\"height\":120,\"caption\":\"ROBERT Z\u00dcBLIN\"},\"image\":{\"@id\":\"https:\\\/\\\/www.robertzueblin.com\\\/es\\\/#\\\/schema\\\/logo\\\/image\\\/\"}}]}<\/script>\n<!-- \/ Yoast SEO plugin. -->","yoast_head_json":{"title":"Gerhard D\u00d6LZ - Plato de pared de cer\u00e1mica de taller con mariposa","description":"Cer\u00e1mica de la RDA del ceramista Gerhard D\u00f6lz: plato de pared de cer\u00e1mica de taller con mariposa de manganeso con esmalte azul, blanco y rojo.","robots":{"index":"index","follow":"follow","max-snippet":"max-snippet:-1","max-image-preview":"max-image-preview:large","max-video-preview":"max-video-preview:-1"},"canonical":"https:\/\/www.robertzueblin.com\/es\/gerhard-doelz\/plato-de-pared-de-ceramica-de-taller-con-mariposa\/","og_locale":"es_ES","og_type":"article","og_title":"Gerhard D\u00d6LZ - Plato de pared de cer\u00e1mica de taller con mariposa","og_description":"Cer\u00e1mica de la RDA del ceramista Gerhard D\u00f6lz: plato de pared de cer\u00e1mica de taller con mariposa de manganeso con esmalte azul, blanco y rojo.","og_url":"https:\/\/www.robertzueblin.com\/es\/gerhard-doelz\/plato-de-pared-de-ceramica-de-taller-con-mariposa\/","og_site_name":"ROBERT Z\u00dcBLIN","article_modified_time":"2025-12-20T14:36:51+00:00","og_image":[{"width":1000,"height":1000,"url":"https:\/\/www.robertzueblin.com\/wp-content\/uploads\/gerhard-doelz-ceramica-taller-plato-pared-con-mariposa-foto-titulo.jpg","type":"image\/jpeg"}],"twitter_card":"summary_large_image","schema":{"@context":"https:\/\/schema.org","@graph":[{"@type":"WebPage","@id":"https:\/\/www.robertzueblin.com\/es\/gerhard-doelz\/plato-de-pared-de-ceramica-de-taller-con-mariposa\/","url":"https:\/\/www.robertzueblin.com\/es\/gerhard-doelz\/plato-de-pared-de-ceramica-de-taller-con-mariposa\/","name":"Gerhard D\u00d6LZ - Plato de pared de cer\u00e1mica de taller con mariposa","isPartOf":{"@id":"https:\/\/www.robertzueblin.com\/es\/#website"},"primaryImageOfPage":{"@id":"https:\/\/www.robertzueblin.com\/es\/gerhard-doelz\/plato-de-pared-de-ceramica-de-taller-con-mariposa\/#primaryimage"},"image":{"@id":"https:\/\/www.robertzueblin.com\/es\/gerhard-doelz\/plato-de-pared-de-ceramica-de-taller-con-mariposa\/#primaryimage"},"thumbnailUrl":"https:\/\/www.robertzueblin.com\/wp-content\/uploads\/gerhard-doelz-ceramica-taller-plato-pared-con-mariposa-foto-titulo.jpg","datePublished":"2022-09-19T10:21:13+00:00","dateModified":"2025-12-20T14:36:51+00:00","description":"Cer\u00e1mica de la RDA del ceramista Gerhard D\u00f6lz: plato de pared de cer\u00e1mica de taller con mariposa de manganeso con esmalte azul, blanco y rojo.","breadcrumb":{"@id":"https:\/\/www.robertzueblin.com\/es\/gerhard-doelz\/plato-de-pared-de-ceramica-de-taller-con-mariposa\/#breadcrumb"},"inLanguage":"es","potentialAction":[{"@type":"ReadAction","target":["https:\/\/www.robertzueblin.com\/es\/gerhard-doelz\/plato-de-pared-de-ceramica-de-taller-con-mariposa\/"]}]},{"@type":"ImageObject","inLanguage":"es","@id":"https:\/\/www.robertzueblin.com\/es\/gerhard-doelz\/plato-de-pared-de-ceramica-de-taller-con-mariposa\/#primaryimage","url":"https:\/\/www.robertzueblin.com\/wp-content\/uploads\/gerhard-doelz-ceramica-taller-plato-pared-con-mariposa-foto-titulo.jpg","contentUrl":"https:\/\/www.robertzueblin.com\/wp-content\/uploads\/gerhard-doelz-ceramica-taller-plato-pared-con-mariposa-foto-titulo.jpg","width":1000,"height":1000,"caption":"El plato de pared de cer\u00e1mica de taller con mariposa del ceramista Gerhard D\u00f6lz, hecho de manganeso marr\u00f3n visible con esmalte azul, blanco y rojo, es un hermoso plato de cer\u00e1mica de taller de la RDA."},{"@type":"BreadcrumbList","@id":"https:\/\/www.robertzueblin.com\/es\/gerhard-doelz\/plato-de-pared-de-ceramica-de-taller-con-mariposa\/#breadcrumb","itemListElement":[{"@type":"ListItem","position":1,"name":"Startseite","item":"https:\/\/www.robertzueblin.com\/es\/"},{"@type":"ListItem","position":2,"name":"Galer\u00eda de arte online (tienda online)","item":"https:\/\/www.robertzueblin.com\/es\/galeria-de-arte-online\/"},{"@type":"ListItem","position":3,"name":"Gerhard D\u00d6LZ (* 1926, \u2020 2007) &#8211; Plato de pared de cer\u00e1mica de taller con mariposa"}]},{"@type":"WebSite","@id":"https:\/\/www.robertzueblin.com\/es\/#website","url":"https:\/\/www.robertzueblin.com\/es\/","name":"ROBERT Z\u00dcBLIN","description":"","publisher":{"@id":"https:\/\/www.robertzueblin.com\/es\/#organization"},"potentialAction":[{"@type":"SearchAction","target":{"@type":"EntryPoint","urlTemplate":"https:\/\/www.robertzueblin.com\/es\/?s={search_term_string}"},"query-input":{"@type":"PropertyValueSpecification","valueRequired":true,"valueName":"search_term_string"}}],"inLanguage":"es"},{"@type":"Organization","@id":"https:\/\/www.robertzueblin.com\/es\/#organization","name":"ROBERT Z\u00dcBLIN","url":"https:\/\/www.robertzueblin.com\/es\/","logo":{"@type":"ImageObject","inLanguage":"es","@id":"https:\/\/www.robertzueblin.com\/es\/#\/schema\/logo\/image\/","url":"https:\/\/www.robertzueblin.com\/wp-content\/uploads\/cropped-logo-robert-zueblin-art-dealer-zurich.jpg","contentUrl":"https:\/\/www.robertzueblin.com\/wp-content\/uploads\/cropped-logo-robert-zueblin-art-dealer-zurich.jpg","width":440,"height":120,"caption":"ROBERT Z\u00dcBLIN"},"image":{"@id":"https:\/\/www.robertzueblin.com\/es\/#\/schema\/logo\/image\/"}}]}},"permalink_manager":null,"_links":{"self":[{"href":"https:\/\/www.robertzueblin.com\/es\/wp-json\/wp\/v2\/product\/27999","targetHints":{"allow":["GET"]}}],"collection":[{"href":"https:\/\/www.robertzueblin.com\/es\/wp-json\/wp\/v2\/product"}],"about":[{"href":"https:\/\/www.robertzueblin.com\/es\/wp-json\/wp\/v2\/types\/product"}],"wp:featuredmedia":[{"embeddable":true,"href":"https:\/\/www.robertzueblin.com\/es\/wp-json\/wp\/v2\/media\/28000"}],"wp:attachment":[{"href":"https:\/\/www.robertzueblin.com\/es\/wp-json\/wp\/v2\/media?parent=27999"}],"wp:term":[{"taxonomy":"product_brand","embeddable":true,"href":"https:\/\/www.robertzueblin.com\/es\/wp-json\/wp\/v2\/product_brand?post=27999"},{"taxonomy":"product_cat","embeddable":true,"href":"https:\/\/www.robertzueblin.com\/es\/wp-json\/wp\/v2\/product_cat?post=27999"},{"taxonomy":"product_tag","embeddable":true,"href":"https:\/\/www.robertzueblin.com\/es\/wp-json\/wp\/v2\/product_tag?post=27999"}],"curies":[{"name":"wp","href":"https:\/\/api.w.org\/{rel}","templated":true}]}}