{"id":3539,"date":"2021-12-14T20:28:59","date_gmt":"2021-12-14T19:28:59","guid":{"rendered":"https:\/\/www.robertzueblin.com\/?page_id=3539"},"modified":"2022-12-04T22:36:56","modified_gmt":"2022-12-04T21:36:56","slug":"exposicion-de-ceramica-de-la-rda-gerhard-doelz-gerda-koerting-karl-juettner","status":"publish","type":"page","link":"https:\/\/www.robertzueblin.com\/es\/noticias-ceramica\/exposicion-de-ceramica-de-la-rda-gerhard-doelz-gerda-koerting-karl-juettner\/","title":{"rendered":"Exposici\u00f3n RDA cer\u00e1mica: Gerhard D\u00f6lz, Gerda K\u00f6rting, Karl J\u00fcttner"},"content":{"rendered":"<figure class=\"newsst\"><img decoding=\"async\" src=\"https:\/\/www.robertzueblin.com\/wp-content\/uploads\/gerhard-doelz-rda-ceramica-exposicion-saalfelder-gruppe-kuenstlergruppe-saalfeld.jpg\" alt=\"Jarr\u00f3n de cer\u00e1mica de Gerhard D\u00f6lz (ceramista de la RDA), que, junto con Gerda K\u00f6rting y Karl J\u00fcttner, pertenec\u00eda al grupo de artistas de Saalfeld (K\u00fcnstlergruppe Saalfeld) - tambi\u00e9n llamado Grupo Saalfeld (Saalfelder Gruppe) - sobre el que hay una exposici\u00f3n en Berl\u00edn.\" \/><\/figure><figcaption><strong>Jarr\u00f3n de Gerhard D\u00f6lz &#8211; RDA-cer\u00e1mica (Saalfelder K\u00fcnstlergruppe)<\/strong><\/span><br \/>\n<span style=\"float: left;\"><small>[Foto: Robert Z\u00fcblin]<\/small><\/span><\/figcaption><table style=\"margin-bottom: 1.5em; margin-top: 5em;\">\n<tbody>\n<tr>\n<td style=\"border-width: 0.15em; line-height: 0; border-color: #bfbfbf!important;\"><span style=\"float:right; font-size: 0.9em; color:#aaaaaa!important;\">Robert Z\u00fcblin | 14.12.2021 | 20:28<\/span><\/td>\n<\/tbody>\n<\/table>\n<div class=\"newsssst\"><strong>Del 18.11.2021 al 22.12.2021, las piezas de cer\u00e1mica de Gerhard D\u00f6lz, Gerda K\u00f6rting y Karl J\u00fcttner, que se encuentran entre los ceramistas m\u00e1s conocidos de la RDA (Rep\u00fablica Democr\u00e1tica Alemana), se expondr\u00e1n en KVOST (Kunstverein Ost e.V.) en Berl\u00edn.<\/strong><\/div>\n<h2 class=\"newssst\">Grupo de artistas de Saalfeld<\/h2>\n<p>En 1956, los ceramistas <a href=\"https:\/\/www.robertzueblin.com\/es\/gerhard-doelz\">Gerhard D\u00f6lz<\/a>, <a href=\"https:\/\/www.robertzueblin.com\/es\/gerda-koerting\">Gerda K\u00f6rting<\/a> and <a href=\"https:\/\/www.robertzueblin.com\/es\/karl-juettner\/\" >Karl J\u00fcttner<\/a> fundaron el \u00abGrupo de Artistas de Saalfeld\u00bb (Saalfelder K\u00fcnstlergruppe), tambi\u00e9n conocido como \u00abGrupo de Artistas Saalfeld\u00bb (K\u00fcnstlergruppe Saalfeld) o \u00abGrupo de Saalfeld\u00bb (Saalfelder Gruppe); el grupo se disolvi\u00f3 en 1968.<\/p>\n<p>En la actual exposici\u00f3n de 100 cer\u00e1micas de la RDA de Gerhard D\u00f6lz, Gerda K\u00f6rting y Karl J\u00fcttner, se pueden ver jarrones, botellas, jarras y platos.<\/p>\n<h2 class=\"newssst\">Exposici\u00f3n en KVOST<\/h2>\n<p>Una visita a <a href=\"https:\/\/kvost.de\/exhibition\/gerhard-doelz-und-die-saalfelder-gruppe-fruehe-keramiken-der-ddr\/\">la exposici\u00f3n en el KVOST<\/a> titulada \u00abGerhard D\u00f6lz y el Grupo Saalfeld . Cer\u00e1mica antigua de la RDA\u00bb s\u00f3lo es posible con un certificado 2G, es decir, como persona vacunada o recuperada.<\/p>\n<p>El horario de apertura de la exposici\u00f3n en el KVOST es de mi\u00e9rcoles a s\u00e1bado, de 14 a 18 horas. El KVOST est\u00e1 situado en la Leipziger Stra\u00dfe 47 (entrada Jerusalemer Stra\u00dfe) en 10117 Berl\u00edn. Los que viajen en transporte p\u00fablico pueden bajarse en las siguientes estaciones cercanas: <\/p>\n<ul>\n<li>L\u00ednea de metro \u00abU2\u00bb: Spittelmarkt o Hausvogteiplatz<\/li>\n<li>L\u00ednea de metro \u00abU6\u00bb: Stadtmitte<\/li>\n<li>Bus \u00ab200\u00bb o \u00ab265\u00bb: Calle Jerusalemer Strasse<\/li>\n<\/ul>\n<div>&nbsp;<\/div>\n<p><a href=\"https:\/\/www.robertzueblin.com\/es\/gerhard-doelz\" style=\"font-size: 0.8em; text-decoration: none; background: #D8D8D8; padding-left: 0.1em; padding-right: 0.1em; padding-top: -0.1em; padding-bottom: -0.2em; float:right;\">Gerhard D\u00f6lz<\/a><\/td>\n<td style=\"border:none;\"><\/p>\n<div>&nbsp;<\/div>\n<p><a href=\"https:\/\/www.robertzueblin.com\/es\/gerda-koerting\" style=\"font-size: 0.8em; text-decoration: none; background: #D8D8D8; padding-left: 0.1em; padding-right: 0.1em; padding-top: -0.1em; padding-bottom: -0.2em; float:right;\">Gerda K\u00f6rting<\/a><\/p>\n<div>&nbsp;<\/div>\n<p><a href=\"https:\/\/www.robertzueblin.com\/es\/karl-juettner\" style=\"font-size: 0.8em; text-decoration: none; background: #D8D8D8; padding-left: 0.1em; padding-right: 0.1em; padding-top: -0.1em; padding-bottom: -0.2em; float:right;\">Karl J\u00fcttner<\/a><\/p>\n<div>&nbsp;<\/div>\n","protected":false},"excerpt":{"rendered":"<p>Jarr\u00f3n de Gerhard D\u00f6lz &#8211; RDA-cer\u00e1mica (Saalfelder K\u00fcnstlergruppe) [Foto: Robert Z\u00fcblin] Robert Z\u00fcblin | 14.12.2021 | 20:28 Del 18.11.2021 al 22.12.2021, las piezas de cer\u00e1mica de Gerhard D\u00f6lz, Gerda K\u00f6rting y Karl J\u00fcttner, que se encuentran entre los ceramistas m\u00e1s conocidos de la RDA (Rep\u00fablica Democr\u00e1tica Alemana), se expondr\u00e1n en KVOST (Kunstverein Ost e.V.) en [&hellip;]<\/p>\n","protected":false},"author":2,"featured_media":0,"parent":2465,"menu_order":0,"comment_status":"closed","ping_status":"closed","template":"","meta":{"footnotes":""},"class_list":["post-3539","page","type-page","status-publish","hentry"],"yoast_head":"<!-- This site is optimized with the Yoast SEO plugin v27.4 - https:\/\/yoast.com\/product\/yoast-seo-wordpress\/ -->\n<title>Exposici\u00f3n RDA cer\u00e1mica: Gerhard D\u00f6lz, Gerda K\u00f6rting, Karl J\u00fcttner - ROBERT Z\u00dcBLIN<\/title>\n<meta name=\"robots\" content=\"index, follow, max-snippet:-1, max-image-preview:large, max-video-preview:-1\" \/>\n<link rel=\"canonical\" href=\"https:\/\/www.robertzueblin.com\/es\/noticias-ceramica\/exposicion-de-ceramica-de-la-rda-gerhard-doelz-gerda-koerting-karl-juettner\/\" \/>\n<meta property=\"og:locale\" content=\"es_ES\" \/>\n<meta property=\"og:type\" content=\"article\" \/>\n<meta property=\"og:title\" content=\"Exposici\u00f3n RDA cer\u00e1mica: Gerhard D\u00f6lz, Gerda K\u00f6rting, Karl J\u00fcttner - ROBERT Z\u00dcBLIN\" \/>\n<meta property=\"og:description\" content=\"Jarr\u00f3n de Gerhard D\u00f6lz &#8211; RDA-cer\u00e1mica (Saalfelder K\u00fcnstlergruppe) [Foto: Robert Z\u00fcblin] Robert Z\u00fcblin | 14.12.2021 | 20:28 Del 18.11.2021 al 22.12.2021, las piezas de cer\u00e1mica de Gerhard D\u00f6lz, Gerda K\u00f6rting y Karl J\u00fcttner, que se encuentran entre los ceramistas m\u00e1s conocidos de la RDA (Rep\u00fablica Democr\u00e1tica Alemana), se expondr\u00e1n en KVOST (Kunstverein Ost e.V.) en [&hellip;]\" \/>\n<meta property=\"og:url\" content=\"https:\/\/www.robertzueblin.com\/es\/noticias-ceramica\/exposicion-de-ceramica-de-la-rda-gerhard-doelz-gerda-koerting-karl-juettner\/\" \/>\n<meta property=\"og:site_name\" content=\"ROBERT Z\u00dcBLIN\" \/>\n<meta property=\"article:modified_time\" content=\"2022-12-04T21:36:56+00:00\" \/>\n<meta property=\"og:image\" content=\"https:\/\/www.robertzueblin.com\/wp-content\/uploads\/gerhard-doelz-rda-ceramica-exposicion-saalfelder-gruppe-kuenstlergruppe-saalfeld.jpg\" \/>\n<meta name=\"twitter:card\" content=\"summary_large_image\" \/>\n<script type=\"application\/ld+json\" class=\"yoast-schema-graph\">{\"@context\":\"https:\\\/\\\/schema.org\",\"@graph\":[{\"@type\":\"WebPage\",\"@id\":\"https:\\\/\\\/www.robertzueblin.com\\\/es\\\/noticias-ceramica\\\/exposicion-de-ceramica-de-la-rda-gerhard-doelz-gerda-koerting-karl-juettner\\\/\",\"url\":\"https:\\\/\\\/www.robertzueblin.com\\\/es\\\/noticias-ceramica\\\/exposicion-de-ceramica-de-la-rda-gerhard-doelz-gerda-koerting-karl-juettner\\\/\",\"name\":\"Exposici\u00f3n RDA cer\u00e1mica: Gerhard D\u00f6lz, Gerda K\u00f6rting, Karl J\u00fcttner - ROBERT Z\u00dcBLIN\",\"isPartOf\":{\"@id\":\"https:\\\/\\\/www.robertzueblin.com\\\/es\\\/#website\"},\"primaryImageOfPage\":{\"@id\":\"https:\\\/\\\/www.robertzueblin.com\\\/es\\\/noticias-ceramica\\\/exposicion-de-ceramica-de-la-rda-gerhard-doelz-gerda-koerting-karl-juettner\\\/#primaryimage\"},\"image\":{\"@id\":\"https:\\\/\\\/www.robertzueblin.com\\\/es\\\/noticias-ceramica\\\/exposicion-de-ceramica-de-la-rda-gerhard-doelz-gerda-koerting-karl-juettner\\\/#primaryimage\"},\"thumbnailUrl\":\"https:\\\/\\\/www.robertzueblin.com\\\/wp-content\\\/uploads\\\/gerhard-doelz-rda-ceramica-exposicion-saalfelder-gruppe-kuenstlergruppe-saalfeld.jpg\",\"datePublished\":\"2021-12-14T19:28:59+00:00\",\"dateModified\":\"2022-12-04T21:36:56+00:00\",\"breadcrumb\":{\"@id\":\"https:\\\/\\\/www.robertzueblin.com\\\/es\\\/noticias-ceramica\\\/exposicion-de-ceramica-de-la-rda-gerhard-doelz-gerda-koerting-karl-juettner\\\/#breadcrumb\"},\"inLanguage\":\"es\",\"potentialAction\":[{\"@type\":\"ReadAction\",\"target\":[\"https:\\\/\\\/www.robertzueblin.com\\\/es\\\/noticias-ceramica\\\/exposicion-de-ceramica-de-la-rda-gerhard-doelz-gerda-koerting-karl-juettner\\\/\"]}]},{\"@type\":\"ImageObject\",\"inLanguage\":\"es\",\"@id\":\"https:\\\/\\\/www.robertzueblin.com\\\/es\\\/noticias-ceramica\\\/exposicion-de-ceramica-de-la-rda-gerhard-doelz-gerda-koerting-karl-juettner\\\/#primaryimage\",\"url\":\"https:\\\/\\\/www.robertzueblin.com\\\/wp-content\\\/uploads\\\/gerhard-doelz-rda-ceramica-exposicion-saalfelder-gruppe-kuenstlergruppe-saalfeld.jpg\",\"contentUrl\":\"https:\\\/\\\/www.robertzueblin.com\\\/wp-content\\\/uploads\\\/gerhard-doelz-rda-ceramica-exposicion-saalfelder-gruppe-kuenstlergruppe-saalfeld.jpg\"},{\"@type\":\"BreadcrumbList\",\"@id\":\"https:\\\/\\\/www.robertzueblin.com\\\/es\\\/noticias-ceramica\\\/exposicion-de-ceramica-de-la-rda-gerhard-doelz-gerda-koerting-karl-juettner\\\/#breadcrumb\",\"itemListElement\":[{\"@type\":\"ListItem\",\"position\":1,\"name\":\"Startseite\",\"item\":\"https:\\\/\\\/www.robertzueblin.com\\\/es\\\/\"},{\"@type\":\"ListItem\",\"position\":2,\"name\":\"Noticias de arte y cer\u00e1mica\",\"item\":\"https:\\\/\\\/www.robertzueblin.com\\\/es\\\/noticias-ceramica\\\/\"},{\"@type\":\"ListItem\",\"position\":3,\"name\":\"Exposici\u00f3n RDA cer\u00e1mica: Gerhard D\u00f6lz, Gerda K\u00f6rting, Karl J\u00fcttner\"}]},{\"@type\":\"WebSite\",\"@id\":\"https:\\\/\\\/www.robertzueblin.com\\\/es\\\/#website\",\"url\":\"https:\\\/\\\/www.robertzueblin.com\\\/es\\\/\",\"name\":\"ROBERT Z\u00dcBLIN\",\"description\":\"\",\"publisher\":{\"@id\":\"https:\\\/\\\/www.robertzueblin.com\\\/es\\\/#organization\"},\"potentialAction\":[{\"@type\":\"SearchAction\",\"target\":{\"@type\":\"EntryPoint\",\"urlTemplate\":\"https:\\\/\\\/www.robertzueblin.com\\\/es\\\/?s={search_term_string}\"},\"query-input\":{\"@type\":\"PropertyValueSpecification\",\"valueRequired\":true,\"valueName\":\"search_term_string\"}}],\"inLanguage\":\"es\"},{\"@type\":\"Organization\",\"@id\":\"https:\\\/\\\/www.robertzueblin.com\\\/es\\\/#organization\",\"name\":\"ROBERT Z\u00dcBLIN\",\"url\":\"https:\\\/\\\/www.robertzueblin.com\\\/es\\\/\",\"logo\":{\"@type\":\"ImageObject\",\"inLanguage\":\"es\",\"@id\":\"https:\\\/\\\/www.robertzueblin.com\\\/es\\\/#\\\/schema\\\/logo\\\/image\\\/\",\"url\":\"https:\\\/\\\/www.robertzueblin.com\\\/wp-content\\\/uploads\\\/cropped-cropped-logo-von-robert-zueblin.jpg\",\"contentUrl\":\"https:\\\/\\\/www.robertzueblin.com\\\/wp-content\\\/uploads\\\/cropped-cropped-logo-von-robert-zueblin.jpg\",\"width\":440,\"height\":60,\"caption\":\"ROBERT Z\u00dcBLIN\"},\"image\":{\"@id\":\"https:\\\/\\\/www.robertzueblin.com\\\/es\\\/#\\\/schema\\\/logo\\\/image\\\/\"}}]}<\/script>\n<!-- \/ Yoast SEO plugin. -->","yoast_head_json":{"title":"Exposici\u00f3n RDA cer\u00e1mica: Gerhard D\u00f6lz, Gerda K\u00f6rting, Karl J\u00fcttner - ROBERT Z\u00dcBLIN","robots":{"index":"index","follow":"follow","max-snippet":"max-snippet:-1","max-image-preview":"max-image-preview:large","max-video-preview":"max-video-preview:-1"},"canonical":"https:\/\/www.robertzueblin.com\/es\/noticias-ceramica\/exposicion-de-ceramica-de-la-rda-gerhard-doelz-gerda-koerting-karl-juettner\/","og_locale":"es_ES","og_type":"article","og_title":"Exposici\u00f3n RDA cer\u00e1mica: Gerhard D\u00f6lz, Gerda K\u00f6rting, Karl J\u00fcttner - ROBERT Z\u00dcBLIN","og_description":"Jarr\u00f3n de Gerhard D\u00f6lz &#8211; RDA-cer\u00e1mica (Saalfelder K\u00fcnstlergruppe) [Foto: Robert Z\u00fcblin] Robert Z\u00fcblin | 14.12.2021 | 20:28 Del 18.11.2021 al 22.12.2021, las piezas de cer\u00e1mica de Gerhard D\u00f6lz, Gerda K\u00f6rting y Karl J\u00fcttner, que se encuentran entre los ceramistas m\u00e1s conocidos de la RDA (Rep\u00fablica Democr\u00e1tica Alemana), se expondr\u00e1n en KVOST (Kunstverein Ost e.V.) en [&hellip;]","og_url":"https:\/\/www.robertzueblin.com\/es\/noticias-ceramica\/exposicion-de-ceramica-de-la-rda-gerhard-doelz-gerda-koerting-karl-juettner\/","og_site_name":"ROBERT Z\u00dcBLIN","article_modified_time":"2022-12-04T21:36:56+00:00","og_image":[{"url":"https:\/\/www.robertzueblin.com\/wp-content\/uploads\/gerhard-doelz-rda-ceramica-exposicion-saalfelder-gruppe-kuenstlergruppe-saalfeld.jpg","type":"","width":"","height":""}],"twitter_card":"summary_large_image","schema":{"@context":"https:\/\/schema.org","@graph":[{"@type":"WebPage","@id":"https:\/\/www.robertzueblin.com\/es\/noticias-ceramica\/exposicion-de-ceramica-de-la-rda-gerhard-doelz-gerda-koerting-karl-juettner\/","url":"https:\/\/www.robertzueblin.com\/es\/noticias-ceramica\/exposicion-de-ceramica-de-la-rda-gerhard-doelz-gerda-koerting-karl-juettner\/","name":"Exposici\u00f3n RDA cer\u00e1mica: Gerhard D\u00f6lz, Gerda K\u00f6rting, Karl J\u00fcttner - ROBERT Z\u00dcBLIN","isPartOf":{"@id":"https:\/\/www.robertzueblin.com\/es\/#website"},"primaryImageOfPage":{"@id":"https:\/\/www.robertzueblin.com\/es\/noticias-ceramica\/exposicion-de-ceramica-de-la-rda-gerhard-doelz-gerda-koerting-karl-juettner\/#primaryimage"},"image":{"@id":"https:\/\/www.robertzueblin.com\/es\/noticias-ceramica\/exposicion-de-ceramica-de-la-rda-gerhard-doelz-gerda-koerting-karl-juettner\/#primaryimage"},"thumbnailUrl":"https:\/\/www.robertzueblin.com\/wp-content\/uploads\/gerhard-doelz-rda-ceramica-exposicion-saalfelder-gruppe-kuenstlergruppe-saalfeld.jpg","datePublished":"2021-12-14T19:28:59+00:00","dateModified":"2022-12-04T21:36:56+00:00","breadcrumb":{"@id":"https:\/\/www.robertzueblin.com\/es\/noticias-ceramica\/exposicion-de-ceramica-de-la-rda-gerhard-doelz-gerda-koerting-karl-juettner\/#breadcrumb"},"inLanguage":"es","potentialAction":[{"@type":"ReadAction","target":["https:\/\/www.robertzueblin.com\/es\/noticias-ceramica\/exposicion-de-ceramica-de-la-rda-gerhard-doelz-gerda-koerting-karl-juettner\/"]}]},{"@type":"ImageObject","inLanguage":"es","@id":"https:\/\/www.robertzueblin.com\/es\/noticias-ceramica\/exposicion-de-ceramica-de-la-rda-gerhard-doelz-gerda-koerting-karl-juettner\/#primaryimage","url":"https:\/\/www.robertzueblin.com\/wp-content\/uploads\/gerhard-doelz-rda-ceramica-exposicion-saalfelder-gruppe-kuenstlergruppe-saalfeld.jpg","contentUrl":"https:\/\/www.robertzueblin.com\/wp-content\/uploads\/gerhard-doelz-rda-ceramica-exposicion-saalfelder-gruppe-kuenstlergruppe-saalfeld.jpg"},{"@type":"BreadcrumbList","@id":"https:\/\/www.robertzueblin.com\/es\/noticias-ceramica\/exposicion-de-ceramica-de-la-rda-gerhard-doelz-gerda-koerting-karl-juettner\/#breadcrumb","itemListElement":[{"@type":"ListItem","position":1,"name":"Startseite","item":"https:\/\/www.robertzueblin.com\/es\/"},{"@type":"ListItem","position":2,"name":"Noticias de arte y cer\u00e1mica","item":"https:\/\/www.robertzueblin.com\/es\/noticias-ceramica\/"},{"@type":"ListItem","position":3,"name":"Exposici\u00f3n RDA cer\u00e1mica: Gerhard D\u00f6lz, Gerda K\u00f6rting, Karl J\u00fcttner"}]},{"@type":"WebSite","@id":"https:\/\/www.robertzueblin.com\/es\/#website","url":"https:\/\/www.robertzueblin.com\/es\/","name":"ROBERT Z\u00dcBLIN","description":"","publisher":{"@id":"https:\/\/www.robertzueblin.com\/es\/#organization"},"potentialAction":[{"@type":"SearchAction","target":{"@type":"EntryPoint","urlTemplate":"https:\/\/www.robertzueblin.com\/es\/?s={search_term_string}"},"query-input":{"@type":"PropertyValueSpecification","valueRequired":true,"valueName":"search_term_string"}}],"inLanguage":"es"},{"@type":"Organization","@id":"https:\/\/www.robertzueblin.com\/es\/#organization","name":"ROBERT Z\u00dcBLIN","url":"https:\/\/www.robertzueblin.com\/es\/","logo":{"@type":"ImageObject","inLanguage":"es","@id":"https:\/\/www.robertzueblin.com\/es\/#\/schema\/logo\/image\/","url":"https:\/\/www.robertzueblin.com\/wp-content\/uploads\/cropped-cropped-logo-von-robert-zueblin.jpg","contentUrl":"https:\/\/www.robertzueblin.com\/wp-content\/uploads\/cropped-cropped-logo-von-robert-zueblin.jpg","width":440,"height":60,"caption":"ROBERT Z\u00dcBLIN"},"image":{"@id":"https:\/\/www.robertzueblin.com\/es\/#\/schema\/logo\/image\/"}}]}},"_links":{"self":[{"href":"https:\/\/www.robertzueblin.com\/es\/wp-json\/wp\/v2\/pages\/3539","targetHints":{"allow":["GET"]}}],"collection":[{"href":"https:\/\/www.robertzueblin.com\/es\/wp-json\/wp\/v2\/pages"}],"about":[{"href":"https:\/\/www.robertzueblin.com\/es\/wp-json\/wp\/v2\/types\/page"}],"author":[{"embeddable":true,"href":"https:\/\/www.robertzueblin.com\/es\/wp-json\/wp\/v2\/users\/2"}],"replies":[{"embeddable":true,"href":"https:\/\/www.robertzueblin.com\/es\/wp-json\/wp\/v2\/comments?post=3539"}],"version-history":[{"count":18,"href":"https:\/\/www.robertzueblin.com\/es\/wp-json\/wp\/v2\/pages\/3539\/revisions"}],"predecessor-version":[{"id":30531,"href":"https:\/\/www.robertzueblin.com\/es\/wp-json\/wp\/v2\/pages\/3539\/revisions\/30531"}],"up":[{"embeddable":true,"href":"https:\/\/www.robertzueblin.com\/es\/wp-json\/wp\/v2\/pages\/2465"}],"wp:attachment":[{"href":"https:\/\/www.robertzueblin.com\/es\/wp-json\/wp\/v2\/media?parent=3539"}],"curies":[{"name":"wp","href":"https:\/\/api.w.org\/{rel}","templated":true}]}}