{"id":1798,"date":"2021-10-09T12:45:14","date_gmt":"2021-10-09T10:45:14","guid":{"rendered":"https:\/\/www.robertzueblin.com\/?post_type=product&#038;p=1798"},"modified":"2022-12-20T19:38:25","modified_gmt":"2022-12-20T18:38:25","slug":"jean-pointu-1843-%e2%80%a0-1925-brown-vase-with-blue-ecole-de-carries","status":"publish","type":"product","link":"https:\/\/www.robertzueblin.com\/en\/jean-pointu\/brown-vase-with-blue-ecole-de-carries\/","title":{"rendered":"Jean POINTU (* 1843, \u2020 1925) \u2013 Brown Vase with Blue (\u00c9cole de Carri\u00e8s) &#8211; Studio Pottery"},"content":{"rendered":"<p><span style=\"font-family: AkkoPro-BoldCondensed!important\">Type:<\/span> <a href=\"https:\/\/www.robertzueblin.com\/en\/arts\/art-pottery-studio-pottery\/\">Studio Pottery<\/a><\/p>\n<p><span style=\"font-family: AkkoPro-BoldCondensed!important\">Design:<\/span> Jean Pointu (* 1843, \u2020 1925)<\/p>\n<p><span style=\"font-family: AkkoPro-BoldCondensed!important\">Carrying out:<\/span> Jean Pointu (* 1843, \u2020 1925)<\/p>\n<p><span style=\"font-family: AkkoPro-BoldCondensed!important\">Object:<\/span> Vase<\/p>\n<p><span style=\"font-family: AkkoPro-BoldCondensed!important\">Dimensions:<\/span> height: 9.5 cm; width: 9.5 cm<\/p>\n<p><span style=\"font-family: AkkoPro-BoldCondensed!important\">Shard:<\/span> light<\/p>\n<p><span style=\"font-family: AkkoPro-BoldCondensed!important\">Surface:<\/span> dark-brown, brown, light-brown and blue glaze<\/p>\n<p><span style=\"font-family: AkkoPro-BoldCondensed!important\">Year of manufacture:<\/span> approximately 1900<\/p>\n<p><span style=\"font-family: AkkoPro-BoldCondensed!important\">Condition:<\/span> small chip (approximately 1 mm x 1 mm) in the glaze and minimal glaze loss &#8211; like a scratch (approximately 1.5 mm x 1 mm), both in the abdominal region and both happened probably during the manufacturing process<\/p>\n<p><span style=\"font-family: AkkoPro-BoldCondensed!important\">Signature\/mark:<\/span> JEAN\u00b0U<\/p>\n<p><span style=\"font-family: AkkoPro-BoldCondensed!important\">Details:<\/span><br \/>\nThrown vase by Jean Pointu. The ceramist Jean Pointu had probably been in contact with Jean-Joseph Carri\u00e8s [1], who also worked in Saint-Amand-en-Puisaye. Jean Carri\u00e8s as well is known for his impressive running glazes. Jean Pointu is counted as a part of the \u00c9cole de Carri\u00e8s.<\/p>\n<p><em>Footnote:<\/em><br \/>\n1. Pelichet, Edgar: Jugendstil Keramik, Ani\u00e8res\/ Genf 1978, pp. 92, 96.<\/p>\n","protected":false},"excerpt":{"rendered":"<p>Type: Studio Pottery Design: Jean Pointu (* 1843, \u2020 1925) Carrying out: Jean Pointu (* 1843, \u2020 1925) Object: Vase Dimensions: height: 9.5 cm; width: 9.5 cm Shard: light Surface: dark-brown, brown, light-brown and blue glaze Year of manufacture: approximately 1900 Condition: small chip (approximately 1 mm x 1 mm) in the glaze and minimal [&hellip;]<\/p>\n","protected":false},"featured_media":2144,"template":"","meta":[],"product_brand":[],"product_cat":[134],"product_tag":[],"class_list":["post-1798","product","type-product","status-publish","has-post-thumbnail","product_cat-jean-pointu","first","instock","sold-individually","shipping-taxable","purchasable","product-type-simple"],"yoast_head":"<!-- This site is optimized with the Yoast SEO plugin v28.3 - https:\/\/yoast.com\/product\/yoast-seo-wordpress\/ -->\n<title>Jean POINTU - Brown vase with blue (\u00c9cole de Carri\u00e8s)<\/title>\n<meta name=\"description\" content=\"Studio pottery vase in brown and blue by the ceramist Jean Pointu of the \u00c9cole de Carri\u00e8s. Established in Saint-Amand-en-Puisaye.\" \/>\n<meta name=\"robots\" content=\"index, follow, max-snippet:-1, max-image-preview:large, max-video-preview:-1\" \/>\n<link rel=\"canonical\" href=\"https:\/\/www.robertzueblin.com\/en\/jean-pointu\/brown-vase-with-blue-ecole-de-carries\/\" \/>\n<meta property=\"og:locale\" content=\"en_US\" \/>\n<meta property=\"og:type\" content=\"article\" \/>\n<meta property=\"og:title\" content=\"Jean POINTU - Brown vase with blue (\u00c9cole de Carri\u00e8s)\" \/>\n<meta property=\"og:description\" content=\"Studio pottery vase in brown and blue by the ceramist Jean Pointu of the \u00c9cole de Carri\u00e8s. Established in Saint-Amand-en-Puisaye.\" \/>\n<meta property=\"og:url\" content=\"https:\/\/www.robertzueblin.com\/en\/jean-pointu\/brown-vase-with-blue-ecole-de-carries\/\" \/>\n<meta property=\"og:site_name\" content=\"ROBERT Z\u00dcBLIN\" \/>\n<meta property=\"article:modified_time\" content=\"2022-12-20T18:38:25+00:00\" \/>\n<meta property=\"og:image\" content=\"https:\/\/www.robertzueblin.com\/wp-content\/uploads\/jean-pointu-ecole-de-carries-pottery-brown-vase-with-blue-title-photo.jpg\" \/>\n\t<meta property=\"og:image:width\" content=\"1000\" \/>\n\t<meta property=\"og:image:height\" content=\"1000\" \/>\n\t<meta property=\"og:image:type\" content=\"image\/jpeg\" \/>\n<meta name=\"twitter:card\" content=\"summary_large_image\" \/>\n<script type=\"application\/ld+json\" class=\"yoast-schema-graph\">{\"@context\":\"https:\\\/\\\/schema.org\",\"@graph\":[{\"@type\":\"WebPage\",\"@id\":\"https:\\\/\\\/www.robertzueblin.com\\\/en\\\/jean-pointu\\\/brown-vase-with-blue-ecole-de-carries\\\/\",\"url\":\"https:\\\/\\\/www.robertzueblin.com\\\/en\\\/jean-pointu\\\/brown-vase-with-blue-ecole-de-carries\\\/\",\"name\":\"Jean POINTU - Brown vase with blue (\u00c9cole de Carri\u00e8s)\",\"isPartOf\":{\"@id\":\"https:\\\/\\\/www.robertzueblin.com\\\/en\\\/#website\"},\"primaryImageOfPage\":{\"@id\":\"https:\\\/\\\/www.robertzueblin.com\\\/en\\\/jean-pointu\\\/brown-vase-with-blue-ecole-de-carries\\\/#primaryimage\"},\"image\":{\"@id\":\"https:\\\/\\\/www.robertzueblin.com\\\/en\\\/jean-pointu\\\/brown-vase-with-blue-ecole-de-carries\\\/#primaryimage\"},\"thumbnailUrl\":\"https:\\\/\\\/www.robertzueblin.com\\\/wp-content\\\/uploads\\\/jean-pointu-ecole-de-carries-pottery-brown-vase-with-blue-title-photo.jpg\",\"datePublished\":\"2021-10-09T10:45:14+00:00\",\"dateModified\":\"2022-12-20T18:38:25+00:00\",\"description\":\"Studio pottery vase in brown and blue by the ceramist Jean Pointu of the \u00c9cole de Carri\u00e8s. Established in Saint-Amand-en-Puisaye.\",\"breadcrumb\":{\"@id\":\"https:\\\/\\\/www.robertzueblin.com\\\/en\\\/jean-pointu\\\/brown-vase-with-blue-ecole-de-carries\\\/#breadcrumb\"},\"inLanguage\":\"en-US\",\"potentialAction\":[{\"@type\":\"ReadAction\",\"target\":[\"https:\\\/\\\/www.robertzueblin.com\\\/en\\\/jean-pointu\\\/brown-vase-with-blue-ecole-de-carries\\\/\"]}]},{\"@type\":\"ImageObject\",\"inLanguage\":\"en-US\",\"@id\":\"https:\\\/\\\/www.robertzueblin.com\\\/en\\\/jean-pointu\\\/brown-vase-with-blue-ecole-de-carries\\\/#primaryimage\",\"url\":\"https:\\\/\\\/www.robertzueblin.com\\\/wp-content\\\/uploads\\\/jean-pointu-ecole-de-carries-pottery-brown-vase-with-blue-title-photo.jpg\",\"contentUrl\":\"https:\\\/\\\/www.robertzueblin.com\\\/wp-content\\\/uploads\\\/jean-pointu-ecole-de-carries-pottery-brown-vase-with-blue-title-photo.jpg\",\"width\":1000,\"height\":1000},{\"@type\":\"BreadcrumbList\",\"@id\":\"https:\\\/\\\/www.robertzueblin.com\\\/en\\\/jean-pointu\\\/brown-vase-with-blue-ecole-de-carries\\\/#breadcrumb\",\"itemListElement\":[{\"@type\":\"ListItem\",\"position\":1,\"name\":\"Startseite\",\"item\":\"https:\\\/\\\/www.robertzueblin.com\\\/en\\\/\"},{\"@type\":\"ListItem\",\"position\":2,\"name\":\"Online Art Gallery (Online Shop)\",\"item\":\"https:\\\/\\\/www.robertzueblin.com\\\/en\\\/online-art-gallery\\\/\"},{\"@type\":\"ListItem\",\"position\":3,\"name\":\"Jean POINTU (* 1843, \u2020 1925) \u2013 Brown Vase with Blue (\u00c9cole de Carri\u00e8s) &#8211; Studio Pottery\"}]},{\"@type\":\"WebSite\",\"@id\":\"https:\\\/\\\/www.robertzueblin.com\\\/en\\\/#website\",\"url\":\"https:\\\/\\\/www.robertzueblin.com\\\/en\\\/\",\"name\":\"ROBERT Z\u00dcBLIN\",\"description\":\"\",\"publisher\":{\"@id\":\"https:\\\/\\\/www.robertzueblin.com\\\/en\\\/#organization\"},\"potentialAction\":[{\"@type\":\"SearchAction\",\"target\":{\"@type\":\"EntryPoint\",\"urlTemplate\":\"https:\\\/\\\/www.robertzueblin.com\\\/en\\\/?s={search_term_string}\"},\"query-input\":{\"@type\":\"PropertyValueSpecification\",\"valueRequired\":true,\"valueName\":\"search_term_string\"}}],\"inLanguage\":\"en-US\"},{\"@type\":\"Organization\",\"@id\":\"https:\\\/\\\/www.robertzueblin.com\\\/en\\\/#organization\",\"name\":\"ROBERT Z\u00dcBLIN\",\"url\":\"https:\\\/\\\/www.robertzueblin.com\\\/en\\\/\",\"logo\":{\"@type\":\"ImageObject\",\"inLanguage\":\"en-US\",\"@id\":\"https:\\\/\\\/www.robertzueblin.com\\\/en\\\/#\\\/schema\\\/logo\\\/image\\\/\",\"url\":\"https:\\\/\\\/www.robertzueblin.com\\\/wp-content\\\/uploads\\\/cropped-logo-robert-zueblin-art-dealer-zurich.jpg\",\"contentUrl\":\"https:\\\/\\\/www.robertzueblin.com\\\/wp-content\\\/uploads\\\/cropped-logo-robert-zueblin-art-dealer-zurich.jpg\",\"width\":440,\"height\":120,\"caption\":\"ROBERT Z\u00dcBLIN\"},\"image\":{\"@id\":\"https:\\\/\\\/www.robertzueblin.com\\\/en\\\/#\\\/schema\\\/logo\\\/image\\\/\"}}]}<\/script>\n<!-- \/ Yoast SEO plugin. -->","yoast_head_json":{"title":"Jean POINTU - Brown vase with blue (\u00c9cole de Carri\u00e8s)","description":"Studio pottery vase in brown and blue by the ceramist Jean Pointu of the \u00c9cole de Carri\u00e8s. Established in Saint-Amand-en-Puisaye.","robots":{"index":"index","follow":"follow","max-snippet":"max-snippet:-1","max-image-preview":"max-image-preview:large","max-video-preview":"max-video-preview:-1"},"canonical":"https:\/\/www.robertzueblin.com\/en\/jean-pointu\/brown-vase-with-blue-ecole-de-carries\/","og_locale":"en_US","og_type":"article","og_title":"Jean POINTU - Brown vase with blue (\u00c9cole de Carri\u00e8s)","og_description":"Studio pottery vase in brown and blue by the ceramist Jean Pointu of the \u00c9cole de Carri\u00e8s. Established in Saint-Amand-en-Puisaye.","og_url":"https:\/\/www.robertzueblin.com\/en\/jean-pointu\/brown-vase-with-blue-ecole-de-carries\/","og_site_name":"ROBERT Z\u00dcBLIN","article_modified_time":"2022-12-20T18:38:25+00:00","og_image":[{"width":1000,"height":1000,"url":"https:\/\/www.robertzueblin.com\/wp-content\/uploads\/jean-pointu-ecole-de-carries-pottery-brown-vase-with-blue-title-photo.jpg","type":"image\/jpeg"}],"twitter_card":"summary_large_image","schema":{"@context":"https:\/\/schema.org","@graph":[{"@type":"WebPage","@id":"https:\/\/www.robertzueblin.com\/en\/jean-pointu\/brown-vase-with-blue-ecole-de-carries\/","url":"https:\/\/www.robertzueblin.com\/en\/jean-pointu\/brown-vase-with-blue-ecole-de-carries\/","name":"Jean POINTU - Brown vase with blue (\u00c9cole de Carri\u00e8s)","isPartOf":{"@id":"https:\/\/www.robertzueblin.com\/en\/#website"},"primaryImageOfPage":{"@id":"https:\/\/www.robertzueblin.com\/en\/jean-pointu\/brown-vase-with-blue-ecole-de-carries\/#primaryimage"},"image":{"@id":"https:\/\/www.robertzueblin.com\/en\/jean-pointu\/brown-vase-with-blue-ecole-de-carries\/#primaryimage"},"thumbnailUrl":"https:\/\/www.robertzueblin.com\/wp-content\/uploads\/jean-pointu-ecole-de-carries-pottery-brown-vase-with-blue-title-photo.jpg","datePublished":"2021-10-09T10:45:14+00:00","dateModified":"2022-12-20T18:38:25+00:00","description":"Studio pottery vase in brown and blue by the ceramist Jean Pointu of the \u00c9cole de Carri\u00e8s. Established in Saint-Amand-en-Puisaye.","breadcrumb":{"@id":"https:\/\/www.robertzueblin.com\/en\/jean-pointu\/brown-vase-with-blue-ecole-de-carries\/#breadcrumb"},"inLanguage":"en-US","potentialAction":[{"@type":"ReadAction","target":["https:\/\/www.robertzueblin.com\/en\/jean-pointu\/brown-vase-with-blue-ecole-de-carries\/"]}]},{"@type":"ImageObject","inLanguage":"en-US","@id":"https:\/\/www.robertzueblin.com\/en\/jean-pointu\/brown-vase-with-blue-ecole-de-carries\/#primaryimage","url":"https:\/\/www.robertzueblin.com\/wp-content\/uploads\/jean-pointu-ecole-de-carries-pottery-brown-vase-with-blue-title-photo.jpg","contentUrl":"https:\/\/www.robertzueblin.com\/wp-content\/uploads\/jean-pointu-ecole-de-carries-pottery-brown-vase-with-blue-title-photo.jpg","width":1000,"height":1000},{"@type":"BreadcrumbList","@id":"https:\/\/www.robertzueblin.com\/en\/jean-pointu\/brown-vase-with-blue-ecole-de-carries\/#breadcrumb","itemListElement":[{"@type":"ListItem","position":1,"name":"Startseite","item":"https:\/\/www.robertzueblin.com\/en\/"},{"@type":"ListItem","position":2,"name":"Online Art Gallery (Online Shop)","item":"https:\/\/www.robertzueblin.com\/en\/online-art-gallery\/"},{"@type":"ListItem","position":3,"name":"Jean POINTU (* 1843, \u2020 1925) \u2013 Brown Vase with Blue (\u00c9cole de Carri\u00e8s) &#8211; Studio Pottery"}]},{"@type":"WebSite","@id":"https:\/\/www.robertzueblin.com\/en\/#website","url":"https:\/\/www.robertzueblin.com\/en\/","name":"ROBERT Z\u00dcBLIN","description":"","publisher":{"@id":"https:\/\/www.robertzueblin.com\/en\/#organization"},"potentialAction":[{"@type":"SearchAction","target":{"@type":"EntryPoint","urlTemplate":"https:\/\/www.robertzueblin.com\/en\/?s={search_term_string}"},"query-input":{"@type":"PropertyValueSpecification","valueRequired":true,"valueName":"search_term_string"}}],"inLanguage":"en-US"},{"@type":"Organization","@id":"https:\/\/www.robertzueblin.com\/en\/#organization","name":"ROBERT Z\u00dcBLIN","url":"https:\/\/www.robertzueblin.com\/en\/","logo":{"@type":"ImageObject","inLanguage":"en-US","@id":"https:\/\/www.robertzueblin.com\/en\/#\/schema\/logo\/image\/","url":"https:\/\/www.robertzueblin.com\/wp-content\/uploads\/cropped-logo-robert-zueblin-art-dealer-zurich.jpg","contentUrl":"https:\/\/www.robertzueblin.com\/wp-content\/uploads\/cropped-logo-robert-zueblin-art-dealer-zurich.jpg","width":440,"height":120,"caption":"ROBERT Z\u00dcBLIN"},"image":{"@id":"https:\/\/www.robertzueblin.com\/en\/#\/schema\/logo\/image\/"}}]}},"permalink_manager":null,"_links":{"self":[{"href":"https:\/\/www.robertzueblin.com\/en\/wp-json\/wp\/v2\/product\/1798","targetHints":{"allow":["GET"]}}],"collection":[{"href":"https:\/\/www.robertzueblin.com\/en\/wp-json\/wp\/v2\/product"}],"about":[{"href":"https:\/\/www.robertzueblin.com\/en\/wp-json\/wp\/v2\/types\/product"}],"wp:featuredmedia":[{"embeddable":true,"href":"https:\/\/www.robertzueblin.com\/en\/wp-json\/wp\/v2\/media\/2144"}],"wp:attachment":[{"href":"https:\/\/www.robertzueblin.com\/en\/wp-json\/wp\/v2\/media?parent=1798"}],"wp:term":[{"taxonomy":"product_brand","embeddable":true,"href":"https:\/\/www.robertzueblin.com\/en\/wp-json\/wp\/v2\/product_brand?post=1798"},{"taxonomy":"product_cat","embeddable":true,"href":"https:\/\/www.robertzueblin.com\/en\/wp-json\/wp\/v2\/product_cat?post=1798"},{"taxonomy":"product_tag","embeddable":true,"href":"https:\/\/www.robertzueblin.com\/en\/wp-json\/wp\/v2\/product_tag?post=1798"}],"curies":[{"name":"wp","href":"https:\/\/api.w.org\/{rel}","templated":true}]}}